{"id":1352,"date":"2025-10-16T15:59:29","date_gmt":"2025-10-16T19:59:29","guid":{"rendered":"https:\/\/coupe-femina.enconstruction.website\/?page_id=1352"},"modified":"2026-02-02T13:08:21","modified_gmt":"2026-02-02T18:08:21","slug":"equipages","status":"publish","type":"page","link":"https:\/\/www.coupe-femina.com\/en\/equipages\/","title":{"rendered":"\u00c9quipages"},"content":{"rendered":"\t\t<div data-elementor-type=\"wp-page\" data-elementor-id=\"1352\" class=\"elementor elementor-1352\" data-elementor-post-type=\"page\">\n\t\t\t\t<div class=\"elementor-element elementor-element-8d1b297 e-flex e-con-boxed e-con e-parent\" data-id=\"8d1b297\" data-element_type=\"container\" data-e-type=\"container\" data-settings=\"{&quot;background_background&quot;:&quot;classic&quot;}\">\n\t\t\t\t\t<div class=\"e-con-inner\">\n\t\t\t\t<div class=\"elementor-element elementor-element-80ddb66 h1-banner elementor-widget elementor-widget-heading\" data-id=\"80ddb66\" data-element_type=\"widget\" data-e-type=\"widget\" data-widget_type=\"heading.default\">\n\t\t\t\t\t<h1 class=\"elementor-heading-title elementor-size-default\">Les \u00e9quipa&shy;ges<\/h1>\t\t\t\t<\/div>\n\t\t\t\t\t<\/div>\n\t\t\t\t<\/div>\n\t\t<div class=\"elementor-element elementor-element-bbaf220 e-flex e-con-boxed e-con e-parent\" data-id=\"bbaf220\" data-element_type=\"container\" data-e-type=\"container\">\n\t\t\t\t\t<div class=\"e-con-inner\">\n\t\t\t\t<div class=\"elementor-element elementor-element-cc4854c elementor-widget elementor-widget-shortcode\" data-id=\"cc4854c\" data-element_type=\"widget\" data-e-type=\"widget\" data-widget_type=\"shortcode.default\">\n\t\t\t\t\t\t\t<div class=\"elementor-shortcode\">        <div id=\"equipages_filtres\">\r\n            <span id=\"total-equipages-span\"><span\r\n                        id=\"total-equipages\">...<\/span> r\u00e9sultat(s)<\/span>\r\n\r\n            <div id=\"filtres-div\">\r\n                <div>\r\n                    <select id=\"edition\" name=\"edition\">\r\n                        <option value=\"\">Choisissez une \u00e9dition<\/option>\r\n                        <option class=\"notranslate\" value=\"44\" selected>2026<\/option><option class=\"notranslate\" value=\"39\" >2025<\/option>                    <\/select>\r\n                <\/div>\r\n\r\n                <div>\r\n                    <select id=\"evenement_categorie\" name=\"evenement_categorie\">\r\n                        <option value=\"\">Choisissez une cat\u00e9gorie<\/option>\r\n                        <option class=\"notranslate\" value=\"32\" >Coupe Femina<\/option><option class=\"notranslate\" value=\"33\" >Femina Jeunesse<\/option><option class=\"notranslate\" value=\"34\" >Femina Challenge<\/option><option class=\"notranslate\" value=\"35\" >Femina Oc\u00e9an Challenge<\/option><option class=\"notranslate\" value=\"36\" >Classe \u00c9volution<\/option><option class=\"notranslate\" value=\"38\" >Match Racing<\/option><option class=\"notranslate\" value=\"37\" >Can F-18<\/option>                    <\/select>\r\n                <\/div>\r\n\r\n                <div>\r\n                    <select id=\"voilier\" name=\"voilier\">\r\n                        <option value=\"\">Choisissez un voilier<\/option>\r\n                        <option class=\"notranslate\" value=\"2272\" >Bamboo<\/option><option class=\"notranslate\" value=\"1546\" >Baobab<\/option><option class=\"notranslate\" value=\"2186\" >Belles Allures<\/option><option class=\"notranslate\" value=\"2288\" >BlackSea<\/option><option class=\"notranslate\" value=\"1349\" >Bleue &amp; Blanc<\/option><option class=\"notranslate\" value=\"3245\" >Bleue &amp; Blanc<\/option><option class=\"notranslate\" value=\"2256\" >Bluejacket<\/option><option class=\"notranslate\" value=\"2146\" >Concept 2<\/option><option class=\"notranslate\" value=\"2248\" >Enjoy<\/option><option class=\"notranslate\" value=\"2281\" >Equinoxe<\/option><option class=\"notranslate\" value=\"2241\" >Griffon<\/option><option class=\"notranslate\" value=\"2198\" >Jake<\/option><option class=\"notranslate\" value=\"2227\" >Jumaju<\/option><option class=\"notranslate\" value=\"2174\" >Le Cl\u00e9bard<\/option><option class=\"notranslate\" value=\"3012\" >Leeway 1<\/option><option class=\"notranslate\" value=\"2969\" >Ma\u2019iingan<\/option><option class=\"notranslate\" value=\"3196\" >Malabar II<\/option><option class=\"notranslate\" value=\"1295\" >Manigance<\/option><option class=\"notranslate\" value=\"2218\" >Miguick<\/option><option class=\"notranslate\" value=\"2293\" >Nadwill<\/option><option class=\"notranslate\" value=\"2234\" >Nocturne<\/option><option class=\"notranslate\" value=\"3189\" >Portoloin<\/option><option class=\"notranslate\" value=\"1337\" >Pyxis<\/option><option class=\"notranslate\" value=\"2116\" >Salida<\/option><option class=\"notranslate\" value=\"2153\" >Schatzli II<\/option><option class=\"notranslate\" value=\"2192\" >Spirou I<\/option><option class=\"notranslate\" value=\"2139\" >Stella Maris<\/option><option class=\"notranslate\" value=\"2166\" >Vent d&#039;Ouest<\/option><option class=\"notranslate\" value=\"2264\" >Vidocq<\/option><option class=\"notranslate\" value=\"2924\" >Voilier FNQ- Femina Jeunesse<\/option><option class=\"notranslate\" value=\"2995\" >Voltaire<\/option><option class=\"notranslate\" value=\"2130\" >Vortex I<\/option>                    <\/select>\r\n                <\/div>\r\n\r\n                <div id=\"effacer-filtres-div\">\r\n                    <button id=\"effacer-filtres\">Effacer les filtres<\/button>\r\n                <\/div>\r\n            <\/div>\r\n\r\n            <p id=\"no-visible-items\"><\/p>\r\n        <\/div>\r\n\r\n        <script>\r\n            if (window.location.hash) {\r\n                window.savedHashForScroll = window.location.hash;\r\n                history.replaceState(null, null, window.location.pathname + window.location.search);\r\n                window.scrollTo(0, 0);\r\n            }\r\n\r\n            jQuery(function ($) {\r\n                $('#total-equipages').html($('#loop-equipages .e-loop-item:visible').length);\r\n                filtersChanged();\r\n\r\n                if (window.savedHashForScroll) {\r\n                    setTimeout(function() {\r\n                        const target = $(window.savedHashForScroll);\r\n\r\n                        if (target.length) {\r\n                            history.replaceState(null, null, window.savedHashForScroll);\r\n\r\n                            $('html, body').animate({\r\n                                scrollTop: target.offset().top\r\n                            }, 500);\r\n                        }\r\n\r\n                        delete window.savedHashForScroll;\r\n                    }, 600);\r\n                }\r\n\r\n                $(\"#equipages_filtres select\").on(\"change\", function () {\r\n                    filtersChanged();\r\n                });\r\n\r\n                $('#effacer-filtres').on('click', function () {\r\n                    $(\"#edition\").val(\"\");\r\n                    $(\"#evenement_categorie\").val(\"\");\r\n                    $(\"#voilier\").val(\"\");\r\n                    filtersChanged();\r\n                });\r\n\r\n                function filtersChanged() {\r\n                    if ($('#loop-equipages .e-loop-item:visible').length > 0) {\r\n                        $('#loop-equipages .e-loop-item:visible').fadeOut('fast', function () {\r\n                            fadeInFilter();\r\n                        });\r\n                    } else {\r\n                        fadeInFilter();\r\n                    }\r\n\r\n                    if ($('#sans-equipage .e-loop-item:visible').length > 0) {\r\n                        $('#sans-equipage .e-loop-item:visible').fadeOut('fast', function () {\r\n                            fadeInFilter();\r\n                        });\r\n                    } else {\r\n                        fadeInFilter();\r\n                    }\r\n\r\n                    if ($(\"#edition\").val() || $(\"#evenement_categorie\").val() || $(\"#voilier\").val()) {\r\n                        $('#effacer-filtres').show();\r\n                    } else {\r\n                        $('#effacer-filtres').hide();\r\n                    }\r\n                }\r\n\r\n                function fadeInFilter() {\r\n                    let edition = $(\"#edition\").val();\r\n                    let evenement_categorie = $(\"#evenement_categorie\").val();\r\n                    let voilier = $(\"#voilier\").val();\r\n\r\n                    let result = false;\r\n                    let count = 0;\r\n\r\n                    if (edition === \"\" && evenement_categorie === \"\" && voilier === \"\") {\r\n                        $(\"#loop-equipages .e-loop-item\").fadeIn();\r\n                        count = $(\"#loop-equipages .e-loop-item .membre-equipage\").length;\r\n\r\n                        $(\"#sans-equipage .e-loop-item\").fadeIn();\r\n                        count += $(\"#sans-equipage .e-loop-item .membre-equipage\").length;\r\n\r\n                        result = true;\r\n                    } else {\r\n                        $('#loop-equipages .e-loop-item').each(function () {\r\n                            if ((edition === \"\" || $(this).find('.boucle-equipage[data-edition=\"' + edition + '\"]').length) &&\r\n                                (evenement_categorie === \"\" || $(this).find('.boucle-equipage[data-categorie=\"' + evenement_categorie + '\"]').length) &&\r\n                                (voilier === \"\" || $(this).find('.boucle-equipage[data-voilier=\"' + voilier + '\"]').length)) {\r\n                                $(this).fadeIn();\r\n                                count += $(this).find('.membre-equipage').length;\r\n                                result = true;\r\n                            }\r\n                        });\r\n\r\n                        $('#sans-equipage .e-loop-item').each(function () {\r\n                            if ((edition === \"\" || $(this).find('.boucle-equipage[data-edition=\"' + edition + '\"]').length) &&\r\n                                (evenement_categorie === \"\" || $(this).find('.boucle-equipage[data-categorie=\"' + evenement_categorie + '\"]').length) &&\r\n                                (voilier === \"\" || $(this).find('.boucle-equipage[data-voilier=\"' + voilier + '\"]').length)) {\r\n                                $(this).fadeIn();\r\n                                count += $(this).find('.membre-equipage').length;\r\n                                result = true;\r\n                            }\r\n                        });\r\n                    }\r\n\r\n                    $('#total-equipages').html(count);\r\n\r\n                    $('#no-visible-items').html(result ? '' : 'Aucun \u00e9quipage correspondant');\r\n                }\r\n            })\r\n        <\/script>\r\n        <\/div>\n\t\t\t\t\t\t<\/div>\n\t\t\t\t<div class=\"elementor-element elementor-element-6fce618 elementor-grid-1 elementor-grid-tablet-1 elementor-grid-mobile-1 elementor-widget elementor-widget-loop-grid\" data-id=\"6fce618\" data-element_type=\"widget\" data-e-type=\"widget\" id=\"loop-equipages\" data-settings=\"{&quot;template_id&quot;:&quot;1363&quot;,&quot;columns&quot;:1,&quot;row_gap&quot;:{&quot;unit&quot;:&quot;px&quot;,&quot;size&quot;:50,&quot;sizes&quot;:[]},&quot;columns_tablet&quot;:1,&quot;_skin&quot;:&quot;post&quot;,&quot;columns_mobile&quot;:&quot;1&quot;,&quot;edit_handle_selector&quot;:&quot;[data-elementor-type=\\&quot;loop-item\\&quot;]&quot;,&quot;row_gap_laptop&quot;:{&quot;unit&quot;:&quot;px&quot;,&quot;size&quot;:&quot;&quot;,&quot;sizes&quot;:[]},&quot;row_gap_tablet&quot;:{&quot;unit&quot;:&quot;px&quot;,&quot;size&quot;:&quot;&quot;,&quot;sizes&quot;:[]},&quot;row_gap_mobile&quot;:{&quot;unit&quot;:&quot;px&quot;,&quot;size&quot;:&quot;&quot;,&quot;sizes&quot;:[]}}\" data-widget_type=\"loop-grid.post\">\n\t\t\t\t<div class=\"elementor-widget-container\">\n\t\t\t\t\t\t\t<div class=\"elementor-loop-container elementor-grid\" role=\"list\">\n\t\t<style id=\"loop-1363\">.elementor-1363 .elementor-element.elementor-element-0960fd3{--display:flex;}<\/style>\t\t<div data-elementor-type=\"loop-item\" data-elementor-id=\"1363\" class=\"elementor elementor-1363 e-loop-item e-loop-item-2273 post-2273 equipage type-equipage status-publish hentry\" data-elementor-post-type=\"elementor_library\" data-custom-edit-handle=\"1\">\n\t\t\t<div class=\"elementor-element elementor-element-0960fd3 e-flex e-con-boxed e-con e-parent\" data-id=\"0960fd3\" data-element_type=\"container\" data-e-type=\"container\">\n\t\t\t\t\t<div class=\"e-con-inner\">\n\t\t\t\t<div class=\"elementor-element elementor-element-5ade0f9 elementor-widget elementor-widget-shortcode\" data-id=\"5ade0f9\" data-element_type=\"widget\" data-e-type=\"widget\" data-widget_type=\"shortcode.default\">\n\t\t\t\t\t\t\t<div class=\"elementor-shortcode\"><div class='boucle-equipage' data-voilier='2272' data-evenement='1308' data-categorie='36' data-edition='39'>                <div class='voilier' style='--bg-img:url(\"https:\/\/www.coupe-femina.com\/en\/wp-content\/uploads\/2025\/10\/coupe-femina-2023-posterimage.png\")'>\r\n                    <h2>\r\n                        <a class=\"notranslate\" href=\"https:\/\/www.coupe-femina.com\/en\/voilier\/bamboo\/\">\r\n                            Bamboo                        <\/a>\r\n                    <\/h2>\r\n\r\n                                            <h3>\r\n                            <a class=\"notranslate\" href=\"https:\/\/www.coupe-femina.com\/en\/evenement\/classe-evolution-2025\/\">\r\n                                Classe \u00c9volution 2025                            <\/a>\r\n                        <\/h3>\r\n                                    <\/div>\r\n                            <div class=\"details-equipage\">\r\n                    <span>\r\n                        <strong>Position :<\/strong>\r\n                        -<\/span>\r\n                    <span>\r\n                        <strong>Temps :<\/strong>\r\n                        <span class=\"notranslate\">-<\/span>\r\n                    <\/span>\r\n                    <a href=\"https:\/\/www.coupe-femina.com\/en\/equipage\/bamboo-classe-evolution-2025\/\">Voir plus de d\u00e9tails<\/a>\r\n                <\/div>\r\n                <div class='membres-equipage'>        <div class=\"membre-equipage\">\r\n                            <img decoding=\"async\" src=\"https:\/\/www.coupe-femina.com\/wp-content\/uploads\/2025\/11\/christina-bosquillon.jpg\" alt=\"\"\/>\r\n                        <div>\r\n                                    <h3>\r\n                        <a class=\"notranslate\" href=\"https:\/\/www.coupe-femina.com\/en\/participant\/christina-bosquillon\/\">\r\n                            Christina Bosquillon                        <\/a>\r\n                    <\/h3>\r\n                                    <span class=\"capitaine\">Skipper<\/span>\r\n                                    <p class=\"notranslate\">Christina vient de compl\u00e9ter son brevet \u00e9l\u00e9mentaire et poss\u00e8de un voilier \u00e0 la marina du Yacht-Club de Qu\u00e9bec avec son conjoint.<\/p>\r\n                                    <span>\r\n                        1re participation                    <\/span>\r\n                                    <span class=\"notranslate\">Qu\u00e9bec<\/span>\r\n                            <\/div>\r\n        <\/div>\r\n            <div class=\"membre-equipage\">\r\n                            <img decoding=\"async\" src=\"https:\/\/www.coupe-femina.com\/wp-content\/uploads\/2025\/11\/anabel-carrier.jpg\" alt=\"\"\/>\r\n                        <div>\r\n                                    <h3>\r\n                        <a class=\"notranslate\" href=\"https:\/\/www.coupe-femina.com\/en\/participant\/anabel-carrier\/\">\r\n                            Anabel Carrier                        <\/a>\r\n                    <\/h3>\r\n                                    <p class=\"notranslate\">Avec en main son brevet de voile \u00e9l\u00e9mentaire depuis \u00e0 peine quelques semaines et quelques participation aux r\u00e9gates du Yatch Club de Qu\u00e9bec en poche, elle fait partie d'une belle gang d'effront\u00e9es qui osent relever de grands et beaux d\u00e9fis comme celui de la coupe Femina!<br \/>\r\n<br \/>\r\nElle r\u00eavait de voile depuis qu'elle est toute jeune et c'est maintenant \u00e0 45 ans qu'elle peut vivre ce beau r\u00eave entour\u00e9 de ses bonnes amies! Quoi demander de mieux.<\/p>\r\n                                    <span>\r\n                        1re participation                    <\/span>\r\n                                    <span class=\"notranslate\">L\u00e9vis<\/span>\r\n                            <\/div>\r\n        <\/div>\r\n            <div class=\"membre-equipage\">\r\n                            <img decoding=\"async\" src=\"https:\/\/www.coupe-femina.com\/wp-content\/uploads\/2026\/03\/img-9199-scaled.jpg\" alt=\"\"\/>\r\n                        <div>\r\n                                    <h3>\r\n                        <a class=\"notranslate\" href=\"https:\/\/www.coupe-femina.com\/en\/participant\/helene-gingras-2\/\">\r\n                            H\u00e9l\u00e8ne Gingras                        <\/a>\r\n                    <\/h3>\r\n                                    <p class=\"notranslate\">H\u00e9l\u00e8ne a d\u00e9couvert la voil\u00e9 l\u2019ann\u00e9e derni\u00e8re pour profiter du merveilleux Fleuve St-Laurent. Elle s\u2019est rapidement passionn\u00e9e pour cette discipline. Elle trouve une libert\u00e9 incroyable chaque fois qu\u2019elle hisse les voiles et sent le vent la porter. Naviguer lui permet de se recentrer, loin du tumulte du quotidien. Sur l\u2019eau elle se sent pleinement vivante, en harmonie avec les \u00e9l\u00e9ments. Elle aime partager cette passion avec d\u2019autres navigateurs et profiter des conseils des plus exp\u00e9riment\u00e9s pour progresser.<\/p>\r\n                                    <span>\r\n                        1re participation                    <\/span>\r\n                                    <span class=\"notranslate\">Qu\u00e9bec<\/span>\r\n                            <\/div>\r\n        <\/div>\r\n            <div class=\"membre-equipage\">\r\n                            <img decoding=\"async\" src=\"https:\/\/www.coupe-femina.com\/wp-content\/uploads\/2025\/11\/geraldine-carrier-delisle.jpeg\" alt=\"\"\/>\r\n                        <div>\r\n                                    <h3>\r\n                        <a class=\"notranslate\" href=\"https:\/\/www.coupe-femina.com\/en\/participant\/geraldine-carrier-delisle\/\">\r\n                            G\u00e9raldine Carrier-Delisle                        <\/a>\r\n                    <\/h3>\r\n                                    <p class=\"notranslate\">G\u00e9raldine a commenc\u00e9 la voile jeune sur de petites embarcations. Elle a d\u00e9couvert le monde du voilier en 2002 et elle a compl\u00e9t\u00e9 son brevet \u00e9l\u00e9mentaire. Amatrice de r\u00e9gates, elle aime autant la comp\u00e9tition que la camaraderie qui l'accompagne. Cette ann\u00e9e marque sa troisi\u00e8me participation \u00e0 la Coupe Femina, un rendez-vous qu'elle attend toujours avec enthousiasme.<\/p>\r\n                                    <span>\r\n                        1re participation                    <\/span>\r\n                                    <span class=\"notranslate\">L\u00e9vis<\/span>\r\n                            <\/div>\r\n        <\/div>\r\n            <div class=\"membre-equipage\">\r\n                            <img decoding=\"async\" src=\"https:\/\/www.coupe-femina.com\/wp-content\/uploads\/2025\/11\/marie-josee-dutil.jpg\" alt=\"\"\/>\r\n                        <div>\r\n                                    <h3>\r\n                        <a class=\"notranslate\" href=\"https:\/\/www.coupe-femina.com\/en\/participant\/marie-josee-dutil\/\">\r\n                            Marie-Jos\u00e9e Dutil                        <\/a>\r\n                    <\/h3>\r\n                                    <p class=\"notranslate\">Son parcours sur l'eau a commenc\u00e9 avec le surf, s'est poursuivi avec le kitesurf, et la voil\u00e0 maintenant port\u00e9e par la voile. Toujours attir\u00e9e par l'eau comme un dauphin, elle se sent chez elle lorsqu'il est question de mar\u00e9e. La voile, pour elle, c'est une fa\u00e7on unique de se connecter \u00e0 la nature. Chaque sortie est une occasion de ralentir, se concentrer sur des \u00e9l\u00e9ments plus grands que soi et de partager des beaux moments avec ses amis.<\/p>\r\n                                    <span>\r\n                        1re participation                    <\/span>\r\n                                    <span class=\"notranslate\">L\u00e9vis<\/span>\r\n                            <\/div>\r\n        <\/div>\r\n            <div class=\"membre-equipage\">\r\n                            <img decoding=\"async\" src=\"https:\/\/www.coupe-femina.com\/wp-content\/uploads\/2025\/11\/arnaud-bosquillon.jpg\" alt=\"\"\/>\r\n                        <div>\r\n                                    <h3>\r\n                        <a class=\"notranslate\" href=\"https:\/\/www.coupe-femina.com\/en\/participant\/arnaud-bosquillon\/\">\r\n                            Arnaud Bosquillon                        <\/a>\r\n                    <\/h3>\r\n                                    <span class=\"instructeur\">Instructeur(rice)<\/span>\r\n                                    <p class=\"notranslate\">Toujours attir\u00e9e par la voile \u00e0 travers le kitesurf et la planche \u00e0 voile, elle s\u2019est lanc\u00e9e avec sa famille l\u2019an dernier en achetant leur premier voilier. Depuis, ils d\u00e9couvrent ensemble les plaisirs de la navigation en famille.<\/p>\r\n                                    <span>\r\n                        1re participation                    <\/span>\r\n                                    <span class=\"notranslate\">Qu\u00e9bec<\/span>\r\n                            <\/div>\r\n        <\/div>\r\n    <\/div><\/div><\/div>\n\t\t\t\t\t\t<\/div>\n\t\t\t\t\t<\/div>\n\t\t\t\t<\/div>\n\t\t\t\t<\/div>\n\t\t\t\t<div data-elementor-type=\"loop-item\" data-elementor-id=\"1363\" class=\"elementor elementor-1363 e-loop-item e-loop-item-3050 post-3050 equipage type-equipage status-publish hentry\" data-elementor-post-type=\"elementor_library\" data-custom-edit-handle=\"1\">\n\t\t\t<div class=\"elementor-element elementor-element-0960fd3 e-flex e-con-boxed e-con e-parent\" data-id=\"0960fd3\" data-element_type=\"container\" data-e-type=\"container\">\n\t\t\t\t\t<div class=\"e-con-inner\">\n\t\t\t\t<div class=\"elementor-element elementor-element-5ade0f9 elementor-widget elementor-widget-shortcode\" data-id=\"5ade0f9\" data-element_type=\"widget\" data-e-type=\"widget\" data-widget_type=\"shortcode.default\">\n\t\t\t\t\t\t\t<div class=\"elementor-shortcode\"><\/div>\n\t\t\t\t\t\t<\/div>\n\t\t\t\t\t<\/div>\n\t\t\t\t<\/div>\n\t\t\t\t<\/div>\n\t\t\t\t<div data-elementor-type=\"loop-item\" data-elementor-id=\"1363\" class=\"elementor elementor-1363 e-loop-item e-loop-item-3007 post-3007 equipage type-equipage status-publish hentry\" data-elementor-post-type=\"elementor_library\" data-custom-edit-handle=\"1\">\n\t\t\t<div class=\"elementor-element elementor-element-0960fd3 e-flex e-con-boxed e-con e-parent\" data-id=\"0960fd3\" data-element_type=\"container\" data-e-type=\"container\">\n\t\t\t\t\t<div class=\"e-con-inner\">\n\t\t\t\t<div class=\"elementor-element elementor-element-5ade0f9 elementor-widget elementor-widget-shortcode\" data-id=\"5ade0f9\" data-element_type=\"widget\" data-e-type=\"widget\" data-widget_type=\"shortcode.default\">\n\t\t\t\t\t\t\t<div class=\"elementor-shortcode\"><\/div>\n\t\t\t\t\t\t<\/div>\n\t\t\t\t\t<\/div>\n\t\t\t\t<\/div>\n\t\t\t\t<\/div>\n\t\t\t\t<div data-elementor-type=\"loop-item\" data-elementor-id=\"1363\" class=\"elementor elementor-1363 e-loop-item e-loop-item-2124 post-2124 equipage type-equipage status-publish hentry\" data-elementor-post-type=\"elementor_library\" data-custom-edit-handle=\"1\">\n\t\t\t<div class=\"elementor-element elementor-element-0960fd3 e-flex e-con-boxed e-con e-parent\" data-id=\"0960fd3\" data-element_type=\"container\" data-e-type=\"container\">\n\t\t\t\t\t<div class=\"e-con-inner\">\n\t\t\t\t<div class=\"elementor-element elementor-element-5ade0f9 elementor-widget elementor-widget-shortcode\" data-id=\"5ade0f9\" data-element_type=\"widget\" data-e-type=\"widget\" data-widget_type=\"shortcode.default\">\n\t\t\t\t\t\t\t<div class=\"elementor-shortcode\"><div class='boucle-equipage' data-voilier='1546' data-evenement='1306' data-categorie='32' data-edition='39'>                <div class='voilier' style='--bg-img:url(\"https:\/\/www.coupe-femina.com\/wp-content\/uploads\/2025\/10\/baobab.jpg\")'>\r\n                    <h2>\r\n                        <a class=\"notranslate\" href=\"https:\/\/www.coupe-femina.com\/en\/voilier\/baobab\/\">\r\n                            Baobab                        <\/a>\r\n                    <\/h2>\r\n\r\n                                            <h3>\r\n                            <a class=\"notranslate\" href=\"https:\/\/www.coupe-femina.com\/en\/evenement\/coupe-femina-2025\/\">\r\n                                Coupe Femina 2025                            <\/a>\r\n                        <\/h3>\r\n                                    <\/div>\r\n                            <div class=\"details-equipage\">\r\n                    <span>\r\n                        <strong>Position :<\/strong>\r\n                        -<\/span>\r\n                    <span>\r\n                        <strong>Temps :<\/strong>\r\n                        <span class=\"notranslate\">-<\/span>\r\n                    <\/span>\r\n                    <a href=\"https:\/\/www.coupe-femina.com\/en\/equipage\/baobab-coupe-femina-2025\/\">Voir plus de d\u00e9tails<\/a>\r\n                <\/div>\r\n                <div class='membres-equipage'>        <div class=\"membre-equipage\">\r\n                            <img decoding=\"async\" src=\"https:\/\/www.coupe-femina.com\/wp-content\/uploads\/2026\/01\/capture-decran-le-2026-01-11-a-111100.png\" alt=\"\"\/>\r\n                        <div>\r\n                                    <h3>\r\n                        <a class=\"notranslate\" href=\"https:\/\/www.coupe-femina.com\/en\/participant\/valerie-beaudry\/\">\r\n                            Val\u00e9rie Beaudry                        <\/a>\r\n                    <\/h3>\r\n                                    <span class=\"capitaine\">Skipper<\/span>\r\n                                    <p class=\"notranslate\">Val\u00e9rie est passionn\u00e9e de la voile et se sent tr\u00e8s bien sur un voilier.<br \/>\r\n<br \/>\r\nEn tant que skipper, elle est celle qui maximise l'\u00e9quipage selon les forces de chacun et s'assure que tous aient du plaisir toute la journ\u00e9e.<br \/>\r\n<br \/>\r\nNaviguant le fleuve depuis plusieurs ann\u00e9es, elle continue de s'amuser sur son terrain de jeu estival!<\/p>\r\n                                    <span>\r\n                        4e participation                    <\/span>\r\n                                    <span class=\"notranslate\">Qu\u00e9bec<\/span>\r\n                            <\/div>\r\n        <\/div>\r\n            <div class=\"membre-equipage\">\r\n                            <img decoding=\"async\" src=\"https:\/\/www.coupe-femina.com\/wp-content\/uploads\/2026\/01\/8aa8e8b7-7bb4-427c-a0e1-df8635eed634.jpg\" alt=\"\"\/>\r\n                        <div>\r\n                                    <h3>\r\n                        <a class=\"notranslate\" href=\"https:\/\/www.coupe-femina.com\/en\/participant\/caroline-cote\/\">\r\n                            Caroline C\u00f4t\u00e9                        <\/a>\r\n                    <\/h3>\r\n                                    <p class=\"notranslate\">L'eau a toujours \u00e9t\u00e9 au centre des passions de Caroline, que ce soit en plong\u00e9e sous-marine ou en voilier. Elle a d\u00e9but\u00e9 la planche \u00e0 voile d\u00e8s 14 ans \u00e0 Baie-des-Brises et rapidement, ce sport est devenu une grande passion pour elle. Quelques exp\u00e9riences en Hobie et sur le voilier de son oncle en Floride ont bien confirm\u00e9 son amour d'\u00eatre sur l'eau. Elle d\u00e9couvre le Formation Nautique il y a 3 ans et cela lui permet enfin de renouer avec sa passion. Elle a particip\u00e9 \u00e0 sa premi\u00e8re coupe F\u00e9mina en 2025 et a eu un v\u00e9ritable coup de foudre pour cet \u00e9v\u00e8nement!<\/p>\r\n                                    <span>\r\n                        3e participation                    <\/span>\r\n                                    <span class=\"notranslate\">L\u00e9vis<\/span>\r\n                            <\/div>\r\n        <\/div>\r\n            <div class=\"membre-equipage\">\r\n                            <img decoding=\"async\" src=\"https:\/\/www.coupe-femina.com\/wp-content\/uploads\/2025\/11\/marylene-coulombe.jpg\" alt=\"\"\/>\r\n                        <div>\r\n                                    <h3>\r\n                        <a class=\"notranslate\" href=\"https:\/\/www.coupe-femina.com\/en\/participant\/marylene-coulombe\/\">\r\n                            Maryl\u00e8ne Coulombe                        <\/a>\r\n                    <\/h3>\r\n                                    <p class=\"notranslate\">Maryl\u00e8ne est passionn\u00e9e de voile depuis longtemps. Ayant obtenu son brevet de chef de bord \u00e0 la fin de l'\u00e9t\u00e9 2024, elle accumule les milles nautiques d\u00e8s qu'elle le peut. Elle a fait et obtenu son brevet sur le fleuve Saint-Laurent \u00e0 la hauteur de Berthierville. Maryl\u00e8ne est une femme motiv\u00e9e et motivante pour l'\u00e9quipage, elle sait \u00eatre \u00e0 l'\u00e9coute et r\u00e9agit rapidement aux commandes. Toujours fid\u00e8le au poste et disponible, vous serez heureuses de l'avoir dans votre \u00e9quipe pour la prochaine Coupe Femina !<\/p>\r\n                                    <span>\r\n                        1re participation                    <\/span>\r\n                                    <span class=\"notranslate\">Lanoraie<\/span>\r\n                            <\/div>\r\n        <\/div>\r\n            <div class=\"membre-equipage\">\r\n                            <img decoding=\"async\" src=\"https:\/\/www.coupe-femina.com\/wp-content\/uploads\/2025\/11\/chantale-roy.jpg\" alt=\"\"\/>\r\n                        <div>\r\n                                    <h3>\r\n                        <a class=\"notranslate\" href=\"https:\/\/www.coupe-femina.com\/en\/participant\/chantale-roy\/\">\r\n                            Chantale Roy                        <\/a>\r\n                    <\/h3>\r\n                                    <p class=\"notranslate\">Chantale participe d\u00e9j\u00e0 depuis quatre ans \u00e0 la Coupe Femina pour le plaisir de partager une exp\u00e9rience de d\u00e9passement de soi et tout cela dans la joie et le plaisir!<\/p>\r\n                                    <span>\r\n                        3e participation                    <\/span>\r\n                                    <span class=\"notranslate\">L\u00e9vis<\/span>\r\n                            <\/div>\r\n        <\/div>\r\n            <div class=\"membre-equipage\">\r\n                            <img decoding=\"async\" src=\"https:\/\/www.coupe-femina.com\/wp-content\/uploads\/2026\/04\/1000003339.jpeg\" alt=\"\"\/>\r\n                        <div>\r\n                                    <h3>\r\n                        <a class=\"notranslate\" href=\"https:\/\/www.coupe-femina.com\/en\/participant\/audrey-fontaine-2\/\">\r\n                            Audrey Fontaine                        <\/a>\r\n                    <\/h3>\r\n                                    <p class=\"notranslate\">C\u2019est avec enthousiasme qu\u2019elle entreprend sa troisi\u00e8me participation \u00e0 la Coupe Femina. Forte de son exp\u00e9rience, elle a d\u00e9j\u00e0 anim\u00e9 des cours d\u2019initiation \u00e0 la croisi\u00e8re au Vieux-Port Yachting et a pris part \u00e0 deux r\u00e9gates avec le CRYQ l\u2019\u00e9t\u00e9 dernier. Elle d\u00e9tient son brevet de voile interm\u00e9diaire.<\/p>\r\n                                    <span>\r\n                        3e participation                    <\/span>\r\n                                    <span class=\"notranslate\">Qu\u00e9bec<\/span>\r\n                            <\/div>\r\n        <\/div>\r\n    <\/div><\/div><\/div>\n\t\t\t\t\t\t<\/div>\n\t\t\t\t\t<\/div>\n\t\t\t\t<\/div>\n\t\t\t\t<\/div>\n\t\t\t\t<div data-elementor-type=\"loop-item\" data-elementor-id=\"1363\" class=\"elementor elementor-1363 e-loop-item e-loop-item-2912 post-2912 equipage type-equipage status-publish hentry\" data-elementor-post-type=\"elementor_library\" data-custom-edit-handle=\"1\">\n\t\t\t<div class=\"elementor-element elementor-element-0960fd3 e-flex e-con-boxed e-con e-parent\" data-id=\"0960fd3\" data-element_type=\"container\" data-e-type=\"container\">\n\t\t\t\t\t<div class=\"e-con-inner\">\n\t\t\t\t<div class=\"elementor-element elementor-element-5ade0f9 elementor-widget elementor-widget-shortcode\" data-id=\"5ade0f9\" data-element_type=\"widget\" data-e-type=\"widget\" data-widget_type=\"shortcode.default\">\n\t\t\t\t\t\t\t<div class=\"elementor-shortcode\"><div class='boucle-equipage' data-voilier='1546' data-evenement='1501' data-categorie='32' data-edition='44'>                <div class='voilier' style='--bg-img:url(\"https:\/\/www.coupe-femina.com\/wp-content\/uploads\/2025\/10\/baobab.jpg\")'>\r\n                    <h2>\r\n                        <a class=\"notranslate\" href=\"https:\/\/www.coupe-femina.com\/en\/voilier\/baobab\/\">\r\n                            Baobab                        <\/a>\r\n                    <\/h2>\r\n\r\n                                            <h3>\r\n                            <a class=\"notranslate\" href=\"https:\/\/www.coupe-femina.com\/en\/evenement\/coupe-femina-2026\/\">\r\n                                Coupe Femina 2026                            <\/a>\r\n                        <\/h3>\r\n                                    <\/div>\r\n                            <div class=\"details-equipage\">\r\n                    <span>\r\n                        <strong>Position :<\/strong>\r\n                        -<\/span>\r\n                    <span>\r\n                        <strong>Temps :<\/strong>\r\n                        <span class=\"notranslate\">-<\/span>\r\n                    <\/span>\r\n                    <a href=\"https:\/\/www.coupe-femina.com\/en\/equipage\/baobab-coupe-femina-2026\/\">Voir plus de d\u00e9tails<\/a>\r\n                <\/div>\r\n                <div class='membres-equipage'>        <div class=\"membre-equipage\">\r\n                            <img decoding=\"async\" src=\"https:\/\/www.coupe-femina.com\/wp-content\/uploads\/2026\/01\/capture-decran-le-2026-01-11-a-111100.png\" alt=\"\"\/>\r\n                        <div>\r\n                                    <h3>\r\n                        <a class=\"notranslate\" href=\"https:\/\/www.coupe-femina.com\/en\/participant\/valerie-beaudry\/\">\r\n                            Val\u00e9rie Beaudry                        <\/a>\r\n                    <\/h3>\r\n                                    <span class=\"capitaine\">Skipper<\/span>\r\n                                    <p class=\"notranslate\">Val\u00e9rie est passionn\u00e9e de la voile et se sent tr\u00e8s bien sur un voilier.<br \/>\r\n<br \/>\r\nEn tant que skipper, elle est celle qui maximise l'\u00e9quipage selon les forces de chacun et s'assure que tous aient du plaisir toute la journ\u00e9e.<br \/>\r\n<br \/>\r\nNaviguant le fleuve depuis plusieurs ann\u00e9es, elle continue de s'amuser sur son terrain de jeu estival!<\/p>\r\n                                    <span>\r\n                        4e participation                    <\/span>\r\n                                    <span class=\"notranslate\">Qu\u00e9bec<\/span>\r\n                            <\/div>\r\n        <\/div>\r\n            <div class=\"membre-equipage\">\r\n                            <img decoding=\"async\" src=\"https:\/\/www.coupe-femina.com\/wp-content\/uploads\/2025\/11\/chantale-roy.jpg\" alt=\"\"\/>\r\n                        <div>\r\n                                    <h3>\r\n                        <a class=\"notranslate\" href=\"https:\/\/www.coupe-femina.com\/en\/participant\/chantale-roy\/\">\r\n                            Chantale Roy                        <\/a>\r\n                    <\/h3>\r\n                                    <p class=\"notranslate\">Chantale participe d\u00e9j\u00e0 depuis quatre ans \u00e0 la Coupe Femina pour le plaisir de partager une exp\u00e9rience de d\u00e9passement de soi et tout cela dans la joie et le plaisir!<\/p>\r\n                                    <span>\r\n                        3e participation                    <\/span>\r\n                                    <span class=\"notranslate\">L\u00e9vis<\/span>\r\n                            <\/div>\r\n        <\/div>\r\n            <div class=\"membre-equipage\">\r\n                            <img decoding=\"async\" src=\"https:\/\/www.coupe-femina.com\/wp-content\/uploads\/2026\/04\/1000003339.jpeg\" alt=\"\"\/>\r\n                        <div>\r\n                                    <h3>\r\n                        <a class=\"notranslate\" href=\"https:\/\/www.coupe-femina.com\/en\/participant\/audrey-fontaine-2\/\">\r\n                            Audrey Fontaine                        <\/a>\r\n                    <\/h3>\r\n                                    <p class=\"notranslate\">C\u2019est avec enthousiasme qu\u2019elle entreprend sa troisi\u00e8me participation \u00e0 la Coupe Femina. Forte de son exp\u00e9rience, elle a d\u00e9j\u00e0 anim\u00e9 des cours d\u2019initiation \u00e0 la croisi\u00e8re au Vieux-Port Yachting et a pris part \u00e0 deux r\u00e9gates avec le CRYQ l\u2019\u00e9t\u00e9 dernier. Elle d\u00e9tient son brevet de voile interm\u00e9diaire.<\/p>\r\n                                    <span>\r\n                        3e participation                    <\/span>\r\n                                    <span class=\"notranslate\">Qu\u00e9bec<\/span>\r\n                            <\/div>\r\n        <\/div>\r\n            <div class=\"membre-equipage\">\r\n                            <img decoding=\"async\" src=\"https:\/\/www.coupe-femina.com\/wp-content\/uploads\/2026\/01\/8aa8e8b7-7bb4-427c-a0e1-df8635eed634.jpg\" alt=\"\"\/>\r\n                        <div>\r\n                                    <h3>\r\n                        <a class=\"notranslate\" href=\"https:\/\/www.coupe-femina.com\/en\/participant\/caroline-cote\/\">\r\n                            Caroline C\u00f4t\u00e9                        <\/a>\r\n                    <\/h3>\r\n                                    <p class=\"notranslate\">L'eau a toujours \u00e9t\u00e9 au centre des passions de Caroline, que ce soit en plong\u00e9e sous-marine ou en voilier. Elle a d\u00e9but\u00e9 la planche \u00e0 voile d\u00e8s 14 ans \u00e0 Baie-des-Brises et rapidement, ce sport est devenu une grande passion pour elle. Quelques exp\u00e9riences en Hobie et sur le voilier de son oncle en Floride ont bien confirm\u00e9 son amour d'\u00eatre sur l'eau. Elle d\u00e9couvre le Formation Nautique il y a 3 ans et cela lui permet enfin de renouer avec sa passion. Elle a particip\u00e9 \u00e0 sa premi\u00e8re coupe F\u00e9mina en 2025 et a eu un v\u00e9ritable coup de foudre pour cet \u00e9v\u00e8nement!<\/p>\r\n                                    <span>\r\n                        3e participation                    <\/span>\r\n                                    <span class=\"notranslate\">L\u00e9vis<\/span>\r\n                            <\/div>\r\n        <\/div>\r\n            <div class=\"membre-equipage\">\r\n                            <img decoding=\"async\" src=\"https:\/\/www.coupe-femina.com\/wp-content\/uploads\/2026\/04\/img-8252.jpeg\" alt=\"\"\/>\r\n                        <div>\r\n                                    <h3>\r\n                        <a class=\"notranslate\" href=\"https:\/\/www.coupe-femina.com\/en\/participant\/isabelle-beaudoin\/\">\r\n                            Isabelle Beaudoin                        <\/a>\r\n                    <\/h3>\r\n                                    <p class=\"notranslate\">\u00c0 venir<\/p>\r\n                                    <span>\r\n                        1re participation                    <\/span>\r\n                                    <span class=\"notranslate\">Quebec City<\/span>\r\n                            <\/div>\r\n        <\/div>\r\n    <\/div><\/div><\/div>\n\t\t\t\t\t\t<\/div>\n\t\t\t\t\t<\/div>\n\t\t\t\t<\/div>\n\t\t\t\t<\/div>\n\t\t\t\t<div data-elementor-type=\"loop-item\" data-elementor-id=\"1363\" class=\"elementor elementor-1363 e-loop-item e-loop-item-2187 post-2187 equipage type-equipage status-publish hentry\" data-elementor-post-type=\"elementor_library\" data-custom-edit-handle=\"1\">\n\t\t\t<div class=\"elementor-element elementor-element-0960fd3 e-flex e-con-boxed e-con e-parent\" data-id=\"0960fd3\" data-element_type=\"container\" data-e-type=\"container\">\n\t\t\t\t\t<div class=\"e-con-inner\">\n\t\t\t\t<div class=\"elementor-element elementor-element-5ade0f9 elementor-widget elementor-widget-shortcode\" data-id=\"5ade0f9\" data-element_type=\"widget\" data-e-type=\"widget\" data-widget_type=\"shortcode.default\">\n\t\t\t\t\t\t\t<div class=\"elementor-shortcode\"><div class='boucle-equipage' data-voilier='2186' data-evenement='1306' data-categorie='32' data-edition='39'>                <div class='voilier' style='--bg-img:url(\"https:\/\/www.coupe-femina.com\/en\/wp-content\/uploads\/2025\/10\/coupe-femina-2023-posterimage.png\")'>\r\n                    <h2>\r\n                        <a class=\"notranslate\" href=\"https:\/\/www.coupe-femina.com\/en\/voilier\/belles-allures\/\">\r\n                            Belles Allures                        <\/a>\r\n                    <\/h2>\r\n\r\n                                            <h3>\r\n                            <a class=\"notranslate\" href=\"https:\/\/www.coupe-femina.com\/en\/evenement\/coupe-femina-2025\/\">\r\n                                Coupe Femina 2025                            <\/a>\r\n                        <\/h3>\r\n                                    <\/div>\r\n                            <div class=\"details-equipage\">\r\n                    <span>\r\n                        <strong>Position :<\/strong>\r\n                        -<\/span>\r\n                    <span>\r\n                        <strong>Temps :<\/strong>\r\n                        <span class=\"notranslate\">-<\/span>\r\n                    <\/span>\r\n                    <a href=\"https:\/\/www.coupe-femina.com\/en\/equipage\/belles-allures-coupe-femina-2025\/\">Voir plus de d\u00e9tails<\/a>\r\n                <\/div>\r\n                <div class='membres-equipage'>        <div class=\"membre-equipage\">\r\n                            <img decoding=\"async\" src=\"https:\/\/www.coupe-femina.com\/wp-content\/uploads\/2025\/11\/julie-proulx.jpg\" alt=\"\"\/>\r\n                        <div>\r\n                                    <h3>\r\n                        <a class=\"notranslate\" href=\"https:\/\/www.coupe-femina.com\/en\/participant\/julie-proulx\/\">\r\n                            Julie Proulx                        <\/a>\r\n                    <\/h3>\r\n                                    <span class=\"capitaine\">Skipper<\/span>\r\n                                    <p class=\"notranslate\">Propri\u00e9taire de son deuxi\u00e8me voilier de 36 pieds, bas\u00e9 \u00e0 Berthierville (CNBI) depuis 2017, Julie est amatrice de r\u00e9gate et de croisi\u00e8re. <br \/>\r\n<br \/>\r\nElle a particip\u00e9 \u00e0 deux \u00e9ditions du championnat de course au large \u00ab Cap-\u00e0-l'Est \u00bb sur son voilier en 2022 et 2024.<\/p>\r\n                                    <span>\r\n                        1re participation                    <\/span>\r\n                                    <span class=\"notranslate\">Pointe-aux-Trembles<\/span>\r\n                            <\/div>\r\n        <\/div>\r\n            <div class=\"membre-equipage\">\r\n                            <img decoding=\"async\" src=\"https:\/\/www.coupe-femina.com\/wp-content\/uploads\/2025\/11\/julie-richer.jpg\" alt=\"\"\/>\r\n                        <div>\r\n                                    <h3>\r\n                        <a class=\"notranslate\" href=\"https:\/\/www.coupe-femina.com\/en\/participant\/julie-richer\/\">\r\n                            Julie Richer                        <\/a>\r\n                    <\/h3>\r\n                                    <p class=\"notranslate\">Enseignante de voile (d\u00e9riveur) et planche \u00e0 voile depuis l\u2019adolescence, Julie navigue sur un quillard depuis 30 ans sur le fleuve St-Laurent. Son bateau est amarr\u00e9 au CNBI \u00e0 Berthierville, C\u2019est un B\u00e9n\u00e9teau first 30.5.<br \/>\r\n<br \/>\r\nLa voile est une passion et elle ne se lasse jamais de la beaut\u00e9 du fleuve St-Laurent et de ses d\u00e9fis.<\/p>\r\n                                    <span>\r\n                        1re participation                    <\/span>\r\n                                    <span class=\"notranslate\">Ste-Agathe-des-Monts<\/span>\r\n                            <\/div>\r\n        <\/div>\r\n            <div class=\"membre-equipage\">\r\n                            <img decoding=\"async\" src=\"https:\/\/www.coupe-femina.com\/wp-content\/uploads\/2025\/11\/valerie-roy.jpg\" alt=\"\"\/>\r\n                        <div>\r\n                                    <h3>\r\n                        <a class=\"notranslate\" href=\"https:\/\/www.coupe-femina.com\/en\/participant\/valerie-roy\/\">\r\n                            Val\u00e9rie Roy                        <\/a>\r\n                    <\/h3>\r\n                                    <p class=\"notranslate\">Toujours pr\u00eate \u00e0 larguer les amarres et \u00e0 relever tous les d\u00e9fis, Val\u00e9rie est une \u00e9quipi\u00e8re passionn\u00e9e qui a plus d\u2019une dizaine de saisons \u00e0 son actif \u00e0 naviguer vaillamment sur le fleuve entre Montr\u00e9al et Rimouski (m\u00eame quand la m\u00e9t\u00e9o d\u00e9cide de tester sa patience). Connue pour sa fiabilit\u00e9 in\u00e9branlable, son esprit d\u2019\u00e9quipe l\u00e9gendaire et sa capacit\u00e9 \u00e0 transformer les impr\u00e9vus en opportunit\u00e9s, elle est un v\u00e9ritable atout \u00e0 bord. Avec la Coupe Femina 2025 en ligne de mire, Val\u00e9rie est fin pr\u00eate \u00e0 montrer que ses comp\u00e9tences brillent autant que la ligne d\u2019horizon un soir de victoire !<\/p>\r\n                                    <span>\r\n                        1re participation                    <\/span>\r\n                                    <span class=\"notranslate\">Saint-Ours<\/span>\r\n                            <\/div>\r\n        <\/div>\r\n            <div class=\"membre-equipage\">\r\n                            <img decoding=\"async\" src=\"https:\/\/www.coupe-femina.com\/wp-content\/uploads\/2025\/11\/melanie-beauchamps.jpg\" alt=\"\"\/>\r\n                        <div>\r\n                                    <h3>\r\n                        <a class=\"notranslate\" href=\"https:\/\/www.coupe-femina.com\/en\/participant\/melanie-beauchamps\/\">\r\n                            M\u00e9lanie Beauchamps                        <\/a>\r\n                    <\/h3>\r\n                                    <p class=\"notranslate\">M\u00e9lanie est instructrice IVQ depuis 2024 et sera instructrice de voile \u00e9l\u00e9mentaire cette ann\u00e9e. 2e participation \u00e0 la Coupe Femina, elle a h\u00e2te de retrouver l'ambiance festive et amicale de ce bel \u00e9v\u00e9nement rassembleur. \u00c0 partir de 2026, elle se consacrera \u00e0 temps plein \u00e0 ce nouveau m\u00e9tier et cette passion qu'est la voile.<\/p>\r\n                                    <span>\r\n                        2e participation                    <\/span>\r\n                                    <span class=\"notranslate\">Notre-Dame-des-Prairies<\/span>\r\n                            <\/div>\r\n        <\/div>\r\n    <\/div><\/div><\/div>\n\t\t\t\t\t\t<\/div>\n\t\t\t\t\t<\/div>\n\t\t\t\t<\/div>\n\t\t\t\t<\/div>\n\t\t\t\t<div data-elementor-type=\"loop-item\" data-elementor-id=\"1363\" class=\"elementor elementor-1363 e-loop-item e-loop-item-2290 post-2290 equipage type-equipage status-publish hentry\" data-elementor-post-type=\"elementor_library\" data-custom-edit-handle=\"1\">\n\t\t\t<div class=\"elementor-element elementor-element-0960fd3 e-flex e-con-boxed e-con e-parent\" data-id=\"0960fd3\" data-element_type=\"container\" data-e-type=\"container\">\n\t\t\t\t\t<div class=\"e-con-inner\">\n\t\t\t\t<div class=\"elementor-element elementor-element-5ade0f9 elementor-widget elementor-widget-shortcode\" data-id=\"5ade0f9\" data-element_type=\"widget\" data-e-type=\"widget\" data-widget_type=\"shortcode.default\">\n\t\t\t\t\t\t\t<div class=\"elementor-shortcode\"><div class='boucle-equipage' data-voilier='2288' data-evenement='1308' data-categorie='36' data-edition='39'>                <div class='voilier' style='--bg-img:url(\"https:\/\/www.coupe-femina.com\/en\/wp-content\/uploads\/2025\/10\/coupe-femina-2023-posterimage.png\")'>\r\n                    <h2>\r\n                        <a class=\"notranslate\" href=\"https:\/\/www.coupe-femina.com\/en\/voilier\/blacksea\/\">\r\n                            BlackSea                        <\/a>\r\n                    <\/h2>\r\n\r\n                                            <h3>\r\n                            <a class=\"notranslate\" href=\"https:\/\/www.coupe-femina.com\/en\/evenement\/classe-evolution-2025\/\">\r\n                                Classe \u00c9volution 2025                            <\/a>\r\n                        <\/h3>\r\n                                    <\/div>\r\n                            <div class=\"details-equipage\">\r\n                    <span>\r\n                        <strong>Position :<\/strong>\r\n                        -<\/span>\r\n                    <span>\r\n                        <strong>Temps :<\/strong>\r\n                        <span class=\"notranslate\">-<\/span>\r\n                    <\/span>\r\n                    <a href=\"https:\/\/www.coupe-femina.com\/en\/equipage\/blacksea-classe-evolution-2025\/\">Voir plus de d\u00e9tails<\/a>\r\n                <\/div>\r\n                <div class='membres-equipage'>        <div class=\"membre-equipage\">\r\n                            <img decoding=\"async\" src=\"https:\/\/www.coupe-femina.com\/wp-content\/uploads\/2025\/11\/catherine-hudon.jpg\" alt=\"\"\/>\r\n                        <div>\r\n                                    <h3>\r\n                        <a class=\"notranslate\" href=\"https:\/\/www.coupe-femina.com\/en\/participant\/catherine-hudon\/\">\r\n                            Catherine Hudon                        <\/a>\r\n                    <\/h3>\r\n                                    <span class=\"capitaine\">Skipper<\/span>\r\n                                    <p class=\"notranslate\">Passionn\u00e9e de voile depuis huit ans, j\u2019ai appris sur d\u00e9riveur au Club de Voile Saguenay, puis poursuivi ma formation sur quillard avec Voile Mercator et Ga\u00ebl Simon. Depuis 2022, je navigue sur mon Kelt 8.5 au Club de Voile des \u00celes de Saint-G\u00e9d\u00e9on, souvent accompagn\u00e9e de mes enfants ou de membres de Voile Communautaire. Cette ann\u00e9e, je r\u00e9alise un r\u00eave : participer \u00e0 la Coupe Femina gr\u00e2ce \u00e0 l\u2019invitation d\u2019un capitaine de Voile Communautaire.<\/p>\r\n                                    <span>\r\n                        1re participation                    <\/span>\r\n                                    <span class=\"notranslate\">Falardeau<\/span>\r\n                            <\/div>\r\n        <\/div>\r\n            <div class=\"membre-equipage\">\r\n                            <img decoding=\"async\" src=\"https:\/\/www.coupe-femina.com\/wp-content\/uploads\/2025\/11\/shannon-buck.jpg\" alt=\"\"\/>\r\n                        <div>\r\n                                    <h3>\r\n                        <a class=\"notranslate\" href=\"https:\/\/www.coupe-femina.com\/en\/participant\/shannon-buck\/\">\r\n                            Shannon Buck                        <\/a>\r\n                    <\/h3>\r\n                                    <p class=\"notranslate\">Shannon est une jeune navigatrice dans la quarantaine. Elle a obtenu son Brevet de croisi\u00e8re \u00e9l\u00e9mentaire en 2024 et a depuis principalement navigu\u00e9 dans la Baie des Chaleurs en plus d\u2019avoir particip\u00e9 \u00e0 quelques r\u00e9gates.  Les challenges ne lui font pas froid aux yeux. Anim\u00e9e par le projet d'avoir un jour son propre voilier, elle d\u00e9borde d\u2019enthousiasme \u00e0 d\u00e9velopper ses connaissances et ses comp\u00e9tences. Elle est une \u00e9quipi\u00e8re engag\u00e9e qui mise sur le plaisir et la coh\u00e9sion de l\u2019\u00e9quipage.<\/p>\r\n                                    <span>\r\n                        1re participation                    <\/span>\r\n                                    <span class=\"notranslate\">Montr\u00e9al<\/span>\r\n                            <\/div>\r\n        <\/div>\r\n            <div class=\"membre-equipage\">\r\n                            <img decoding=\"async\" src=\"https:\/\/www.coupe-femina.com\/wp-content\/uploads\/2025\/11\/joanie-champoux.jpg\" alt=\"\"\/>\r\n                        <div>\r\n                                    <h3>\r\n                        <a class=\"notranslate\" href=\"https:\/\/www.coupe-femina.com\/en\/participant\/joanie-champoux\/\">\r\n                            Joanie Champoux                        <\/a>\r\n                    <\/h3>\r\n                                    <span>\r\n                        1re participation                    <\/span>\r\n                                    <span class=\"notranslate\">Qu\u00e9bec<\/span>\r\n                            <\/div>\r\n        <\/div>\r\n            <div class=\"membre-equipage\">\r\n                        <div>\r\n                                    <h3>\r\n                        <a class=\"notranslate\" href=\"https:\/\/www.coupe-femina.com\/en\/participant\/jackie-rivard\/\">\r\n                            Jackie Rivard                        <\/a>\r\n                    <\/h3>\r\n                                    <p class=\"notranslate\">\u00c9changer les voyages en avion pour ceux en voilier \u00e0 travers le monde , c'est ce \u00e0 quoi elle aspire.  Plusieurs sorties sur le Lac Champlain et sur le fleuve , elle aime d\u00e9passer ses limites et souhaite acqu\u00e9rir de l'exp\u00e9rience  durant l'\u00e9t\u00e9 avec des personnes passionn\u00e9es autant qu'elle.<\/p>\r\n                                    <span>\r\n                        1re participation                    <\/span>\r\n                                    <span class=\"notranslate\">Shawinigan<\/span>\r\n                            <\/div>\r\n        <\/div>\r\n            <div class=\"membre-equipage\">\r\n                        <div>\r\n                                    <h3>\r\n                        <a class=\"notranslate\" href=\"https:\/\/www.coupe-femina.com\/en\/participant\/ysabelle-garneau\/\">\r\n                            Ysabelle Garneau                        <\/a>\r\n                    <\/h3>\r\n                                    <span>\r\n                        1re participation                    <\/span>\r\n                                    <span class=\"notranslate\">Qu\u00e9bec<\/span>\r\n                            <\/div>\r\n        <\/div>\r\n            <div class=\"membre-equipage\">\r\n                        <div>\r\n                                    <h3>\r\n                        <a class=\"notranslate\" href=\"https:\/\/www.coupe-femina.com\/en\/participant\/ginette-archambault\/\">\r\n                            Ginette Archambault                        <\/a>\r\n                    <\/h3>\r\n                                    <p class=\"notranslate\">Depuis toujours fascin\u00e9e par la mer et la voile, c'est aujourd\u2019hui que les vents sont favorables et que les astres s\u2019alignent. Ginette en est \u00e0 sa premi\u00e8re participation \u00e0 la coupe Femina, apr\u00e8s avoir particip\u00e9 \u00e0 quelques r\u00e9gates communautaires.<\/p>\r\n                                    <span>\r\n                        1re participation                    <\/span>\r\n                                    <span class=\"notranslate\">Baie Sainte-Catherine<\/span>\r\n                            <\/div>\r\n        <\/div>\r\n            <div class=\"membre-equipage\">\r\n                        <div>\r\n                                    <h3>\r\n                        <a class=\"notranslate\" href=\"https:\/\/www.coupe-femina.com\/en\/participant\/christopher-godin\/\">\r\n                            Christopher Godin                        <\/a>\r\n                    <\/h3>\r\n                                    <span class=\"instructeur\">Instructeur(rice)<\/span>\r\n                                    <span>\r\n                        1re participation                    <\/span>\r\n                                    <span class=\"notranslate\">Qu\u00e9bec<\/span>\r\n                            <\/div>\r\n        <\/div>\r\n    <\/div><\/div><\/div>\n\t\t\t\t\t\t<\/div>\n\t\t\t\t\t<\/div>\n\t\t\t\t<\/div>\n\t\t\t\t<\/div>\n\t\t\t\t<div data-elementor-type=\"loop-item\" data-elementor-id=\"1363\" class=\"elementor elementor-1363 e-loop-item e-loop-item-1350 post-1350 equipage type-equipage status-publish hentry\" data-elementor-post-type=\"elementor_library\" data-custom-edit-handle=\"1\">\n\t\t\t<div class=\"elementor-element elementor-element-0960fd3 e-flex e-con-boxed e-con e-parent\" data-id=\"0960fd3\" data-element_type=\"container\" data-e-type=\"container\">\n\t\t\t\t\t<div class=\"e-con-inner\">\n\t\t\t\t<div class=\"elementor-element elementor-element-5ade0f9 elementor-widget elementor-widget-shortcode\" data-id=\"5ade0f9\" data-element_type=\"widget\" data-e-type=\"widget\" data-widget_type=\"shortcode.default\">\n\t\t\t\t\t\t\t<div class=\"elementor-shortcode\"><div class='boucle-equipage' data-voilier='1349' data-evenement='1306' data-categorie='32' data-edition='39'>                <div class='voilier' style='--bg-img:url(\"https:\/\/www.coupe-femina.com\/en\/wp-content\/uploads\/2025\/10\/coupe-femina-2023-posterimage.png\")'>\r\n                    <h2>\r\n                        <a class=\"notranslate\" href=\"https:\/\/www.coupe-femina.com\/en\/voilier\/bleue-blanc\/\">\r\n                            Bleue &#038; Blanc                        <\/a>\r\n                    <\/h2>\r\n\r\n                                            <h3>\r\n                            <a class=\"notranslate\" href=\"https:\/\/www.coupe-femina.com\/en\/evenement\/coupe-femina-2025\/\">\r\n                                Coupe Femina 2025                            <\/a>\r\n                        <\/h3>\r\n                                    <\/div>\r\n                            <div class=\"details-equipage\">\r\n                    <span>\r\n                        <strong>Position :<\/strong>\r\n                        -<\/span>\r\n                    <span>\r\n                        <strong>Temps :<\/strong>\r\n                        <span class=\"notranslate\">-<\/span>\r\n                    <\/span>\r\n                    <a href=\"https:\/\/www.coupe-femina.com\/en\/equipage\/bleue-blanc-coupe-femina-2025\/\">Voir plus de d\u00e9tails<\/a>\r\n                <\/div>\r\n                <div class='membres-equipage'>        <div class=\"membre-equipage\">\r\n                            <img decoding=\"async\" src=\"https:\/\/www.coupe-femina.com\/wp-content\/uploads\/2026\/04\/fullsizerender-scaled.jpeg\" alt=\"\"\/>\r\n                        <div>\r\n                                    <h3>\r\n                        <a class=\"notranslate\" href=\"https:\/\/www.coupe-femina.com\/en\/participant\/maele-savard-2\/\">\r\n                            Ma\u00eble Savard                        <\/a>\r\n                    <\/h3>\r\n                                    <span class=\"capitaine\">Skipper<\/span>\r\n                                    <p class=\"notranslate\">Ma\u00eble a grandi pr\u00e8s de l'eau, entre les rives du Saint-Laurent \u00e0 Montmagny et Berthier-sur-Mer ainsi qu'au lac Saint-Joseph. D\u00e8s l'\u00e2ge de 8 ans, elle d\u00e9couvre la voile \u00e0 bord du voilier familial, un Aquarius 23.  Dans une pause marqu\u00e9e par son r\u00f4le de maman, elle suit des cours pour se perfectionnner avec Formation Nautique Qu\u00e9bec. Quelques ann\u00e9es plus tard, elle et son conjoint, acqui\u00e8rent un Grampian 26 \u00e0 Tadoussac. Dans son r\u00f4le de capitaine, elle initie son partenaire \u00e0 la voile. En 2024, ils d\u00e9crochent la 3e place de la course du Boeu de Tadoussac. Sa 1re participation \u00e0 la Coupe Femina en 2024 fut une aventure m\u00e9morable avec un \u00e9couement et en 2025 son \u00e9quipe remporte la 1re place \u00e0 bord de son voilier. Avec beaucoup de d\u00e9termination et une vraie passion, Ma\u00eble vous pr\u00e9sente une \u00e9quipe compos\u00e9e exclusivement de femmes autochone de diverses nations pour 2026.<\/p>\r\n                                    <span>\r\n                        2e participation                    <\/span>\r\n                                    <span class=\"notranslate\">Wendake<\/span>\r\n                            <\/div>\r\n        <\/div>\r\n            <div class=\"membre-equipage\">\r\n                            <img decoding=\"async\" src=\"https:\/\/www.coupe-femina.com\/wp-content\/uploads\/2025\/10\/katherine-dufour.jpg\" alt=\"\"\/>\r\n                        <div>\r\n                                    <h3>\r\n                        <a class=\"notranslate\" href=\"https:\/\/www.coupe-femina.com\/en\/participant\/katherine-dufour\/\">\r\n                            Katherine Dufour                        <\/a>\r\n                    <\/h3>\r\n                                    <p class=\"notranslate\">La voile est entr\u00e9e dans la vie de Katherine en 2018 et ne l\u2019a pas quitt\u00e9e depuis. Elle a commenc\u00e9 sur le lac des Deux-Montagnes et l\u2019appel du fleuve l'a ensuite amen\u00e9e \u00e0 d\u00e9m\u00e9nager son voilier sur celui-ci \u00e0 l\u2019\u00e9t\u00e9 2023. Elle est tr\u00e8s enthousiaste de participer \u00e0 la Coupe Femina encore cette ann\u00e9e et d'apprendre d\u2019autres femmes qui partagent la m\u00eame passion !<\/p>\r\n                                    <span>\r\n                        1re participation                    <\/span>\r\n                                    <span class=\"notranslate\">Qu\u00e9bec<\/span>\r\n                            <\/div>\r\n        <\/div>\r\n            <div class=\"membre-equipage\">\r\n                            <img decoding=\"async\" src=\"https:\/\/www.coupe-femina.com\/wp-content\/uploads\/2025\/10\/audrey-morin.jpg\" alt=\"\"\/>\r\n                        <div>\r\n                                    <h3>\r\n                        <a class=\"notranslate\" href=\"https:\/\/www.coupe-femina.com\/en\/participant\/audrey-morin-2\/\">\r\n                            Audrey Morin                        <\/a>\r\n                    <\/h3>\r\n                                    <p class=\"notranslate\">Audrey est copropri\u00e9taire d'un Beneteau First 30 depuis 2021. Elle navigue comme \u00e9quipi\u00e8re dans le secteur de Rivi\u00e8re-du-Loup et a r\u00e9alis\u00e9 un voyage de deux mois et demi sur l'estuaire et le golfe du Saint-Laurent. Pour elle, la Coupe Femina est une opportunit\u00e9 de naviguer et d'\u00e9changer avec des femmes inspirantes. Elle en sera \u00e0 sa deuxi\u00e8me participation \u00e0 l'\u00e9v\u00e9nement. En 2025 elle \u00e9tait sur l'\u00e9quipage de Ma\u00eble Savard \u00e0 bord de Bleue &amp; Blanc.<\/p>\r\n                                    <span>\r\n                        2e participation                    <\/span>\r\n                                    <span class=\"notranslate\">Cacouna<\/span>\r\n                            <\/div>\r\n        <\/div>\r\n            <div class=\"membre-equipage\">\r\n                            <img decoding=\"async\" src=\"https:\/\/www.coupe-femina.com\/wp-content\/uploads\/2025\/10\/colette-martin.jpg\" alt=\"\"\/>\r\n                        <div>\r\n                                    <h3>\r\n                        <a class=\"notranslate\" href=\"https:\/\/www.coupe-femina.com\/en\/participant\/colette-martin\/\">\r\n                            Colette Martin                        <\/a>\r\n                    <\/h3>\r\n                                    <p class=\"notranslate\">Colette Martin a compl\u00e9t\u00e9 son brevet de chef de bord avec Formation Nautique Qu\u00e9bec et a d\u00e9j\u00e0 particip\u00e9 \u00e0 trois \u00e9ditions de la Coupe Femina. Elle a eu l\u2019occasion de naviguer sur le fleuve Saint-Laurent, le lac Champlain, dans les \u00eeles Mingan, \u00e0 Cap Hatteras et en Guadeloupe. \u00c9quipi\u00e8re volontaire et passionn\u00e9e, elle se d\u00e9marque par son esprit d\u2019\u00e9quipe, sa d\u00e9termination \u00e0 relever des d\u00e9fis et son plaisir \u00e0 vivre pleinement la voile, alliant collaboration harmonieuse et comp\u00e9tition saine.<\/p>\r\n                                    <span>\r\n                        3e participation                    <\/span>\r\n                                    <span class=\"notranslate\">Qu\u00e9bec<\/span>\r\n                            <\/div>\r\n        <\/div>\r\n    <\/div><\/div><\/div>\n\t\t\t\t\t\t<\/div>\n\t\t\t\t\t<\/div>\n\t\t\t\t<\/div>\n\t\t\t\t<\/div>\n\t\t\t\t<div data-elementor-type=\"loop-item\" data-elementor-id=\"1363\" class=\"elementor elementor-1363 e-loop-item e-loop-item-3307 post-3307 equipage type-equipage status-publish hentry\" data-elementor-post-type=\"elementor_library\" data-custom-edit-handle=\"1\">\n\t\t\t<div class=\"elementor-element elementor-element-0960fd3 e-flex e-con-boxed e-con e-parent\" data-id=\"0960fd3\" data-element_type=\"container\" data-e-type=\"container\">\n\t\t\t\t\t<div class=\"e-con-inner\">\n\t\t\t\t<div class=\"elementor-element elementor-element-5ade0f9 elementor-widget elementor-widget-shortcode\" data-id=\"5ade0f9\" data-element_type=\"widget\" data-e-type=\"widget\" data-widget_type=\"shortcode.default\">\n\t\t\t\t\t\t\t<div class=\"elementor-shortcode\"><div class='boucle-equipage' data-voilier='1349' data-evenement='1501' data-categorie='32' data-edition='44'>                <div class='voilier' style='--bg-img:url(\"https:\/\/www.coupe-femina.com\/en\/wp-content\/uploads\/2025\/10\/coupe-femina-2023-posterimage.png\")'>\r\n                    <h2>\r\n                        <a class=\"notranslate\" href=\"https:\/\/www.coupe-femina.com\/en\/voilier\/bleue-blanc\/\">\r\n                            Bleue &#038; Blanc                        <\/a>\r\n                    <\/h2>\r\n\r\n                                            <h3>\r\n                            <a class=\"notranslate\" href=\"https:\/\/www.coupe-femina.com\/en\/evenement\/coupe-femina-2026\/\">\r\n                                Coupe Femina 2026                            <\/a>\r\n                        <\/h3>\r\n                                    <\/div>\r\n                            <div class=\"details-equipage\">\r\n                    <span>\r\n                        <strong>Position :<\/strong>\r\n                        -<\/span>\r\n                    <span>\r\n                        <strong>Temps :<\/strong>\r\n                        <span class=\"notranslate\">-<\/span>\r\n                    <\/span>\r\n                    <a href=\"https:\/\/www.coupe-femina.com\/en\/equipage\/bleue-blanc-coupe-femina-2026\/\">Voir plus de d\u00e9tails<\/a>\r\n                <\/div>\r\n                <div class='membres-equipage'>        <div class=\"membre-equipage\">\r\n                            <img decoding=\"async\" src=\"https:\/\/www.coupe-femina.com\/wp-content\/uploads\/2026\/04\/img-2694-scaled.jpeg\" alt=\"\"\/>\r\n                        <div>\r\n                                    <h3>\r\n                        <a class=\"notranslate\" href=\"https:\/\/www.coupe-femina.com\/en\/participant\/annie-pullen-sansfacon\/\">\r\n                            Annie Pullen Sansfa\u00e7on                        <\/a>\r\n                    <\/h3>\r\n                                    <p class=\"notranslate\">Annie Pullen Sansfa\u00e7on est une navigatrice passionn\u00e9e au PCYC, dans l\u2019ouest de Montr\u00e9al. Fi\u00e8re membre de la Nation wendat, elle participe \u00e0 la Coupe Femina pour se d\u00e9passer, naviguer en \u00e9quipe et explorer une nouvelle portion du fleuve.<\/p>\r\n                                    <span>\r\n                        1re participation                    <\/span>\r\n                                    <span class=\"notranslate\">Pointe Claire<\/span>\r\n                            <\/div>\r\n        <\/div>\r\n    <\/div><\/div><\/div>\n\t\t\t\t\t\t<\/div>\n\t\t\t\t\t<\/div>\n\t\t\t\t<\/div>\n\t\t\t\t<\/div>\n\t\t\t\t<div data-elementor-type=\"loop-item\" data-elementor-id=\"1363\" class=\"elementor elementor-1363 e-loop-item e-loop-item-3248 post-3248 equipage type-equipage status-publish hentry\" data-elementor-post-type=\"elementor_library\" data-custom-edit-handle=\"1\">\n\t\t\t<div class=\"elementor-element elementor-element-0960fd3 e-flex e-con-boxed e-con e-parent\" data-id=\"0960fd3\" data-element_type=\"container\" data-e-type=\"container\">\n\t\t\t\t\t<div class=\"e-con-inner\">\n\t\t\t\t<div class=\"elementor-element elementor-element-5ade0f9 elementor-widget elementor-widget-shortcode\" data-id=\"5ade0f9\" data-element_type=\"widget\" data-e-type=\"widget\" data-widget_type=\"shortcode.default\">\n\t\t\t\t\t\t\t<div class=\"elementor-shortcode\"><div class='boucle-equipage' data-voilier='1349' data-evenement='1503' data-categorie='34' data-edition='44'>                <div class='voilier' style='--bg-img:url(\"https:\/\/www.coupe-femina.com\/en\/wp-content\/uploads\/2025\/10\/coupe-femina-2023-posterimage.png\")'>\r\n                    <h2>\r\n                        <a class=\"notranslate\" href=\"https:\/\/www.coupe-femina.com\/en\/voilier\/bleue-blanc\/\">\r\n                            Bleue &#038; Blanc                        <\/a>\r\n                    <\/h2>\r\n\r\n                                            <h3>\r\n                            <a class=\"notranslate\" href=\"https:\/\/www.coupe-femina.com\/en\/evenement\/femina-challenge-2026\/\">\r\n                                Femina Challenge 2026                            <\/a>\r\n                        <\/h3>\r\n                                    <\/div>\r\n                            <div class=\"details-equipage\">\r\n                    <span>\r\n                        <strong>Position :<\/strong>\r\n                        -<\/span>\r\n                    <span>\r\n                        <strong>Temps :<\/strong>\r\n                        <span class=\"notranslate\">-<\/span>\r\n                    <\/span>\r\n                    <a href=\"https:\/\/www.coupe-femina.com\/en\/equipage\/bleue-blanc-femina-challenge-2026-2\/\">Voir plus de d\u00e9tails<\/a>\r\n                <\/div>\r\n                <div class='membres-equipage'>        <div class=\"membre-equipage\">\r\n                            <img decoding=\"async\" src=\"https:\/\/www.coupe-femina.com\/wp-content\/uploads\/2026\/04\/fullsizerender-scaled.jpeg\" alt=\"\"\/>\r\n                        <div>\r\n                                    <h3>\r\n                        <a class=\"notranslate\" href=\"https:\/\/www.coupe-femina.com\/en\/participant\/maele-savard-2\/\">\r\n                            Ma\u00eble Savard                        <\/a>\r\n                    <\/h3>\r\n                                    <span class=\"capitaine\">Skipper<\/span>\r\n                                    <p class=\"notranslate\">Ma\u00eble a grandi pr\u00e8s de l'eau, entre les rives du Saint-Laurent \u00e0 Montmagny et Berthier-sur-Mer ainsi qu'au lac Saint-Joseph. D\u00e8s l'\u00e2ge de 8 ans, elle d\u00e9couvre la voile \u00e0 bord du voilier familial, un Aquarius 23.  Dans une pause marqu\u00e9e par son r\u00f4le de maman, elle suit des cours pour se perfectionnner avec Formation Nautique Qu\u00e9bec. Quelques ann\u00e9es plus tard, elle et son conjoint, acqui\u00e8rent un Grampian 26 \u00e0 Tadoussac. Dans son r\u00f4le de capitaine, elle initie son partenaire \u00e0 la voile. En 2024, ils d\u00e9crochent la 3e place de la course du Boeu de Tadoussac. Sa 1re participation \u00e0 la Coupe Femina en 2024 fut une aventure m\u00e9morable avec un \u00e9couement et en 2025 son \u00e9quipe remporte la 1re place \u00e0 bord de son voilier. Avec beaucoup de d\u00e9termination et une vraie passion, Ma\u00eble vous pr\u00e9sente une \u00e9quipe compos\u00e9e exclusivement de femmes autochone de diverses nations pour 2026.<\/p>\r\n                                    <span>\r\n                        2e participation                    <\/span>\r\n                                    <span class=\"notranslate\">Wendake<\/span>\r\n                            <\/div>\r\n        <\/div>\r\n            <div class=\"membre-equipage\">\r\n                            <img decoding=\"async\" src=\"https:\/\/www.coupe-femina.com\/wp-content\/uploads\/2026\/04\/myriam-photo-scaled.jpeg\" alt=\"\"\/>\r\n                        <div>\r\n                                    <h3>\r\n                        <a class=\"notranslate\" href=\"https:\/\/www.coupe-femina.com\/en\/participant\/myriam-grenier\/\">\r\n                            Myriam Grenier                        <\/a>\r\n                    <\/h3>\r\n                                    <p class=\"notranslate\">Je suis originaire de la communaut\u00e9 innue de Uashat mak Mani-Utenam et \u00e9tudiante en Gestion et intervention en loisir au C\u00e9gep de Rivi\u00e8re-du-Loup. Mon parcours est profond\u00e9ment li\u00e9 au territoire, \u00e0 l\u2019eau et aux r\u00e9alit\u00e9s sociales v\u00e9cues par plusieurs jeunes des communaut\u00e9s autochtones. \u00c0 travers mes \u00e9tudes et mes engagements, je m\u2019int\u00e9resse aux initiatives qui favorisent le d\u00e9passement de soi, l\u2019inclusion et la fiert\u00e9 identitaire. Faire partie de la premi\u00e8re \u00e9quipe de voile autochtone repr\u00e9senterait pour moi une occasion de me d\u00e9passer tout en ouvrant un chemin et en inspirant d\u2019autres jeunes autochtones \u00e0 croire en leurs possibilit\u00e9s.<\/p>\r\n                                    <span>\r\n                        1re participation                    <\/span>\r\n                                    <span class=\"notranslate\">Rivi\u00e8re-du-Loup<\/span>\r\n                            <\/div>\r\n        <\/div>\r\n            <div class=\"membre-equipage\">\r\n                            <img decoding=\"async\" src=\"https:\/\/www.coupe-femina.com\/wp-content\/uploads\/2026\/04\/christine-photo1.jpg\" alt=\"\"\/>\r\n                        <div>\r\n                                    <h3>\r\n                        <a class=\"notranslate\" href=\"https:\/\/www.coupe-femina.com\/en\/participant\/myriam-beaudoin\/\">\r\n                            Myriam Beaudoin                        <\/a>\r\n                    <\/h3>\r\n                                    <p class=\"notranslate\">\u00c0 venir.<\/p>\r\n                                    <span>\r\n                        1re participation                    <\/span>\r\n                                    <span class=\"notranslate\">Rimouski<\/span>\r\n                            <\/div>\r\n        <\/div>\r\n            <div class=\"membre-equipage\">\r\n                            <img decoding=\"async\" src=\"https:\/\/www.coupe-femina.com\/wp-content\/uploads\/2026\/04\/lily-photo.jpg\" alt=\"\"\/>\r\n                        <div>\r\n                                    <h3>\r\n                        <a class=\"notranslate\" href=\"https:\/\/www.coupe-femina.com\/en\/participant\/lily-bellefleur\/\">\r\n                            Lily Bellefleur                        <\/a>\r\n                    <\/h3>\r\n                                    <p class=\"notranslate\">Originaire de la Basse C\u00f4te-Nord, Nutashkuan mon petit village qui est au bord du fleuve, j\u2019ai grandi pr\u00e8s de l\u2019eau, un territoire o\u00f9 la mer fait naturellement partie du paysage et de l\u2019identit\u00e9. L\u2019eau a toujours \u00e9t\u00e9 pour moi un lieu de connexion, de calme et de r\u00e9flexion. Je m\u2019int\u00e9resse aujourd\u2019hui \u00e0 la voile comme une mani\u00e8re d\u2019apprendre autrement : comprendre les \u00e9l\u00e9ments, d\u00e9velopper de nouvelles comp\u00e9tences et vivre une exp\u00e9rience de d\u00e9passement personnel. Naviguer repr\u00e9sente pour moi l\u2019occasion de sortir de ma zone de confort, d\u2019explorer le territoire sous un autre angle et de me reconnecter \u00e0 la nature. Cette exp\u00e9rience serait une premi\u00e8re immersion dans le monde de la voile, mais surtout une aventure humaine et un apprentissage que je souhaite vivre avec curiosit\u00e9, respect et ouverture.<\/p>\r\n                                    <span>\r\n                        1re participation                    <\/span>\r\n                                    <span class=\"notranslate\">Qu\u00e9bec<\/span>\r\n                            <\/div>\r\n        <\/div>\r\n    <\/div><\/div><\/div>\n\t\t\t\t\t\t<\/div>\n\t\t\t\t\t<\/div>\n\t\t\t\t<\/div>\n\t\t\t\t<\/div>\n\t\t\t\t<div data-elementor-type=\"loop-item\" data-elementor-id=\"1363\" class=\"elementor elementor-1363 e-loop-item e-loop-item-2257 post-2257 equipage type-equipage status-publish hentry\" data-elementor-post-type=\"elementor_library\" data-custom-edit-handle=\"1\">\n\t\t\t<div class=\"elementor-element elementor-element-0960fd3 e-flex e-con-boxed e-con e-parent\" data-id=\"0960fd3\" data-element_type=\"container\" data-e-type=\"container\">\n\t\t\t\t\t<div class=\"e-con-inner\">\n\t\t\t\t<div class=\"elementor-element elementor-element-5ade0f9 elementor-widget elementor-widget-shortcode\" data-id=\"5ade0f9\" data-element_type=\"widget\" data-e-type=\"widget\" data-widget_type=\"shortcode.default\">\n\t\t\t\t\t\t\t<div class=\"elementor-shortcode\"><div class='boucle-equipage' data-voilier='2256' data-evenement='1308' data-categorie='36' data-edition='39'>                <div class='voilier' style='--bg-img:url(\"https:\/\/www.coupe-femina.com\/en\/wp-content\/uploads\/2025\/10\/coupe-femina-2023-posterimage.png\")'>\r\n                    <h2>\r\n                        <a class=\"notranslate\" href=\"https:\/\/www.coupe-femina.com\/en\/voilier\/bluejacket\/\">\r\n                            Bluejacket                        <\/a>\r\n                    <\/h2>\r\n\r\n                                            <h3>\r\n                            <a class=\"notranslate\" href=\"https:\/\/www.coupe-femina.com\/en\/evenement\/classe-evolution-2025\/\">\r\n                                Classe \u00c9volution 2025                            <\/a>\r\n                        <\/h3>\r\n                                    <\/div>\r\n                            <div class=\"details-equipage\">\r\n                    <span>\r\n                        <strong>Position :<\/strong>\r\n                        -<\/span>\r\n                    <span>\r\n                        <strong>Temps :<\/strong>\r\n                        <span class=\"notranslate\">-<\/span>\r\n                    <\/span>\r\n                    <a href=\"https:\/\/www.coupe-femina.com\/en\/equipage\/bluejacket-classe-evolution-2025\/\">Voir plus de d\u00e9tails<\/a>\r\n                <\/div>\r\n                <div class='membres-equipage'>        <div class=\"membre-equipage\">\r\n                            <img decoding=\"async\" src=\"https:\/\/www.coupe-femina.com\/wp-content\/uploads\/2026\/03\/img-3564.jpeg\" alt=\"\"\/>\r\n                        <div>\r\n                                    <h3>\r\n                        <a class=\"notranslate\" href=\"https:\/\/www.coupe-femina.com\/en\/participant\/nathalie-bibeau-2\/\">\r\n                            Nathalie Bibeau                        <\/a>\r\n                    <\/h3>\r\n                                    <span class=\"capitaine\">Skipper<\/span>\r\n                                    <p class=\"notranslate\">Passionn\u00e9e de voile depuis ses d\u00e9buts en d\u00e9riveur laser1, elle navigue depuis plusieurs ann\u00e9es sur diff\u00e9rents plans d\u2019eau, notamment au lac Archambault, au r\u00e9servoir Baskatong et sur son quillard au lac Champlain depuis 2017. Elle d\u00e9tiens un brevet de voile croisi\u00e8re de cheffe de bord interm\u00e9diaire ainsi que la voile blanche 3.<br \/>\r\n<br \/>\r\nTrois participations \u00e0 la Coupe femina dans la classe \u00c9volution comme skippeuse. Pour elle, la coupe femina est l\u2019occasion unique de r\u00e9gater sur le fleuve, de relever ses d\u00e9fis impr\u00e9vus dans un esprit d\u2019\u00e9quipe, faire de belles rencontres et apprendre sans cesse.<br \/>\r\nPr\u00eate \u00e0 relever le d\u00e9fi \u00e0 nouveau, avec la m\u00eame passion et d\u00e9termination.<\/p>\r\n                                    <span>\r\n                        4e participation                    <\/span>\r\n                                    <span class=\"notranslate\">Saint-Ad\u00e8le<\/span>\r\n                            <\/div>\r\n        <\/div>\r\n            <div class=\"membre-equipage\">\r\n                            <img decoding=\"async\" src=\"https:\/\/www.coupe-femina.com\/wp-content\/uploads\/2025\/11\/chloe-gevrey.jpg\" alt=\"\"\/>\r\n                        <div>\r\n                                    <h3>\r\n                        <a class=\"notranslate\" href=\"https:\/\/www.coupe-femina.com\/en\/participant\/chloe-gevrey\/\">\r\n                            Chlo\u00e9 Gevrey                        <\/a>\r\n                    <\/h3>\r\n                                    <p class=\"notranslate\">Chlo\u00e9 d\u00e9couvre la voile tr\u00e8s jeune gr\u00e2ce \u00e0 des stages d\u2019optimist et de catamaran. C\u2019est en \u00e9cole d\u2019ing\u00e9nieurs en Bretagne qu\u2019elle reprend la mer, entour\u00e9e de nouveaux amis matelots. Elle navigue alors r\u00e9guli\u00e8rement depuis Brest, dans le golfe du Morbihan, vers les Gl\u00e9nans, en Corse, et jusqu\u2019aux \u00eeles Scilly. Elle souhaite approfondir ses connaissances th\u00e9oriques par un stage prochainement. Plus motiv\u00e9e que jamais, elle est pr\u00eate pour la Coupe Femina.<\/p>\r\n                                    <span>\r\n                        1re participation                    <\/span>\r\n                                    <span class=\"notranslate\">Montr\u00e9al<\/span>\r\n                            <\/div>\r\n        <\/div>\r\n            <div class=\"membre-equipage\">\r\n                            <img decoding=\"async\" src=\"https:\/\/www.coupe-femina.com\/wp-content\/uploads\/2025\/11\/johanne-messier.jpg\" alt=\"\"\/>\r\n                        <div>\r\n                                    <h3>\r\n                        <a class=\"notranslate\" href=\"https:\/\/www.coupe-femina.com\/en\/participant\/johanne-messier-2\/\">\r\n                            Johanne Messier                        <\/a>\r\n                    <\/h3>\r\n                                    <p class=\"notranslate\">Johanne d\u00e9tient un brevet de voile croisi\u00e8re \u00e9quipi\u00e8re interm\u00e9diaire. Passionn\u00e9e de voile en d\u00e9butant sur petit d\u00e9riveur. Plusieurs ann\u00e9es de navigation sur le r\u00e9servoir Baskatong. Trois participations \u00e0 la Coupe Femina dans la classe \u00c9volution, voilier gagnant en 2019 et une belle aventure en 2022 et une exp\u00e9rience hors du commun sur Blue Jacket en 2025.  Pr\u00eate \u00e0 relever le d\u00e9fi encore cette ann\u00e9e !<\/p>\r\n                                    <span>\r\n                        4e participation                    <\/span>\r\n                                    <span class=\"notranslate\">Mont-Blanc<\/span>\r\n                            <\/div>\r\n        <\/div>\r\n            <div class=\"membre-equipage\">\r\n                            <img decoding=\"async\" src=\"https:\/\/www.coupe-femina.com\/wp-content\/uploads\/2025\/11\/elena-kirilyuk.jpg\" alt=\"\"\/>\r\n                        <div>\r\n                                    <h3>\r\n                        <a class=\"notranslate\" href=\"https:\/\/www.coupe-femina.com\/en\/participant\/elena-kirilyuk\/\">\r\n                            \u00c9l\u00e9na Kirilyuk                        <\/a>\r\n                    <\/h3>\r\n                                    <p class=\"notranslate\">Passionn\u00e9e de l'oc\u00e9an, elle a d\u00e9couvert la vie marine nulle part ailleurs qu'en voyage de sac \u00e0 dos en Croatie. Apr\u00e8s 10 jours de vie en voilier, c'\u00e9tait clair que la prochaine \u00e9tape serait de devenir capitaine et d'avoir son bateau. Le parcours est toujours en cours : munie de son brevet \u00e9l\u00e9mentaire, elle cherche \u00e0 acqu\u00e9rir l'exp\u00e9rience n\u00e9cessaire avant toute chose pour atteindre son objectif. Une \u00e9quipi\u00e8re avec de l'exp\u00e9rience en r\u00e9gates, pr\u00eate \u00e0 relever les d\u00e9fis avec son \u00e9quipe.<\/p>\r\n                                    <span>\r\n                        1re participation                    <\/span>\r\n                                    <span class=\"notranslate\">Montr\u00e9al<\/span>\r\n                            <\/div>\r\n        <\/div>\r\n            <div class=\"membre-equipage\">\r\n                            <img decoding=\"async\" src=\"https:\/\/www.coupe-femina.com\/wp-content\/uploads\/2025\/11\/nicolas-clermont.jpg\" alt=\"\"\/>\r\n                        <div>\r\n                                    <h3>\r\n                        <a class=\"notranslate\" href=\"https:\/\/www.coupe-femina.com\/en\/participant\/nicholas-clermont\/\">\r\n                            Nicholas Clermont                        <\/a>\r\n                    <\/h3>\r\n                                    <span class=\"instructeur\">Instructeur(rice)<\/span>\r\n                                    <p class=\"notranslate\">Nicholas est un passionn\u00e9 de voile et un r\u00e9gatier engag\u00e9, co-propri\u00e9taire de Bluejacket, un voilier C&amp;C 99 qui repr\u00e9sente fi\u00e8rement la Marina de la Chaudi\u00e8re. Actif depuis plusieurs saisons en r\u00e9gate, il croit que l\u2019exp\u00e9rience en voile s\u2019acquiert avant tout sur l\u2019eau \u2014 en course, en \u00e9quipe, et au fil des apprentissages concrets que seule la navigation peut offrir.<\/p>\r\n                                    <span>\r\n                        1re participation                    <\/span>\r\n                                    <span class=\"notranslate\">L\u00e9vis<\/span>\r\n                            <\/div>\r\n        <\/div>\r\n    <\/div><\/div><\/div>\n\t\t\t\t\t\t<\/div>\n\t\t\t\t\t<\/div>\n\t\t\t\t<\/div>\n\t\t\t\t<\/div>\n\t\t\t\t<div data-elementor-type=\"loop-item\" data-elementor-id=\"1363\" class=\"elementor elementor-1363 e-loop-item e-loop-item-3187 post-3187 equipage type-equipage status-publish hentry\" data-elementor-post-type=\"elementor_library\" data-custom-edit-handle=\"1\">\n\t\t\t<div class=\"elementor-element elementor-element-0960fd3 e-flex e-con-boxed e-con e-parent\" data-id=\"0960fd3\" data-element_type=\"container\" data-e-type=\"container\">\n\t\t\t\t\t<div class=\"e-con-inner\">\n\t\t\t\t<div class=\"elementor-element elementor-element-5ade0f9 elementor-widget elementor-widget-shortcode\" data-id=\"5ade0f9\" data-element_type=\"widget\" data-e-type=\"widget\" data-widget_type=\"shortcode.default\">\n\t\t\t\t\t\t\t<div class=\"elementor-shortcode\"><div class='boucle-equipage' data-voilier='2256' data-evenement='1501' data-categorie='32' data-edition='44'>                <div class='voilier' style='--bg-img:url(\"https:\/\/www.coupe-femina.com\/en\/wp-content\/uploads\/2025\/10\/coupe-femina-2023-posterimage.png\")'>\r\n                    <h2>\r\n                        <a class=\"notranslate\" href=\"https:\/\/www.coupe-femina.com\/en\/voilier\/bluejacket\/\">\r\n                            Bluejacket                        <\/a>\r\n                    <\/h2>\r\n\r\n                                            <h3>\r\n                            <a class=\"notranslate\" href=\"https:\/\/www.coupe-femina.com\/en\/evenement\/coupe-femina-2026\/\">\r\n                                Coupe Femina 2026                            <\/a>\r\n                        <\/h3>\r\n                                    <\/div>\r\n                            <div class=\"details-equipage\">\r\n                    <span>\r\n                        <strong>Position :<\/strong>\r\n                        -<\/span>\r\n                    <span>\r\n                        <strong>Temps :<\/strong>\r\n                        <span class=\"notranslate\">-<\/span>\r\n                    <\/span>\r\n                    <a href=\"https:\/\/www.coupe-femina.com\/en\/equipage\/bluejacket-coupe-femina-2026\/\">Voir plus de d\u00e9tails<\/a>\r\n                <\/div>\r\n                <div class='membres-equipage'>        <div class=\"membre-equipage\">\r\n                            <img decoding=\"async\" src=\"https:\/\/www.coupe-femina.com\/wp-content\/uploads\/2026\/03\/img-3564.jpeg\" alt=\"\"\/>\r\n                        <div>\r\n                                    <h3>\r\n                        <a class=\"notranslate\" href=\"https:\/\/www.coupe-femina.com\/en\/participant\/nathalie-bibeau-2\/\">\r\n                            Nathalie Bibeau                        <\/a>\r\n                    <\/h3>\r\n                                    <p class=\"notranslate\">Passionn\u00e9e de voile depuis ses d\u00e9buts en d\u00e9riveur laser1, elle navigue depuis plusieurs ann\u00e9es sur diff\u00e9rents plans d\u2019eau, notamment au lac Archambault, au r\u00e9servoir Baskatong et sur son quillard au lac Champlain depuis 2017. Elle d\u00e9tiens un brevet de voile croisi\u00e8re de cheffe de bord interm\u00e9diaire ainsi que la voile blanche 3.<br \/>\r\n<br \/>\r\nTrois participations \u00e0 la Coupe femina dans la classe \u00c9volution comme skippeuse. Pour elle, la coupe femina est l\u2019occasion unique de r\u00e9gater sur le fleuve, de relever ses d\u00e9fis impr\u00e9vus dans un esprit d\u2019\u00e9quipe, faire de belles rencontres et apprendre sans cesse.<br \/>\r\nPr\u00eate \u00e0 relever le d\u00e9fi \u00e0 nouveau, avec la m\u00eame passion et d\u00e9termination.<\/p>\r\n                                    <span>\r\n                        4e participation                    <\/span>\r\n                                    <span class=\"notranslate\">Saint-Ad\u00e8le<\/span>\r\n                            <\/div>\r\n        <\/div>\r\n            <div class=\"membre-equipage\">\r\n                            <img decoding=\"async\" src=\"https:\/\/www.coupe-femina.com\/wp-content\/uploads\/2025\/11\/johanne-messier.jpg\" alt=\"\"\/>\r\n                        <div>\r\n                                    <h3>\r\n                        <a class=\"notranslate\" href=\"https:\/\/www.coupe-femina.com\/en\/participant\/johanne-messier-2\/\">\r\n                            Johanne Messier                        <\/a>\r\n                    <\/h3>\r\n                                    <p class=\"notranslate\">Johanne d\u00e9tient un brevet de voile croisi\u00e8re \u00e9quipi\u00e8re interm\u00e9diaire. Passionn\u00e9e de voile en d\u00e9butant sur petit d\u00e9riveur. Plusieurs ann\u00e9es de navigation sur le r\u00e9servoir Baskatong. Trois participations \u00e0 la Coupe Femina dans la classe \u00c9volution, voilier gagnant en 2019 et une belle aventure en 2022 et une exp\u00e9rience hors du commun sur Blue Jacket en 2025.  Pr\u00eate \u00e0 relever le d\u00e9fi encore cette ann\u00e9e !<\/p>\r\n                                    <span>\r\n                        4e participation                    <\/span>\r\n                                    <span class=\"notranslate\">Mont-Blanc<\/span>\r\n                            <\/div>\r\n        <\/div>\r\n            <div class=\"membre-equipage\">\r\n                            <img decoding=\"async\" src=\"https:\/\/www.coupe-femina.com\/wp-content\/uploads\/2026\/04\/mjo.jpg\" alt=\"\"\/>\r\n                        <div>\r\n                                    <h3>\r\n                        <a class=\"notranslate\" href=\"https:\/\/www.coupe-femina.com\/en\/participant\/marie-josee-ouellet\/\">\r\n                            Marie-Jos\u00e9e Ouellet                        <\/a>\r\n                    <\/h3>\r\n                                    <p class=\"notranslate\">Marie-Jos\u00e9e est dipl\u00f4m\u00e9e de l\u2019Institut maritime du Qu\u00e9bec (IMQ) et a exerc\u00e9 comme offici\u00e8re de navigation. Forte de son exp\u00e9rience en milieu maritime, elle se consacre aujourd\u2019hui \u00e0 l\u2019enseignement, o\u00f9 elle transmet sa passion de la navigation et du savoir maritime \u00e0 la rel\u00e8ve. Son parcours allie expertise, leadership et engagement envers le milieu nautique.<\/p>\r\n                                    <span>\r\n                        1re participation                    <\/span>\r\n                                    <span class=\"notranslate\">matane<\/span>\r\n                            <\/div>\r\n        <\/div>\r\n            <div class=\"membre-equipage\">\r\n                            <img decoding=\"async\" src=\"https:\/\/www.coupe-femina.com\/wp-content\/uploads\/2026\/04\/photo-rose-scaled.jpg\" alt=\"\"\/>\r\n                        <div>\r\n                                    <h3>\r\n                        <a class=\"notranslate\" href=\"https:\/\/www.coupe-femina.com\/en\/participant\/karine-simard\/\">\r\n                            Karine Simard                        <\/a>\r\n                    <\/h3>\r\n                                    <p class=\"notranslate\">Karine Simard est dipl\u00f4m\u00e9e de l\u2019Institut maritime du Qu\u00e9bec (IMQ) et poss\u00e8de une formation professionnelle en navigation \u00e0 titre d\u2019offici\u00e8re. Son parcours est marqu\u00e9 par une exp\u00e9rience concr\u00e8te comme monitrice de voile en camps d\u2019\u00e9t\u00e9, o\u00f9 elle a d\u00e9velopp\u00e9 un fort sens de l\u2019encadrement et de l\u2019animation nautique. Enseignante aujourd\u2019hui, elle met \u00e0 profit son v\u00e9cu en mer et en formation pour inspirer, encadrer et promouvoir la place des femmes dans le milieu maritime.<\/p>\r\n                                    <span>\r\n                        1re participation                    <\/span>\r\n                                    <span class=\"notranslate\">Rimouski<\/span>\r\n                            <\/div>\r\n        <\/div>\r\n    <\/div><\/div><\/div>\n\t\t\t\t\t\t<\/div>\n\t\t\t\t\t<\/div>\n\t\t\t\t<\/div>\n\t\t\t\t<\/div>\n\t\t\t\t<div data-elementor-type=\"loop-item\" data-elementor-id=\"1363\" class=\"elementor elementor-1363 e-loop-item e-loop-item-2147 post-2147 equipage type-equipage status-publish hentry\" data-elementor-post-type=\"elementor_library\" data-custom-edit-handle=\"1\">\n\t\t\t<div class=\"elementor-element elementor-element-0960fd3 e-flex e-con-boxed e-con e-parent\" data-id=\"0960fd3\" data-element_type=\"container\" data-e-type=\"container\">\n\t\t\t\t\t<div class=\"e-con-inner\">\n\t\t\t\t<div class=\"elementor-element elementor-element-5ade0f9 elementor-widget elementor-widget-shortcode\" data-id=\"5ade0f9\" data-element_type=\"widget\" data-e-type=\"widget\" data-widget_type=\"shortcode.default\">\n\t\t\t\t\t\t\t<div class=\"elementor-shortcode\"><div class='boucle-equipage' data-voilier='2146' data-evenement='1307' data-categorie='34' data-edition='39'>                <div class='voilier' style='--bg-img:url(\"https:\/\/www.coupe-femina.com\/en\/wp-content\/uploads\/2025\/10\/coupe-femina-2023-posterimage.png\")'>\r\n                    <h2>\r\n                        <a class=\"notranslate\" href=\"https:\/\/www.coupe-femina.com\/en\/voilier\/concept-2\/\">\r\n                            Concept 2                        <\/a>\r\n                    <\/h2>\r\n\r\n                                            <h3>\r\n                            <a class=\"notranslate\" href=\"https:\/\/www.coupe-femina.com\/en\/evenement\/femina-challenge-2025\/\">\r\n                                Femina Challenge 2025                            <\/a>\r\n                        <\/h3>\r\n                                    <\/div>\r\n                            <div class=\"details-equipage\">\r\n                    <span>\r\n                        <strong>Position :<\/strong>\r\n                        -<\/span>\r\n                    <span>\r\n                        <strong>Temps :<\/strong>\r\n                        <span class=\"notranslate\">-<\/span>\r\n                    <\/span>\r\n                    <a href=\"https:\/\/www.coupe-femina.com\/en\/equipage\/concept-2-femina-challenge-2025\/\">Voir plus de d\u00e9tails<\/a>\r\n                <\/div>\r\n                <div class='membres-equipage'>        <div class=\"membre-equipage\">\r\n                            <img decoding=\"async\" src=\"https:\/\/www.coupe-femina.com\/wp-content\/uploads\/2026\/01\/img-0442.jpeg\" alt=\"\"\/>\r\n                        <div>\r\n                                    <h3>\r\n                        <a class=\"notranslate\" href=\"https:\/\/www.coupe-femina.com\/en\/participant\/nathaly-chabot\/\">\r\n                            Nathaly Chabot                        <\/a>\r\n                    <\/h3>\r\n                                    <span class=\"capitaine\">Skipper<\/span>\r\n                                    <p class=\"notranslate\">Nathaly a d\u00e9but\u00e9 la voile \u00e0 l\u2019\u00e9t\u00e9 2019 et, depuis, elle encha\u00eene les formations pratiques et th\u00e9oriques. <br \/>\r\n<br \/>\r\nInstructrice IYT chez Formation Nautique Qu\u00e9bec depuis l\u2019\u00e9t\u00e9 2024, elle est nouvellement retrait\u00e9e et pr\u00e9voit passer encore de nombreuses heures sur l\u2019eau cet \u00e9t\u00e9.<br \/>\r\n<br \/>\r\nElle en sera \u00e0 sa sixi\u00e8me participation en 2026. <br \/>\r\n<br \/>\r\nChaque ann\u00e9e apporte son lot de nouveaux d\u00e9fis, et 2026 ne fera pas exception avec une implication  aupr\u00e8s des jeunes du programme Femina Jeunesse.<\/p>\r\n                                    <span>\r\n                        6e participation                    <\/span>\r\n                                    <span class=\"notranslate\">L\u00e9vis<\/span>\r\n                            <\/div>\r\n        <\/div>\r\n            <div class=\"membre-equipage\">\r\n                            <img decoding=\"async\" src=\"https:\/\/www.coupe-femina.com\/wp-content\/uploads\/2026\/04\/20250420-061852-scaled-e1775781981891.jpg\" alt=\"\"\/>\r\n                        <div>\r\n                                    <h3>\r\n                        <a class=\"notranslate\" href=\"https:\/\/www.coupe-femina.com\/en\/participant\/catherine-lopez-2\/\">\r\n                            Catherine Lopez                        <\/a>\r\n                    <\/h3>\r\n                                    <p class=\"notranslate\">Catherine navigue depuis 2006. Autant de la plaisance que des r\u00e9gates (entre autres Coupe Femina en 2018, 2019, 2022, 2023, 2024 et 2025). Elle fait des charters dans les Cara\u00efbes ainsi que des convoyages en mer (Atlantique et Pacifique). Elle adore \u00eatre \u00e9quipi\u00e8re et elle est tr\u00e8s comp\u00e9titive.<\/p>\r\n                                    <span>\r\n                        7e participation                    <\/span>\r\n                                    <span class=\"notranslate\">Deux-Montagnes<\/span>\r\n                            <\/div>\r\n        <\/div>\r\n            <div class=\"membre-equipage\">\r\n                            <img decoding=\"async\" src=\"https:\/\/www.coupe-femina.com\/wp-content\/uploads\/2025\/11\/nadine-lapierre.jpeg\" alt=\"\"\/>\r\n                        <div>\r\n                                    <h3>\r\n                        <a class=\"notranslate\" href=\"https:\/\/www.coupe-femina.com\/en\/participant\/nadine-lapierre-2\/\">\r\n                            Nadine Lapierre                        <\/a>\r\n                    <\/h3>\r\n                                    <p class=\"notranslate\">Toujours motiv\u00e9e \u00e0 donner son maximum, Nadine adore les sensations fortes sur l'eau. Elle a d\u00e9but\u00e9 sa formation en 2022 avec Formation Nautique Qu\u00e9bec.  En  2023, elle a rejoint l'\u00e9quipage de Miguick pour sa premi\u00e8re Coupe Femina et elles sont mont\u00e9es sur le podium.  L'ann\u00e9e derni\u00e8re, elle a relev\u00e9 le d\u00e9fi du Femina Challenge et c'est avec enthousiasme qu'elle s'engage \u00e0 vivre encore une belle aventure pour 2026 !<\/p>\r\n                                    <span>\r\n                        3e participation                    <\/span>\r\n                                    <span class=\"notranslate\">Qu\u00e9bec<\/span>\r\n                            <\/div>\r\n        <\/div>\r\n            <div class=\"membre-equipage\">\r\n                            <img decoding=\"async\" src=\"https:\/\/www.coupe-femina.com\/wp-content\/uploads\/2025\/11\/carole-anne-lessard-beaulieu.jpg\" alt=\"\"\/>\r\n                        <div>\r\n                                    <h3>\r\n                        <a class=\"notranslate\" href=\"https:\/\/www.coupe-femina.com\/en\/participant\/carole-anne-lessard-beaulieu\/\">\r\n                            Carole-Anne Lessard-Beaulieu                        <\/a>\r\n                    <\/h3>\r\n                                    <p class=\"notranslate\">Carole-Anne a commenc\u00e9 la voile en 2022 et rapidement elle a \u00e9t\u00e9 conquise par ce loisir!  Elle d\u00e9tient son brevet \u00e9l\u00e9mentaire Chef de bord et fait autant de voile qu\u2019elle le peut avec Formation Nautique Qu\u00e9bec, en location avec sa famille ou en voyageant!  Ce sera sa quatri\u00e8me participation \u00e0 la Coupe Femina et la seconde au Femina Challenge !<\/p>\r\n                                    <span>\r\n                        4e participation                    <\/span>\r\n                                    <span class=\"notranslate\">L\u00e9vis<\/span>\r\n                            <\/div>\r\n        <\/div>\r\n            <div class=\"membre-equipage\">\r\n                            <img decoding=\"async\" src=\"https:\/\/www.coupe-femina.com\/wp-content\/uploads\/2025\/11\/melanie-riendeau.jpg\" alt=\"\"\/>\r\n                        <div>\r\n                                    <h3>\r\n                        <a class=\"notranslate\" href=\"https:\/\/www.coupe-femina.com\/en\/participant\/melanie-riendeau\/\">\r\n                            M\u00e9lanie Riendeau                        <\/a>\r\n                    <\/h3>\r\n                                    <p class=\"notranslate\">Fille de capitaine, M\u00e9lanie fait de la voile depuis plus de 40 ans sur divers plans d'eau. M\u00e9lanie est capitaine de son propre voilier, \"Cap \u00e0 l'eau\" un Bayfield 29', et naviguera le majestueux Fleuve St-Laurent \u00e0 partir de la Marina de Berthier-sur-mer cette \u00e9t\u00e9. Elle revient tout juste de r\u00e9aliser son r\u00eave de mouissaillonne : la Transatlantique \u00e0 voile (Bermudes-A\u00e7ores-Portugal). M\u00e9lanie est certifi\u00e9e Voile Canada avec les brevets suivants: Cheffe de bord Croisi\u00e8re Interm\u00e9diaire, Instructeure Croisi\u00e8re \u00c9l\u00e9mentaire et est en voie de terminer son brevet Croisi\u00e8re Avanc\u00e9e avec FNQ.<\/p>\r\n                                    <span>\r\n                        1re participation                    <\/span>\r\n                                    <span class=\"notranslate\">Pr\u00e9vost<\/span>\r\n                            <\/div>\r\n        <\/div>\r\n    <\/div><\/div><\/div>\n\t\t\t\t\t\t<\/div>\n\t\t\t\t\t<\/div>\n\t\t\t\t<\/div>\n\t\t\t\t<\/div>\n\t\t\t\t<div data-elementor-type=\"loop-item\" data-elementor-id=\"1363\" class=\"elementor elementor-1363 e-loop-item e-loop-item-2249 post-2249 equipage type-equipage status-publish hentry\" data-elementor-post-type=\"elementor_library\" data-custom-edit-handle=\"1\">\n\t\t\t<div class=\"elementor-element elementor-element-0960fd3 e-flex e-con-boxed e-con e-parent\" data-id=\"0960fd3\" data-element_type=\"container\" data-e-type=\"container\">\n\t\t\t\t\t<div class=\"e-con-inner\">\n\t\t\t\t<div class=\"elementor-element elementor-element-5ade0f9 elementor-widget elementor-widget-shortcode\" data-id=\"5ade0f9\" data-element_type=\"widget\" data-e-type=\"widget\" data-widget_type=\"shortcode.default\">\n\t\t\t\t\t\t\t<div class=\"elementor-shortcode\"><div class='boucle-equipage' data-voilier='2248' data-evenement='1308' data-categorie='36' data-edition='39'>                <div class='voilier' style='--bg-img:url(\"https:\/\/www.coupe-femina.com\/en\/wp-content\/uploads\/2025\/10\/coupe-femina-2023-posterimage.png\")'>\r\n                    <h2>\r\n                        <a class=\"notranslate\" href=\"https:\/\/www.coupe-femina.com\/en\/voilier\/enjoy\/\">\r\n                            Enjoy                        <\/a>\r\n                    <\/h2>\r\n\r\n                                            <h3>\r\n                            <a class=\"notranslate\" href=\"https:\/\/www.coupe-femina.com\/en\/evenement\/classe-evolution-2025\/\">\r\n                                Classe \u00c9volution 2025                            <\/a>\r\n                        <\/h3>\r\n                                    <\/div>\r\n                            <div class=\"details-equipage\">\r\n                    <span>\r\n                        <strong>Position :<\/strong>\r\n                        -<\/span>\r\n                    <span>\r\n                        <strong>Temps :<\/strong>\r\n                        <span class=\"notranslate\">-<\/span>\r\n                    <\/span>\r\n                    <a href=\"https:\/\/www.coupe-femina.com\/en\/equipage\/enjoy-classe-evolution-2025\/\">Voir plus de d\u00e9tails<\/a>\r\n                <\/div>\r\n                <div class='membres-equipage'>        <div class=\"membre-equipage\">\r\n                            <img decoding=\"async\" src=\"https:\/\/www.coupe-femina.com\/wp-content\/uploads\/2025\/11\/elisabeth-forest.jpg\" alt=\"\"\/>\r\n                        <div>\r\n                                    <h3>\r\n                        <a class=\"notranslate\" href=\"https:\/\/www.coupe-femina.com\/en\/participant\/elisabeth-forest\/\">\r\n                            \u00c9lisabeth Forest                        <\/a>\r\n                    <\/h3>\r\n                                    <span class=\"capitaine\">Skipper<\/span>\r\n                                    <p class=\"notranslate\">Depuis l\u2019obtention de son brevet de chef de bord interm\u00e9diaire en 2011, \u00c9lisabeth a navigu\u00e9 sur le Fleuve \u00e0 bord de son First 30, puis explor\u00e9 de nouveaux horizons : Polyn\u00e9sie (3 mois), M\u00e9diterran\u00e9e (Sicile, C\u00f4te d\u2019Azur, Corse, Adriatique, \u00c9g\u00e9e), Antilles, Cuba, et une transatlantique retour vers la France \u2014 plus de 20 000 MN au total. C\u00f4t\u00e9 r\u00e9gate ? Une seule, mais marquante : la Coupe Femina 2019 comme skipper en cat\u00e9gorie \u00c9volution. Une journ\u00e9e inoubliable qui l\u2019inspire \u00e0 revivre cette exp\u00e9rience unique de voile au f\u00e9minin.<\/p>\r\n                                    <span>\r\n                        2e participation                    <\/span>\r\n                                    <span class=\"notranslate\">Qu\u00e9bec<\/span>\r\n                            <\/div>\r\n        <\/div>\r\n            <div class=\"membre-equipage\">\r\n                            <img decoding=\"async\" src=\"https:\/\/www.coupe-femina.com\/wp-content\/uploads\/2025\/11\/marie-france-beaumont.jpg\" alt=\"\"\/>\r\n                        <div>\r\n                                    <h3>\r\n                        <a class=\"notranslate\" href=\"https:\/\/www.coupe-femina.com\/en\/participant\/marie-france-beaumont-2\/\">\r\n                            Marie-France Beaumont                        <\/a>\r\n                    <\/h3>\r\n                                    <p class=\"notranslate\">Marie-France est une passionn\u00e9e de l\u2019eau depuis sa jeunesse. Faire de la planche \u00e0 voile \u00e9tait l\u2019un de ses sports favoris. Aujourd\u2019hui, c\u2019est sur un voilier qu\u2019elle retrouve cette sensation de z\u00e9nitude. Elle a son brevet de chef de bord \u00e9l\u00e9mentaire et vise maintenant l\u2019interm\u00e9diaire. Elle adore les courses \u00e0 voile et saisit chaque occasion de naviguer avec enthousiasme.<\/p>\r\n                                    <span>\r\n                        1re participation                    <\/span>\r\n                                    <span class=\"notranslate\">St Jean de Matha<\/span>\r\n                            <\/div>\r\n        <\/div>\r\n            <div class=\"membre-equipage\">\r\n                            <img decoding=\"async\" src=\"https:\/\/www.coupe-femina.com\/wp-content\/uploads\/2025\/11\/valerie-bissonnette.jpeg\" alt=\"\"\/>\r\n                        <div>\r\n                                    <h3>\r\n                        <a class=\"notranslate\" href=\"https:\/\/www.coupe-femina.com\/en\/participant\/valerie-bissonnette\/\">\r\n                            Val\u00e9rie Bissonnette                        <\/a>\r\n                    <\/h3>\r\n                                    <p class=\"notranslate\">Val\u00e9rie a fait ses premi\u00e8res armes en voile \u00e0 l\u2019\u00e2ge de 5 ans \u00e0 bord du voilier familial sur le lac Champlain. Cette exp\u00e9rience l\u2019a suivie au fil des ann\u00e9es, jusqu\u2019aux Exhumas o\u00f9 elle a continu\u00e9 \u00e0 nourrir sa passion pour la voile. Son amour profond pour l\u2019eau, les sports nautiques et les voyages est incontestable et se refl\u00e8te dans plusieurs aspects de sa vie.<\/p>\r\n                                    <span>\r\n                        1re participation                    <\/span>\r\n                                    <span class=\"notranslate\">Laval<\/span>\r\n                            <\/div>\r\n        <\/div>\r\n            <div class=\"membre-equipage\">\r\n                            <img decoding=\"async\" src=\"https:\/\/www.coupe-femina.com\/wp-content\/uploads\/2026\/01\/2r61873-scaled.jpeg\" alt=\"\"\/>\r\n                        <div>\r\n                                    <h3>\r\n                        <a class=\"notranslate\" href=\"https:\/\/www.coupe-femina.com\/en\/participant\/sabrina-dussault\/\">\r\n                            Sabrina Dussault                        <\/a>\r\n                    <\/h3>\r\n                                    <p class=\"notranslate\">Ayant commenc\u00e9 la voile \u00e0 l\u2019\u00e9t\u00e9 2024, Sabrina encha\u00eene depuis les cours th\u00e9oriques et pratiques de man\u0153uvres. Elle a compl\u00e9t\u00e9 le stage chef de bord \u00e9l\u00e9mentaire et vise maintenant le niveau interm\u00e9diaire. Sabrina est une \u00e9quipi\u00e8re toujours enthousiaste \u00e0 se perfectionner et d\u00e9termin\u00e9e \u00e0 d\u00e9passer ses limites dans la voile. Gr\u00e2ce \u00e0 la voile, on est en contact direct avec la nature, et les \u00e9l\u00e9ments tout en la respectant, mettant notre physique, notre mental et nos connaissances techniques \u00e0 l\u2019\u00e9preuve. Sur un voilier, elle se sent libre\u2026 fille de vent!<br \/>\r\nLa coupe femina est plus qu\u2019une course, c\u2019est une aventure sportive et surtout humaine! elle permet des rencontres surprenantes, enrichissantes et de cr\u00e9er un esprit d\u2019\u00e9quipe autour d\u2019une passion commune.<br \/>\r\nCette ann\u00e9e, Sabrina souhaite relever un plus gros d\u00e9fi, et de faire le Femina Challenge!<\/p>\r\n                                    <span>\r\n                        2e participation                    <\/span>\r\n                                    <span class=\"notranslate\">Qu\u00e9bec<\/span>\r\n                            <\/div>\r\n        <\/div>\r\n            <div class=\"membre-equipage\">\r\n                            <img decoding=\"async\" src=\"https:\/\/www.coupe-femina.com\/wp-content\/uploads\/2025\/11\/marie-josee-metras.jpg\" alt=\"\"\/>\r\n                        <div>\r\n                                    <h3>\r\n                        <a class=\"notranslate\" href=\"https:\/\/www.coupe-femina.com\/en\/participant\/marie-josee-metras\/\">\r\n                            Marie-Jos\u00e9e M\u00e9tras                        <\/a>\r\n                    <\/h3>\r\n                                    <p class=\"notranslate\">Marie-Jos\u00e9e est une personne qui a d\u00e9but\u00e9, la voile \u00e9tant petite dans les camps de vacances. Elle a toujours eu une passion pour la voile depuis. Elle a suivi le cours d'\u00e9quipier et de navigation c\u00f4ti\u00e8re \u00e9l\u00e9mentaire 1. Elle est une gestionnaire d'entreprise qui croit au potentiel de chacun, au travail en \u00e9quipe et \u00e0 la pers\u00e9v\u00e9rance. Elle sera un atout certain pour votre \u00e9quipe.<\/p>\r\n                                    <span>\r\n                        1re participation                    <\/span>\r\n                                    <span class=\"notranslate\">Qu\u00e9bec<\/span>\r\n                            <\/div>\r\n        <\/div>\r\n            <div class=\"membre-equipage\">\r\n                            <img decoding=\"async\" src=\"https:\/\/www.coupe-femina.com\/wp-content\/uploads\/2025\/11\/louis-poliquin.jpg\" alt=\"\"\/>\r\n                        <div>\r\n                                    <h3>\r\n                        <a class=\"notranslate\" href=\"https:\/\/www.coupe-femina.com\/en\/participant\/louis-poliquin\/\">\r\n                            Louis Poliquin                        <\/a>\r\n                    <\/h3>\r\n                                    <span class=\"instructeur\">Instructeur(rice)<\/span>\r\n                                    <p class=\"notranslate\">Louis est instructeur Voile Canada chez Formation Nautique Qu\u00e9bec.<\/p>\r\n                                    <span>\r\n                        1re participation                    <\/span>\r\n                                    <span class=\"notranslate\">Qu\u00e9bec<\/span>\r\n                            <\/div>\r\n        <\/div>\r\n    <\/div><\/div><\/div>\n\t\t\t\t\t\t<\/div>\n\t\t\t\t\t<\/div>\n\t\t\t\t<\/div>\n\t\t\t\t<\/div>\n\t\t\t\t<div data-elementor-type=\"loop-item\" data-elementor-id=\"1363\" class=\"elementor elementor-1363 e-loop-item e-loop-item-2282 post-2282 equipage type-equipage status-publish hentry\" data-elementor-post-type=\"elementor_library\" data-custom-edit-handle=\"1\">\n\t\t\t<div class=\"elementor-element elementor-element-0960fd3 e-flex e-con-boxed e-con e-parent\" data-id=\"0960fd3\" data-element_type=\"container\" data-e-type=\"container\">\n\t\t\t\t\t<div class=\"e-con-inner\">\n\t\t\t\t<div class=\"elementor-element elementor-element-5ade0f9 elementor-widget elementor-widget-shortcode\" data-id=\"5ade0f9\" data-element_type=\"widget\" data-e-type=\"widget\" data-widget_type=\"shortcode.default\">\n\t\t\t\t\t\t\t<div class=\"elementor-shortcode\"><div class='boucle-equipage' data-voilier='2281' data-evenement='1308' data-categorie='36' data-edition='39'>                <div class='voilier' style='--bg-img:url(\"https:\/\/www.coupe-femina.com\/en\/wp-content\/uploads\/2025\/10\/coupe-femina-2023-posterimage.png\")'>\r\n                    <h2>\r\n                        <a class=\"notranslate\" href=\"https:\/\/www.coupe-femina.com\/en\/voilier\/equinoxe\/\">\r\n                            Equinoxe                        <\/a>\r\n                    <\/h2>\r\n\r\n                                            <h3>\r\n                            <a class=\"notranslate\" href=\"https:\/\/www.coupe-femina.com\/en\/evenement\/classe-evolution-2025\/\">\r\n                                Classe \u00c9volution 2025                            <\/a>\r\n                        <\/h3>\r\n                                    <\/div>\r\n                            <div class=\"details-equipage\">\r\n                    <span>\r\n                        <strong>Position :<\/strong>\r\n                        -<\/span>\r\n                    <span>\r\n                        <strong>Temps :<\/strong>\r\n                        <span class=\"notranslate\">-<\/span>\r\n                    <\/span>\r\n                    <a href=\"https:\/\/www.coupe-femina.com\/en\/equipage\/equinoxe-classe-evolution-2025\/\">Voir plus de d\u00e9tails<\/a>\r\n                <\/div>\r\n                <div class='membres-equipage'>        <div class=\"membre-equipage\">\r\n                            <img decoding=\"async\" src=\"https:\/\/www.coupe-femina.com\/wp-content\/uploads\/2025\/11\/justine-lamonde-1.jpg\" alt=\"\"\/>\r\n                        <div>\r\n                                    <h3>\r\n                        <a class=\"notranslate\" href=\"https:\/\/www.coupe-femina.com\/en\/participant\/justine-lamonde\/\">\r\n                            Justine Lamonde                        <\/a>\r\n                    <\/h3>\r\n                                    <span class=\"capitaine\">Skipper<\/span>\r\n                                    <p class=\"notranslate\">Justine a commenc\u00e9 la voile au printemps de 2018 avec le Femina Jeunesse. Aujourd'hui, elle est instructeur chez FNQ et d\u00e9bute sa 5\u00e8me saison avec son voilier, May Light.<\/p>\r\n                                    <span>\r\n                        4e participation                    <\/span>\r\n                                    <span class=\"notranslate\">Mirabel<\/span>\r\n                            <\/div>\r\n        <\/div>\r\n            <div class=\"membre-equipage\">\r\n                            <img decoding=\"async\" src=\"https:\/\/www.coupe-femina.com\/wp-content\/uploads\/2025\/11\/marine-gasulla.jpg\" alt=\"\"\/>\r\n                        <div>\r\n                                    <h3>\r\n                        <a class=\"notranslate\" href=\"https:\/\/www.coupe-femina.com\/en\/participant\/marine-gasulla\/\">\r\n                            Marine Gasulla                        <\/a>\r\n                    <\/h3>\r\n                                    <p class=\"notranslate\">Marine a d\u00e9couvert la voile d\u00e8s son plus jeune \u00e2ge, et depuis, sa passion pour l\u2019eau et les bateaux ne l\u2019a jamais quitt\u00e9e. Elle aime explorer toutes les facettes de la navigation : d\u2019une simple sortie en fin de journ\u00e9e aux r\u00e9gates dynamiques, en passant par les grandes travers\u00e9es. Pour elle, la voile est avant tout un moment de d\u00e9tente et d\u2019\u00e9vasion. Cette ann\u00e9e marquera sa quatri\u00e8me participation \u00e0 la Coupe Femina. Vive la VOILE !<\/p>\r\n                                    <span>\r\n                        3e participation                    <\/span>\r\n                                    <span class=\"notranslate\">Mont-Joli<\/span>\r\n                            <\/div>\r\n        <\/div>\r\n            <div class=\"membre-equipage\">\r\n                            <img decoding=\"async\" src=\"https:\/\/www.coupe-femina.com\/wp-content\/uploads\/2025\/11\/valerie-plante-bilodeau.jpg\" alt=\"\"\/>\r\n                        <div>\r\n                                    <h3>\r\n                        <a class=\"notranslate\" href=\"https:\/\/www.coupe-femina.com\/en\/participant\/valerie-plante-bilodeau\/\">\r\n                            Val\u00e9rie Plante-Bilodeau                        <\/a>\r\n                    <\/h3>\r\n                                    <p class=\"notranslate\">Artiste de cirque l\u2019hiver, ma\u00eetre de port l\u2019\u00e9t\u00e9, Val\u00e9rie jongle autant avec les saisons qu\u2019avec ses passions!  Inspir\u00e9e par sa m\u00e8re ex skipper, elle a grandi \u00e0 se faire joyeusement \u00e9clabousser sur le balcon des voiliers.  Longtemps, elle a poursuivi les vagues en surf, puis le vent en kitesurf. Aujourd\u2019hui, c\u2019est la voile qui l\u2019attire. Apr\u00e8s une formation sal\u00e9e en haute mer et un stage venteux en M\u00e9diterran\u00e9e, elle revient \u00e0 ses racines pour affronter le fameux fleuve Saint-Laurent.<\/p>\r\n                                    <span>\r\n                        1re participation                    <\/span>\r\n                                    <span class=\"notranslate\">L\u00e9vis<\/span>\r\n                            <\/div>\r\n        <\/div>\r\n            <div class=\"membre-equipage\">\r\n                            <img decoding=\"async\" src=\"https:\/\/www.coupe-femina.com\/wp-content\/uploads\/2025\/11\/marie-eve-riendeau.jpeg\" alt=\"\"\/>\r\n                        <div>\r\n                                    <h3>\r\n                        <a class=\"notranslate\" href=\"https:\/\/www.coupe-femina.com\/en\/participant\/marie-eve-riendeau\/\">\r\n                            Marie-Eve Riendeau                        <\/a>\r\n                    <\/h3>\r\n                                    <p class=\"notranslate\">Marie-Eve est passionn\u00e9e de voile depuis son enfance. Son voilier est bas\u00e9 \u00e0 Berthier-sur-Mer et elle pr\u00e9voit obtenir son brevet avanc\u00e9 cet \u00e9t\u00e9.<\/p>\r\n                                    <span>\r\n                        1re participation                    <\/span>\r\n                                    <span class=\"notranslate\">Saint Anne des lacs<\/span>\r\n                            <\/div>\r\n        <\/div>\r\n            <div class=\"membre-equipage\">\r\n                            <img decoding=\"async\" src=\"https:\/\/www.coupe-femina.com\/wp-content\/uploads\/2025\/11\/guylain-noel.jpg\" alt=\"\"\/>\r\n                        <div>\r\n                                    <h3>\r\n                        <a class=\"notranslate\" href=\"https:\/\/www.coupe-femina.com\/en\/participant\/guylain-noel\/\">\r\n                            Guylain No\u00ebl                        <\/a>\r\n                    <\/h3>\r\n                                    <span class=\"instructeur\">Instructeur(rice)<\/span>\r\n                                    <p class=\"notranslate\">Guylain est instructeur Voile Canada et International Yacht Training pour Formation Nautique Qu\u00e9bec.<\/p>\r\n                                    <span>\r\n                        6e participation                    <\/span>\r\n                                    <span class=\"notranslate\">Mirabel<\/span>\r\n                            <\/div>\r\n        <\/div>\r\n    <\/div><\/div><\/div>\n\t\t\t\t\t\t<\/div>\n\t\t\t\t\t<\/div>\n\t\t\t\t<\/div>\n\t\t\t\t<\/div>\n\t\t\t\t<div data-elementor-type=\"loop-item\" data-elementor-id=\"1363\" class=\"elementor elementor-1363 e-loop-item e-loop-item-3078 post-3078 equipage type-equipage status-publish hentry\" data-elementor-post-type=\"elementor_library\" data-custom-edit-handle=\"1\">\n\t\t\t<div class=\"elementor-element elementor-element-0960fd3 e-flex e-con-boxed e-con e-parent\" data-id=\"0960fd3\" data-element_type=\"container\" data-e-type=\"container\">\n\t\t\t\t\t<div class=\"e-con-inner\">\n\t\t\t\t<div class=\"elementor-element elementor-element-5ade0f9 elementor-widget elementor-widget-shortcode\" data-id=\"5ade0f9\" data-element_type=\"widget\" data-e-type=\"widget\" data-widget_type=\"shortcode.default\">\n\t\t\t\t\t\t\t<div class=\"elementor-shortcode\"><div class='boucle-equipage' data-voilier='2281' data-evenement='1501' data-categorie='32' data-edition='44'>                <div class='voilier' style='--bg-img:url(\"https:\/\/www.coupe-femina.com\/en\/wp-content\/uploads\/2025\/10\/coupe-femina-2023-posterimage.png\")'>\r\n                    <h2>\r\n                        <a class=\"notranslate\" href=\"https:\/\/www.coupe-femina.com\/en\/voilier\/equinoxe\/\">\r\n                            Equinoxe                        <\/a>\r\n                    <\/h2>\r\n\r\n                                            <h3>\r\n                            <a class=\"notranslate\" href=\"https:\/\/www.coupe-femina.com\/en\/evenement\/coupe-femina-2026\/\">\r\n                                Coupe Femina 2026                            <\/a>\r\n                        <\/h3>\r\n                                    <\/div>\r\n                            <div class=\"details-equipage\">\r\n                    <span>\r\n                        <strong>Position :<\/strong>\r\n                        -<\/span>\r\n                    <span>\r\n                        <strong>Temps :<\/strong>\r\n                        <span class=\"notranslate\">-<\/span>\r\n                    <\/span>\r\n                    <a href=\"https:\/\/www.coupe-femina.com\/en\/equipage\/equinoxe-coupe-femina-2026\/\">Voir plus de d\u00e9tails<\/a>\r\n                <\/div>\r\n                <div class='membres-equipage'>        <div class=\"membre-equipage\">\r\n                            <img decoding=\"async\" src=\"https:\/\/www.coupe-femina.com\/wp-content\/uploads\/2026\/02\/photo-equinoxe.jpg\" alt=\"\"\/>\r\n                        <div>\r\n                                    <h3>\r\n                        <a class=\"notranslate\" href=\"https:\/\/www.coupe-femina.com\/en\/participant\/justine-lamonde-2\/\">\r\n                            Justine Lamonde                        <\/a>\r\n                    <\/h3>\r\n                                    <span class=\"capitaine\">Skipper<\/span>\r\n                                    <p class=\"notranslate\">Justine d\u00e9couvre la voile lors du Femina Jeunesse en 2018. Aujourd\u2019hui instructrice et propri\u00e9taire de son propre voilier, elle adore partager sa passion et s\u2019impliquer aupr\u00e8s des jeunes filles du programme Femina Jeunesse. Ce qu\u2019elle pr\u00e9f\u00e8re par-dessus tout ? La r\u00e9gate ! Cette ann\u00e9e, elle participe d\u2019ailleurs \u00e0 la Coupe Femina pour la 7e fois.<\/p>\r\n                                    <span>\r\n                        7e participation                    <\/span>\r\n                                    <span class=\"notranslate\">L\u00e9vis<\/span>\r\n                            <\/div>\r\n        <\/div>\r\n            <div class=\"membre-equipage\">\r\n                            <img decoding=\"async\" src=\"https:\/\/www.coupe-femina.com\/wp-content\/uploads\/2026\/04\/cecile-14.png\" alt=\"\"\/>\r\n                        <div>\r\n                                    <h3>\r\n                        <a class=\"notranslate\" href=\"https:\/\/www.coupe-femina.com\/en\/participant\/cecile-ritchie\/\">\r\n                            Cecile Ritchie                        <\/a>\r\n                    <\/h3>\r\n                                    <p class=\"notranslate\">Cecile, 32, started sailing in her youth on dinghies, working her way up to Silver VI level and racing 420s at regattas. She then made the jump to keelboat racing aboard a J109 on Lake Ontario and is a fixture on the club and weekend racing circuit there every summer. In 2024, Cecile caught the offshore bug, taking on the RORC Caribbean 600 \u2014 a 600NM race out of Falmouth Harbour, Antigua \u2014 twice. On board, Cecile's go-to roles are main trimmer and pit, though she can slot into other positions as needed. She's also keen to grow her skills in offshore navigation and is looking to take on more in that area on future races.This May, she'll be completing her Coastal Personal Survival certification, with her sights set on the Lake Ontario 300 this summer \u2014 now just needs to find a boat!<\/p>\r\n                                    <span>\r\n                        1re participation                    <\/span>\r\n                                    <span class=\"notranslate\">toronto<\/span>\r\n                            <\/div>\r\n        <\/div>\r\n    <\/div><\/div><\/div>\n\t\t\t\t\t\t<\/div>\n\t\t\t\t\t<\/div>\n\t\t\t\t<\/div>\n\t\t\t\t<\/div>\n\t\t\t\t<div data-elementor-type=\"loop-item\" data-elementor-id=\"1363\" class=\"elementor elementor-1363 e-loop-item e-loop-item-2242 post-2242 equipage type-equipage status-publish hentry\" data-elementor-post-type=\"elementor_library\" data-custom-edit-handle=\"1\">\n\t\t\t<div class=\"elementor-element elementor-element-0960fd3 e-flex e-con-boxed e-con e-parent\" data-id=\"0960fd3\" data-element_type=\"container\" data-e-type=\"container\">\n\t\t\t\t\t<div class=\"e-con-inner\">\n\t\t\t\t<div class=\"elementor-element elementor-element-5ade0f9 elementor-widget elementor-widget-shortcode\" data-id=\"5ade0f9\" data-element_type=\"widget\" data-e-type=\"widget\" data-widget_type=\"shortcode.default\">\n\t\t\t\t\t\t\t<div class=\"elementor-shortcode\"><div class='boucle-equipage' data-voilier='2241' data-evenement='1306' data-categorie='32' data-edition='39'>                <div class='voilier' style='--bg-img:url(\"https:\/\/www.coupe-femina.com\/en\/wp-content\/uploads\/2025\/10\/coupe-femina-2023-posterimage.png\")'>\r\n                    <h2>\r\n                        <a class=\"notranslate\" href=\"https:\/\/www.coupe-femina.com\/en\/voilier\/griffon\/\">\r\n                            Griffon                        <\/a>\r\n                    <\/h2>\r\n\r\n                                            <h3>\r\n                            <a class=\"notranslate\" href=\"https:\/\/www.coupe-femina.com\/en\/evenement\/coupe-femina-2025\/\">\r\n                                Coupe Femina 2025                            <\/a>\r\n                        <\/h3>\r\n                                    <\/div>\r\n                            <div class=\"details-equipage\">\r\n                    <span>\r\n                        <strong>Position :<\/strong>\r\n                        -<\/span>\r\n                    <span>\r\n                        <strong>Temps :<\/strong>\r\n                        <span class=\"notranslate\">-<\/span>\r\n                    <\/span>\r\n                    <a href=\"https:\/\/www.coupe-femina.com\/en\/equipage\/griffon-coupe-femina-2025\/\">Voir plus de d\u00e9tails<\/a>\r\n                <\/div>\r\n                <div class='membres-equipage'>        <div class=\"membre-equipage\">\r\n                            <img decoding=\"async\" src=\"https:\/\/www.coupe-femina.com\/wp-content\/uploads\/2026\/03\/IMG_8501.jpeg\" alt=\"\"\/>\r\n                        <div>\r\n                                    <h3>\r\n                        <a class=\"notranslate\" href=\"https:\/\/www.coupe-femina.com\/en\/participant\/marie-claire-lemay-2\/\">\r\n                            Marie-Claire Lemay                        <\/a>\r\n                    <\/h3>\r\n                                    <span class=\"capitaine\">Skipper<\/span>\r\n                                    <p class=\"notranslate\">Marie d\u00e9couvre la voile lors d'un initiation \u00e0 la croisi\u00e8re en 2019.  Elle a la piq\u00fbre et depuis elle enchaine les formations.  Elle est propri\u00e9taire de son voilier depuis 2021.  C'est sa 3\u00e8me participation \u00e0 la Coupe F\u00e9mina !<\/p>\r\n                                    <span>\r\n                        3e participation                    <\/span>\r\n                                    <span class=\"notranslate\">Qu\u00e9bec<\/span>\r\n                            <\/div>\r\n        <\/div>\r\n            <div class=\"membre-equipage\">\r\n                            <img decoding=\"async\" src=\"https:\/\/www.coupe-femina.com\/wp-content\/uploads\/2025\/11\/edith-bordeleau.jpg\" alt=\"\"\/>\r\n                        <div>\r\n                                    <h3>\r\n                        <a class=\"notranslate\" href=\"https:\/\/www.coupe-femina.com\/en\/participant\/edith-bordeleau-2\/\">\r\n                            Edith Bordeleau                        <\/a>\r\n                    <\/h3>\r\n                                    <p class=\"notranslate\">Tourbillon ou tornade, Edith est toujours en action, elle explore, d\u00e9couvre et s\u2019int\u00e9resse \u00e0 plein de choses. Elle g\u00e8re une carri\u00e8re m\u00e9dicale prenante et est la seule capitaine pour 3 matelots maintenant assez grands pour naviguer seuls. Elle a donc d\u00e9cid\u00e9 de se mettre \u00e0 la voile, ENFIN!  Le vent dans les cheveux, l'euphorie de l'action et du d\u00e9fi, le d\u00e9passement, tout l'interpellait vers l'eau! M\u00eame son nom de famille!<\/p>\r\n                                    <span>\r\n                        2e participation                    <\/span>\r\n                                    <span class=\"notranslate\">Saint-Augustin<\/span>\r\n                            <\/div>\r\n        <\/div>\r\n            <div class=\"membre-equipage\">\r\n                            <img decoding=\"async\" src=\"https:\/\/www.coupe-femina.com\/wp-content\/uploads\/2025\/11\/caroline-ouellet.jpg\" alt=\"\"\/>\r\n                        <div>\r\n                                    <h3>\r\n                        <a class=\"notranslate\" href=\"https:\/\/www.coupe-femina.com\/en\/participant\/caroline-ouellet\/\">\r\n                            Caroline Ouellet                        <\/a>\r\n                    <\/h3>\r\n                                    <p class=\"notranslate\">Berc\u00e9e par la houle du voilier de son p\u00e8re sur le lac Saint-Jean en bas \u00e2ge, elle renoue avec la fr\u00e9n\u00e9sie grisante de la voile.<\/p>\r\n                                    <span>\r\n                        2e participation                    <\/span>\r\n                                    <span class=\"notranslate\">Blainville<\/span>\r\n                            <\/div>\r\n        <\/div>\r\n            <div class=\"membre-equipage\">\r\n                            <img decoding=\"async\" src=\"https:\/\/www.coupe-femina.com\/wp-content\/uploads\/2025\/11\/giuliana-tessier.jpg\" alt=\"\"\/>\r\n                        <div>\r\n                                    <h3>\r\n                        <a class=\"notranslate\" href=\"https:\/\/www.coupe-femina.com\/en\/participant\/giuliana-tessier\/\">\r\n                            Giuliana Tessier                        <\/a>\r\n                    <\/h3>\r\n                                    <p class=\"notranslate\">Enthousiaste et passionn\u00e9e, Giuliana a r\u00e9cemment d\u00e9couvert une nouvelle passion nautique \u00e0 explorer avec la voile pour laquelle la piq\u00fbre fut instantan\u00e9e. Alliant d\u00e9fis, aventure, apprentissages et d\u00e9passement de soi, la voile correspond \u00e0 ce qu'elle recherche. Elle a eu son brevet de voile \u00e9l\u00e9mentaire l'\u00e9t\u00e9 dernier et elle participe pour la premi\u00e8re fois \u00e0 la Coupe Femina dans l'objectif de relever un nouveau d\u00e9fi.<\/p>\r\n                                    <span>\r\n                        1re participation                    <\/span>\r\n                                    <span class=\"notranslate\">Qu\u00e9bec<\/span>\r\n                            <\/div>\r\n        <\/div>\r\n            <div class=\"membre-equipage\">\r\n                            <img decoding=\"async\" src=\"https:\/\/www.coupe-femina.com\/wp-content\/uploads\/2025\/11\/veronique-maurice-e1772481381352.jpeg\" alt=\"\"\/>\r\n                        <div>\r\n                                    <h3>\r\n                        <a class=\"notranslate\" href=\"https:\/\/www.coupe-femina.com\/en\/participant\/veronique-maurice-2\/\">\r\n                            V\u00e9ronique Maurice                        <\/a>\r\n                    <\/h3>\r\n                                    <p class=\"notranslate\">V\u00e9ronique a fait l'acquisition de son premier bateau en octobre 2022, un Jeanneau Arcadia de 30 pieds. Depuis, elle fait des sorties r\u00e9guli\u00e8res avec son conjoint.  Elle a particip\u00e9 \u00e0 sa premi\u00e8re Coupe Femina en 2023, a fait celle de 2025 et poursuivra le d\u00e9fi en 2026.<\/p>\r\n                                    <span>\r\n                        3e participation                    <\/span>\r\n                                    <span class=\"notranslate\">Qu\u00e9bec<\/span>\r\n                            <\/div>\r\n        <\/div>\r\n    <\/div><\/div><\/div>\n\t\t\t\t\t\t<\/div>\n\t\t\t\t\t<\/div>\n\t\t\t\t<\/div>\n\t\t\t\t<\/div>\n\t\t\t\t<div data-elementor-type=\"loop-item\" data-elementor-id=\"1363\" class=\"elementor elementor-1363 e-loop-item e-loop-item-2199 post-2199 equipage type-equipage status-publish hentry\" data-elementor-post-type=\"elementor_library\" data-custom-edit-handle=\"1\">\n\t\t\t<div class=\"elementor-element elementor-element-0960fd3 e-flex e-con-boxed e-con e-parent\" data-id=\"0960fd3\" data-element_type=\"container\" data-e-type=\"container\">\n\t\t\t\t\t<div class=\"e-con-inner\">\n\t\t\t\t<div class=\"elementor-element elementor-element-5ade0f9 elementor-widget elementor-widget-shortcode\" data-id=\"5ade0f9\" data-element_type=\"widget\" data-e-type=\"widget\" data-widget_type=\"shortcode.default\">\n\t\t\t\t\t\t\t<div class=\"elementor-shortcode\"><div class='boucle-equipage' data-voilier='2198' data-evenement='1308' data-categorie='36' data-edition='39'>                <div class='voilier' style='--bg-img:url(\"https:\/\/www.coupe-femina.com\/wp-content\/uploads\/2026\/02\/IMG_1219.jpeg\")'>\r\n                    <h2>\r\n                        <a class=\"notranslate\" href=\"https:\/\/www.coupe-femina.com\/en\/voilier\/jake\/\">\r\n                            Jake                        <\/a>\r\n                    <\/h2>\r\n\r\n                                            <h3>\r\n                            <a class=\"notranslate\" href=\"https:\/\/www.coupe-femina.com\/en\/evenement\/classe-evolution-2025\/\">\r\n                                Classe \u00c9volution 2025                            <\/a>\r\n                        <\/h3>\r\n                                    <\/div>\r\n                            <div class=\"details-equipage\">\r\n                    <span>\r\n                        <strong>Position :<\/strong>\r\n                        -<\/span>\r\n                    <span>\r\n                        <strong>Temps :<\/strong>\r\n                        <span class=\"notranslate\">-<\/span>\r\n                    <\/span>\r\n                    <a href=\"https:\/\/www.coupe-femina.com\/en\/equipage\/jake-classe-evolution-2025\/\">Voir plus de d\u00e9tails<\/a>\r\n                <\/div>\r\n                <div class='membres-equipage'>        <div class=\"membre-equipage\">\r\n                            <img decoding=\"async\" src=\"https:\/\/www.coupe-femina.com\/wp-content\/uploads\/2025\/11\/stephanie-thiffault.jpg\" alt=\"\"\/>\r\n                        <div>\r\n                                    <h3>\r\n                        <a class=\"notranslate\" href=\"https:\/\/www.coupe-femina.com\/en\/participant\/stephanie-thiffault-2\/\">\r\n                            St\u00e9phanie Thiffault                        <\/a>\r\n                    <\/h3>\r\n                                    <span class=\"capitaine\">Skipper<\/span>\r\n                                    <p class=\"notranslate\">St\u00e9phanie navigue depuis plus de 25 ans, avec 8 ann\u00e9es pass\u00e9es \u00e0 la Garde c\u00f4ti\u00e8re canadienne en recherche et sauvetage.<br \/>\r\n<br \/>\r\nElle a parcouru 7000 milles nautiques lors de la Clipper Race 2023-2024 et a travers\u00e9 la Manche. Passionn\u00e9e de r\u00e9gates locales en catamaran, elle travaille actuellement \u00e0 l'obtention de son Offshore Yachtmaster, avec l'ambition de skipper dans l'Arctique. Sa passion pour l'oc\u00e9an et les d\u00e9fis la pousse \u00e0 explorer toujours plus loin!<\/p>\r\n                                    <span>\r\n                        2e participation                    <\/span>\r\n                                    <span class=\"notranslate\">Saint-Michel-des-saints<\/span>\r\n                            <\/div>\r\n        <\/div>\r\n            <div class=\"membre-equipage\">\r\n                            <img decoding=\"async\" src=\"https:\/\/www.coupe-femina.com\/wp-content\/uploads\/2025\/11\/emilie-auclair.jpeg\" alt=\"\"\/>\r\n                        <div>\r\n                                    <h3>\r\n                        <a class=\"notranslate\" href=\"https:\/\/www.coupe-femina.com\/en\/participant\/emilie-auclair\/\">\r\n                            \u00c9milie Auclair                        <\/a>\r\n                    <\/h3>\r\n                                    <p class=\"notranslate\">\u00c9nergique, passionn\u00e9e et accroc aux sensations fortes, \u00c9milie est la fi\u00e8re capitaine du chic Bonobo 76, depuis 2018.  4 fois marathonienne et athl\u00e8te master panam\u00e9ricaine en halt\u00e9rophilie, elle d\u00e9tient des \u00e9tudes de 2e et 3 cycle en sociologie de l'\u00e9ducation. Coach de crossfit, elle partage son quotidien avec le p\u00e8re de leurs deux adolescents. Enfin, \u00c9milie gagne sa vie comme directrice du Carrefour de Rouyn-Noranda, un organisme dont la mission est la promotion du vivre-ensemble et l'int\u00e9gration dans la commaunaut\u00e9 des jeunes de moins de 35 ans<\/p>\r\n                                    <span>\r\n                        1re participation                    <\/span>\r\n                                    <span class=\"notranslate\">Rouyn-Noranda<\/span>\r\n                            <\/div>\r\n        <\/div>\r\n            <div class=\"membre-equipage\">\r\n                            <img decoding=\"async\" src=\"https:\/\/www.coupe-femina.com\/wp-content\/uploads\/2025\/11\/judith-gendron.jpg\" alt=\"\"\/>\r\n                        <div>\r\n                                    <h3>\r\n                        <a class=\"notranslate\" href=\"https:\/\/www.coupe-femina.com\/en\/participant\/judith-gendron\/\">\r\n                            Judith Gendron                        <\/a>\r\n                    <\/h3>\r\n                                    <p class=\"notranslate\">Judith d\u00e9tient son brevet de navigation c\u00f4ti\u00e8re avanc\u00e9e apr\u00e8s avoir commenc\u00e9 la voile \u00e0 13 ans. Form\u00e9e pr\u00e8s de Montr\u00e9al et sur le fleuve, elle montre toujours une attitude positive pour contribuer au bon fonctionnement du bateau. De nature ricaneuse, elle aime la course pour le travail d'\u00e9quipe, les rencontres humaines, le partage et l'esprit de d\u00e9passement. Polyvalente et ancienne adepte de parapente, elle d\u00e9tient aussi de l'exp\u00e9rience en planche \u00e0 voile et en catamaran.<\/p>\r\n                                    <span>\r\n                        3e participation                    <\/span>\r\n                                    <span class=\"notranslate\">Montr\u00e9al<\/span>\r\n                            <\/div>\r\n        <\/div>\r\n            <div class=\"membre-equipage\">\r\n                            <img decoding=\"async\" src=\"https:\/\/www.coupe-femina.com\/wp-content\/uploads\/2026\/02\/photo-celine-voile.jpg\" alt=\"\"\/>\r\n                        <div>\r\n                                    <h3>\r\n                        <a class=\"notranslate\" href=\"https:\/\/www.coupe-femina.com\/en\/participant\/celine-sage-2\/\">\r\n                            C\u00e9line Sage                        <\/a>\r\n                    <\/h3>\r\n                                    <p class=\"notranslate\">C\u00e9line d\u00e9bute la voile en 2013 sur un catamaran Myst\u00e8re 6 m. Apr\u00e8s un cours d\u2019intro, elle affine ses habilet\u00e9s pendant plus de 10 ans avant d\u2019acqu\u00e9rir un voilier de 23 pieds, puis un 27 pieds l\u2019an dernier \u2014 sans d\u00e9laisser son catamaran. \u00c0 l\u2019aise \u00e0 tous les postes, elle prend la barre par tous les temps, avec un sens aiguis\u00e9 de la performance, toujours en priorisant la s\u00e9curit\u00e9. Apr\u00e8s 14 ans de navigation, la voile est une passion qu\u2019elle partage avec son conjoint et les amis du club Sansoucy.<\/p>\r\n                                    <span>\r\n                        2e participation                    <\/span>\r\n                                    <span class=\"notranslate\">Laval<\/span>\r\n                            <\/div>\r\n        <\/div>\r\n            <div class=\"membre-equipage\">\r\n                            <img decoding=\"async\" src=\"https:\/\/www.coupe-femina.com\/wp-content\/uploads\/2025\/11\/chantal-marcil.jpg\" alt=\"\"\/>\r\n                        <div>\r\n                                    <h3>\r\n                        <a class=\"notranslate\" href=\"https:\/\/www.coupe-femina.com\/en\/participant\/chantal-marcil-2\/\">\r\n                            Chantal Marcil                        <\/a>\r\n                    <\/h3>\r\n                                    <p class=\"notranslate\">Chantal a commenc\u00e9 \u00e0 naviguer sur de petites embarcations d\u00e8s l'\u00e2ge de 10 ans et a poursuivi sur catamaran de ses 16 ans \u00e0 aujourd'hui. Elle enseigne et comp\u00e9titionne  \u00e0 l'\u00e9cole de voile Sansoucy dans le cadre de championnats provinciaux et autres. Elle poss\u00e8de  un catamaran de 6m et un  trimaran de 30 pieds depuis 15 ans.<\/p>\r\n                                    <span>\r\n                        2e participation                    <\/span>\r\n                                    <span class=\"notranslate\">Pointe Calumet<\/span>\r\n                            <\/div>\r\n        <\/div>\r\n            <div class=\"membre-equipage\">\r\n                            <img decoding=\"async\" src=\"https:\/\/www.coupe-femina.com\/wp-content\/uploads\/2025\/11\/richard-forgues.jpeg\" alt=\"\"\/>\r\n                        <div>\r\n                                    <h3>\r\n                        <a class=\"notranslate\" href=\"https:\/\/www.coupe-femina.com\/en\/participant\/richard-forgues\/\">\r\n                            Richard Forgues                        <\/a>\r\n                    <\/h3>\r\n                                    <span class=\"instructeur\">Instructeur(rice)<\/span>\r\n                                    <p class=\"notranslate\">Richard est amateur de voile et professionnel de voile depuis 1982. Il est capitaine commercial et capitaine bateau de sauvetage.<\/p>\r\n                                    <span>\r\n                        2e participation                    <\/span>\r\n                                    <span class=\"notranslate\">Lac Delage<\/span>\r\n                            <\/div>\r\n        <\/div>\r\n    <\/div><\/div><\/div>\n\t\t\t\t\t\t<\/div>\n\t\t\t\t\t<\/div>\n\t\t\t\t<\/div>\n\t\t\t\t<\/div>\n\t\t\t\t<div data-elementor-type=\"loop-item\" data-elementor-id=\"1363\" class=\"elementor elementor-1363 e-loop-item e-loop-item-2979 post-2979 equipage type-equipage status-publish hentry\" data-elementor-post-type=\"elementor_library\" data-custom-edit-handle=\"1\">\n\t\t\t<div class=\"elementor-element elementor-element-0960fd3 e-flex e-con-boxed e-con e-parent\" data-id=\"0960fd3\" data-element_type=\"container\" data-e-type=\"container\">\n\t\t\t\t\t<div class=\"e-con-inner\">\n\t\t\t\t<div class=\"elementor-element elementor-element-5ade0f9 elementor-widget elementor-widget-shortcode\" data-id=\"5ade0f9\" data-element_type=\"widget\" data-e-type=\"widget\" data-widget_type=\"shortcode.default\">\n\t\t\t\t\t\t\t<div class=\"elementor-shortcode\"><div class='boucle-equipage' data-voilier='2198' data-evenement='1501' data-categorie='36' data-edition='44'>                <div class='voilier' style='--bg-img:url(\"https:\/\/www.coupe-femina.com\/wp-content\/uploads\/2026\/02\/IMG_1219.jpeg\")'>\r\n                    <h2>\r\n                        <a class=\"notranslate\" href=\"https:\/\/www.coupe-femina.com\/en\/voilier\/jake\/\">\r\n                            Jake                        <\/a>\r\n                    <\/h2>\r\n\r\n                                            <h3>\r\n                            <a class=\"notranslate\" href=\"https:\/\/www.coupe-femina.com\/en\/evenement\/coupe-femina-2026\/\">\r\n                                Coupe Femina 2026                            <\/a>\r\n                        <\/h3>\r\n                                    <\/div>\r\n                            <div class=\"details-equipage\">\r\n                    <span>\r\n                        <strong>Position :<\/strong>\r\n                        -<\/span>\r\n                    <span>\r\n                        <strong>Temps :<\/strong>\r\n                        <span class=\"notranslate\">-<\/span>\r\n                    <\/span>\r\n                    <a href=\"https:\/\/www.coupe-femina.com\/en\/equipage\/jake-coupe-femina-2026\/\">Voir plus de d\u00e9tails<\/a>\r\n                <\/div>\r\n                <div class='membres-equipage'>        <div class=\"membre-equipage\">\r\n                            <img decoding=\"async\" src=\"https:\/\/www.coupe-femina.com\/wp-content\/uploads\/2025\/11\/maude-maisonneuve.jpeg\" alt=\"\"\/>\r\n                        <div>\r\n                                    <h3>\r\n                        <a class=\"notranslate\" href=\"https:\/\/www.coupe-femina.com\/en\/participant\/maude-maisonneuve-2\/\">\r\n                            Maude Maisonneuve                        <\/a>\r\n                    <\/h3>\r\n                                    <span class=\"capitaine\">Skipper<\/span>\r\n                                    <p class=\"notranslate\">Maude s\u2019est immisc\u00e9e dans le monde de la voile gr\u00e2ce \u00e0 la voile l\u00e9g\u00e8re. \u00c0 travers les ann\u00e9es, les embarcations ont chang\u00e9; laser, c420, kite, catamaran, voilier\u2026 et la passion pour le sport n\u2019a que grandie. En douze saisons, Maude a su prendre les r\u00f4les d\u2019athl\u00e8te, d\u2019instructrice et de plaisanci\u00e8re, afin de partager cette passion qui l\u2019habite.<\/p>\r\n                                    <span>\r\n                        2e participation                    <\/span>\r\n                                    <span class=\"notranslate\">Montr\u00e9al<\/span>\r\n                            <\/div>\r\n        <\/div>\r\n            <div class=\"membre-equipage\">\r\n                            <img decoding=\"async\" src=\"https:\/\/www.coupe-femina.com\/wp-content\/uploads\/2026\/02\/photo-celine-voile.jpg\" alt=\"\"\/>\r\n                        <div>\r\n                                    <h3>\r\n                        <a class=\"notranslate\" href=\"https:\/\/www.coupe-femina.com\/en\/participant\/celine-sage-2\/\">\r\n                            C\u00e9line Sage                        <\/a>\r\n                    <\/h3>\r\n                                    <p class=\"notranslate\">C\u00e9line d\u00e9bute la voile en 2013 sur un catamaran Myst\u00e8re 6 m. Apr\u00e8s un cours d\u2019intro, elle affine ses habilet\u00e9s pendant plus de 10 ans avant d\u2019acqu\u00e9rir un voilier de 23 pieds, puis un 27 pieds l\u2019an dernier \u2014 sans d\u00e9laisser son catamaran. \u00c0 l\u2019aise \u00e0 tous les postes, elle prend la barre par tous les temps, avec un sens aiguis\u00e9 de la performance, toujours en priorisant la s\u00e9curit\u00e9. Apr\u00e8s 14 ans de navigation, la voile est une passion qu\u2019elle partage avec son conjoint et les amis du club Sansoucy.<\/p>\r\n                                    <span>\r\n                        2e participation                    <\/span>\r\n                                    <span class=\"notranslate\">Laval<\/span>\r\n                            <\/div>\r\n        <\/div>\r\n            <div class=\"membre-equipage\">\r\n                            <img decoding=\"async\" src=\"https:\/\/www.coupe-femina.com\/wp-content\/uploads\/2025\/11\/stephanie-thiffault.jpg\" alt=\"\"\/>\r\n                        <div>\r\n                                    <h3>\r\n                        <a class=\"notranslate\" href=\"https:\/\/www.coupe-femina.com\/en\/participant\/stephanie-thiffault-2\/\">\r\n                            St\u00e9phanie Thiffault                        <\/a>\r\n                    <\/h3>\r\n                                    <p class=\"notranslate\">St\u00e9phanie navigue depuis plus de 25 ans, avec 8 ann\u00e9es pass\u00e9es \u00e0 la Garde c\u00f4ti\u00e8re canadienne en recherche et sauvetage.<br \/>\r\n<br \/>\r\nElle a parcouru 7000 milles nautiques lors de la Clipper Race 2023-2024 et a travers\u00e9 la Manche. Passionn\u00e9e de r\u00e9gates locales en catamaran, elle travaille actuellement \u00e0 l'obtention de son Offshore Yachtmaster, avec l'ambition de skipper dans l'Arctique. Sa passion pour l'oc\u00e9an et les d\u00e9fis la pousse \u00e0 explorer toujours plus loin!<\/p>\r\n                                    <span>\r\n                        2e participation                    <\/span>\r\n                                    <span class=\"notranslate\">Saint-Michel-des-saints<\/span>\r\n                            <\/div>\r\n        <\/div>\r\n            <div class=\"membre-equipage\">\r\n                            <img decoding=\"async\" src=\"https:\/\/www.coupe-femina.com\/wp-content\/uploads\/2025\/11\/chantal-marcil.jpg\" alt=\"\"\/>\r\n                        <div>\r\n                                    <h3>\r\n                        <a class=\"notranslate\" href=\"https:\/\/www.coupe-femina.com\/en\/participant\/chantal-marcil-2\/\">\r\n                            Chantal Marcil                        <\/a>\r\n                    <\/h3>\r\n                                    <p class=\"notranslate\">Chantal a commenc\u00e9 \u00e0 naviguer sur de petites embarcations d\u00e8s l'\u00e2ge de 10 ans et a poursuivi sur catamaran de ses 16 ans \u00e0 aujourd'hui. Elle enseigne et comp\u00e9titionne  \u00e0 l'\u00e9cole de voile Sansoucy dans le cadre de championnats provinciaux et autres. Elle poss\u00e8de  un catamaran de 6m et un  trimaran de 30 pieds depuis 15 ans.<\/p>\r\n                                    <span>\r\n                        2e participation                    <\/span>\r\n                                    <span class=\"notranslate\">Pointe Calumet<\/span>\r\n                            <\/div>\r\n        <\/div>\r\n            <div class=\"membre-equipage\">\r\n                            <img decoding=\"async\" src=\"https:\/\/www.coupe-femina.com\/wp-content\/uploads\/2026\/04\/Marie-Michele%20Picard....jpeg\" alt=\"\"\/>\r\n                        <div>\r\n                                    <h3>\r\n                        <a class=\"notranslate\" href=\"https:\/\/www.coupe-femina.com\/en\/participant\/marie-michele-picard\/\">\r\n                            Marie-Michele Picard                        <\/a>\r\n                    <\/h3>\r\n                                    <p class=\"notranslate\">Elle pratique la voile depuis 44 ans, sur d\u00e9riveur, catamaran et quillard. Elle a particip\u00e9 \u00e0 plusieurs r\u00e9gates et navigue r\u00e9guli\u00e8rement avec des \u00e9quipi\u00e8res qui seront \u00e0 bord de Jake.<br \/>\r\n<br \/>\r\nElle a \u00e9galement \u00e9t\u00e9 monitrice de voile dans la vingtaine. <br \/>\r\n<br \/>\r\nV\u00e9ritable passionn\u00e9e, la voile occupe une place centrale dans sa vie.<\/p>\r\n                                    <span>\r\n                        1re participation                    <\/span>\r\n                                    <span class=\"notranslate\">Oka<\/span>\r\n                            <\/div>\r\n        <\/div>\r\n            <div class=\"membre-equipage\">\r\n                            <img decoding=\"async\" src=\"https:\/\/www.coupe-femina.com\/wp-content\/uploads\/2026\/02\/lacasse-martine-voile.jpg\" alt=\"\"\/>\r\n                        <div>\r\n                                    <h3>\r\n                        <a class=\"notranslate\" href=\"https:\/\/www.coupe-femina.com\/en\/participant\/martine-lacasse\/\">\r\n                            Martine Lacasse                        <\/a>\r\n                    <\/h3>\r\n                                    <p class=\"notranslate\">Passionn\u00e9e de voile depuis plusieurs ann\u00e9es, elle poss\u00e8de une solide exp\u00e9rience en d\u00e9riveur comme en croisi\u00e8re. Ses nombreuses participations \u00e0 des courses en d\u00e9riveur lui ont permis de d\u00e9velopper un sens aiguis\u00e9 de la man\u0153uvre et de la strat\u00e9gie. Titulaire d\u2019un brevet interm\u00e9diaire en voile croisi\u00e8re, elle a perfectionn\u00e9 ses comp\u00e9tences sur le fleuve Saint-Laurent et dans les Cara\u00efbes, tant en navigation c\u00f4ti\u00e8re qu\u2019en man\u0153uvres avanc\u00e9es.  Plus r\u00e9cemment, elle a navigu\u00e9 comme co\u00e9quipi\u00e8re sur un catamaran F-18 \u00e0 la baie de Beauport, participant \u00e0 des entra\u00eenements et \u00e0 des courses, ce qui a renforc\u00e9 son travail d\u2019\u00e9quipage et sa ma\u00eetrise d\u2019un multicoque performant. Polyvalente et engag\u00e9e, elle poursuit activement son d\u00e9veloppement en course et en croisi\u00e8re.<br \/><\/p>\r\n                                    <span>\r\n                        1re participation                    <\/span>\r\n                                    <span class=\"notranslate\">Qu\u00e9bec<\/span>\r\n                            <\/div>\r\n        <\/div>\r\n            <div class=\"membre-equipage\">\r\n                            <img decoding=\"async\" src=\"https:\/\/www.coupe-femina.com\/wp-content\/uploads\/2026\/04\/photo-coupe-femina.jpeg\" alt=\"\"\/>\r\n                        <div>\r\n                                    <h3>\r\n                        <a class=\"notranslate\" href=\"https:\/\/www.coupe-femina.com\/en\/participant\/kim-sansoucy\/\">\r\n                            Kim Sansoucy                        <\/a>\r\n                    <\/h3>\r\n                                    <p class=\"notranslate\">Passionn\u00e9e de voile depuis l\u2019enfance, elle a grandi dans cet univers gr\u00e2ce \u00e0 ses parents, fondateurs de l\u2019\u00e9cole de voile Sansoucy. Instructrice de voile sur catamaran pendant plus de dix ans, elle a su transmettre sa passion \u00e0 de nombreux navigateurs.\r\n\r\nDepuis plus de 30 ans, elle participe assid\u00fbment aux r\u00e9gates du mercredi soir et a \u00e9galement pris part \u00e0 plusieurs comp\u00e9titions de catamaran sur diff\u00e9rents plans d\u2019eau du Qu\u00e9bec. Amoureuse de la voile sous toutes ses formes, elle appr\u00e9cie tout autant la performance que les moments de d\u00e9tente, notamment les fins de semaine en voilier en famille. V\u00e9ritable passionn\u00e9e, la voile occupe une place centrale dans sa vie.<\/p>\r\n                                    <span>\r\n                        1re participation                    <\/span>\r\n                                    <span class=\"notranslate\">Boisbriand<\/span>\r\n                            <\/div>\r\n        <\/div>\r\n            <div class=\"membre-equipage\">\r\n                            <img decoding=\"async\" src=\"https:\/\/www.coupe-femina.com\/wp-content\/uploads\/2025\/11\/richard-forgues.jpeg\" alt=\"\"\/>\r\n                        <div>\r\n                                    <h3>\r\n                        <a class=\"notranslate\" href=\"https:\/\/www.coupe-femina.com\/en\/participant\/richard-forgues\/\">\r\n                            Richard Forgues                        <\/a>\r\n                    <\/h3>\r\n                                    <span class=\"homme\">Skipper accompagnateur<\/span>\r\n                                    <p class=\"notranslate\">Richard est amateur de voile et professionnel de voile depuis 1982. Il est capitaine commercial et capitaine bateau de sauvetage.<\/p>\r\n                                    <span>\r\n                        2e participation                    <\/span>\r\n                                    <span class=\"notranslate\">Lac Delage<\/span>\r\n                            <\/div>\r\n        <\/div>\r\n    <\/div><\/div><\/div>\n\t\t\t\t\t\t<\/div>\n\t\t\t\t\t<\/div>\n\t\t\t\t<\/div>\n\t\t\t\t<\/div>\n\t\t\t\t<div data-elementor-type=\"loop-item\" data-elementor-id=\"1363\" class=\"elementor elementor-1363 e-loop-item e-loop-item-2229 post-2229 equipage type-equipage status-publish hentry\" data-elementor-post-type=\"elementor_library\" data-custom-edit-handle=\"1\">\n\t\t\t<div class=\"elementor-element elementor-element-0960fd3 e-flex e-con-boxed e-con e-parent\" data-id=\"0960fd3\" data-element_type=\"container\" data-e-type=\"container\">\n\t\t\t\t\t<div class=\"e-con-inner\">\n\t\t\t\t<div class=\"elementor-element elementor-element-5ade0f9 elementor-widget elementor-widget-shortcode\" data-id=\"5ade0f9\" data-element_type=\"widget\" data-e-type=\"widget\" data-widget_type=\"shortcode.default\">\n\t\t\t\t\t\t\t<div class=\"elementor-shortcode\"><div class='boucle-equipage' data-voilier='2227' data-evenement='1306' data-categorie='32' data-edition='39'>                <div class='voilier' style='--bg-img:url(\"https:\/\/www.coupe-femina.com\/en\/wp-content\/uploads\/2025\/10\/coupe-femina-2023-posterimage.png\")'>\r\n                    <h2>\r\n                        <a class=\"notranslate\" href=\"https:\/\/www.coupe-femina.com\/en\/voilier\/jumaju\/\">\r\n                            Jumaju                        <\/a>\r\n                    <\/h2>\r\n\r\n                                            <h3>\r\n                            <a class=\"notranslate\" href=\"https:\/\/www.coupe-femina.com\/en\/evenement\/coupe-femina-2025\/\">\r\n                                Coupe Femina 2025                            <\/a>\r\n                        <\/h3>\r\n                                    <\/div>\r\n                            <div class=\"details-equipage\">\r\n                    <span>\r\n                        <strong>Position :<\/strong>\r\n                        -<\/span>\r\n                    <span>\r\n                        <strong>Temps :<\/strong>\r\n                        <span class=\"notranslate\">-<\/span>\r\n                    <\/span>\r\n                    <a href=\"https:\/\/www.coupe-femina.com\/en\/equipage\/jumaju-coupe-femina-2025\/\">Voir plus de d\u00e9tails<\/a>\r\n                <\/div>\r\n                <div class='membres-equipage'>        <div class=\"membre-equipage\">\r\n                            <img decoding=\"async\" src=\"https:\/\/www.coupe-femina.com\/wp-content\/uploads\/2025\/11\/julie-guay.jpg\" alt=\"\"\/>\r\n                        <div>\r\n                                    <h3>\r\n                        <a class=\"notranslate\" href=\"https:\/\/www.coupe-femina.com\/en\/participant\/julie-guay\/\">\r\n                            Julie Guay                        <\/a>\r\n                    <\/h3>\r\n                                    <span class=\"capitaine\">Skipper<\/span>\r\n                                    <p class=\"notranslate\">Sixi\u00e8me participation \u00e0 la Coupe Femina, dont 4 \u00e0 titre de skipper; la passion de Julie et sa recherche de d\u00e9fis sont anim\u00e9es plus que jamais. Elle a navigu\u00e9 en mode croisi\u00e8re et\/ou r\u00e9gate sur une vari\u00e9t\u00e9 de plans d\u2019eau (Lacs, Fleuve, Antilles fran\u00e7aises, Bahamas, Iles Vierges, Polyn\u00e9sie, les mers du Sud et son mythique cap Horn) et elle affectionne particuli\u00e8rement le majestueux Fleuve St-Laurent. <br \/>\r\n<br \/>\r\nLa Coupe Femina? Adr\u00e9naline, d\u00e9fis, impr\u00e9vus, travail d\u2019\u00e9quipe, encore et toujours de nouveaux apprentissages, des rencontres et du pur bonheur!<\/p>\r\n                                    <span>\r\n                        2e participation                    <\/span>\r\n                                    <span class=\"notranslate\">L\u00e9vis<\/span>\r\n                            <\/div>\r\n        <\/div>\r\n            <div class=\"membre-equipage\">\r\n                            <img decoding=\"async\" src=\"https:\/\/www.coupe-femina.com\/wp-content\/uploads\/2025\/11\/marie-claude-lesieur.jpeg\" alt=\"\"\/>\r\n                        <div>\r\n                                    <h3>\r\n                        <a class=\"notranslate\" href=\"https:\/\/www.coupe-femina.com\/en\/participant\/marie-claude-lesieur\/\">\r\n                            Marie-Claude Lesieur                        <\/a>\r\n                    <\/h3>\r\n                                    <p class=\"notranslate\">Marie-Claude pratique la voile depuis 2010. Depuis ce temps, elle navigue tous les \u00e9t\u00e9s sur le Lac Champlain. En 2023, elle a fait parti d'un convoyage de 42 jours qui l'a men\u00e9e de la Guadeloupe \u00e0 la Floride .Ce sera sa deuxi\u00e8me participation \u00e0 la Coupe Femina et elle a tr\u00e8s h\u00e2te de naviguer \u00e0 nouveau sur le fleuve St-Laurent.<\/p>\r\n                                    <span>\r\n                        2e participation                    <\/span>\r\n                                    <span class=\"notranslate\">Mirabel<\/span>\r\n                            <\/div>\r\n        <\/div>\r\n            <div class=\"membre-equipage\">\r\n                            <img decoding=\"async\" src=\"https:\/\/www.coupe-femina.com\/wp-content\/uploads\/2025\/11\/marie-christine-lacombe.jpg\" alt=\"\"\/>\r\n                        <div>\r\n                                    <h3>\r\n                        <a class=\"notranslate\" href=\"https:\/\/www.coupe-femina.com\/en\/participant\/marie-christine-lacombe\/\">\r\n                            Marie Christine Lacombe                        <\/a>\r\n                    <\/h3>\r\n                                    <p class=\"notranslate\">Fi\u00e8re navigatrice depuis plus de 20 ans, Marie Christine a navigu\u00e9 sur plusieurs plans d\u2019eau au Qu\u00e9bec. Elle a particip\u00e9 \u00e0 des courses interclubs sur diff\u00e9rents voiliers avec des amis, navigu\u00e9 sur le Lac Champlain l\u2019\u00e9t\u00e9 et fait la travers\u00e9e New York jusqu\u2019aux Iles Turquoise en famille pendant 1 an sur un Ericson 38.<br \/>\r\n<br \/>\r\nComme \u00e9quipi\u00e8re ou barreuse, jouer avec le vent est une passion.<\/p>\r\n                                    <span>\r\n                        1re participation                    <\/span>\r\n                                    <span class=\"notranslate\">Laval<\/span>\r\n                            <\/div>\r\n        <\/div>\r\n            <div class=\"membre-equipage\">\r\n                            <img decoding=\"async\" src=\"https:\/\/www.coupe-femina.com\/wp-content\/uploads\/2025\/11\/sylvie-labreche.jpg\" alt=\"\"\/>\r\n                        <div>\r\n                                    <h3>\r\n                        <a class=\"notranslate\" href=\"https:\/\/www.coupe-femina.com\/en\/participant\/sylvie-labreche\/\">\r\n                            Sylvie Labr\u00e8che                        <\/a>\r\n                    <\/h3>\r\n                                    <p class=\"notranslate\">Form\u00e9e par les Escadrilles Nautiques (Nauti-Savoir) en navigation hauturi\u00e8re et poss\u00e9dant une grande exp\u00e9rience en monocoque et en catamaran Sylvie a eu la chance de barrer dans le Pacifique, l\u2019Atlantique, en mer des Cara\u00efbes, Ionienne, Adriatique et en mer de Chine mais elle garde un souvenir \u00e9mu de ses navigations comme \u00e9quipi\u00e8re et convoyeuse sur le Saint-Laurent. Elle a particip\u00e9 l\u2019an pass\u00e9 \u00e0 sa premi\u00e8re Coupe F\u00e9mina. Copropri\u00e9taire de plusieurs monocoques elle se la coule douce maintenant sur HYDRA, un Oc\u00e9anis 37, au Lac Champlain.<\/p>\r\n                                    <span>\r\n                        2e participation                    <\/span>\r\n                                    <span class=\"notranslate\">Lachine<\/span>\r\n                            <\/div>\r\n        <\/div>\r\n            <div class=\"membre-equipage\">\r\n                            <img decoding=\"async\" src=\"https:\/\/www.coupe-femina.com\/wp-content\/uploads\/2025\/11\/catherine-castagner.jpg\" alt=\"\"\/>\r\n                        <div>\r\n                                    <h3>\r\n                        <a class=\"notranslate\" href=\"https:\/\/www.coupe-femina.com\/en\/participant\/catherine-castagner\/\">\r\n                            Catherine Castagner                        <\/a>\r\n                    <\/h3>\r\n                                    <p class=\"notranslate\">Passionn\u00e9e de grand air, curieuse de nature et stimul\u00e9e par le travail d\u2019\u00e9quipe, Catherine aborde cette premi\u00e8re exp\u00e9rience avec enthousiasme!<\/p>\r\n                                    <span>\r\n                        1re participation                    <\/span>\r\n                                    <span class=\"notranslate\">Montr\u00e9al<\/span>\r\n                            <\/div>\r\n        <\/div>\r\n    <\/div><\/div><\/div>\n\t\t\t\t\t\t<\/div>\n\t\t\t\t\t<\/div>\n\t\t\t\t<\/div>\n\t\t\t\t<\/div>\n\t\t\t\t<div data-elementor-type=\"loop-item\" data-elementor-id=\"1363\" class=\"elementor elementor-1363 e-loop-item e-loop-item-2175 post-2175 equipage type-equipage status-publish hentry\" data-elementor-post-type=\"elementor_library\" data-custom-edit-handle=\"1\">\n\t\t\t<div class=\"elementor-element elementor-element-0960fd3 e-flex e-con-boxed e-con e-parent\" data-id=\"0960fd3\" data-element_type=\"container\" data-e-type=\"container\">\n\t\t\t\t\t<div class=\"e-con-inner\">\n\t\t\t\t<div class=\"elementor-element elementor-element-5ade0f9 elementor-widget elementor-widget-shortcode\" data-id=\"5ade0f9\" data-element_type=\"widget\" data-e-type=\"widget\" data-widget_type=\"shortcode.default\">\n\t\t\t\t\t\t\t<div class=\"elementor-shortcode\"><div class='boucle-equipage' data-voilier='2174' data-evenement='1307' data-categorie='34' data-edition='39'>                <div class='voilier' style='--bg-img:url(\"https:\/\/www.coupe-femina.com\/en\/wp-content\/uploads\/2025\/10\/coupe-femina-2023-posterimage.png\")'>\r\n                    <h2>\r\n                        <a class=\"notranslate\" href=\"https:\/\/www.coupe-femina.com\/en\/voilier\/le-clebard\/\">\r\n                            Le Cl\u00e9bard                        <\/a>\r\n                    <\/h2>\r\n\r\n                                            <h3>\r\n                            <a class=\"notranslate\" href=\"https:\/\/www.coupe-femina.com\/en\/evenement\/femina-challenge-2025\/\">\r\n                                Femina Challenge 2025                            <\/a>\r\n                        <\/h3>\r\n                                    <\/div>\r\n                            <div class=\"details-equipage\">\r\n                    <span>\r\n                        <strong>Position :<\/strong>\r\n                        -<\/span>\r\n                    <span>\r\n                        <strong>Temps :<\/strong>\r\n                        <span class=\"notranslate\">-<\/span>\r\n                    <\/span>\r\n                    <a href=\"https:\/\/www.coupe-femina.com\/en\/equipage\/le-clebard-femina-challenge-2025\/\">Voir plus de d\u00e9tails<\/a>\r\n                <\/div>\r\n                <div class='membres-equipage'>        <div class=\"membre-equipage\">\r\n                            <img decoding=\"async\" src=\"https:\/\/www.coupe-femina.com\/wp-content\/uploads\/2025\/11\/julie-martineau.jpeg\" alt=\"\"\/>\r\n                        <div>\r\n                                    <h3>\r\n                        <a class=\"notranslate\" href=\"https:\/\/www.coupe-femina.com\/en\/participant\/julie-martineau\/\">\r\n                            Julie Martineau                        <\/a>\r\n                    <\/h3>\r\n                                    <span class=\"capitaine\">Skipper<\/span>\r\n                                    <p class=\"notranslate\">Navigatrice depuis 20 ans sur diverses mers et aujourd\u2019hui instructrice de voile, Julie a amen\u00e9 des \u00e9quipages \u00e0 accomplir ce qu\u2019ils et elles pensaient au d\u00e9part comme \u00e9tant inatteignable !<br \/>\r\n<br \/>\r\nL'\u00e9dition 2026 sera sa 5e participation \u00e0 la Coupe Femina.<\/p>\r\n                                    <span>\r\n                        5e participation                    <\/span>\r\n                                    <span class=\"notranslate\">Lac Beauport<\/span>\r\n                            <\/div>\r\n        <\/div>\r\n            <div class=\"membre-equipage\">\r\n                            <img decoding=\"async\" src=\"https:\/\/www.coupe-femina.com\/wp-content\/uploads\/2026\/01\/bertrandgenevieve.jpg\" alt=\"\"\/>\r\n                        <div>\r\n                                    <h3>\r\n                        <a class=\"notranslate\" href=\"https:\/\/www.coupe-femina.com\/en\/participant\/genevieve-bertrand\/\">\r\n                            Genevi\u00e8ve Bertrand                        <\/a>\r\n                    <\/h3>\r\n                                    <p class=\"notranslate\">Genevi\u00e8ve fait de la voile depuis bient\u00f4t 5 ans. Elle a d'abord pass\u00e9 son brevet d'\u00e9quipi\u00e8re \u00e9l\u00e9mentaire et ensuite, celui de chef de bord \u00e9l\u00e9mentaire. Comme la voile est vite devenue une passion, elle a profit\u00e9 de toutes les occasions qui passaient pour en faire le plus possible: pratiques de manoeuvres, navigation en Nouvelle-\u00c9cosse, formations Voile performance, convoyages dans les Cara\u00efbes et en M\u00e9diterran\u00e9e, stage interm\u00e9diaire entre Rimouski et la C\u00f4te Nord et stage avanc\u00e9 aux \u00eeles-de-la-Madeleine.<\/p>\r\n                                    <span>\r\n                        4e participation                    <\/span>\r\n                                    <span class=\"notranslate\">Qu\u00e9bec<\/span>\r\n                            <\/div>\r\n        <\/div>\r\n            <div class=\"membre-equipage\">\r\n                            <img decoding=\"async\" src=\"https:\/\/www.coupe-femina.com\/wp-content\/uploads\/2026\/02\/img-6060-scaled.jpeg\" alt=\"\"\/>\r\n                        <div>\r\n                                    <h3>\r\n                        <a class=\"notranslate\" href=\"https:\/\/www.coupe-femina.com\/en\/participant\/lysanne-boudreault-2\/\">\r\n                            Lysanne Boudreault                        <\/a>\r\n                    <\/h3>\r\n                                    <p class=\"notranslate\">D\u00e9j\u00e0 riche des 2 derni\u00e8res \u00e9dition, Lysanne en sera \u00e0 sa 3\u00e8me participation sur le Cl\u00e9bard avec une \u00e9quipe de feu. <br \/>\r\nAvec quelques belles exp\u00e9riences de voile derri\u00e8re la cravate, en plus de 3 belles ann\u00e9es de voile performance et quelques magnifiques navigations, elle est motiv\u00e9e \u00e0, encore cette ann\u00e9e, relever le d\u00e9fis, apprendre encore plus et aller encore plus loin.<\/p>\r\n                                    <span>\r\n                        3e participation                    <\/span>\r\n                                    <span class=\"notranslate\">Terrebonne<\/span>\r\n                            <\/div>\r\n        <\/div>\r\n            <div class=\"membre-equipage\">\r\n                            <img decoding=\"async\" src=\"https:\/\/www.coupe-femina.com\/wp-content\/uploads\/2025\/11\/micheline-caron.jpg\" alt=\"\"\/>\r\n                        <div>\r\n                                    <h3>\r\n                        <a class=\"notranslate\" href=\"https:\/\/www.coupe-femina.com\/en\/participant\/micheline-caron\/\">\r\n                            Micheline Caron                        <\/a>\r\n                    <\/h3>\r\n                                    <p class=\"notranslate\">Micheline a fait un retour \u00e0 la voile en 2020 et s'est d\u00e9couvert une passion.  Elle ne manque pas une occasion de naviguer sur le fleuve avec des amis. Toujours \u00e0 repousser ses limites, elle a d\u00e9but\u00e9 les cours de Voile performance avec Formation Nautique Qu\u00e9bec en 2024.  Calme en toute situation, plut\u00f4t ricaneuse, aimant le travail d'\u00e9quipe avec une pointe de leadership, vous pourrez compter sur elle.<\/p>\r\n                                    <span>\r\n                        2e participation                    <\/span>\r\n                                    <span class=\"notranslate\">L\u00e9vis<\/span>\r\n                            <\/div>\r\n        <\/div>\r\n            <div class=\"membre-equipage\">\r\n                            <img decoding=\"async\" src=\"https:\/\/www.coupe-femina.com\/wp-content\/uploads\/2025\/11\/jasmine-pernot-1.jpg\" alt=\"\"\/>\r\n                        <div>\r\n                                    <h3>\r\n                        <a class=\"notranslate\" href=\"https:\/\/www.coupe-femina.com\/en\/participant\/jasmine-pernot\/\">\r\n                            Jasmine Pernot                        <\/a>\r\n                    <\/h3>\r\n                                    <p class=\"notranslate\">+ de 3000mn auturier<br \/>\r\nExp\u00e9rience de nuit<br \/>\r\nExp\u00e9rience de r\u00e9gate<br \/>\r\n<br \/>\r\nDynamique<br \/>\r\nEnjou\u00e9<br \/>\r\nD\u00e9terminer <br \/>\r\nComp\u00e9titive<br \/>\r\n<br \/>\r\nCF 2024: SAO, Femina Rel\u00e8ve<br \/>\r\nCF 2025: Le Cl\u00e9bard, F\u00e9mina Challenge<br \/>\r\n<br \/>\r\n17 ans<\/p>\r\n                                    <span>\r\n                        3e participation                    <\/span>\r\n                                    <span class=\"notranslate\">Thurso<\/span>\r\n                            <\/div>\r\n        <\/div>\r\n            <div class=\"membre-equipage\">\r\n                            <img decoding=\"async\" src=\"https:\/\/www.coupe-femina.com\/wp-content\/uploads\/2026\/04\/genevieve-scaled.jpg\" alt=\"\"\/>\r\n                        <div>\r\n                                    <h3>\r\n                        <a class=\"notranslate\" href=\"https:\/\/www.coupe-femina.com\/en\/participant\/genevieve-duval-2\/\">\r\n                            Genevi\u00e8ve Duval                        <\/a>\r\n                    <\/h3>\r\n                                    <p class=\"notranslate\">Elle a d\u00e9couvert la voile il y a une quinzaine d'ann\u00e9es et ne l'a plus jamais laiss\u00e9e ! Genevi\u00e8ve a obtenu son brevet interm\u00e9diaire. Elle a navigu\u00e9 sur le lac Champlain, le lac Ontario et le lac des Deux-Montagnes, en plus de faire quelques sorties en mer. Mais le fleuve demeure pour elle la b\u00eate \u00e0 ma\u00eetriser ! La Coupe Femina est l'occasion id\u00e9ale pour ce faire et pour mettre \u00e0 profit une belle exp\u00e9rience en r\u00e9gates. Sans oublier toutes les belles rencontres !<\/p>\r\n                                    <span>\r\n                        3e participation                    <\/span>\r\n                                    <span class=\"notranslate\">Montr\u00e9al<\/span>\r\n                            <\/div>\r\n        <\/div>\r\n    <\/div><\/div><\/div>\n\t\t\t\t\t\t<\/div>\n\t\t\t\t\t<\/div>\n\t\t\t\t<\/div>\n\t\t\t\t<\/div>\n\t\t\t\t<div data-elementor-type=\"loop-item\" data-elementor-id=\"1363\" class=\"elementor elementor-1363 e-loop-item e-loop-item-2913 post-2913 equipage type-equipage status-publish hentry\" data-elementor-post-type=\"elementor_library\" data-custom-edit-handle=\"1\">\n\t\t\t<div class=\"elementor-element elementor-element-0960fd3 e-flex e-con-boxed e-con e-parent\" data-id=\"0960fd3\" data-element_type=\"container\" data-e-type=\"container\">\n\t\t\t\t\t<div class=\"e-con-inner\">\n\t\t\t\t<div class=\"elementor-element elementor-element-5ade0f9 elementor-widget elementor-widget-shortcode\" data-id=\"5ade0f9\" data-element_type=\"widget\" data-e-type=\"widget\" data-widget_type=\"shortcode.default\">\n\t\t\t\t\t\t\t<div class=\"elementor-shortcode\"><div class='boucle-equipage' data-voilier='2174' data-evenement='1503' data-categorie='34' data-edition='44'>                <div class='voilier' style='--bg-img:url(\"https:\/\/www.coupe-femina.com\/en\/wp-content\/uploads\/2025\/10\/coupe-femina-2023-posterimage.png\")'>\r\n                    <h2>\r\n                        <a class=\"notranslate\" href=\"https:\/\/www.coupe-femina.com\/en\/voilier\/le-clebard\/\">\r\n                            Le Cl\u00e9bard                        <\/a>\r\n                    <\/h2>\r\n\r\n                                            <h3>\r\n                            <a class=\"notranslate\" href=\"https:\/\/www.coupe-femina.com\/en\/evenement\/femina-challenge-2026\/\">\r\n                                Femina Challenge 2026                            <\/a>\r\n                        <\/h3>\r\n                                    <\/div>\r\n                            <div class=\"details-equipage\">\r\n                    <span>\r\n                        <strong>Position :<\/strong>\r\n                        -<\/span>\r\n                    <span>\r\n                        <strong>Temps :<\/strong>\r\n                        <span class=\"notranslate\">-<\/span>\r\n                    <\/span>\r\n                    <a href=\"https:\/\/www.coupe-femina.com\/en\/equipage\/le-clebard-femina-challenge-2026\/\">Voir plus de d\u00e9tails<\/a>\r\n                <\/div>\r\n                <div class='membres-equipage'>        <div class=\"membre-equipage\">\r\n                            <img decoding=\"async\" src=\"https:\/\/www.coupe-femina.com\/wp-content\/uploads\/2025\/11\/julie-martineau.jpeg\" alt=\"\"\/>\r\n                        <div>\r\n                                    <h3>\r\n                        <a class=\"notranslate\" href=\"https:\/\/www.coupe-femina.com\/en\/participant\/julie-martineau\/\">\r\n                            Julie Martineau                        <\/a>\r\n                    <\/h3>\r\n                                    <span class=\"capitaine\">Skipper<\/span>\r\n                                    <p class=\"notranslate\">Navigatrice depuis 20 ans sur diverses mers et aujourd\u2019hui instructrice de voile, Julie a amen\u00e9 des \u00e9quipages \u00e0 accomplir ce qu\u2019ils et elles pensaient au d\u00e9part comme \u00e9tant inatteignable !<br \/>\r\n<br \/>\r\nL'\u00e9dition 2026 sera sa 5e participation \u00e0 la Coupe Femina.<\/p>\r\n                                    <span>\r\n                        5e participation                    <\/span>\r\n                                    <span class=\"notranslate\">Lac Beauport<\/span>\r\n                            <\/div>\r\n        <\/div>\r\n            <div class=\"membre-equipage\">\r\n                            <img decoding=\"async\" src=\"https:\/\/www.coupe-femina.com\/wp-content\/uploads\/2026\/01\/isabelle-granouillet.jpg\" alt=\"\"\/>\r\n                        <div>\r\n                                    <h3>\r\n                        <a class=\"notranslate\" href=\"https:\/\/www.coupe-femina.com\/en\/participant\/isabelle-granouillet\/\">\r\n                            Isabelle Granouillet                        <\/a>\r\n                    <\/h3>\r\n                                    <p class=\"notranslate\">Isabelle a d\u00e9couvert la voile \u00e0 l\u2019adolescence, de l\u2019autre c\u00f4t\u00e9 de l\u2019Atlantique. Depuis 2021, elle poursuit ses apprentissages sur le fleuve Saint Laurent, o\u00f9 elle continue de se d\u00e9passer et d\u2019\u00e9largir progressivement ses horizons de navigation.<br \/>\r\nElle d\u00e9tient le brevet de cheffe de bord \u00e9l\u00e9mentaire et se pr\u00e9pare pour l\u2019obtention du brevet le navigation c\u00f4ti\u00e8re 1. Elle a fait partie de la premi\u00e8re cohorte du Programme de voile performance au f\u00e9minin et a particip\u00e9 \u00e0 la Coupe Femina et au Femina Challenge en 2023.<\/p>\r\n                                    <span>\r\n                        2e participation                    <\/span>\r\n                                    <span class=\"notranslate\">Qu\u00e9bec<\/span>\r\n                            <\/div>\r\n        <\/div>\r\n            <div class=\"membre-equipage\">\r\n                            <img decoding=\"async\" src=\"https:\/\/www.coupe-femina.com\/wp-content\/uploads\/2025\/11\/jasmine-pernot-1.jpg\" alt=\"\"\/>\r\n                        <div>\r\n                                    <h3>\r\n                        <a class=\"notranslate\" href=\"https:\/\/www.coupe-femina.com\/en\/participant\/jasmine-pernot\/\">\r\n                            Jasmine Pernot                        <\/a>\r\n                    <\/h3>\r\n                                    <p class=\"notranslate\">+ de 3000mn auturier<br \/>\r\nExp\u00e9rience de nuit<br \/>\r\nExp\u00e9rience de r\u00e9gate<br \/>\r\n<br \/>\r\nDynamique<br \/>\r\nEnjou\u00e9<br \/>\r\nD\u00e9terminer <br \/>\r\nComp\u00e9titive<br \/>\r\n<br \/>\r\nCF 2024: SAO, Femina Rel\u00e8ve<br \/>\r\nCF 2025: Le Cl\u00e9bard, F\u00e9mina Challenge<br \/>\r\n<br \/>\r\n17 ans<\/p>\r\n                                    <span>\r\n                        3e participation                    <\/span>\r\n                                    <span class=\"notranslate\">Thurso<\/span>\r\n                            <\/div>\r\n        <\/div>\r\n            <div class=\"membre-equipage\">\r\n                            <img decoding=\"async\" src=\"https:\/\/www.coupe-femina.com\/wp-content\/uploads\/2026\/01\/bertrandgenevieve.jpg\" alt=\"\"\/>\r\n                        <div>\r\n                                    <h3>\r\n                        <a class=\"notranslate\" href=\"https:\/\/www.coupe-femina.com\/en\/participant\/genevieve-bertrand\/\">\r\n                            Genevi\u00e8ve Bertrand                        <\/a>\r\n                    <\/h3>\r\n                                    <p class=\"notranslate\">Genevi\u00e8ve fait de la voile depuis bient\u00f4t 5 ans. Elle a d'abord pass\u00e9 son brevet d'\u00e9quipi\u00e8re \u00e9l\u00e9mentaire et ensuite, celui de chef de bord \u00e9l\u00e9mentaire. Comme la voile est vite devenue une passion, elle a profit\u00e9 de toutes les occasions qui passaient pour en faire le plus possible: pratiques de manoeuvres, navigation en Nouvelle-\u00c9cosse, formations Voile performance, convoyages dans les Cara\u00efbes et en M\u00e9diterran\u00e9e, stage interm\u00e9diaire entre Rimouski et la C\u00f4te Nord et stage avanc\u00e9 aux \u00eeles-de-la-Madeleine.<\/p>\r\n                                    <span>\r\n                        4e participation                    <\/span>\r\n                                    <span class=\"notranslate\">Qu\u00e9bec<\/span>\r\n                            <\/div>\r\n        <\/div>\r\n            <div class=\"membre-equipage\">\r\n                            <img decoding=\"async\" src=\"https:\/\/www.coupe-femina.com\/wp-content\/uploads\/2026\/01\/carbonneau-leslie.jpg\" alt=\"\"\/>\r\n                        <div>\r\n                                    <h3>\r\n                        <a class=\"notranslate\" href=\"https:\/\/www.coupe-femina.com\/en\/participant\/leslie-carbonneau\/\">\r\n                            Leslie Carbonneau                        <\/a>\r\n                    <\/h3>\r\n                                    <p class=\"notranslate\">Leslie fait de la voile depuis 2006 et plus activement depuis 2016. Ses premi\u00e8res exp\u00e9riences furent \u00e0 Qu\u00e9bec, au Lac Memphr\u00e9magog et au Lac Champlain. Elle affectionne particuli\u00e8rement les sorties en d\u00e9riveurs. Elle a \u00e9galement particip\u00e9 comme \u00e9quipi\u00e8re \u00e0 4 convoyages (Rimouski-L\u00e9vis, Bermudes-Nouvelle-\u00c9cosse et c\u00f4te Est am\u00e9ricaine 2x) en plus d'une navigation de 4 jours au Lac Bras d'Or au Cap Breton.<\/p>\r\n                                    <span>\r\n                        6e participation                    <\/span>\r\n                                    <span class=\"notranslate\">Bromont<\/span>\r\n                            <\/div>\r\n        <\/div>\r\n            <div class=\"membre-equipage\">\r\n                            <img decoding=\"async\" src=\"https:\/\/www.coupe-femina.com\/wp-content\/uploads\/2026\/04\/genevieve-scaled.jpg\" alt=\"\"\/>\r\n                        <div>\r\n                                    <h3>\r\n                        <a class=\"notranslate\" href=\"https:\/\/www.coupe-femina.com\/en\/participant\/genevieve-duval-2\/\">\r\n                            Genevi\u00e8ve Duval                        <\/a>\r\n                    <\/h3>\r\n                                    <p class=\"notranslate\">Elle a d\u00e9couvert la voile il y a une quinzaine d'ann\u00e9es et ne l'a plus jamais laiss\u00e9e ! Genevi\u00e8ve a obtenu son brevet interm\u00e9diaire. Elle a navigu\u00e9 sur le lac Champlain, le lac Ontario et le lac des Deux-Montagnes, en plus de faire quelques sorties en mer. Mais le fleuve demeure pour elle la b\u00eate \u00e0 ma\u00eetriser ! La Coupe Femina est l'occasion id\u00e9ale pour ce faire et pour mettre \u00e0 profit une belle exp\u00e9rience en r\u00e9gates. Sans oublier toutes les belles rencontres !<\/p>\r\n                                    <span>\r\n                        3e participation                    <\/span>\r\n                                    <span class=\"notranslate\">Montr\u00e9al<\/span>\r\n                            <\/div>\r\n        <\/div>\r\n            <div class=\"membre-equipage\">\r\n                            <img decoding=\"async\" src=\"https:\/\/www.coupe-femina.com\/wp-content\/uploads\/2026\/02\/img-6060-scaled.jpeg\" alt=\"\"\/>\r\n                        <div>\r\n                                    <h3>\r\n                        <a class=\"notranslate\" href=\"https:\/\/www.coupe-femina.com\/en\/participant\/lysanne-boudreault-2\/\">\r\n                            Lysanne Boudreault                        <\/a>\r\n                    <\/h3>\r\n                                    <p class=\"notranslate\">D\u00e9j\u00e0 riche des 2 derni\u00e8res \u00e9dition, Lysanne en sera \u00e0 sa 3\u00e8me participation sur le Cl\u00e9bard avec une \u00e9quipe de feu. <br \/>\r\nAvec quelques belles exp\u00e9riences de voile derri\u00e8re la cravate, en plus de 3 belles ann\u00e9es de voile performance et quelques magnifiques navigations, elle est motiv\u00e9e \u00e0, encore cette ann\u00e9e, relever le d\u00e9fis, apprendre encore plus et aller encore plus loin.<\/p>\r\n                                    <span>\r\n                        3e participation                    <\/span>\r\n                                    <span class=\"notranslate\">Terrebonne<\/span>\r\n                            <\/div>\r\n        <\/div>\r\n    <\/div><\/div><\/div>\n\t\t\t\t\t\t<\/div>\n\t\t\t\t\t<\/div>\n\t\t\t\t<\/div>\n\t\t\t\t<\/div>\n\t\t\t\t<div data-elementor-type=\"loop-item\" data-elementor-id=\"1363\" class=\"elementor elementor-1363 e-loop-item e-loop-item-3013 post-3013 equipage type-equipage status-publish hentry\" data-elementor-post-type=\"elementor_library\" data-custom-edit-handle=\"1\">\n\t\t\t<div class=\"elementor-element elementor-element-0960fd3 e-flex e-con-boxed e-con e-parent\" data-id=\"0960fd3\" data-element_type=\"container\" data-e-type=\"container\">\n\t\t\t\t\t<div class=\"e-con-inner\">\n\t\t\t\t<div class=\"elementor-element elementor-element-5ade0f9 elementor-widget elementor-widget-shortcode\" data-id=\"5ade0f9\" data-element_type=\"widget\" data-e-type=\"widget\" data-widget_type=\"shortcode.default\">\n\t\t\t\t\t\t\t<div class=\"elementor-shortcode\"><div class='boucle-equipage' data-voilier='3012' data-evenement='1501' data-categorie='32' data-edition='44'>                <div class='voilier' style='--bg-img:url(\"https:\/\/www.coupe-femina.com\/wp-content\/uploads\/2026\/02\/Leeway1.jpeg\")'>\r\n                    <h2>\r\n                        <a class=\"notranslate\" href=\"https:\/\/www.coupe-femina.com\/en\/voilier\/leeway-1\/\">\r\n                            Leeway 1                        <\/a>\r\n                    <\/h2>\r\n\r\n                                            <h3>\r\n                            <a class=\"notranslate\" href=\"https:\/\/www.coupe-femina.com\/en\/evenement\/coupe-femina-2026\/\">\r\n                                Coupe Femina 2026                            <\/a>\r\n                        <\/h3>\r\n                                    <\/div>\r\n                            <div class=\"details-equipage\">\r\n                    <span>\r\n                        <strong>Position :<\/strong>\r\n                        -<\/span>\r\n                    <span>\r\n                        <strong>Temps :<\/strong>\r\n                        <span class=\"notranslate\">-<\/span>\r\n                    <\/span>\r\n                    <a href=\"https:\/\/www.coupe-femina.com\/en\/equipage\/leeway-1-coupe-femina-2026\/\">Voir plus de d\u00e9tails<\/a>\r\n                <\/div>\r\n                <div class='membres-equipage'>        <div class=\"membre-equipage\">\r\n                            <img decoding=\"async\" src=\"https:\/\/www.coupe-femina.com\/wp-content\/uploads\/2026\/02\/mlebanc.jpg\" alt=\"\"\/>\r\n                        <div>\r\n                                    <h3>\r\n                        <a class=\"notranslate\" href=\"https:\/\/www.coupe-femina.com\/en\/participant\/melanie-leblanc\/\">\r\n                            M\u00e9lanie Leblanc                        <\/a>\r\n                    <\/h3>\r\n                                    <span class=\"capitaine\">Skipper<\/span>\r\n                                    <p class=\"notranslate\">Native de la C\u00f4te-Nord et passionn\u00e9e de voile, M\u00e9lanie en sera a sa deuxi\u00e8me participation. Cette fois-ci, avec une \u00e9quipe de b\u00e9n\u00e9voles des Scouts Marins du Grands Montr\u00e9al. Le go\u00fbt de l'aventure, le d\u00e9passement de soi et la navigation s\u00e9curitaire sont des valeurs qu'elle souhaite transmettre aux jeunes par son implication.<\/p>\r\n                                    <span>\r\n                        2e participation                    <\/span>\r\n                                    <span class=\"notranslate\">St-Jean-sur-Richelieu<\/span>\r\n                            <\/div>\r\n        <\/div>\r\n            <div class=\"membre-equipage\">\r\n                            <img decoding=\"async\" src=\"https:\/\/www.coupe-femina.com\/wp-content\/uploads\/2026\/02\/081771bb-05bc-49e5-b013-72b9faeb8153.jpeg\" alt=\"\"\/>\r\n                        <div>\r\n                                    <h3>\r\n                        <a class=\"notranslate\" href=\"https:\/\/www.coupe-femina.com\/en\/participant\/isabelle-gagne\/\">\r\n                            Isabelle Gagne                        <\/a>\r\n                    <\/h3>\r\n                                    <p class=\"notranslate\">Isabelle a toujours aim\u00e9 la voile mais a finalement d\u00e9cid\u00e9 de faire sa formation pour voyager et rencontrer des passionn\u00e9s! \u00c9quipi\u00e8re toujours partante , souriante et pr\u00eate \u00e0 relever de nouveaux d\u00e9fis.  La coupe Femina est donc une belle occasion pour d\u00e9couvrir la r\u00e9gate !<\/p>\r\n                                    <span>\r\n                        1re participation                    <\/span>\r\n                                    <span class=\"notranslate\">Montr\u00e9al<\/span>\r\n                            <\/div>\r\n        <\/div>\r\n            <div class=\"membre-equipage\">\r\n                            <img decoding=\"async\" src=\"https:\/\/www.coupe-femina.com\/wp-content\/uploads\/2026\/02\/isa-linkedin-2.jpg\" alt=\"\"\/>\r\n                        <div>\r\n                                    <h3>\r\n                        <a class=\"notranslate\" href=\"https:\/\/www.coupe-femina.com\/en\/participant\/isabelle-gervais\/\">\r\n                            Isabelle Gervais                        <\/a>\r\n                    <\/h3>\r\n                                    <p class=\"notranslate\">Isabelle Gervais est une gestionnaire d\u2019exp\u00e9rience et une navigatrice passionn\u00e9e. Elle pratique la voile sur divers plans d\u2019eau au Qu\u00e9bec et \u00e0 l\u2019international et s\u2019implique aupr\u00e8s des Scouts Marins du Grand Montr\u00e9al. Sur l\u2019eau comme \u00e0 terre, elle se d\u00e9marque par son calme, sa rigueur et sa capacit\u00e9 \u00e0 rassembler autour d\u2019un objectif commun.<\/p>\r\n                                    <span>\r\n                        1re participation                    <\/span>\r\n                                    <span class=\"notranslate\">Montreal<\/span>\r\n                            <\/div>\r\n        <\/div>\r\n            <div class=\"membre-equipage\">\r\n                            <img decoding=\"async\" src=\"https:\/\/www.coupe-femina.com\/wp-content\/uploads\/2026\/02\/img-7936-scaled-e1771879651933.jpeg\" alt=\"\"\/>\r\n                        <div>\r\n                                    <h3>\r\n                        <a class=\"notranslate\" href=\"https:\/\/www.coupe-femina.com\/en\/participant\/chloe-nadeau\/\">\r\n                            Chlo\u00e9 Nadeau                        <\/a>\r\n                    <\/h3>\r\n                                    <p class=\"notranslate\">Chlo\u00e9 a commenc\u00e9 a faire de la voile en camp de vacances sur des d\u00e9riveurs 420. Elle a tout de suite eu la piq\u00fbre pour l\u2019eau et la voile et elle voulait en apprendre davantage. Elle a ensuite navigu\u00e9 sur le lac Champlain sur un petit voilier de 22 pieds, tout d\u2019abord comme campeuse et ensuite comme assistante cheffe de bord. Plus tard, Chlo\u00e9 a eu la chance de faire un camp de voile avec les Scouts marins, o\u00f9 ils ont parcouru le fleuve Saint-Laurent de Longueuil \u00e0 Qu\u00e9bec. \u00c0 ce moment, elle a r\u00e9alis\u00e9 que le monde de la voile s\u2019ouvrait \u00e0 elle. Chlo\u00e9 est ensuite all\u00e9 suivre diff\u00e9rentes formations pour obtenir son brevet de cheffe de bord de Voile Canada. Participer \u00e0 la Coupe Femina est l\u2019occasion pour elle de renouer avec sa passion et d\u2019apprendre de ses co\u00e9quipi\u00e8res!<\/p>\r\n                                    <span>\r\n                        1re participation                    <\/span>\r\n                                    <span class=\"notranslate\">Saint-R\u00e9mi<\/span>\r\n                            <\/div>\r\n        <\/div>\r\n            <div class=\"membre-equipage\">\r\n                            <img decoding=\"async\" src=\"https:\/\/www.coupe-femina.com\/wp-content\/uploads\/2026\/02\/457375306-26519866574294439-7616997711247459077-n.jpg\" alt=\"\"\/>\r\n                        <div>\r\n                                    <h3>\r\n                        <a class=\"notranslate\" href=\"https:\/\/www.coupe-femina.com\/en\/participant\/helene-rouleau-2\/\">\r\n                            H\u00e9l\u00e8ne Rouleau                        <\/a>\r\n                    <\/h3>\r\n                                    <p class=\"notranslate\">H\u00e9l\u00e8ne a \u00e9t\u00e9 co-propri\u00e9taire d'un voilier pendant 12 ans (sur le lac Memphr\u00e9magog et le fleuve Saint-Laurent) et a navigu\u00e9 \u00e0 diverses reprises dans les Antilles et les \u00celes de Vancouver. Apr\u00e8s un arr\u00eat de 15 ans, elle s\u2019est retrouv\u00e9e sur le fleuve \u00e0 l'\u00e9t\u00e9 2021 et la passion est revenue! Elle a suivi ses cours de chef de bord, VHF et navigation c\u00f4ti\u00e8re en 2022-2023 et est propri\u00e9taire solo d'un CS 27 sur le Lac Memphr\u00e9magog depuis 2023. Un p\u00e9riple magnifique l'a amen\u00e9e \u00e0 naviguer comme \u00e9quipi\u00e8re du Fjord du Saguenay jusqu'aux \u00celes Mingan en ao\u00fbt 2024. H\u00e9l\u00e8ne a particip\u00e9 \u00e0 la Coupe F\u00e9mina en 2024 (\u00e9quipi\u00e8re) et en 2025 (skipper). Elle fait partie cette ann\u00e9e de l\u2019\u00e9quipage du Leeway 1.<\/p>\r\n                                    <span>\r\n                        2e participation                    <\/span>\r\n                                    <span class=\"notranslate\">Lac Brome<\/span>\r\n                            <\/div>\r\n        <\/div>\r\n    <\/div><\/div><\/div>\n\t\t\t\t\t\t<\/div>\n\t\t\t\t\t<\/div>\n\t\t\t\t<\/div>\n\t\t\t\t<\/div>\n\t\t\t\t<div data-elementor-type=\"loop-item\" data-elementor-id=\"1363\" class=\"elementor elementor-1363 e-loop-item e-loop-item-2970 post-2970 equipage type-equipage status-publish hentry\" data-elementor-post-type=\"elementor_library\" data-custom-edit-handle=\"1\">\n\t\t\t<div class=\"elementor-element elementor-element-0960fd3 e-flex e-con-boxed e-con e-parent\" data-id=\"0960fd3\" data-element_type=\"container\" data-e-type=\"container\">\n\t\t\t\t\t<div class=\"e-con-inner\">\n\t\t\t\t<div class=\"elementor-element elementor-element-5ade0f9 elementor-widget elementor-widget-shortcode\" data-id=\"5ade0f9\" data-element_type=\"widget\" data-e-type=\"widget\" data-widget_type=\"shortcode.default\">\n\t\t\t\t\t\t\t<div class=\"elementor-shortcode\"><div class='boucle-equipage' data-voilier='2969' data-evenement='1503' data-categorie='34' data-edition='44'>                <div class='voilier' style='--bg-img:url(\"https:\/\/www.coupe-femina.com\/en\/wp-content\/uploads\/2025\/10\/coupe-femina-2023-posterimage.png\")'>\r\n                    <h2>\r\n                        <a class=\"notranslate\" href=\"https:\/\/www.coupe-femina.com\/en\/voilier\/maiingan\/\">\r\n                            Ma\u2019iingan                        <\/a>\r\n                    <\/h2>\r\n\r\n                                            <h3>\r\n                            <a class=\"notranslate\" href=\"https:\/\/www.coupe-femina.com\/en\/evenement\/femina-challenge-2026\/\">\r\n                                Femina Challenge 2026                            <\/a>\r\n                        <\/h3>\r\n                                    <\/div>\r\n                            <div class=\"details-equipage\">\r\n                    <span>\r\n                        <strong>Position :<\/strong>\r\n                        -<\/span>\r\n                    <span>\r\n                        <strong>Temps :<\/strong>\r\n                        <span class=\"notranslate\">-<\/span>\r\n                    <\/span>\r\n                    <a href=\"https:\/\/www.coupe-femina.com\/en\/equipage\/maiingan-femina-challenge-2026\/\">Voir plus de d\u00e9tails<\/a>\r\n                <\/div>\r\n                <div class='membres-equipage'>        <div class=\"membre-equipage\">\r\n                            <img decoding=\"async\" src=\"https:\/\/www.coupe-femina.com\/wp-content\/uploads\/2026\/01\/img-0235.jpeg\" alt=\"\"\/>\r\n                        <div>\r\n                                    <h3>\r\n                        <a class=\"notranslate\" href=\"https:\/\/www.coupe-femina.com\/en\/participant\/caroline-huot\/\">\r\n                            Caroline Huot                        <\/a>\r\n                    <\/h3>\r\n                                    <span class=\"capitaine\">Skipper<\/span>\r\n                                    <p class=\"notranslate\">Caroline fait de la voile sur d\u00e9riveur depuis l\u2019\u00e2ge de 10 ans. Elle a compl\u00e9t\u00e9 son brevet de Chef de bord en 2018 et son Voile CAN 1 en 2023. Elle a navigu\u00e9 comme \u00e9quipi\u00e8re lors d\u2019un convoyage en 2023. Elle participe \u00e0 la Coupe Femina depuis 2022 comme \u00e9quipi\u00e8re puis comme co-skipper. Elle d\u00e9sire parfaire ses habilet\u00e9s comme navigatrice et la Coupe Femina est une excellente occasion de le faire.<\/p>\r\n                                    <span>\r\n                        5e participation                    <\/span>\r\n                                    <span class=\"notranslate\">Mirabel<\/span>\r\n                            <\/div>\r\n        <\/div>\r\n            <div class=\"membre-equipage\">\r\n                            <img decoding=\"async\" src=\"https:\/\/www.coupe-femina.com\/wp-content\/uploads\/2026\/02\/img-6370.jpeg\" alt=\"\"\/>\r\n                        <div>\r\n                                    <h3>\r\n                        <a class=\"notranslate\" href=\"https:\/\/www.coupe-femina.com\/en\/participant\/marie-pierre-marcoux\/\">\r\n                            Marie-Pierre Marcoux                        <\/a>\r\n                    <\/h3>\r\n                                    <p class=\"notranslate\">Marie-Pierre renoue avec le monde de la voile en 2020 lors d\u2019un s\u00e9jour dans la Baie G\u00e9orgienne. Depuis, elle cumule formation et temps de mer pour devenir une navigatrice comp\u00e9tente et performante. Cette ann\u00e9e elle participera au Femina Challenge comme tacticienne de course sur son propre voilier.<\/p>\r\n                                    <span>\r\n                        4e participation                    <\/span>\r\n                                    <span class=\"notranslate\">Qu\u00e9bec<\/span>\r\n                            <\/div>\r\n        <\/div>\r\n            <div class=\"membre-equipage\">\r\n                            <img decoding=\"async\" src=\"https:\/\/www.coupe-femina.com\/wp-content\/uploads\/2025\/11\/nadine-lapierre.jpeg\" alt=\"\"\/>\r\n                        <div>\r\n                                    <h3>\r\n                        <a class=\"notranslate\" href=\"https:\/\/www.coupe-femina.com\/en\/participant\/nadine-lapierre-2\/\">\r\n                            Nadine Lapierre                        <\/a>\r\n                    <\/h3>\r\n                                    <p class=\"notranslate\">Toujours motiv\u00e9e \u00e0 donner son maximum, Nadine adore les sensations fortes sur l'eau. Elle a d\u00e9but\u00e9 sa formation en 2022 avec Formation Nautique Qu\u00e9bec.  En  2023, elle a rejoint l'\u00e9quipage de Miguick pour sa premi\u00e8re Coupe Femina et elles sont mont\u00e9es sur le podium.  L'ann\u00e9e derni\u00e8re, elle a relev\u00e9 le d\u00e9fi du Femina Challenge et c'est avec enthousiasme qu'elle s'engage \u00e0 vivre encore une belle aventure pour 2026 !<\/p>\r\n                                    <span>\r\n                        3e participation                    <\/span>\r\n                                    <span class=\"notranslate\">Qu\u00e9bec<\/span>\r\n                            <\/div>\r\n        <\/div>\r\n            <div class=\"membre-equipage\">\r\n                            <img decoding=\"async\" src=\"https:\/\/www.coupe-femina.com\/wp-content\/uploads\/2026\/02\/photo-martine-robin-voile.jpg\" alt=\"\"\/>\r\n                        <div>\r\n                                    <h3>\r\n                        <a class=\"notranslate\" href=\"https:\/\/www.coupe-femina.com\/en\/participant\/martine-robin-2\/\">\r\n                            Martine Robin                        <\/a>\r\n                    <\/h3>\r\n                                    <p class=\"notranslate\">Martine a fait de la voile et des r\u00e9gates toute sa jeunesse en d\u00e9riveur et fait de la voile de plaisance en quillard avec sa famille.  Apr\u00e8s une longue pause, la Coupe Femina a rallum\u00e9 la flamme. Elle en est \u00e0 sa 5e participation comme \u00e9quipi\u00e8re et co-skipper. Elle a aussi navigu\u00e9 comme \u00e9quipi\u00e8re lors de 2 convoyages \u00e0 partir des Bahamas. Elle poursuit des formations pour enrichir ses connaissances et parfaire ses habilet\u00e9s. Cette ann\u00e9e, c'est avec enthousiasme qu'elle se lance dans le Femina Challenge !<br \/>\r\n<br \/>\r\nElle est pr\u00eate pour une autre belle aventure !<\/p>\r\n                                    <span>\r\n                        5e participation                    <\/span>\r\n                                    <span class=\"notranslate\">Morin-Heights<\/span>\r\n                            <\/div>\r\n        <\/div>\r\n            <div class=\"membre-equipage\">\r\n                            <img decoding=\"async\" src=\"https:\/\/www.coupe-femina.com\/wp-content\/uploads\/2026\/02\/image-e1771937984964.jpg\" alt=\"\"\/>\r\n                        <div>\r\n                                    <h3>\r\n                        <a class=\"notranslate\" href=\"https:\/\/www.coupe-femina.com\/en\/participant\/sophie-caperaa-2\/\">\r\n                            Sophie Cap\u00e9ra\u00e0                        <\/a>\r\n                    <\/h3>\r\n                                    <p class=\"notranslate\">Sophie a repris la voile apr\u00e8s 40 ans d'absence. Elle a commenc\u00e9 sur de petits d\u00e9riveurs \u00e0 Lac-M\u00e9gantic. Elle participe \u00e0 la Coupe Femina depuis 2022 comme \u00e9quipi\u00e8re et coskipper. Elle continue sa formation pour parfaire ses comp\u00e9tences de navigatrice dans l'objectif d'acqu\u00e9rir un voilier et \u00e9ventuellement devenir instructrice.<\/p>\r\n                                    <span>\r\n                        5e participation                    <\/span>\r\n                                    <span class=\"notranslate\">Qu\u00e9bec<\/span>\r\n                            <\/div>\r\n        <\/div>\r\n    <\/div><\/div><\/div>\n\t\t\t\t\t\t<\/div>\n\t\t\t\t\t<\/div>\n\t\t\t\t<\/div>\n\t\t\t\t<\/div>\n\t\t\t\t<div data-elementor-type=\"loop-item\" data-elementor-id=\"1363\" class=\"elementor elementor-1363 e-loop-item e-loop-item-2208 post-2208 equipage type-equipage status-publish hentry\" data-elementor-post-type=\"elementor_library\" data-custom-edit-handle=\"1\">\n\t\t\t<div class=\"elementor-element elementor-element-0960fd3 e-flex e-con-boxed e-con e-parent\" data-id=\"0960fd3\" data-element_type=\"container\" data-e-type=\"container\">\n\t\t\t\t\t<div class=\"e-con-inner\">\n\t\t\t\t<div class=\"elementor-element elementor-element-5ade0f9 elementor-widget elementor-widget-shortcode\" data-id=\"5ade0f9\" data-element_type=\"widget\" data-e-type=\"widget\" data-widget_type=\"shortcode.default\">\n\t\t\t\t\t\t\t<div class=\"elementor-shortcode\"><div class='boucle-equipage' data-voilier='2207' data-evenement='1306' data-categorie='32' data-edition='39'>                <div class='voilier' style='--bg-img:url(\"https:\/\/www.coupe-femina.com\/en\/wp-content\/uploads\/2025\/10\/coupe-femina-2023-posterimage.png\")'>\r\n                    <h2>\r\n                        <a class=\"notranslate\" href=\"\">\r\n                                                    <\/a>\r\n                    <\/h2>\r\n\r\n                                            <h3>\r\n                            <a class=\"notranslate\" href=\"https:\/\/www.coupe-femina.com\/en\/evenement\/coupe-femina-2025\/\">\r\n                                Coupe Femina 2025                            <\/a>\r\n                        <\/h3>\r\n                                    <\/div>\r\n                            <div class=\"details-equipage\">\r\n                    <span>\r\n                        <strong>Position :<\/strong>\r\n                        -<\/span>\r\n                    <span>\r\n                        <strong>Temps :<\/strong>\r\n                        <span class=\"notranslate\">-<\/span>\r\n                    <\/span>\r\n                    <a href=\"https:\/\/www.coupe-femina.com\/en\/equipage\/malabar-ii-coupe-femina-2025\/\">Voir plus de d\u00e9tails<\/a>\r\n                <\/div>\r\n                <div class='membres-equipage'>        <div class=\"membre-equipage\">\r\n                            <img decoding=\"async\" src=\"https:\/\/www.coupe-femina.com\/wp-content\/uploads\/2026\/03\/veronique-yelle-cfemina.jpg\" alt=\"\"\/>\r\n                        <div>\r\n                                    <h3>\r\n                        <a class=\"notranslate\" href=\"https:\/\/www.coupe-femina.com\/en\/participant\/veronique-yelle-2\/\">\r\n                            V\u00e9ronique Yelle                        <\/a>\r\n                    <\/h3>\r\n                                    <span class=\"capitaine\">Skipper<\/span>\r\n                                    <p class=\"notranslate\">V\u00e9ronique a d\u00e9but\u00e9 la voile en 2021 et a depuis acquis ses brevets de cheffe de bord \u00e9l\u00e9mentaire et interm\u00e9diaire. <br \/>\r\nElle d\u00e9veloppe sa passion de la voile avec son conjoint avec qui elle a eu le bonheur de faire l'acquisition de leur premier voilier en 2024, Malabar II.<br \/>\r\nElle navigue principalement aux alentours de la r\u00e9gion de Qu\u00e9bec.<br \/>\r\nIl s'agit de sa 3e participation \u00e0 la Coupe Femina.<\/p>\r\n                                    <span>\r\n                        3e participation                    <\/span>\r\n                                    <span class=\"notranslate\">Qu\u00e9bec<\/span>\r\n                            <\/div>\r\n        <\/div>\r\n            <div class=\"membre-equipage\">\r\n                            <img decoding=\"async\" src=\"https:\/\/www.coupe-femina.com\/wp-content\/uploads\/2025\/11\/marie-porter-houle.jpg\" alt=\"\"\/>\r\n                        <div>\r\n                                    <h3>\r\n                        <a class=\"notranslate\" href=\"https:\/\/www.coupe-femina.com\/en\/participant\/marie-porter-houde\/\">\r\n                            Marie Porter-Houde                        <\/a>\r\n                    <\/h3>\r\n                                    <p class=\"notranslate\">Marie fait de la voile depuis sa jeunesse sur le bateau familial. Plus jeune, elle a fait ses cours de d\u00e9riveurs. C'est lors de la fin de son adolescence qu'elle s'int\u00e9resse davantage \u00e0 tout ce qui entour la navigation c\u00f4ti\u00e8re.<\/p>\r\n                                    <span>\r\n                        2e participation                    <\/span>\r\n                                    <span class=\"notranslate\">Qu\u00e9bec<\/span>\r\n                            <\/div>\r\n        <\/div>\r\n            <div class=\"membre-equipage\">\r\n                            <img decoding=\"async\" src=\"https:\/\/www.coupe-femina.com\/wp-content\/uploads\/2026\/03\/pouliot-mylene-scaled.jpeg\" alt=\"\"\/>\r\n                        <div>\r\n                                    <h3>\r\n                        <a class=\"notranslate\" href=\"https:\/\/www.coupe-femina.com\/en\/participant\/mylene-pouliot-2\/\">\r\n                            Myl\u00e8ne Pouliot                        <\/a>\r\n                    <\/h3>\r\n                                    <p class=\"notranslate\">Myl\u00e8ne est une personne passion\u00e9e de la voile depuis son jeune \u00e2ge. Depuis sa travers\u00e9e de l'Atlantique en 2023, elle ne cesse de diversifier ses exp\u00e9riences de voile pour acqu\u00e9rir le plus de connaissances possibles et r\u00e9aliser son r\u00eave de faire le tour du monde.<\/p>\r\n                                    <span>\r\n                        4e participation                    <\/span>\r\n                                    <span class=\"notranslate\">Qu\u00e9bec<\/span>\r\n                            <\/div>\r\n        <\/div>\r\n    <\/div><\/div><\/div>\n\t\t\t\t\t\t<\/div>\n\t\t\t\t\t<\/div>\n\t\t\t\t<\/div>\n\t\t\t\t<\/div>\n\t\t\t\t<div data-elementor-type=\"loop-item\" data-elementor-id=\"1363\" class=\"elementor elementor-1363 e-loop-item e-loop-item-3197 post-3197 equipage type-equipage status-publish hentry\" data-elementor-post-type=\"elementor_library\" data-custom-edit-handle=\"1\">\n\t\t\t<div class=\"elementor-element elementor-element-0960fd3 e-flex e-con-boxed e-con e-parent\" data-id=\"0960fd3\" data-element_type=\"container\" data-e-type=\"container\">\n\t\t\t\t\t<div class=\"e-con-inner\">\n\t\t\t\t<div class=\"elementor-element elementor-element-5ade0f9 elementor-widget elementor-widget-shortcode\" data-id=\"5ade0f9\" data-element_type=\"widget\" data-e-type=\"widget\" data-widget_type=\"shortcode.default\">\n\t\t\t\t\t\t\t<div class=\"elementor-shortcode\"><div class='boucle-equipage' data-voilier='3196' data-evenement='1501' data-categorie='32' data-edition='44'>                <div class='voilier' style='--bg-img:url(\"https:\/\/www.coupe-femina.com\/wp-content\/uploads\/2026\/03\/Malabar II.jpeg\")'>\r\n                    <h2>\r\n                        <a class=\"notranslate\" href=\"https:\/\/www.coupe-femina.com\/en\/voilier\/malabar-ii-2\/\">\r\n                            Malabar II                        <\/a>\r\n                    <\/h2>\r\n\r\n                                            <h3>\r\n                            <a class=\"notranslate\" href=\"https:\/\/www.coupe-femina.com\/en\/evenement\/coupe-femina-2026\/\">\r\n                                Coupe Femina 2026                            <\/a>\r\n                        <\/h3>\r\n                                    <\/div>\r\n                            <div class=\"details-equipage\">\r\n                    <span>\r\n                        <strong>Position :<\/strong>\r\n                        -<\/span>\r\n                    <span>\r\n                        <strong>Temps :<\/strong>\r\n                        <span class=\"notranslate\">-<\/span>\r\n                    <\/span>\r\n                    <a href=\"https:\/\/www.coupe-femina.com\/en\/equipage\/malabar-ii-coupe-femina-2026\/\">Voir plus de d\u00e9tails<\/a>\r\n                <\/div>\r\n                <div class='membres-equipage'>        <div class=\"membre-equipage\">\r\n                            <img decoding=\"async\" src=\"https:\/\/www.coupe-femina.com\/wp-content\/uploads\/2026\/03\/veronique-yelle-cfemina.jpg\" alt=\"\"\/>\r\n                        <div>\r\n                                    <h3>\r\n                        <a class=\"notranslate\" href=\"https:\/\/www.coupe-femina.com\/en\/participant\/veronique-yelle-2\/\">\r\n                            V\u00e9ronique Yelle                        <\/a>\r\n                    <\/h3>\r\n                                    <span class=\"capitaine\">Skipper<\/span>\r\n                                    <p class=\"notranslate\">V\u00e9ronique a d\u00e9but\u00e9 la voile en 2021 et a depuis acquis ses brevets de cheffe de bord \u00e9l\u00e9mentaire et interm\u00e9diaire. <br \/>\r\nElle d\u00e9veloppe sa passion de la voile avec son conjoint avec qui elle a eu le bonheur de faire l'acquisition de leur premier voilier en 2024, Malabar II.<br \/>\r\nElle navigue principalement aux alentours de la r\u00e9gion de Qu\u00e9bec.<br \/>\r\nIl s'agit de sa 3e participation \u00e0 la Coupe Femina.<\/p>\r\n                                    <span>\r\n                        3e participation                    <\/span>\r\n                                    <span class=\"notranslate\">Qu\u00e9bec<\/span>\r\n                            <\/div>\r\n        <\/div>\r\n            <div class=\"membre-equipage\">\r\n                            <img decoding=\"async\" src=\"https:\/\/www.coupe-femina.com\/wp-content\/uploads\/2026\/03\/pouliot-mylene-scaled.jpeg\" alt=\"\"\/>\r\n                        <div>\r\n                                    <h3>\r\n                        <a class=\"notranslate\" href=\"https:\/\/www.coupe-femina.com\/en\/participant\/mylene-pouliot-2\/\">\r\n                            Myl\u00e8ne Pouliot                        <\/a>\r\n                    <\/h3>\r\n                                    <p class=\"notranslate\">Myl\u00e8ne est une personne passion\u00e9e de la voile depuis son jeune \u00e2ge. Depuis sa travers\u00e9e de l'Atlantique en 2023, elle ne cesse de diversifier ses exp\u00e9riences de voile pour acqu\u00e9rir le plus de connaissances possibles et r\u00e9aliser son r\u00eave de faire le tour du monde.<\/p>\r\n                                    <span>\r\n                        4e participation                    <\/span>\r\n                                    <span class=\"notranslate\">Qu\u00e9bec<\/span>\r\n                            <\/div>\r\n        <\/div>\r\n            <div class=\"membre-equipage\">\r\n                            <img decoding=\"async\" src=\"https:\/\/www.coupe-femina.com\/wp-content\/uploads\/2025\/11\/marie-porter-houle.jpg\" alt=\"\"\/>\r\n                        <div>\r\n                                    <h3>\r\n                        <a class=\"notranslate\" href=\"https:\/\/www.coupe-femina.com\/en\/participant\/marie-porter-houde\/\">\r\n                            Marie Porter-Houde                        <\/a>\r\n                    <\/h3>\r\n                                    <p class=\"notranslate\">Marie fait de la voile depuis sa jeunesse sur le bateau familial. Plus jeune, elle a fait ses cours de d\u00e9riveurs. C'est lors de la fin de son adolescence qu'elle s'int\u00e9resse davantage \u00e0 tout ce qui entour la navigation c\u00f4ti\u00e8re.<\/p>\r\n                                    <span>\r\n                        2e participation                    <\/span>\r\n                                    <span class=\"notranslate\">Qu\u00e9bec<\/span>\r\n                            <\/div>\r\n        <\/div>\r\n            <div class=\"membre-equipage\">\r\n                            <img decoding=\"async\" src=\"https:\/\/www.coupe-femina.com\/wp-content\/uploads\/2026\/04\/pxl-20250714-181649076mp-scaled.jpg\" alt=\"\"\/>\r\n                        <div>\r\n                                    <h3>\r\n                        <a class=\"notranslate\" href=\"https:\/\/www.coupe-femina.com\/en\/participant\/audrey-champagne\/\">\r\n                            Audrey Champagne                        <\/a>\r\n                    <\/h3>\r\n                                    <p class=\"notranslate\">Audrey est une jeune navigatrice qui s'int\u00e9resse \u00e0 la voile depuis 5 ans et elle est maintenant propri\u00e9taire d'un voilier depuis 2 ans. Il s'agit de sa premi\u00e8re participation \u00e0 la course F\u00e9mina.<\/p>\r\n                                    <span>\r\n                        1re participation                    <\/span>\r\n                                    <span class=\"notranslate\">Qu\u00e9bec<\/span>\r\n                            <\/div>\r\n        <\/div>\r\n    <\/div><\/div><\/div>\n\t\t\t\t\t\t<\/div>\n\t\t\t\t\t<\/div>\n\t\t\t\t<\/div>\n\t\t\t\t<\/div>\n\t\t\t\t<div data-elementor-type=\"loop-item\" data-elementor-id=\"1363\" class=\"elementor elementor-1363 e-loop-item e-loop-item-3275 post-3275 equipage type-equipage status-publish hentry\" data-elementor-post-type=\"elementor_library\" data-custom-edit-handle=\"1\">\n\t\t\t<div class=\"elementor-element elementor-element-0960fd3 e-flex e-con-boxed e-con e-parent\" data-id=\"0960fd3\" data-element_type=\"container\" data-e-type=\"container\">\n\t\t\t\t\t<div class=\"e-con-inner\">\n\t\t\t\t<div class=\"elementor-element elementor-element-5ade0f9 elementor-widget elementor-widget-shortcode\" data-id=\"5ade0f9\" data-element_type=\"widget\" data-e-type=\"widget\" data-widget_type=\"shortcode.default\">\n\t\t\t\t\t\t\t<div class=\"elementor-shortcode\"><div class='boucle-equipage' data-voilier='1295' data-evenement='1501' data-categorie='32' data-edition='44'>                <div class='voilier' style='--bg-img:url(\"https:\/\/www.coupe-femina.com\/en\/wp-content\/uploads\/2025\/10\/coupe-femina-2023-posterimage.png\")'>\r\n                    <h2>\r\n                        <a class=\"notranslate\" href=\"https:\/\/www.coupe-femina.com\/en\/voilier\/manigance\/\">\r\n                            Manigance                        <\/a>\r\n                    <\/h2>\r\n\r\n                                            <h3>\r\n                            <a class=\"notranslate\" href=\"https:\/\/www.coupe-femina.com\/en\/evenement\/coupe-femina-2026\/\">\r\n                                Coupe Femina 2026                            <\/a>\r\n                        <\/h3>\r\n                                    <\/div>\r\n                            <div class=\"details-equipage\">\r\n                    <span>\r\n                        <strong>Position :<\/strong>\r\n                        -<\/span>\r\n                    <span>\r\n                        <strong>Temps :<\/strong>\r\n                        <span class=\"notranslate\">-<\/span>\r\n                    <\/span>\r\n                    <a href=\"https:\/\/www.coupe-femina.com\/en\/equipage\/manigance-coupe-femina-2026\/\">Voir plus de d\u00e9tails<\/a>\r\n                <\/div>\r\n                <div class='membres-equipage'>        <div class=\"membre-equipage\">\r\n                            <img decoding=\"async\" src=\"https:\/\/www.coupe-femina.com\/wp-content\/uploads\/2026\/04\/photo-isabelle-picard-coupe-femina.jpg\" alt=\"\"\/>\r\n                        <div>\r\n                                    <h3>\r\n                        <a class=\"notranslate\" href=\"https:\/\/www.coupe-femina.com\/en\/participant\/isabelle-picard-2\/\">\r\n                            Isabelle Picard                        <\/a>\r\n                    <\/h3>\r\n                                    <span class=\"capitaine\">Skipper<\/span>\r\n                                    <p class=\"notranslate\">Isabelle est propri\u00e9taire de son voilier depuis pr\u00e8s de 10 ans au lac des Deux-Montagnes. Elle a navigu\u00e9 en groupe aux Bahamas et en Guadeloupe, et en couple aux Iles Britanniques vierges, en Croatie et \u00e0 Antigua. Elle a parcouru plus de 3250nm. Elle en est \u00e0 sa 5e participation dont 3 sur La Manigance. Isabelle \u00e9tait la tacticienne au Femina Challenge 2025. Cette ann\u00e9e elle sera pour la 1\u00e8re fois la skipper.<\/p>\r\n                                    <span>\r\n                        3e participation                    <\/span>\r\n                                    <span class=\"notranslate\">Montr\u00e9al<\/span>\r\n                            <\/div>\r\n        <\/div>\r\n    <\/div><\/div><\/div>\n\t\t\t\t\t\t<\/div>\n\t\t\t\t\t<\/div>\n\t\t\t\t<\/div>\n\t\t\t\t<\/div>\n\t\t\t\t<div data-elementor-type=\"loop-item\" data-elementor-id=\"1363\" class=\"elementor elementor-1363 e-loop-item e-loop-item-1333 post-1333 equipage type-equipage status-publish hentry\" data-elementor-post-type=\"elementor_library\" data-custom-edit-handle=\"1\">\n\t\t\t<div class=\"elementor-element elementor-element-0960fd3 e-flex e-con-boxed e-con e-parent\" data-id=\"0960fd3\" data-element_type=\"container\" data-e-type=\"container\">\n\t\t\t\t\t<div class=\"e-con-inner\">\n\t\t\t\t<div class=\"elementor-element elementor-element-5ade0f9 elementor-widget elementor-widget-shortcode\" data-id=\"5ade0f9\" data-element_type=\"widget\" data-e-type=\"widget\" data-widget_type=\"shortcode.default\">\n\t\t\t\t\t\t\t<div class=\"elementor-shortcode\"><div class='boucle-equipage' data-voilier='1295' data-evenement='1307' data-categorie='34' data-edition='39'>                <div class='voilier' style='--bg-img:url(\"https:\/\/www.coupe-femina.com\/en\/wp-content\/uploads\/2025\/10\/coupe-femina-2023-posterimage.png\")'>\r\n                    <h2>\r\n                        <a class=\"notranslate\" href=\"https:\/\/www.coupe-femina.com\/en\/voilier\/manigance\/\">\r\n                            Manigance                        <\/a>\r\n                    <\/h2>\r\n\r\n                                            <h3>\r\n                            <a class=\"notranslate\" href=\"https:\/\/www.coupe-femina.com\/en\/evenement\/femina-challenge-2025\/\">\r\n                                Femina Challenge 2025                            <\/a>\r\n                        <\/h3>\r\n                                    <\/div>\r\n                            <div class=\"details-equipage\">\r\n                    <span>\r\n                        <strong>Position :<\/strong>\r\n                        -<\/span>\r\n                    <span>\r\n                        <strong>Temps :<\/strong>\r\n                        <span class=\"notranslate\">-<\/span>\r\n                    <\/span>\r\n                    <a href=\"https:\/\/www.coupe-femina.com\/en\/equipage\/manigance-femina-challenge-2025-2\/\">Voir plus de d\u00e9tails<\/a>\r\n                <\/div>\r\n                <div class='membres-equipage'>        <div class=\"membre-equipage\">\r\n                            <img decoding=\"async\" src=\"https:\/\/www.coupe-femina.com\/wp-content\/uploads\/2025\/10\/michele-grenier.jpg\" alt=\"\"\/>\r\n                        <div>\r\n                                    <h3>\r\n                        <a class=\"notranslate\" href=\"https:\/\/www.coupe-femina.com\/en\/participant\/michele-grenier\/\">\r\n                            Mich\u00e8le Grenier                        <\/a>\r\n                    <\/h3>\r\n                                    <span class=\"capitaine\">Skipper<\/span>\r\n                                    <p class=\"notranslate\">C\u2019est sur un d\u00e9riveur, d\u00e8s l\u2019\u00e2ge de 6 ans, que Mich\u00e8le a d\u00e9couvert sa passion pour la voile.<br \/>\r\n<br \/>\r\nElle d\u00e9tient les brevets de voile croisi\u00e8re avanc\u00e9e et de navigation c\u00f4ti\u00e8re interm\u00e9diaire et a navigu\u00e9 plusieurs ann\u00e9es sur le Saint-Laurent et dans les Cara\u00efbes.<\/p>\r\n                                    <span>\r\n                        2e participation                    <\/span>\r\n                                    <span class=\"notranslate\">Qu\u00e9bec<\/span>\r\n                            <\/div>\r\n        <\/div>\r\n            <div class=\"membre-equipage\">\r\n                            <img decoding=\"async\" src=\"https:\/\/www.coupe-femina.com\/wp-content\/uploads\/2025\/10\/emmanuelle-cantin.jpg\" alt=\"\"\/>\r\n                        <div>\r\n                                    <h3>\r\n                        <a class=\"notranslate\" href=\"https:\/\/www.coupe-femina.com\/en\/participant\/emmanuelle-cantin\/\">\r\n                            Emmanuelle Cantin                        <\/a>\r\n                    <\/h3>\r\n                                    <p class=\"notranslate\">Co-propri\u00e9taire de son voilier depuis 2 ans, Emmanuelle en sera \u00e0 sa deuxi\u00e8me Coupe Femina avec un \u00e9quipage d'amies habitu\u00e9es \u00e0 la course depuis plusieurs ann\u00e9es!<\/p>\r\n                                    <span>\r\n                        2e participation                    <\/span>\r\n                                    <span class=\"notranslate\">Ste-M\u00e9lanie<\/span>\r\n                            <\/div>\r\n        <\/div>\r\n            <div class=\"membre-equipage\">\r\n                            <img decoding=\"async\" src=\"https:\/\/www.coupe-femina.com\/wp-content\/uploads\/2025\/10\/sabine-hornez.jpeg\" alt=\"\"\/>\r\n                        <div>\r\n                                    <h3>\r\n                        <a class=\"notranslate\" href=\"https:\/\/www.coupe-femina.com\/en\/participant\/sabine-hornez\/\">\r\n                            Sabine Hornez                        <\/a>\r\n                    <\/h3>\r\n                                    <p class=\"notranslate\">Sociable et passionn\u00e9e de voile depuis 5 ans. Elle a cette soif incessante d'apprendre la th\u00e9orie et la pratique de la voile \u00e0 travers des exp\u00e9riences et des formations certifi\u00e9es par Voile Canada : Navigation c\u00f4ti\u00e8re 1, \u00e9quipi\u00e8re de croisi\u00e8re \u00e9l\u00e9mentaire, chef de bord \u00e9l\u00e9mentaire, croisi\u00e8re interm\u00e9diaire, tout ceci gr\u00e2ce \u00e0 Formation Nautique Qu\u00e9bec. Elle aime surmonter les d\u00e9fis qui se pr\u00e9sentent \u00e0 elle. Mais surtout, elle est passionn\u00e9e de la Vie.<\/p>\r\n                                    <span>\r\n                        2e participation                    <\/span>\r\n                                    <span class=\"notranslate\">L\u00e9vis<\/span>\r\n                            <\/div>\r\n        <\/div>\r\n            <div class=\"membre-equipage\">\r\n                            <img decoding=\"async\" src=\"https:\/\/www.coupe-femina.com\/wp-content\/uploads\/2026\/04\/photo-isabelle-picard-coupe-femina.jpg\" alt=\"\"\/>\r\n                        <div>\r\n                                    <h3>\r\n                        <a class=\"notranslate\" href=\"https:\/\/www.coupe-femina.com\/en\/participant\/isabelle-picard-2\/\">\r\n                            Isabelle Picard                        <\/a>\r\n                    <\/h3>\r\n                                    <p class=\"notranslate\">Isabelle est propri\u00e9taire de son voilier depuis pr\u00e8s de 10 ans au lac des Deux-Montagnes. Elle a navigu\u00e9 en groupe aux Bahamas et en Guadeloupe, et en couple aux Iles Britanniques vierges, en Croatie et \u00e0 Antigua. Elle a parcouru plus de 3250nm. Elle en est \u00e0 sa 5e participation dont 3 sur La Manigance. Isabelle \u00e9tait la tacticienne au Femina Challenge 2025. Cette ann\u00e9e elle sera pour la 1\u00e8re fois la skipper.<\/p>\r\n                                    <span>\r\n                        3e participation                    <\/span>\r\n                                    <span class=\"notranslate\">Montr\u00e9al<\/span>\r\n                            <\/div>\r\n        <\/div>\r\n            <div class=\"membre-equipage\">\r\n                            <img decoding=\"async\" src=\"https:\/\/www.coupe-femina.com\/wp-content\/uploads\/2025\/10\/anissa-castonguay.jpeg\" alt=\"\"\/>\r\n                        <div>\r\n                                    <h3>\r\n                        <a class=\"notranslate\" href=\"https:\/\/www.coupe-femina.com\/en\/participant\/anissa-castonguay\/\">\r\n                            Anissa Castonguay                        <\/a>\r\n                    <\/h3>\r\n                                    <p class=\"notranslate\">Ayant particip\u00e9 \u00e0 la Coupe Femina en 2023 avec l\u2019\u00e9quipe du Femina Jeunesse, Anissa a poursuivi son apprentissage et a particip\u00e9 \u00e0 la Coupe Femina en 2024. 2025 sera donc sa troisi\u00e8me participation.<\/p>\r\n                                    <span>\r\n                        1re participation                    <\/span>\r\n                                    <span class=\"notranslate\">Saint-Vallier<\/span>\r\n                            <\/div>\r\n        <\/div>\r\n            <div class=\"membre-equipage\">\r\n                            <img decoding=\"async\" src=\"https:\/\/www.coupe-femina.com\/wp-content\/uploads\/2025\/10\/noemie-schleifer.jpg\" alt=\"\"\/>\r\n                        <div>\r\n                                    <h3>\r\n                        <a class=\"notranslate\" href=\"https:\/\/www.coupe-femina.com\/en\/participant\/noemie-schleifer\/\">\r\n                            No\u00e9mie Schleifer                        <\/a>\r\n                    <\/h3>\r\n                                    <p class=\"notranslate\">Ayant d\u00e9couvert la voile depuis quelques ann\u00e9es gr\u00e2ce \u00e0 ses parents et Formation Nautique, son int\u00e9r\u00eat pour la navigation continue de grandir \u00e0 chaque sortie, \u00e0 chaque d\u00e9fi, \u00e0 chaque coup de vent. Qui sait dans quelques ann\u00e9es o\u00f9 le vent l'emportera !<\/p>\r\n                                    <span>\r\n                        1re participation                    <\/span>\r\n                                    <span class=\"notranslate\">L\u00e9vis<\/span>\r\n                            <\/div>\r\n        <\/div>\r\n    <\/div><\/div><\/div>\n\t\t\t\t\t\t<\/div>\n\t\t\t\t\t<\/div>\n\t\t\t\t<\/div>\n\t\t\t\t<\/div>\n\t\t\t\t<div data-elementor-type=\"loop-item\" data-elementor-id=\"1363\" class=\"elementor elementor-1363 e-loop-item e-loop-item-2219 post-2219 equipage type-equipage status-publish hentry\" data-elementor-post-type=\"elementor_library\" data-custom-edit-handle=\"1\">\n\t\t\t<div class=\"elementor-element elementor-element-0960fd3 e-flex e-con-boxed e-con e-parent\" data-id=\"0960fd3\" data-element_type=\"container\" data-e-type=\"container\">\n\t\t\t\t\t<div class=\"e-con-inner\">\n\t\t\t\t<div class=\"elementor-element elementor-element-5ade0f9 elementor-widget elementor-widget-shortcode\" data-id=\"5ade0f9\" data-element_type=\"widget\" data-e-type=\"widget\" data-widget_type=\"shortcode.default\">\n\t\t\t\t\t\t\t<div class=\"elementor-shortcode\"><div class='boucle-equipage' data-voilier='2218' data-evenement='1308' data-categorie='36' data-edition='39'>                <div class='voilier' style='--bg-img:url(\"https:\/\/www.coupe-femina.com\/en\/wp-content\/uploads\/2025\/10\/coupe-femina-2023-posterimage.png\")'>\r\n                    <h2>\r\n                        <a class=\"notranslate\" href=\"https:\/\/www.coupe-femina.com\/en\/voilier\/miguick\/\">\r\n                            Miguick                        <\/a>\r\n                    <\/h2>\r\n\r\n                                            <h3>\r\n                            <a class=\"notranslate\" href=\"https:\/\/www.coupe-femina.com\/en\/evenement\/classe-evolution-2025\/\">\r\n                                Classe \u00c9volution 2025                            <\/a>\r\n                        <\/h3>\r\n                                    <\/div>\r\n                            <div class=\"details-equipage\">\r\n                    <span>\r\n                        <strong>Position :<\/strong>\r\n                        -<\/span>\r\n                    <span>\r\n                        <strong>Temps :<\/strong>\r\n                        <span class=\"notranslate\">-<\/span>\r\n                    <\/span>\r\n                    <a href=\"https:\/\/www.coupe-femina.com\/en\/equipage\/miguick-classe-evolution-2025\/\">Voir plus de d\u00e9tails<\/a>\r\n                <\/div>\r\n                <div class='membres-equipage'>        <div class=\"membre-equipage\">\r\n                            <img decoding=\"async\" src=\"https:\/\/www.coupe-femina.com\/wp-content\/uploads\/2026\/02\/photo-martine-robin-voile.jpg\" alt=\"\"\/>\r\n                        <div>\r\n                                    <h3>\r\n                        <a class=\"notranslate\" href=\"https:\/\/www.coupe-femina.com\/en\/participant\/martine-robin-2\/\">\r\n                            Martine Robin                        <\/a>\r\n                    <\/h3>\r\n                                    <span class=\"capitaine\">Skipper<\/span>\r\n                                    <p class=\"notranslate\">Martine a fait de la voile et des r\u00e9gates toute sa jeunesse en d\u00e9riveur et fait de la voile de plaisance en quillard avec sa famille.  Apr\u00e8s une longue pause, la Coupe Femina a rallum\u00e9 la flamme. Elle en est \u00e0 sa 5e participation comme \u00e9quipi\u00e8re et co-skipper. Elle a aussi navigu\u00e9 comme \u00e9quipi\u00e8re lors de 2 convoyages \u00e0 partir des Bahamas. Elle poursuit des formations pour enrichir ses connaissances et parfaire ses habilet\u00e9s. Cette ann\u00e9e, c'est avec enthousiasme qu'elle se lance dans le Femina Challenge !<br \/>\r\n<br \/>\r\nElle est pr\u00eate pour une autre belle aventure !<\/p>\r\n                                    <span>\r\n                        5e participation                    <\/span>\r\n                                    <span class=\"notranslate\">Morin-Heights<\/span>\r\n                            <\/div>\r\n        <\/div>\r\n            <div class=\"membre-equipage\">\r\n                            <img decoding=\"async\" src=\"https:\/\/www.coupe-femina.com\/wp-content\/uploads\/2025\/11\/elisabeth-abbatiello.jpg\" alt=\"\"\/>\r\n                        <div>\r\n                                    <h3>\r\n                        <a class=\"notranslate\" href=\"https:\/\/www.coupe-femina.com\/en\/participant\/elisabeth-abbatiello\/\">\r\n                            \u00c9lisabeth Abbatiello                        <\/a>\r\n                    <\/h3>\r\n                                    <p class=\"notranslate\">\u00c9lisabeth a grandi sur un voilier au Yacht Club de Qu\u00e9bec. Passant ses \u00e9t\u00e9s au lac Champlain et faisant quelques magnifiques voyages de voile, elle garde un souvenir imp\u00e9rissable de ses moments sur les diff\u00e9rents plans d'eau. Elle a fait de la voile de sa naissance jusqu'\u00e0 ses 16 ans. \u00c0 maintenant 30 ans, elle souhaite renouer avec ce magnifique sport.<\/p>\r\n                                    <span>\r\n                        1re participation                    <\/span>\r\n                                    <span class=\"notranslate\">Qu\u00e9bec<\/span>\r\n                            <\/div>\r\n        <\/div>\r\n            <div class=\"membre-equipage\">\r\n                            <img decoding=\"async\" src=\"https:\/\/www.coupe-femina.com\/wp-content\/uploads\/2026\/02\/image-e1771937984964.jpg\" alt=\"\"\/>\r\n                        <div>\r\n                                    <h3>\r\n                        <a class=\"notranslate\" href=\"https:\/\/www.coupe-femina.com\/en\/participant\/sophie-caperaa-2\/\">\r\n                            Sophie Cap\u00e9ra\u00e0                        <\/a>\r\n                    <\/h3>\r\n                                    <p class=\"notranslate\">Sophie a repris la voile apr\u00e8s 40 ans d'absence. Elle a commenc\u00e9 sur de petits d\u00e9riveurs \u00e0 Lac-M\u00e9gantic. Elle participe \u00e0 la Coupe Femina depuis 2022 comme \u00e9quipi\u00e8re et coskipper. Elle continue sa formation pour parfaire ses comp\u00e9tences de navigatrice dans l'objectif d'acqu\u00e9rir un voilier et \u00e9ventuellement devenir instructrice.<\/p>\r\n                                    <span>\r\n                        5e participation                    <\/span>\r\n                                    <span class=\"notranslate\">Qu\u00e9bec<\/span>\r\n                            <\/div>\r\n        <\/div>\r\n            <div class=\"membre-equipage\">\r\n                            <img decoding=\"async\" src=\"https:\/\/www.coupe-femina.com\/wp-content\/uploads\/2026\/02\/img-6370.jpeg\" alt=\"\"\/>\r\n                        <div>\r\n                                    <h3>\r\n                        <a class=\"notranslate\" href=\"https:\/\/www.coupe-femina.com\/en\/participant\/marie-pierre-marcoux\/\">\r\n                            Marie-Pierre Marcoux                        <\/a>\r\n                    <\/h3>\r\n                                    <p class=\"notranslate\">Marie-Pierre renoue avec le monde de la voile en 2020 lors d\u2019un s\u00e9jour dans la Baie G\u00e9orgienne. Depuis, elle cumule formation et temps de mer pour devenir une navigatrice comp\u00e9tente et performante. Cette ann\u00e9e elle participera au Femina Challenge comme tacticienne de course sur son propre voilier.<\/p>\r\n                                    <span>\r\n                        4e participation                    <\/span>\r\n                                    <span class=\"notranslate\">Qu\u00e9bec<\/span>\r\n                            <\/div>\r\n        <\/div>\r\n            <div class=\"membre-equipage\">\r\n                            <img decoding=\"async\" src=\"https:\/\/www.coupe-femina.com\/wp-content\/uploads\/2026\/01\/img-0235.jpeg\" alt=\"\"\/>\r\n                        <div>\r\n                                    <h3>\r\n                        <a class=\"notranslate\" href=\"https:\/\/www.coupe-femina.com\/en\/participant\/caroline-huot\/\">\r\n                            Caroline Huot                        <\/a>\r\n                    <\/h3>\r\n                                    <p class=\"notranslate\">Caroline fait de la voile sur d\u00e9riveur depuis l\u2019\u00e2ge de 10 ans. Elle a compl\u00e9t\u00e9 son brevet de Chef de bord en 2018 et son Voile CAN 1 en 2023. Elle a navigu\u00e9 comme \u00e9quipi\u00e8re lors d\u2019un convoyage en 2023. Elle participe \u00e0 la Coupe Femina depuis 2022 comme \u00e9quipi\u00e8re puis comme co-skipper. Elle d\u00e9sire parfaire ses habilet\u00e9s comme navigatrice et la Coupe Femina est une excellente occasion de le faire.<\/p>\r\n                                    <span>\r\n                        5e participation                    <\/span>\r\n                                    <span class=\"notranslate\">Mirabel<\/span>\r\n                            <\/div>\r\n        <\/div>\r\n            <div class=\"membre-equipage\">\r\n                            <img decoding=\"async\" src=\"https:\/\/www.coupe-femina.com\/wp-content\/uploads\/2025\/11\/sarah-beer.jpg\" alt=\"\"\/>\r\n                        <div>\r\n                                    <h3>\r\n                        <a class=\"notranslate\" href=\"https:\/\/www.coupe-femina.com\/en\/participant\/sarah-beer\/\">\r\n                            Sarah Beer                        <\/a>\r\n                    <\/h3>\r\n                                    <p class=\"notranslate\">Sarah renoue avec sa passion pour la voile gr\u00e2ce \u00e0 la coupe Femina depuis les derni\u00e8res ann\u00e9es. Elle a comme projet de planifier une aventure en bateau avec son conjoint et leurs trois enfants dans les prochaines ann\u00e9es.<\/p>\r\n                                    <span>\r\n                        1re participation                    <\/span>\r\n                                    <span class=\"notranslate\">Montr\u00e9al<\/span>\r\n                            <\/div>\r\n        <\/div>\r\n            <div class=\"membre-equipage\">\r\n                            <img decoding=\"async\" src=\"https:\/\/www.coupe-femina.com\/wp-content\/uploads\/2025\/11\/daniel-pomerleau.jpg\" alt=\"\"\/>\r\n                        <div>\r\n                                    <h3>\r\n                        <a class=\"notranslate\" href=\"https:\/\/www.coupe-femina.com\/en\/participant\/daniel-pomerleau\/\">\r\n                            Daniel Pomerleau                        <\/a>\r\n                    <\/h3>\r\n                                    <span class=\"instructeur\">Instructeur(rice)<\/span>\r\n                                    <p class=\"notranslate\">Daniel est propri\u00e9taire de son B\u00e9n\u00e9teau First 36.7 \"Miguick\" depuis 2012.  Il s'est initi\u00e9 \u00e0 la voile sur d\u00e9riveur 420 et sur petits quillards au Royal Military College de Kingston (Ontario), puis sur Shark 24 au YCQ en 1983, avant de devenir co-propri\u00e9taire d'un C&amp;C 25 au Parc Nautique L\u00e9vy \u00e0 son ouverture en 1984-1985.  Il a particip\u00e9 \u00e0 4 \u00e9ditions de la Coupe Femina \u00e0 titre d'accompagnateur\/tacticien.<\/p>\r\n                                    <span>\r\n                        4e participation                    <\/span>\r\n                                    <span class=\"notranslate\">L\u00e9vis<\/span>\r\n                            <\/div>\r\n        <\/div>\r\n    <\/div><\/div><\/div>\n\t\t\t\t\t\t<\/div>\n\t\t\t\t\t<\/div>\n\t\t\t\t<\/div>\n\t\t\t\t<\/div>\n\t\t\t\t<div data-elementor-type=\"loop-item\" data-elementor-id=\"1363\" class=\"elementor elementor-1363 e-loop-item e-loop-item-2910 post-2910 equipage type-equipage status-publish hentry\" data-elementor-post-type=\"elementor_library\" data-custom-edit-handle=\"1\">\n\t\t\t<div class=\"elementor-element elementor-element-0960fd3 e-flex e-con-boxed e-con e-parent\" data-id=\"0960fd3\" data-element_type=\"container\" data-e-type=\"container\">\n\t\t\t\t\t<div class=\"e-con-inner\">\n\t\t\t\t<div class=\"elementor-element elementor-element-5ade0f9 elementor-widget elementor-widget-shortcode\" data-id=\"5ade0f9\" data-element_type=\"widget\" data-e-type=\"widget\" data-widget_type=\"shortcode.default\">\n\t\t\t\t\t\t\t<div class=\"elementor-shortcode\"><div class='boucle-equipage' data-voilier='2218' data-evenement='1501' data-categorie='36' data-edition='44'>                <div class='voilier' style='--bg-img:url(\"https:\/\/www.coupe-femina.com\/en\/wp-content\/uploads\/2025\/10\/coupe-femina-2023-posterimage.png\")'>\r\n                    <h2>\r\n                        <a class=\"notranslate\" href=\"https:\/\/www.coupe-femina.com\/en\/voilier\/miguick\/\">\r\n                            Miguick                        <\/a>\r\n                    <\/h2>\r\n\r\n                                            <h3>\r\n                            <a class=\"notranslate\" href=\"https:\/\/www.coupe-femina.com\/en\/evenement\/coupe-femina-2026\/\">\r\n                                Coupe Femina 2026                            <\/a>\r\n                        <\/h3>\r\n                                    <\/div>\r\n                            <div class=\"details-equipage\">\r\n                    <span>\r\n                        <strong>Position :<\/strong>\r\n                        -<\/span>\r\n                    <span>\r\n                        <strong>Temps :<\/strong>\r\n                        <span class=\"notranslate\">-<\/span>\r\n                    <\/span>\r\n                    <a href=\"https:\/\/www.coupe-femina.com\/en\/equipage\/miguick-coupe-femina-2026\/\">Voir plus de d\u00e9tails<\/a>\r\n                <\/div>\r\n                <div class='membres-equipage'>        <div class=\"membre-equipage\">\r\n                            <img decoding=\"async\" src=\"https:\/\/www.coupe-femina.com\/wp-content\/uploads\/2026\/02\/img-1942-scaled.jpeg\" alt=\"\"\/>\r\n                        <div>\r\n                                    <h3>\r\n                        <a class=\"notranslate\" href=\"https:\/\/www.coupe-femina.com\/en\/participant\/nathalie-dupont\/\">\r\n                            Nathalie Dupont                        <\/a>\r\n                    <\/h3>\r\n                                    <span class=\"capitaine\">Skipper<\/span>\r\n                                    <p class=\"notranslate\">Passionn\u00e9e de voile sur monocoque, elle a navigu\u00e9 sur diff\u00e9rents lacs et mers \u00e0 travers le monde. Elle pratique la voile depuis plus de 30 ans et est skipper depuis environ 20 ans. Elle a grandi sur les rives du lac Saint-Louis, \u00e0 Montr\u00e9al, o\u00f9 elle a appris la course en monocoque au d\u00e9but de la vingtaine.  Son conjoint et elle ont suivi plusieurs formations de certification, dont la plus r\u00e9cente en 2023 afin d\u2019obtenir leur licence internationale de comp\u00e9tences de navigation, compl\u00e9t\u00e9e sur le fleuve Saint-Laurent.  Pour elle, la voile est avant tout un moyen de faire le vide, de retrouver une paix int\u00e9rieure et de se d\u00e9passer.<\/p>\r\n                                    <span>\r\n                        1re participation                    <\/span>\r\n                                    <span class=\"notranslate\">Lachine<\/span>\r\n                            <\/div>\r\n        <\/div>\r\n            <div class=\"membre-equipage\">\r\n                            <img decoding=\"async\" src=\"https:\/\/www.coupe-femina.com\/wp-content\/uploads\/2026\/01\/image-2026-01-11-a-1401.jpeg\" alt=\"\"\/>\r\n                        <div>\r\n                                    <h3>\r\n                        <a class=\"notranslate\" href=\"https:\/\/www.coupe-femina.com\/en\/participant\/isabelle-provost\/\">\r\n                            Isabelle Provost                        <\/a>\r\n                    <\/h3>\r\n                                    <p class=\"notranslate\">Isabelle d\u00e9couvre la voile en 2004 \u00e0 bord du voilier Virus et c\u2019est le d\u00e9but d\u2019une v\u00e9ritable passion.<br \/>\r\nNavigatrice polyvalente, elle cumule surtout de l\u2019exp\u00e9rience en croisi\u00e8re, tout en prenant plaisir \u00e0 participer \u00e0 quelques r\u00e9gates amicales.<br \/>\r\nToujours motiv\u00e9e \u00e0 progresser, elle mise sur l\u2019esprit d\u2019\u00e9quipe, le d\u00e9passement de soi et l\u2019autonomie pour \u00e9voluer comme navigatrice.<br \/>\r\nLa classe \u00c9volution s\u2019est rapidement impos\u00e9e pour elle comme le meilleur terrain de jeu pour transformer la th\u00e9orie en gestes concrets.<br \/>\r\nCette ann\u00e9e, elle souhaite \u00e9largir ses horizons en d\u00e9couvrant un nouveau voilier, histoire d\u2019ouvrir son champ des possibles\u2026 et de pr\u00e9parer son projet de retraite avec ambition et enthousiasme.<br \/>\r\n6e participation en 2026<br \/>\r\n2015 \u00e0 2018 \u2013 Voilier Virus<br \/>\r\n\u2022\t2015 : 3e position, co-skipper \u2013 Coupe F\u00e9mina<br \/>\r\n\u2022\t2017 : 3e position \u2013 Classe \u00c9volution<br \/>\r\n2025 \u2013 Voilier Pyxis \u2013 Classe \u00c9volution<br \/><\/p>\r\n                                    <span>\r\n                        6e participation                    <\/span>\r\n                                    <span class=\"notranslate\">Levis<\/span>\r\n                            <\/div>\r\n        <\/div>\r\n            <div class=\"membre-equipage\">\r\n                            <img decoding=\"async\" src=\"https:\/\/www.coupe-femina.com\/wp-content\/uploads\/2026\/01\/bateau-laurence.jpg\" alt=\"\"\/>\r\n                        <div>\r\n                                    <h3>\r\n                        <a class=\"notranslate\" href=\"https:\/\/www.coupe-femina.com\/en\/participant\/laurence-cliche\/\">\r\n                            Laurence Cliche                        <\/a>\r\n                    <\/h3>\r\n                                    <p class=\"notranslate\">Elle navigue sur le fleuve Saint-Laurent depuis 2013, d\u2019abord \u00e0 titre d\u2019\u00e9quipi\u00e8re puis, plus r\u00e9cemment, comme co-capitaine. Elle a eu deux bateaux, dont l\u2019actuel Douce Folie I, a navigu\u00e9 plusieurs semaines cons\u00e9cutives et a v\u00e9cu de nombreuses surprises, petites frousses et situations cocasses.<br \/>\r\n<br \/>\r\nCela fait des ann\u00e9es qu\u2019elle songe \u00e0 s\u2019inscrire \u00e0 la Coupe F\u00e9mina et elle croit que 2026 sera enfin la bonne ann\u00e9e, du moins elle l\u2019esp\u00e8re. Elle souhaite se joindre \u00e0 une \u00e9quipe et y apporter son grain de sel : de bons r\u00e9flexes, une bonne compr\u00e9hension de la voile et une communication saine. Et, dans toutes les situations, elle ne perd jamais son sens de l\u2019humour.<\/p>\r\n                                    <span>\r\n                        1re participation                    <\/span>\r\n                                    <span class=\"notranslate\">Qu\u00e9bec<\/span>\r\n                            <\/div>\r\n        <\/div>\r\n            <div class=\"membre-equipage\">\r\n                            <img decoding=\"async\" src=\"https:\/\/www.coupe-femina.com\/wp-content\/uploads\/2026\/02\/valerie-leuchtmann.jpeg\" alt=\"\"\/>\r\n                        <div>\r\n                                    <h3>\r\n                        <a class=\"notranslate\" href=\"https:\/\/www.coupe-femina.com\/en\/participant\/valerie-leuchtmann\/\">\r\n                            Val\u00e9rie Leuchtmann                        <\/a>\r\n                    <\/h3>\r\n                                    <p class=\"notranslate\">Val\u00e9rie, 54 ans, m\u00e8re de 3 fils adultes, a d\u00e9but\u00e9 la voile en 2012 en obtenant un brevet de chef de bord voile \u00e9l\u00e9mentaire (Rimouski, Les Blanchons). Plusieurs exp\u00e9riences de voile se sont rajout\u00e9es au fil du temps en compagnie de son conjoint, dont une formation d\u2019\u00e9quipi\u00e8re voile interm\u00e9diaire dans les Antilles, des saisons de voile sur le Lac-des-Deux-Montagnes (incluant des r\u00e9gates amicales) et sur la Baie-des-chaleurs, une navigation sur le fleuve St-Laurent d\u2019Oka \u00e0 Cap-\u00e0-l\u2019Aigle en Tanzer 22 en famille, le canal Rideau, le Lac Ontario et les Mille-\u00celes en Tanzer 26 et une travers\u00e9e aux \u00celes de la Madeleine en Kiri\u00e9 \u00c9lite 32, toujours comme bonne \u00e9quipi\u00e8re. Elle a \u00e9t\u00e9 co-propri\u00e9taire de 4 voiliers (actuellement un Kiri\u00e9 \u00c9lite 32). Ses valeurs sont la solidarit\u00e9 et la coh\u00e9sion d\u2019\u00e9quipe, les efforts efficaces, la recherche du plaisir et le d\u00e9passement de soi! Apr\u00e8s une pause de voile de 2 ans, elle est pr\u00eate \u00e0 se d\u00e9rouiller et \u00e0 relever de nouveau d\u00e9fis avec la Coupe F\u00e9mina 2026!<\/p>\r\n                                    <span>\r\n                        1re participation                    <\/span>\r\n                                    <span class=\"notranslate\">Carleton-sur-Mer<\/span>\r\n                            <\/div>\r\n        <\/div>\r\n            <div class=\"membre-equipage\">\r\n                            <img decoding=\"async\" src=\"https:\/\/www.coupe-femina.com\/wp-content\/uploads\/2026\/02\/FB_IMG_1771700699364~2.jpeg\" alt=\"\"\/>\r\n                        <div>\r\n                                    <h3>\r\n                        <a class=\"notranslate\" href=\"https:\/\/www.coupe-femina.com\/en\/participant\/marie-pierre-houde\/\">\r\n                            Marie-Pierre Houde                        <\/a>\r\n                    <\/h3>\r\n                                    <p class=\"notranslate\">Marie-Pierre a \u00e9t\u00e9 initi\u00e9 \u00e0 la voile en 2020.  Bien qu'elle naviguait \u00e0 moteur auparavant, elle avait toujours \u00e9t\u00e9 fortement attir\u00e9 par les voiliers qu'elle admirait sur les flots, en Gasp\u00e9sie.  Loin d'\u00eatre sa terre natale, elle avait choisi cet espace de vie pour \u00e9lever ses enfants en raison de son appel du large... Puis, lorsque la vie lui offrit enfin l'occasion d'hisser les voiles pour la premi\u00e8re fois, une histoire d'amour s'entama, de l'ampleur de celle qui envahit l'\u00eatre et qui ne s'essouffle pas avec le temps.  Ainsi, elle s'investit dans diff\u00e9rentes formations: Brevet d'\u00e9quipi\u00e8re interm\u00e9diaire, navigation c\u00f4ti\u00e8re, m\u00e9t\u00e9o, m\u00e9canique diesel, fibre de verre.  Aussi, elle a navigu\u00e9 sur plusieurs cours d'eau au Qu\u00e9bec et participer \u00e0 deux courses comme \u00e9quipi\u00e8re (Tadoussac\/Anse St-Jean).  Toutefois, elle consid\u00e8re avoir encore beaucoup \u00e0 apprendre pour se sentir \u00e0 l'aise avec le titre de \"capitaine\" d'Akiko, son voilier, un Hunter 27 et naviguer comme cheffe de bord sur le fleuve.  Elle aspire \u00e0 continuer \u00e0 cheminer vers ses r\u00eaves et objectifs, afin de voyager loin en mer et vivre sur son bateau.<\/p>\r\n                                    <span>\r\n                        1re participation                    <\/span>\r\n                                    <span class=\"notranslate\">Saint-Jean-sur-Richelieu<\/span>\r\n                            <\/div>\r\n        <\/div>\r\n            <div class=\"membre-equipage\">\r\n                            <img decoding=\"async\" src=\"https:\/\/www.coupe-femina.com\/wp-content\/uploads\/2026\/03\/bergeron-audrey-scaled.jpg\" alt=\"\"\/>\r\n                        <div>\r\n                                    <h3>\r\n                        <a class=\"notranslate\" href=\"https:\/\/www.coupe-femina.com\/en\/participant\/audrey-bergeron\/\">\r\n                            Audrey Bergeron                        <\/a>\r\n                    <\/h3>\r\n                                    <p class=\"notranslate\">Sportive et passionn\u00e9e par la voile, elle pratique depuis plusieurs ann\u00e9es la voile r\u00e9cr\u00e9ative et de croisi\u00e8re avec sa famille. Ces exp\u00e9riences lui ont permis de d\u00e9velopper un grand int\u00e9r\u00eat pour la mer, la navigation et le travail d\u2019\u00e9quipe. La course en \u00e9quipage repr\u00e9sente pour elle une nouvelle mani\u00e8re de d\u00e9couvrir la voile, une occasion d\u2019apprendre, de partager avec d\u2019autres marins et de vivre de nouveaux d\u00e9fis sur l\u2019eau.<\/p>\r\n                                    <span>\r\n                        1re participation                    <\/span>\r\n                                    <span class=\"notranslate\">Saint-Antoine de Tilly<\/span>\r\n                            <\/div>\r\n        <\/div>\r\n            <div class=\"membre-equipage\">\r\n                            <img decoding=\"async\" src=\"https:\/\/www.coupe-femina.com\/wp-content\/uploads\/2025\/11\/daniel-pomerleau.jpg\" alt=\"\"\/>\r\n                        <div>\r\n                                    <h3>\r\n                        <a class=\"notranslate\" href=\"https:\/\/www.coupe-femina.com\/en\/participant\/daniel-pomerleau\/\">\r\n                            Daniel Pomerleau                        <\/a>\r\n                    <\/h3>\r\n                                    <span class=\"homme\">Skipper accompagnateur<\/span>\r\n                                    <p class=\"notranslate\">Daniel est propri\u00e9taire de son B\u00e9n\u00e9teau First 36.7 \"Miguick\" depuis 2012.  Il s'est initi\u00e9 \u00e0 la voile sur d\u00e9riveur 420 et sur petits quillards au Royal Military College de Kingston (Ontario), puis sur Shark 24 au YCQ en 1983, avant de devenir co-propri\u00e9taire d'un C&amp;C 25 au Parc Nautique L\u00e9vy \u00e0 son ouverture en 1984-1985.  Il a particip\u00e9 \u00e0 4 \u00e9ditions de la Coupe Femina \u00e0 titre d'accompagnateur\/tacticien.<\/p>\r\n                                    <span>\r\n                        4e participation                    <\/span>\r\n                                    <span class=\"notranslate\">L\u00e9vis<\/span>\r\n                            <\/div>\r\n        <\/div>\r\n    <\/div><\/div><\/div>\n\t\t\t\t\t\t<\/div>\n\t\t\t\t\t<\/div>\n\t\t\t\t<\/div>\n\t\t\t\t<\/div>\n\t\t\t\t<div data-elementor-type=\"loop-item\" data-elementor-id=\"1363\" class=\"elementor elementor-1363 e-loop-item e-loop-item-2294 post-2294 equipage type-equipage status-publish hentry\" data-elementor-post-type=\"elementor_library\" data-custom-edit-handle=\"1\">\n\t\t\t<div class=\"elementor-element elementor-element-0960fd3 e-flex e-con-boxed e-con e-parent\" data-id=\"0960fd3\" data-element_type=\"container\" data-e-type=\"container\">\n\t\t\t\t\t<div class=\"e-con-inner\">\n\t\t\t\t<div class=\"elementor-element elementor-element-5ade0f9 elementor-widget elementor-widget-shortcode\" data-id=\"5ade0f9\" data-element_type=\"widget\" data-e-type=\"widget\" data-widget_type=\"shortcode.default\">\n\t\t\t\t\t\t\t<div class=\"elementor-shortcode\"><div class='boucle-equipage' data-voilier='2293' data-evenement='1308' data-categorie='36' data-edition='39'>                <div class='voilier' style='--bg-img:url(\"https:\/\/www.coupe-femina.com\/en\/wp-content\/uploads\/2025\/10\/coupe-femina-2023-posterimage.png\")'>\r\n                    <h2>\r\n                        <a class=\"notranslate\" href=\"https:\/\/www.coupe-femina.com\/en\/voilier\/nadwill\/\">\r\n                            Nadwill                        <\/a>\r\n                    <\/h2>\r\n\r\n                                            <h3>\r\n                            <a class=\"notranslate\" href=\"https:\/\/www.coupe-femina.com\/en\/evenement\/classe-evolution-2025\/\">\r\n                                Classe \u00c9volution 2025                            <\/a>\r\n                        <\/h3>\r\n                                    <\/div>\r\n                            <div class=\"details-equipage\">\r\n                    <span>\r\n                        <strong>Position :<\/strong>\r\n                        -<\/span>\r\n                    <span>\r\n                        <strong>Temps :<\/strong>\r\n                        <span class=\"notranslate\">-<\/span>\r\n                    <\/span>\r\n                    <a href=\"https:\/\/www.coupe-femina.com\/en\/equipage\/nadwill-classe-evolution-2025\/\">Voir plus de d\u00e9tails<\/a>\r\n                <\/div>\r\n                <div class='membres-equipage'>        <div class=\"membre-equipage\">\r\n                            <img decoding=\"async\" src=\"https:\/\/www.coupe-femina.com\/wp-content\/uploads\/2025\/11\/annie-filion.jpg\" alt=\"\"\/>\r\n                        <div>\r\n                                    <h3>\r\n                        <a class=\"notranslate\" href=\"https:\/\/www.coupe-femina.com\/en\/participant\/annie-filion\/\">\r\n                            Annie Filion                        <\/a>\r\n                    <\/h3>\r\n                                    <span class=\"capitaine\">Skipper<\/span>\r\n                                    <p class=\"notranslate\">Native de la Mauricie, Annie navigue depuis six ans et poss\u00e8de un Aloha 8.2. Initi\u00e9e par une amie, elle partage aujourd\u2019hui sa passion avec sa fille Mariph\u00e9e, 15 ans. Chef de bord en formation pour devenir instructrice, elle vivra sa premi\u00e8re exp\u00e9rience comme skipper \u00e0 la Coupe F\u00e9mina, aux c\u00f4t\u00e9s de sa fille.<\/p>\r\n                                    <span>\r\n                        1re participation                    <\/span>\r\n                                    <span class=\"notranslate\">Shawinigan<\/span>\r\n                            <\/div>\r\n        <\/div>\r\n            <div class=\"membre-equipage\">\r\n                            <img decoding=\"async\" src=\"https:\/\/www.coupe-femina.com\/wp-content\/uploads\/2026\/01\/messenger-creation-c9bda726-dc61-400d-ae85-23fe5d053468.jpeg\" alt=\"\"\/>\r\n                        <div>\r\n                                    <h3>\r\n                        <a class=\"notranslate\" href=\"https:\/\/www.coupe-femina.com\/en\/participant\/betty-bellony\/\">\r\n                            Betty Bellony                        <\/a>\r\n                    <\/h3>\r\n                                    <p class=\"notranslate\">Cela fait 1 an d\u00e9j\u00e0 qu'elle est \u00e9tablie \u00e0 L\u00e9vis.  Pendant une marche au bord du fleuve, elle est tomb\u00e9e sur son 1er coup de c\u0153ur \"Formation Nautique de Qu\u00e9bec\" une \u00e9cole de voile \u00e0 L\u00e9vis.<br \/>\r\n<br \/>\r\nElle est rest\u00e9e accroch\u00e9e!  Aujourd'hui, elle a h\u00e2te de retourner sur l'eau avec des instructeurs et membres d'\u00e9quipage g\u00e9niaux! Apr\u00e8s avoir \u00e9t\u00e9 b\u00e9n\u00e9vole \u00e0 la coupe Femina 2024, elle s'est inscrite au cours \u00e9l\u00e9mentaire et a particip\u00e9 \u00e0 la flottille de Formation Nautique Qu\u00e9bec \u00e0 la fin de la saison 2024.<\/p>\r\n                                    <span>\r\n                        2e participation                    <\/span>\r\n                                    <span class=\"notranslate\">L\u00e9vis<\/span>\r\n                            <\/div>\r\n        <\/div>\r\n            <div class=\"membre-equipage\">\r\n                            <img decoding=\"async\" src=\"https:\/\/www.coupe-femina.com\/wp-content\/uploads\/2025\/11\/genevieve-beaumier.jpg\" alt=\"\"\/>\r\n                        <div>\r\n                                    <h3>\r\n                        <a class=\"notranslate\" href=\"https:\/\/www.coupe-femina.com\/en\/participant\/genevieve-beaumier\/\">\r\n                            Genevi\u00e8ve Beaumier                        <\/a>\r\n                    <\/h3>\r\n                                    <p class=\"notranslate\">Genevi\u00e8ve est passionn\u00e9e de voile. Elle a navigu\u00e9 pendant quelques ann\u00e9es au lac des Deux-Montagnes, au lac Champlain et en Guadeloupe. Elle a particip\u00e9 \u00e0 la Coupe Femina 2019 et ce fut une exp\u00e9rience m\u00e9morable.  Elle est impatiente de r\u00e9cidiver cette ann\u00e9e.<\/p>\r\n                                    <span>\r\n                        2e participation                    <\/span>\r\n                                    <span class=\"notranslate\">Rimouski<\/span>\r\n                            <\/div>\r\n        <\/div>\r\n            <div class=\"membre-equipage\">\r\n                            <img decoding=\"async\" src=\"https:\/\/www.coupe-femina.com\/wp-content\/uploads\/2025\/11\/mirtha-william.jpg\" alt=\"\"\/>\r\n                        <div>\r\n                                    <h3>\r\n                        <a class=\"notranslate\" href=\"https:\/\/www.coupe-femina.com\/en\/participant\/mirtha-william\/\">\r\n                            Mirtha William                        <\/a>\r\n                    <\/h3>\r\n                                    <p class=\"notranslate\">Initi\u00e9e \u00e0 la voile en solitaire \u00e0 l'\u00e2ge de 19 ans, Mirtha red\u00e9couvre cette activit\u00e9 en amoureux depuis 5 ans. En 2024, elle renforce ses comp\u00e9tences en obtenant son brevet \u00e9l\u00e9mentaire d'\u00e9quipier. En 2025, un d\u00e9fi passionnant et unique l'attend pour vivre en \u00e9quipe une aventure \u00e0 la voile au f\u00e9minin.<\/p>\r\n                                    <span>\r\n                        1re participation                    <\/span>\r\n                                    <span class=\"notranslate\">Sainte-Th\u00e9r\u00e8se<\/span>\r\n                            <\/div>\r\n        <\/div>\r\n            <div class=\"membre-equipage\">\r\n                            <img decoding=\"async\" src=\"https:\/\/www.coupe-femina.com\/wp-content\/uploads\/2025\/11\/alain-nadeau.jpg\" alt=\"\"\/>\r\n                        <div>\r\n                                    <h3>\r\n                        <a class=\"notranslate\" href=\"https:\/\/www.coupe-femina.com\/en\/participant\/alain-nadeau\/\">\r\n                            Alain Nadeau                        <\/a>\r\n                    <\/h3>\r\n                                    <span class=\"instructeur\">Instructeur(rice)<\/span>\r\n                                    <p class=\"notranslate\">Alain est un passionn\u00e9 de voile depuis l'\u00e2ge de 8 ans o\u00f9 il obtient son brevet \u00e9l\u00e9mentaire de voile sur le lac des Deux-Montagnes. Depuis 2018, le fleuve Saint-Laurent est devenu son terrain de jeu. Propri\u00e9taire de son voilier Jeanneau Sun Light 30 depuis 2022.<\/p>\r\n                                    <span>\r\n                        1re participation                    <\/span>\r\n                                    <span class=\"notranslate\">Sainte-Th\u00e9r\u00e8se<\/span>\r\n                            <\/div>\r\n        <\/div>\r\n    <\/div><\/div><\/div>\n\t\t\t\t\t\t<\/div>\n\t\t\t\t\t<\/div>\n\t\t\t\t<\/div>\n\t\t\t\t<\/div>\n\t\t\t\t<div data-elementor-type=\"loop-item\" data-elementor-id=\"1363\" class=\"elementor elementor-1363 e-loop-item e-loop-item-2235 post-2235 equipage type-equipage status-publish hentry\" data-elementor-post-type=\"elementor_library\" data-custom-edit-handle=\"1\">\n\t\t\t<div class=\"elementor-element elementor-element-0960fd3 e-flex e-con-boxed e-con e-parent\" data-id=\"0960fd3\" data-element_type=\"container\" data-e-type=\"container\">\n\t\t\t\t\t<div class=\"e-con-inner\">\n\t\t\t\t<div class=\"elementor-element elementor-element-5ade0f9 elementor-widget elementor-widget-shortcode\" data-id=\"5ade0f9\" data-element_type=\"widget\" data-e-type=\"widget\" data-widget_type=\"shortcode.default\">\n\t\t\t\t\t\t\t<div class=\"elementor-shortcode\"><div class='boucle-equipage' data-voilier='2234' data-evenement='1308' data-categorie='36' data-edition='39'>                <div class='voilier' style='--bg-img:url(\"https:\/\/www.coupe-femina.com\/en\/wp-content\/uploads\/2025\/10\/coupe-femina-2023-posterimage.png\")'>\r\n                    <h2>\r\n                        <a class=\"notranslate\" href=\"https:\/\/www.coupe-femina.com\/en\/voilier\/nocturne\/\">\r\n                            Nocturne                        <\/a>\r\n                    <\/h2>\r\n\r\n                                            <h3>\r\n                            <a class=\"notranslate\" href=\"https:\/\/www.coupe-femina.com\/en\/evenement\/classe-evolution-2025\/\">\r\n                                Classe \u00c9volution 2025                            <\/a>\r\n                        <\/h3>\r\n                                    <\/div>\r\n                            <div class=\"details-equipage\">\r\n                    <span>\r\n                        <strong>Position :<\/strong>\r\n                        -<\/span>\r\n                    <span>\r\n                        <strong>Temps :<\/strong>\r\n                        <span class=\"notranslate\">-<\/span>\r\n                    <\/span>\r\n                    <a href=\"https:\/\/www.coupe-femina.com\/en\/equipage\/nocturne-classe-evolution-2025\/\">Voir plus de d\u00e9tails<\/a>\r\n                <\/div>\r\n                <div class='membres-equipage'>        <div class=\"membre-equipage\">\r\n                            <img decoding=\"async\" src=\"https:\/\/www.coupe-femina.com\/wp-content\/uploads\/2025\/11\/isabelle-julien.jpg\" alt=\"\"\/>\r\n                        <div>\r\n                                    <h3>\r\n                        <a class=\"notranslate\" href=\"https:\/\/www.coupe-femina.com\/en\/participant\/isabelle-julien\/\">\r\n                            Isabelle Julien                        <\/a>\r\n                    <\/h3>\r\n                                    <span class=\"capitaine\">Skipper<\/span>\r\n                                    <p class=\"notranslate\">Isabelle navigue sur le fleuve depuis son enfance. Elle est chef de bord au sein du Club de voile les Istorlets de Saint-Jean-Port-Joli. Elle poss\u00e8de les brevets de navigation c\u00f4ti\u00e8re et de croisi\u00e8re interm\u00e9diaire de Voile Canada.<\/p>\r\n                                    <span>\r\n                        1re participation                    <\/span>\r\n                                    <span class=\"notranslate\">Cap St-Ignace<\/span>\r\n                            <\/div>\r\n        <\/div>\r\n            <div class=\"membre-equipage\">\r\n                            <img decoding=\"async\" src=\"https:\/\/www.coupe-femina.com\/wp-content\/uploads\/2025\/11\/ariane-imbeault.jpeg\" alt=\"\"\/>\r\n                        <div>\r\n                                    <h3>\r\n                        <a class=\"notranslate\" href=\"https:\/\/www.coupe-femina.com\/en\/participant\/ariane-imbeault\/\">\r\n                            Ariane Imbeault                        <\/a>\r\n                    <\/h3>\r\n                                    <p class=\"notranslate\">Ariane fait de la voile depuis environ cinq ans. En 2022, elle et son conjoint ont acquis un magnifique voilier Dufour 35. Voulant \u00eatre autonome malgr\u00e9 sa courte exp\u00e9rience, elle a suivi un cours de m\u00e9canique diesel afin de pouvoir entretenir et r\u00e9parer elle-m\u00eame le moteur du voilier. En 2023, elle a \u00e9galement obtenu son brevet de voile \u00e9l\u00e9mentaire ainsi que son certificat d\u2019op\u00e9rateur radio VHF. Bien qu\u2019elle ne compte que quelques ann\u00e9es d\u2019exp\u00e9rience en navigation, Ariane est avide de nouvelles connaissances et est d\u00e9termin\u00e9e \u00e0 perfectionner ses comp\u00e9tences de navigatrice.<\/p>\r\n                                    <span>\r\n                        1re participation                    <\/span>\r\n                                    <span class=\"notranslate\">Montr\u00e9al<\/span>\r\n                            <\/div>\r\n        <\/div>\r\n            <div class=\"membre-equipage\">\r\n                            <img decoding=\"async\" src=\"https:\/\/www.coupe-femina.com\/wp-content\/uploads\/2025\/11\/amelie-poitras.jpg\" alt=\"\"\/>\r\n                        <div>\r\n                                    <h3>\r\n                        <a class=\"notranslate\" href=\"https:\/\/www.coupe-femina.com\/en\/participant\/amelie-poitras\/\">\r\n                            Am\u00e9lie Poitras                        <\/a>\r\n                    <\/h3>\r\n                                    <p class=\"notranslate\">Am\u00e9lie fait ses d\u00e9buts en voile gr\u00e2ce au Club de Voile Les Istorlets de Saint-Jean-Port-Joli. Membre du Club depuis 2021, elle compte 4 saisons de voile \u00e0 son actif \u00e0 explorer le fleuve \u00e0 la hauteur de Saint-Jean-Port-Joli. Elle a approfondi ses connaissances en se formant d'abord au brevet \u00e9l\u00e9mentaire avec un stage embarqu\u00e9 de 5 jours dans le fjord du Saguenay o\u00f9 elle a eu la piq\u00fbre pour la vie \u00e0 bord et la croisi\u00e8re. Elle suivra ensuite son brevet interm\u00e9diaire en mode convoyage entre la Guadeloupe et la Martinique. Elle s'est finalement d\u00e9couvert un int\u00e9r\u00eat pour les r\u00e9gates en participant \u00e0 2 reprises \u00e0 celle organis\u00e9e annuellement \u00e0 Saint-Jean-Port-Joli ainsi que lors de sa premi\u00e8re participation \u00e0 la Coupe Femina l'ann\u00e9e derni\u00e8re.<\/p>\r\n                                    <span>\r\n                        1re participation                    <\/span>\r\n                                    <span class=\"notranslate\">Laverni\u00e8re<\/span>\r\n                            <\/div>\r\n        <\/div>\r\n            <div class=\"membre-equipage\">\r\n                            <img decoding=\"async\" src=\"https:\/\/www.coupe-femina.com\/wp-content\/uploads\/2025\/11\/melanie-bergeron.jpg\" alt=\"\"\/>\r\n                        <div>\r\n                                    <h3>\r\n                        <a class=\"notranslate\" href=\"https:\/\/www.coupe-femina.com\/en\/participant\/melanie-bergeron\/\">\r\n                            M\u00e9lanie Bergeron                        <\/a>\r\n                    <\/h3>\r\n                                    <p class=\"notranslate\">Ayant d\u00e9but\u00e9 la voile en 2022 avec le superbe club de St-Jean-Port-Joli, je d\u00e9buterai ma 4e ann\u00e9e cette \u00e9t\u00e9. Je suis passionn\u00e9e de la libert\u00e9 que la voile procure et des paysages magnifique que la navigation nous procure. Je compte cette ann\u00e9e passer \u00e0 un autre niveau en passant diff\u00e9rentes formations.<\/p>\r\n                                    <span>\r\n                        1re participation                    <\/span>\r\n                                    <span class=\"notranslate\">Montmagny<\/span>\r\n                            <\/div>\r\n        <\/div>\r\n            <div class=\"membre-equipage\">\r\n                            <img decoding=\"async\" src=\"https:\/\/www.coupe-femina.com\/wp-content\/uploads\/2025\/11\/eric-plante.jpeg\" alt=\"\"\/>\r\n                        <div>\r\n                                    <h3>\r\n                        <a class=\"notranslate\" href=\"https:\/\/www.coupe-femina.com\/en\/participant\/eric-plante\/\">\r\n                            Eric Plante                        <\/a>\r\n                    <\/h3>\r\n                                    <span class=\"instructeur\">Instructeur(rice)<\/span>\r\n                                    <p class=\"notranslate\">\u00c9ric a \u00e0 son actif un convoyage Islande-Qu\u00e9bec et navigue depuis 12 ans \u00e0 Saint-Jean-port-joli.<\/p>\r\n                                    <span>\r\n                        1re participation                    <\/span>\r\n                                    <span class=\"notranslate\">L&#039;Islet<\/span>\r\n                            <\/div>\r\n        <\/div>\r\n    <\/div><\/div><\/div>\n\t\t\t\t\t\t<\/div>\n\t\t\t\t\t<\/div>\n\t\t\t\t<\/div>\n\t\t\t\t<\/div>\n\t\t\t\t<div data-elementor-type=\"loop-item\" data-elementor-id=\"1363\" class=\"elementor elementor-1363 e-loop-item e-loop-item-3190 post-3190 equipage type-equipage status-publish hentry\" data-elementor-post-type=\"elementor_library\" data-custom-edit-handle=\"1\">\n\t\t\t<div class=\"elementor-element elementor-element-0960fd3 e-flex e-con-boxed e-con e-parent\" data-id=\"0960fd3\" data-element_type=\"container\" data-e-type=\"container\">\n\t\t\t\t\t<div class=\"e-con-inner\">\n\t\t\t\t<div class=\"elementor-element elementor-element-5ade0f9 elementor-widget elementor-widget-shortcode\" data-id=\"5ade0f9\" data-element_type=\"widget\" data-e-type=\"widget\" data-widget_type=\"shortcode.default\">\n\t\t\t\t\t\t\t<div class=\"elementor-shortcode\"><div class='boucle-equipage' data-voilier='3189' data-evenement='1501' data-categorie='32' data-edition='44'>                <div class='voilier' style='--bg-img:url(\"https:\/\/www.coupe-femina.com\/wp-content\/uploads\/2026\/03\/Portoloin.jpeg\")'>\r\n                    <h2>\r\n                        <a class=\"notranslate\" href=\"https:\/\/www.coupe-femina.com\/en\/voilier\/portoloin\/\">\r\n                            Portoloin                        <\/a>\r\n                    <\/h2>\r\n\r\n                                            <h3>\r\n                            <a class=\"notranslate\" href=\"https:\/\/www.coupe-femina.com\/en\/evenement\/coupe-femina-2026\/\">\r\n                                Coupe Femina 2026                            <\/a>\r\n                        <\/h3>\r\n                                    <\/div>\r\n                            <div class=\"details-equipage\">\r\n                    <span>\r\n                        <strong>Position :<\/strong>\r\n                        -<\/span>\r\n                    <span>\r\n                        <strong>Temps :<\/strong>\r\n                        <span class=\"notranslate\">-<\/span>\r\n                    <\/span>\r\n                    <a href=\"https:\/\/www.coupe-femina.com\/en\/equipage\/portoloin-coupe-femina-2026\/\">Voir plus de d\u00e9tails<\/a>\r\n                <\/div>\r\n                <div class='membres-equipage'>        <div class=\"membre-equipage\">\r\n                            <img decoding=\"async\" src=\"https:\/\/www.coupe-femina.com\/wp-content\/uploads\/2026\/03\/mars-jacinthe-savard.jpg\" alt=\"\"\/>\r\n                        <div>\r\n                                    <h3>\r\n                        <a class=\"notranslate\" href=\"https:\/\/www.coupe-femina.com\/en\/participant\/jacinthe-savard\/\">\r\n                            Jacinthe Savard                        <\/a>\r\n                    <\/h3>\r\n                                    <p class=\"notranslate\">Pour Jacinthe, ce sera une seconde exp\u00e9rience de comp\u00e9tition \u00e0 voile ! Elle a eu le privil\u00e8ge de participer \u00e0 la Coupe Femina et au Challenge de nuit, l\u2019an dernier, avec l\u2019\u00e9quipe de Vortex 1. Elle d\u00e9tient le brevet de chef de bord de Voile Canada. \u00c0 titre, d'\u00e9quipi\u00e8re elle a navigu\u00e9 dans la Baie-des-chaleurs, le Fjord-du -Saguenay, les Bahamas et la Guadeloupe. Suite \u00e0 l\u2019exp\u00e9rience des plus exaltantes v\u00e9cue l\u2019an dernier, elle a d\u00e9cid\u00e9 de participer \u00e0 la Coupe Femina en 2026 cette fois-ci avec sa fille et ses belles-filles ! Ce sera un merveilleux d\u00e9fi \u00e0 relever !<\/p>\r\n                                    <span>\r\n                        2e participation                    <\/span>\r\n                                    <span class=\"notranslate\">Boischatel<\/span>\r\n                            <\/div>\r\n        <\/div>\r\n            <div class=\"membre-equipage\">\r\n                            <img decoding=\"async\" src=\"https:\/\/www.coupe-femina.com\/wp-content\/uploads\/2026\/03\/maude-bedard.png\" alt=\"\"\/>\r\n                        <div>\r\n                                    <h3>\r\n                        <a class=\"notranslate\" href=\"https:\/\/www.coupe-femina.com\/en\/participant\/maude-bedard\/\">\r\n                            Maude B\u00e9dard                        <\/a>\r\n                    <\/h3>\r\n                                    <p class=\"notranslate\">Pour Maude ce sera une premi\u00e8re exp\u00e9rience \u00e0 la Coupe Femina. D\u00e9tentrice d\u2019une brevet d\u2019\u00e9quipi\u00e8re, apr\u00e8s avoir naviguer plusieurs \u00e9t\u00e9s sur le fleuve St-Laurent et fait une excursion dans le fjord du Saguenay, elle est maintenant pr\u00eate \u00e0 relever un nouveau d\u00e9fi en voile.<\/p>\r\n                                    <span>\r\n                        1re participation                    <\/span>\r\n                                    <span class=\"notranslate\">Qu\u00e9bec<\/span>\r\n                            <\/div>\r\n        <\/div>\r\n            <div class=\"membre-equipage\">\r\n                            <img decoding=\"async\" src=\"https:\/\/www.coupe-femina.com\/wp-content\/uploads\/2026\/03\/lavoie-anne-andree.png\" alt=\"\"\/>\r\n                        <div>\r\n                                    <h3>\r\n                        <a class=\"notranslate\" href=\"https:\/\/www.coupe-femina.com\/en\/participant\/anne-andree-lavoie\/\">\r\n                            Anne-Andr\u00e9e Lavoie                        <\/a>\r\n                    <\/h3>\r\n                                    <p class=\"notranslate\">Anne-Andr\u00e9e a 30 ans et est enseignante de fran\u00e7ais au secondaire. Elle adore voyager et d\u00e9couvrir de nouvelles cultures. La voile a toujours occup\u00e9 une place importante dans sa vie. Son p\u00e8re est un grand passionn\u00e9, et elle garde de tr\u00e8s beaux souvenirs avec lui sur l\u2019eau lorsqu\u2019elle \u00e9tait petite. Elle a \u00e9galement suivi sa formation \u00e0 l\u2019\u00e9cole de voile afin de bien ma\u00eetriser les manoeuvres et devenir une meilleure \u00e9quipi\u00e8re. Ses exp\u00e9riences de voile sont surtout sur le fleuve St-Laurent, mais elle a aussi visit\u00e9 le Fjord du Saguenay et la Baie des Chaleurs dans les derni\u00e8res ann\u00e9es.\r\n\r\nElle aime venir \u00e0 la marina de L\u00e9vis pour naviguer sur le fleuve au beau soleil, et Portoloin est son refuge pendant l\u2019\u00e9t\u00e9. Elle appr\u00e9cie aussi les moments plus calmes \u00e0 relaxer \u00e0 quai avec un bon roman. \r\n\r\nCette r\u00e9gate sera une premi\u00e8re pour Anne-Andr\u00e9e, mais c\u2019est une personne dynamique et aventuri\u00e8re. Elle est convaincue que ce sera un beau moment entre filles, rempli de plaisir, de d\u00e9fis et de belles rencontres. \u26f5\ufe0f\u2728<\/p>\r\n                                    <span>\r\n                        1re participation                    <\/span>\r\n                                    <span class=\"notranslate\">Quebec<\/span>\r\n                            <\/div>\r\n        <\/div>\r\n            <div class=\"membre-equipage\">\r\n                            <img decoding=\"async\" src=\"https:\/\/www.coupe-femina.com\/wp-content\/uploads\/2026\/04\/messenger-creation-af35c236-7cc8-496c-ac09-78b0388a156c.jpeg\" alt=\"\"\/>\r\n                        <div>\r\n                                    <h3>\r\n                        <a class=\"notranslate\" href=\"https:\/\/www.coupe-femina.com\/en\/participant\/emilie-laberge\/\">\r\n                            \u00c9milie Laberge                        <\/a>\r\n                    <\/h3>\r\n                                    <p class=\"notranslate\">Nouvellement initi\u00e9e au monde de la voile, \u00c9milie a fait sa formation d'\u00e9quiper \u00e9l\u00e9mentaire en 2025 et a fait quelques sorties de plaisance. Elle a eu la piq\u00fbre d\u00e8s le d\u00e9but et r\u00eave d'en apprendre plus pour parfaire ses techniques. La Coupe Femina est un moment id\u00e9al pour gagner en exp\u00e9riences, entour\u00e9e de femmes passionn\u00e9es, d\u00e9sirant transmettre toutes leurs connaissances. <br \/>\r\n<br \/>\r\n\u00c9milie sera l'\u00e9quipi\u00e8re parfaite : elle est tr\u00e8s physique, aime lorsqu'il y a de l'action en mer et elle est toujours \u00e0 l'\u00e9coute des directives du skipper.<\/p>\r\n                                    <span>\r\n                        1re participation                    <\/span>\r\n                                    <span class=\"notranslate\">Qu\u00e9bec<\/span>\r\n                            <\/div>\r\n        <\/div>\r\n            <div class=\"membre-equipage\">\r\n                            <img decoding=\"async\" src=\"https:\/\/www.coupe-femina.com\/wp-content\/uploads\/2025\/10\/audrey-morin.jpg\" alt=\"\"\/>\r\n                        <div>\r\n                                    <h3>\r\n                        <a class=\"notranslate\" href=\"https:\/\/www.coupe-femina.com\/en\/participant\/audrey-morin-2\/\">\r\n                            Audrey Morin                        <\/a>\r\n                    <\/h3>\r\n                                    <p class=\"notranslate\">Audrey est copropri\u00e9taire d'un Beneteau First 30 depuis 2021. Elle navigue comme \u00e9quipi\u00e8re dans le secteur de Rivi\u00e8re-du-Loup et a r\u00e9alis\u00e9 un voyage de deux mois et demi sur l'estuaire et le golfe du Saint-Laurent. Pour elle, la Coupe Femina est une opportunit\u00e9 de naviguer et d'\u00e9changer avec des femmes inspirantes. Elle en sera \u00e0 sa deuxi\u00e8me participation \u00e0 l'\u00e9v\u00e9nement. En 2025 elle \u00e9tait sur l'\u00e9quipage de Ma\u00eble Savard \u00e0 bord de Bleue &amp; Blanc.<\/p>\r\n                                    <span>\r\n                        2e participation                    <\/span>\r\n                                    <span class=\"notranslate\">Cacouna<\/span>\r\n                            <\/div>\r\n        <\/div>\r\n    <\/div><\/div><\/div>\n\t\t\t\t\t\t<\/div>\n\t\t\t\t\t<\/div>\n\t\t\t\t<\/div>\n\t\t\t\t<\/div>\n\t\t\t\t<div data-elementor-type=\"loop-item\" data-elementor-id=\"1363\" class=\"elementor elementor-1363 e-loop-item e-loop-item-1338 post-1338 equipage type-equipage status-publish hentry\" data-elementor-post-type=\"elementor_library\" data-custom-edit-handle=\"1\">\n\t\t\t<div class=\"elementor-element elementor-element-0960fd3 e-flex e-con-boxed e-con e-parent\" data-id=\"0960fd3\" data-element_type=\"container\" data-e-type=\"container\">\n\t\t\t\t\t<div class=\"e-con-inner\">\n\t\t\t\t<div class=\"elementor-element elementor-element-5ade0f9 elementor-widget elementor-widget-shortcode\" data-id=\"5ade0f9\" data-element_type=\"widget\" data-e-type=\"widget\" data-widget_type=\"shortcode.default\">\n\t\t\t\t\t\t\t<div class=\"elementor-shortcode\"><div class='boucle-equipage' data-voilier='1337' data-evenement='1308' data-categorie='36' data-edition='39'>                <div class='voilier' style='--bg-img:url(\"https:\/\/www.coupe-femina.com\/en\/wp-content\/uploads\/2025\/10\/coupe-femina-2023-posterimage.png\")'>\r\n                    <h2>\r\n                        <a class=\"notranslate\" href=\"https:\/\/www.coupe-femina.com\/en\/voilier\/pyxis\/\">\r\n                            Pyxis                        <\/a>\r\n                    <\/h2>\r\n\r\n                                            <h3>\r\n                            <a class=\"notranslate\" href=\"https:\/\/www.coupe-femina.com\/en\/evenement\/classe-evolution-2025\/\">\r\n                                Classe \u00c9volution 2025                            <\/a>\r\n                        <\/h3>\r\n                                    <\/div>\r\n                            <div class=\"details-equipage\">\r\n                    <span>\r\n                        <strong>Position :<\/strong>\r\n                        -<\/span>\r\n                    <span>\r\n                        <strong>Temps :<\/strong>\r\n                        <span class=\"notranslate\">-<\/span>\r\n                    <\/span>\r\n                    <a href=\"https:\/\/www.coupe-femina.com\/en\/equipage\/pyxis-classe-evolution-2025\/\">Voir plus de d\u00e9tails<\/a>\r\n                <\/div>\r\n                <div class='membres-equipage'>        <div class=\"membre-equipage\">\r\n                            <img decoding=\"async\" src=\"https:\/\/www.coupe-femina.com\/wp-content\/uploads\/2025\/10\/sylvie-giroux.jpg\" alt=\"\"\/>\r\n                        <div>\r\n                                    <h3>\r\n                        <a class=\"notranslate\" href=\"https:\/\/www.coupe-femina.com\/en\/participant\/sylvie-giroux\/\">\r\n                            Sylvie Giroux                        <\/a>\r\n                    <\/h3>\r\n                                    <span class=\"capitaine\">Skipper<\/span>\r\n                                    <p class=\"notranslate\">Plaisanci\u00e8re depuis la naissance, b\u00e9n\u00e9vole engag\u00e9e dans la s\u00e9curit\u00e9 nautique depuis plusieurs ann\u00e9es, elle a \u00e9t\u00e9 infect\u00e9e du virus de la voile en 2018. Depuis, elle pr\u00e9pare son r\u00eave en encha\u00eenant les formations th\u00e9oriques et pratiques qui ont men\u00e9 \u00e0 l\u2019achat de son voilier ce printemps. Entour\u00e9e de ses coachs, elle navigue avec Pyxis dans la r\u00e9gion de L\u00e9vis depuis la mi-juin.<\/p>\r\n                                    <span>\r\n                        1re participation                    <\/span>\r\n                                    <span class=\"notranslate\">L\u00e9vis<\/span>\r\n                            <\/div>\r\n        <\/div>\r\n            <div class=\"membre-equipage\">\r\n                            <img decoding=\"async\" src=\"https:\/\/www.coupe-femina.com\/wp-content\/uploads\/2025\/10\/josee-emond.jpg\" alt=\"\"\/>\r\n                        <div>\r\n                                    <h3>\r\n                        <a class=\"notranslate\" href=\"https:\/\/www.coupe-femina.com\/en\/participant\/josee-emond-2\/\">\r\n                            Jos\u00e9e \u00c9mond                        <\/a>\r\n                    <\/h3>\r\n                                    <p class=\"notranslate\">Jos\u00e9e en est \u00e0 sa quatri\u00e8me participation \u00e0 la coupe Femina. Elle a navigu\u00e9 sur des quillards (Shark, Tanzer, Catalina) depuis 2005 sur la rivi\u00e8re des Outaouais. Elle a particip\u00e9 \u00e0 plusieurs r\u00e9gates sur l'Outaouais et elle poss\u00e8de le brevet de voile \u00e9l\u00e9mentaire. Elle naviguera avec Formation nautique Qu\u00e9bec au cours de la saison de voile 2026 en plus de participer \u00e0 la coupe Femina.<\/p>\r\n                                    <span>\r\n                        4e participation                    <\/span>\r\n                                    <span class=\"notranslate\">Saint-Pascal<\/span>\r\n                            <\/div>\r\n        <\/div>\r\n            <div class=\"membre-equipage\">\r\n                            <img decoding=\"async\" src=\"https:\/\/www.coupe-femina.com\/wp-content\/uploads\/2026\/01\/image-2026-01-11-a-1401.jpeg\" alt=\"\"\/>\r\n                        <div>\r\n                                    <h3>\r\n                        <a class=\"notranslate\" href=\"https:\/\/www.coupe-femina.com\/en\/participant\/isabelle-provost\/\">\r\n                            Isabelle Provost                        <\/a>\r\n                    <\/h3>\r\n                                    <p class=\"notranslate\">Isabelle d\u00e9couvre la voile en 2004 \u00e0 bord du voilier Virus et c\u2019est le d\u00e9but d\u2019une v\u00e9ritable passion.<br \/>\r\nNavigatrice polyvalente, elle cumule surtout de l\u2019exp\u00e9rience en croisi\u00e8re, tout en prenant plaisir \u00e0 participer \u00e0 quelques r\u00e9gates amicales.<br \/>\r\nToujours motiv\u00e9e \u00e0 progresser, elle mise sur l\u2019esprit d\u2019\u00e9quipe, le d\u00e9passement de soi et l\u2019autonomie pour \u00e9voluer comme navigatrice.<br \/>\r\nLa classe \u00c9volution s\u2019est rapidement impos\u00e9e pour elle comme le meilleur terrain de jeu pour transformer la th\u00e9orie en gestes concrets.<br \/>\r\nCette ann\u00e9e, elle souhaite \u00e9largir ses horizons en d\u00e9couvrant un nouveau voilier, histoire d\u2019ouvrir son champ des possibles\u2026 et de pr\u00e9parer son projet de retraite avec ambition et enthousiasme.<br \/>\r\n6e participation en 2026<br \/>\r\n2015 \u00e0 2018 \u2013 Voilier Virus<br \/>\r\n\u2022\t2015 : 3e position, co-skipper \u2013 Coupe F\u00e9mina<br \/>\r\n\u2022\t2017 : 3e position \u2013 Classe \u00c9volution<br \/>\r\n2025 \u2013 Voilier Pyxis \u2013 Classe \u00c9volution<br \/><\/p>\r\n                                    <span>\r\n                        6e participation                    <\/span>\r\n                                    <span class=\"notranslate\">Levis<\/span>\r\n                            <\/div>\r\n        <\/div>\r\n            <div class=\"membre-equipage\">\r\n                            <img decoding=\"async\" src=\"https:\/\/www.coupe-femina.com\/wp-content\/uploads\/2025\/10\/christian-drolet.jpg\" alt=\"\"\/>\r\n                        <div>\r\n                                    <h3>\r\n                        <a class=\"notranslate\" href=\"https:\/\/www.coupe-femina.com\/en\/participant\/christian-drolet\/\">\r\n                            Christian Drolet                        <\/a>\r\n                    <\/h3>\r\n                                    <span class=\"instructeur\">Instructeur(rice)<\/span>\r\n                                    <p class=\"notranslate\">Christian est de ces passionn\u00e9s qui ont appris \u00e0 naviguer avant d\u2019apprendre \u00e0 marcher.<br \/>\r\n<br \/>\r\nLargement impliqu\u00e9 en formation et en s\u00e9curit\u00e9 nautique, il ne manque jamais une occasion pour transmettre sa passion et ses connaissances. <br \/>\r\n<br \/>\r\nApr\u00e8s avoir infect\u00e9 ses amies du virus de la voile, il se fait aujourd\u2019hui un plaisir de les accompagner dans ce d\u00e9fi.<\/p>\r\n                                    <span>\r\n                        2e participation                    <\/span>\r\n                                    <span class=\"notranslate\">L\u00e9vis<\/span>\r\n                            <\/div>\r\n        <\/div>\r\n    <\/div><\/div><\/div>\n\t\t\t\t\t\t<\/div>\n\t\t\t\t\t<\/div>\n\t\t\t\t<\/div>\n\t\t\t\t<\/div>\n\t\t\t\t<div data-elementor-type=\"loop-item\" data-elementor-id=\"1363\" class=\"elementor elementor-1363 e-loop-item e-loop-item-2118 post-2118 equipage type-equipage status-publish hentry\" data-elementor-post-type=\"elementor_library\" data-custom-edit-handle=\"1\">\n\t\t\t<div class=\"elementor-element elementor-element-0960fd3 e-flex e-con-boxed e-con e-parent\" data-id=\"0960fd3\" data-element_type=\"container\" data-e-type=\"container\">\n\t\t\t\t\t<div class=\"e-con-inner\">\n\t\t\t\t<div class=\"elementor-element elementor-element-5ade0f9 elementor-widget elementor-widget-shortcode\" data-id=\"5ade0f9\" data-element_type=\"widget\" data-e-type=\"widget\" data-widget_type=\"shortcode.default\">\n\t\t\t\t\t\t\t<div class=\"elementor-shortcode\"><div class='boucle-equipage' data-voilier='2116' data-evenement='1307' data-categorie='34' data-edition='39'>                <div class='voilier' style='--bg-img:url(\"https:\/\/www.coupe-femina.com\/en\/wp-content\/uploads\/2025\/10\/coupe-femina-2023-posterimage.png\")'>\r\n                    <h2>\r\n                        <a class=\"notranslate\" href=\"https:\/\/www.coupe-femina.com\/en\/voilier\/salida\/\">\r\n                            Salida                        <\/a>\r\n                    <\/h2>\r\n\r\n                                            <h3>\r\n                            <a class=\"notranslate\" href=\"https:\/\/www.coupe-femina.com\/en\/evenement\/femina-challenge-2025\/\">\r\n                                Femina Challenge 2025                            <\/a>\r\n                        <\/h3>\r\n                                    <\/div>\r\n                            <div class=\"details-equipage\">\r\n                    <span>\r\n                        <strong>Position :<\/strong>\r\n                        -<\/span>\r\n                    <span>\r\n                        <strong>Temps :<\/strong>\r\n                        <span class=\"notranslate\">-<\/span>\r\n                    <\/span>\r\n                    <a href=\"https:\/\/www.coupe-femina.com\/en\/equipage\/salida-femina-challenge-2025\/\">Voir plus de d\u00e9tails<\/a>\r\n                <\/div>\r\n                <div class='membres-equipage'>        <div class=\"membre-equipage\">\r\n                            <img decoding=\"async\" src=\"https:\/\/www.coupe-femina.com\/wp-content\/uploads\/2026\/04\/img-20241016-184132-164-2-1-scaled.jpg\" alt=\"\"\/>\r\n                        <div>\r\n                                    <h3>\r\n                        <a class=\"notranslate\" href=\"https:\/\/www.coupe-femina.com\/en\/participant\/marie-albert-2\/\">\r\n                            Marie Albert                        <\/a>\r\n                    <\/h3>\r\n                                    <span class=\"capitaine\">Skipper<\/span>\r\n                                    <p class=\"notranslate\">Marie, navigatrice passionn\u00e9e et instructrice \u00e9l\u00e9mentaire, en est \u00e0 sa sixi\u00e8me saison de voile. <br \/>\r\n<br \/>\r\nFervente adepte des convoyages, elle a d\u00e9j\u00e0 parcouru plus de 5 000 milles nautiques sur des voiliers allant de 22 \u00e0 50 pieds, explorant les eaux du fleuve Saint-Laurent, du lac Ontario, de la c\u00f4te Est am\u00e9ricaine, et des Bahamas.<br \/>\r\n<br \/>\r\nAvec cette deuxi\u00e8me participation au Femina Challenge, Marie et sa team de crinqu\u00e9es souhaitent augmenter leur niveau de performance et avoir du gros fun !<\/p>\r\n                                    <span>\r\n                        2e participation                    <\/span>\r\n                                    <span class=\"notranslate\">Montr\u00e9al<\/span>\r\n                            <\/div>\r\n        <\/div>\r\n            <div class=\"membre-equipage\">\r\n                            <img decoding=\"async\" src=\"https:\/\/www.coupe-femina.com\/wp-content\/uploads\/2025\/11\/aglae-casault.jpeg\" alt=\"\"\/>\r\n                        <div>\r\n                                    <h3>\r\n                        <a class=\"notranslate\" href=\"https:\/\/www.coupe-femina.com\/en\/participant\/aglae-casault\/\">\r\n                            Agla\u00e9 Casault                        <\/a>\r\n                    <\/h3>\r\n                                    <p class=\"notranslate\">Agla\u00e9 a navigu\u00e9 sur des eaux vari\u00e9es, de l'Atlantique au fleuve Saint-Laurent, en passant par la M\u00e9diterran\u00e9e et les Cara\u00efbes. Elle aime relever des d\u00e9fis en mer et partager cette passion avec d'autres marins. Elle d\u00e9tient un brevet de croisi\u00e8re \u00e9l\u00e9mentaire, un brevet de navigation c\u00f4ti\u00e8re \u00e9l\u00e9mentaire et est instructrice d\u2019initiation \u00e0 la voile sur quillard.<\/p>\r\n                                    <span>\r\n                        2e participation                    <\/span>\r\n                                    <span class=\"notranslate\">Saint-Sauveur<\/span>\r\n                            <\/div>\r\n        <\/div>\r\n            <div class=\"membre-equipage\">\r\n                            <img decoding=\"async\" src=\"https:\/\/www.coupe-femina.com\/wp-content\/uploads\/2025\/11\/valerie-degas.jpg\" alt=\"\"\/>\r\n                        <div>\r\n                                    <h3>\r\n                        <a class=\"notranslate\" href=\"https:\/\/www.coupe-femina.com\/en\/participant\/valerie-degas-2\/\">\r\n                            Val\u00e9rie Degas                        <\/a>\r\n                    <\/h3>\r\n                                    <p class=\"notranslate\">Depuis 2023, la voile fait partie de sa vie, que ce soit en seconde, en \u00e9quipi\u00e8re ou \u00e0 la maintenance des bateaux. La Coupe Femina \u00e0 laquelle elle a particip\u00e9 pour la premi\u00e8re fois  en 2024 a \u00e9t\u00e9 une r\u00e9v\u00e9lation et depuis, avec son \u00e9quipe de choc, les projets de voile s'enchainent avec le plus grand des bonheurs! De retour cette ann\u00e9e avec beaucoup de joie!<\/p>\r\n                                    <span>\r\n                        3e participation                    <\/span>\r\n                                    <span class=\"notranslate\">Longueuil<\/span>\r\n                            <\/div>\r\n        <\/div>\r\n            <div class=\"membre-equipage\">\r\n                            <img decoding=\"async\" src=\"https:\/\/www.coupe-femina.com\/wp-content\/uploads\/2025\/11\/stephanie-forest-lanthier.jpeg\" alt=\"\"\/>\r\n                        <div>\r\n                                    <h3>\r\n                        <a class=\"notranslate\" href=\"https:\/\/www.coupe-femina.com\/en\/participant\/stephanie-forest-lanthier-2\/\">\r\n                            St\u00e9phanie Forest-Lanthier                        <\/a>\r\n                    <\/h3>\r\n                                    <p class=\"notranslate\">St\u00e9phanie a d\u00e9couvert la voile en 2021en explorant la basse C\u00f4te-Nord sur l\u2019\u00c9comaris. Depuis, elle poursuit son apprentissage chez Ohana. D\u2019abord comme cliente, puis comme seconde. D\u00e9tentrice d\u2019un brevet \u00e9l\u00e9mentaire, elle a eu la chance de naviguer en Guadeloupe, sur le Fleuve et le Fjord, ainsi que de Kingston jusqu\u2019\u00e0 New York. Elle en est \u00e0 sa troisi\u00e8me participation \u00e0 la Coupe Femina.<\/p>\r\n                                    <span>\r\n                        3e participation                    <\/span>\r\n                                    <span class=\"notranslate\">Montr\u00e9al<\/span>\r\n                            <\/div>\r\n        <\/div>\r\n            <div class=\"membre-equipage\">\r\n                            <img decoding=\"async\" src=\"https:\/\/www.coupe-femina.com\/wp-content\/uploads\/2025\/11\/elyse-robin-boulanger.jpg\" alt=\"\"\/>\r\n                        <div>\r\n                                    <h3>\r\n                        <a class=\"notranslate\" href=\"https:\/\/www.coupe-femina.com\/en\/participant\/elyse-robin-boulanger\/\">\r\n                            \u00c9lyse Robin-Boulanger                        <\/a>\r\n                    <\/h3>\r\n                                    <p class=\"notranslate\">Elyse a d\u00e9but\u00e9 la voile dans un camp de voile \u00e0 l'\u00e2ge de 8 ans et n'a pas arr\u00eat\u00e9 depuis. Avec des navigations en France, aux \u00c9tats-Unis et en Australie, elle r\u00eave toujours plus grand! Aujourd'hui seconde pour une \u00e9cole de voile, elle souhaite partager sa passion avec le grand public.<\/p>\r\n                                    <span>\r\n                        2e participation                    <\/span>\r\n                                    <span class=\"notranslate\">Repentigny<\/span>\r\n                            <\/div>\r\n        <\/div>\r\n            <div class=\"membre-equipage\">\r\n                            <img decoding=\"async\" src=\"https:\/\/www.coupe-femina.com\/wp-content\/uploads\/2025\/11\/anna-morineau.jpeg\" alt=\"\"\/>\r\n                        <div>\r\n                                    <h3>\r\n                        <a class=\"notranslate\" href=\"https:\/\/www.coupe-femina.com\/en\/participant\/anna-morineau\/\">\r\n                            Anna Morineau                        <\/a>\r\n                    <\/h3>\r\n                                    <p class=\"notranslate\">Naviguant depuis l\u2019\u00e2ge de 10 ans, Anna a fait partie de l\u2019\u00e9quipe du Qu\u00e9bec en Optimist ,en Laser Radial et en 29er. Elle a ador\u00e9 l\u2019exp\u00e9rience que la comp\u00e9tition de voile au niveau internationale lui a apprise. Elle enseigne la voile l\u00e9g\u00e8re depuis 2016, et poss\u00e8de le niveau Instructrice de voile Initiation au Quillard depuis 2021 dans le Fjord du Saguenay ,un plan d\u2019eau autant majestueux qu\u2019instructif.<\/p>\r\n                                    <span>\r\n                        1re participation                    <\/span>\r\n                                    <span class=\"notranslate\">La Baie<\/span>\r\n                            <\/div>\r\n        <\/div>\r\n    <\/div><\/div><\/div>\n\t\t\t\t\t\t<\/div>\n\t\t\t\t\t<\/div>\n\t\t\t\t<\/div>\n\t\t\t\t<\/div>\n\t\t\t\t<div data-elementor-type=\"loop-item\" data-elementor-id=\"1363\" class=\"elementor elementor-1363 e-loop-item e-loop-item-3148 post-3148 equipage type-equipage status-publish hentry\" data-elementor-post-type=\"elementor_library\" data-custom-edit-handle=\"1\">\n\t\t\t<div class=\"elementor-element elementor-element-0960fd3 e-flex e-con-boxed e-con e-parent\" data-id=\"0960fd3\" data-element_type=\"container\" data-e-type=\"container\">\n\t\t\t\t\t<div class=\"e-con-inner\">\n\t\t\t\t<div class=\"elementor-element elementor-element-5ade0f9 elementor-widget elementor-widget-shortcode\" data-id=\"5ade0f9\" data-element_type=\"widget\" data-e-type=\"widget\" data-widget_type=\"shortcode.default\">\n\t\t\t\t\t\t\t<div class=\"elementor-shortcode\"><div class='boucle-equipage' data-voilier='2116' data-evenement='1503' data-categorie='34' data-edition='44'>                <div class='voilier' style='--bg-img:url(\"https:\/\/www.coupe-femina.com\/en\/wp-content\/uploads\/2025\/10\/coupe-femina-2023-posterimage.png\")'>\r\n                    <h2>\r\n                        <a class=\"notranslate\" href=\"https:\/\/www.coupe-femina.com\/en\/voilier\/salida\/\">\r\n                            Salida                        <\/a>\r\n                    <\/h2>\r\n\r\n                                            <h3>\r\n                            <a class=\"notranslate\" href=\"https:\/\/www.coupe-femina.com\/en\/evenement\/femina-challenge-2026\/\">\r\n                                Femina Challenge 2026                            <\/a>\r\n                        <\/h3>\r\n                                    <\/div>\r\n                            <div class=\"details-equipage\">\r\n                    <span>\r\n                        <strong>Position :<\/strong>\r\n                        -<\/span>\r\n                    <span>\r\n                        <strong>Temps :<\/strong>\r\n                        <span class=\"notranslate\">-<\/span>\r\n                    <\/span>\r\n                    <a href=\"https:\/\/www.coupe-femina.com\/en\/equipage\/salida-femina-challenge-2026\/\">Voir plus de d\u00e9tails<\/a>\r\n                <\/div>\r\n                <div class='membres-equipage'>        <div class=\"membre-equipage\">\r\n                            <img decoding=\"async\" src=\"https:\/\/www.coupe-femina.com\/wp-content\/uploads\/2026\/04\/img-20241016-184132-164-2-1-scaled.jpg\" alt=\"\"\/>\r\n                        <div>\r\n                                    <h3>\r\n                        <a class=\"notranslate\" href=\"https:\/\/www.coupe-femina.com\/en\/participant\/marie-albert-2\/\">\r\n                            Marie Albert                        <\/a>\r\n                    <\/h3>\r\n                                    <span class=\"capitaine\">Skipper<\/span>\r\n                                    <p class=\"notranslate\">Marie, navigatrice passionn\u00e9e et instructrice \u00e9l\u00e9mentaire, en est \u00e0 sa sixi\u00e8me saison de voile. <br \/>\r\n<br \/>\r\nFervente adepte des convoyages, elle a d\u00e9j\u00e0 parcouru plus de 5 000 milles nautiques sur des voiliers allant de 22 \u00e0 50 pieds, explorant les eaux du fleuve Saint-Laurent, du lac Ontario, de la c\u00f4te Est am\u00e9ricaine, et des Bahamas.<br \/>\r\n<br \/>\r\nAvec cette deuxi\u00e8me participation au Femina Challenge, Marie et sa team de crinqu\u00e9es souhaitent augmenter leur niveau de performance et avoir du gros fun !<\/p>\r\n                                    <span>\r\n                        2e participation                    <\/span>\r\n                                    <span class=\"notranslate\">Montr\u00e9al<\/span>\r\n                            <\/div>\r\n        <\/div>\r\n            <div class=\"membre-equipage\">\r\n                            <img decoding=\"async\" src=\"https:\/\/www.coupe-femina.com\/wp-content\/uploads\/2025\/11\/valerie-degas.jpg\" alt=\"\"\/>\r\n                        <div>\r\n                                    <h3>\r\n                        <a class=\"notranslate\" href=\"https:\/\/www.coupe-femina.com\/en\/participant\/valerie-degas-2\/\">\r\n                            Val\u00e9rie Degas                        <\/a>\r\n                    <\/h3>\r\n                                    <p class=\"notranslate\">Depuis 2023, la voile fait partie de sa vie, que ce soit en seconde, en \u00e9quipi\u00e8re ou \u00e0 la maintenance des bateaux. La Coupe Femina \u00e0 laquelle elle a particip\u00e9 pour la premi\u00e8re fois  en 2024 a \u00e9t\u00e9 une r\u00e9v\u00e9lation et depuis, avec son \u00e9quipe de choc, les projets de voile s'enchainent avec le plus grand des bonheurs! De retour cette ann\u00e9e avec beaucoup de joie!<\/p>\r\n                                    <span>\r\n                        3e participation                    <\/span>\r\n                                    <span class=\"notranslate\">Longueuil<\/span>\r\n                            <\/div>\r\n        <\/div>\r\n            <div class=\"membre-equipage\">\r\n                            <img decoding=\"async\" src=\"https:\/\/www.coupe-femina.com\/wp-content\/uploads\/2025\/11\/stephanie-forest-lanthier.jpeg\" alt=\"\"\/>\r\n                        <div>\r\n                                    <h3>\r\n                        <a class=\"notranslate\" href=\"https:\/\/www.coupe-femina.com\/en\/participant\/stephanie-forest-lanthier-2\/\">\r\n                            St\u00e9phanie Forest-Lanthier                        <\/a>\r\n                    <\/h3>\r\n                                    <p class=\"notranslate\">St\u00e9phanie a d\u00e9couvert la voile en 2021en explorant la basse C\u00f4te-Nord sur l\u2019\u00c9comaris. Depuis, elle poursuit son apprentissage chez Ohana. D\u2019abord comme cliente, puis comme seconde. D\u00e9tentrice d\u2019un brevet \u00e9l\u00e9mentaire, elle a eu la chance de naviguer en Guadeloupe, sur le Fleuve et le Fjord, ainsi que de Kingston jusqu\u2019\u00e0 New York. Elle en est \u00e0 sa troisi\u00e8me participation \u00e0 la Coupe Femina.<\/p>\r\n                                    <span>\r\n                        3e participation                    <\/span>\r\n                                    <span class=\"notranslate\">Montr\u00e9al<\/span>\r\n                            <\/div>\r\n        <\/div>\r\n    <\/div><\/div><\/div>\n\t\t\t\t\t\t<\/div>\n\t\t\t\t\t<\/div>\n\t\t\t\t<\/div>\n\t\t\t\t<\/div>\n\t\t\t\t<div data-elementor-type=\"loop-item\" data-elementor-id=\"1363\" class=\"elementor elementor-1363 e-loop-item e-loop-item-2154 post-2154 equipage type-equipage status-publish hentry\" data-elementor-post-type=\"elementor_library\" data-custom-edit-handle=\"1\">\n\t\t\t<div class=\"elementor-element elementor-element-0960fd3 e-flex e-con-boxed e-con e-parent\" data-id=\"0960fd3\" data-element_type=\"container\" data-e-type=\"container\">\n\t\t\t\t\t<div class=\"e-con-inner\">\n\t\t\t\t<div class=\"elementor-element elementor-element-5ade0f9 elementor-widget elementor-widget-shortcode\" data-id=\"5ade0f9\" data-element_type=\"widget\" data-e-type=\"widget\" data-widget_type=\"shortcode.default\">\n\t\t\t\t\t\t\t<div class=\"elementor-shortcode\"><div class='boucle-equipage' data-voilier='2153' data-evenement='1308' data-categorie='36' data-edition='39'>                <div class='voilier' style='--bg-img:url(\"https:\/\/www.coupe-femina.com\/wp-content\/uploads\/2026\/04\/IMG_8225.jpeg\")'>\r\n                    <h2>\r\n                        <a class=\"notranslate\" href=\"https:\/\/www.coupe-femina.com\/en\/voilier\/shatzli-ii\/\">\r\n                            Schatzli II                        <\/a>\r\n                    <\/h2>\r\n\r\n                                            <h3>\r\n                            <a class=\"notranslate\" href=\"https:\/\/www.coupe-femina.com\/en\/evenement\/classe-evolution-2025\/\">\r\n                                Classe \u00c9volution 2025                            <\/a>\r\n                        <\/h3>\r\n                                    <\/div>\r\n                            <div class=\"details-equipage\">\r\n                    <span>\r\n                        <strong>Position :<\/strong>\r\n                        -<\/span>\r\n                    <span>\r\n                        <strong>Temps :<\/strong>\r\n                        <span class=\"notranslate\">-<\/span>\r\n                    <\/span>\r\n                    <a href=\"https:\/\/www.coupe-femina.com\/en\/equipage\/shatzli-ii-classe-evolution-2025\/\">Voir plus de d\u00e9tails<\/a>\r\n                <\/div>\r\n                <div class='membres-equipage'>        <div class=\"membre-equipage\">\r\n                            <img decoding=\"async\" src=\"https:\/\/www.coupe-femina.com\/wp-content\/uploads\/2025\/11\/isabelle-couture.jpg\" alt=\"\"\/>\r\n                        <div>\r\n                                    <h3>\r\n                        <a class=\"notranslate\" href=\"https:\/\/www.coupe-femina.com\/en\/participant\/isabelle-couture\/\">\r\n                            Isabelle Couture                        <\/a>\r\n                    <\/h3>\r\n                                    <span class=\"capitaine\">Skipper<\/span>\r\n                                    <p class=\"notranslate\">Isabelle a eu la piqure pour la voile en 2017. Apr\u00e8s avoir fait son brevet et cumul\u00e9 les opportunit\u00e9s et formations pour ajouter de l'exp\u00e9rience suppl\u00e9mentaire \u00e0 son CV marin, Isabelle participe aussi aux r\u00e9gates organis\u00e9es par le CRYQ depuis 3 ans maintenant. L'\u00e9t\u00e9 dernier, elle a particip\u00e9 \u00e0 l\u2019\u00e9dition de Cap-\u00e0-l\u2019Est. Apr\u00e8s 37 heures sur le fleuve, les r\u00e9gates ne lui font plus peur.   Cette ann\u00e9e, elle se relance dans la Coupe Femina pour relever un d\u00e9fi personnel important, celui d'\u00eatre skipper pour une 2e fois sur Schatzli et prendre sa revanche avec l\u2019aide de Yves et ses \u00e9quipi\u00e8res !<\/p>\r\n                                    <span>\r\n                        1re participation                    <\/span>\r\n                                    <span class=\"notranslate\">Qu\u00e9bec<\/span>\r\n                            <\/div>\r\n        <\/div>\r\n            <div class=\"membre-equipage\">\r\n                            <img decoding=\"async\" src=\"https:\/\/www.coupe-femina.com\/wp-content\/uploads\/2025\/11\/emilie-savard.jpg\" alt=\"\"\/>\r\n                        <div>\r\n                                    <h3>\r\n                        <a class=\"notranslate\" href=\"https:\/\/www.coupe-femina.com\/en\/participant\/emilie-savard\/\">\r\n                            Emilie Savard                        <\/a>\r\n                    <\/h3>\r\n                                    <p class=\"notranslate\">Emilie fait de la voile croisi\u00e8re depuis 2020 et de la r\u00e9gate depuis 2021. Elle d\u00e9tient son brevet avanc\u00e9 et a aussi obtenu sa certification d\u2019instructrice de voile \u00e9l\u00e9mentaire en 2022. Elle navigue surtout dans la r\u00e9gion du Saint-Laurent et des Grands Lacs, et elle a explor\u00e9 les \u00eeles de la Guadeloupe \u00e0 la voile \u00e0 deux reprises.<\/p>\r\n                                    <span>\r\n                        1re participation                    <\/span>\r\n                                    <span class=\"notranslate\">Montr\u00e9al<\/span>\r\n                            <\/div>\r\n        <\/div>\r\n            <div class=\"membre-equipage\">\r\n                            <img decoding=\"async\" src=\"https:\/\/www.coupe-femina.com\/wp-content\/uploads\/2025\/11\/marianne-pascual.jpg\" alt=\"\"\/>\r\n                        <div>\r\n                                    <h3>\r\n                        <a class=\"notranslate\" href=\"https:\/\/www.coupe-femina.com\/en\/participant\/marianne-pascual\/\">\r\n                            Marianne Pascual                        <\/a>\r\n                    <\/h3>\r\n                                    <p class=\"notranslate\">Marianne en est \u00e0 sa troisi\u00e8me participation \u00e0 la coupe Femina. Pour une deuxi\u00e8me ann\u00e9e cons\u00e9cutive, elle rejoins l\u2019\u00e9quipe du Schatzli II.<\/p>\r\n                                    <span>\r\n                        1re participation                    <\/span>\r\n                                    <span class=\"notranslate\">Montr\u00e9al<\/span>\r\n                            <\/div>\r\n        <\/div>\r\n            <div class=\"membre-equipage\">\r\n                            <img decoding=\"async\" src=\"https:\/\/www.coupe-femina.com\/wp-content\/uploads\/2025\/11\/marie-christine-roy.jpg\" alt=\"\"\/>\r\n                        <div>\r\n                                    <h3>\r\n                        <a class=\"notranslate\" href=\"https:\/\/www.coupe-femina.com\/en\/participant\/marie-christine-roy\/\">\r\n                            Marie-Christine Roy                        <\/a>\r\n                    <\/h3>\r\n                                    <p class=\"notranslate\">Marie-Christine d\u00e9tient l\u2019accr\u00e9ditation International Bareboat Skipper Sail IWT compl\u00e9t\u00e9e avec Formation Nautique Qu\u00e9bec. Elle a navigu\u00e9 avec Formation Nautique Qu\u00e9bec, lors de r\u00e9gates, et a pass\u00e9 plus de six mois \u00e0 bord de diff\u00e9rents voiliers \u00e0 l\u2019international. Elle participe pour une deuxi\u00e8me ann\u00e9e comme r\u00e9gati\u00e8re du CRYQ.<\/p>\r\n                                    <span>\r\n                        2e participation                    <\/span>\r\n                                    <span class=\"notranslate\">Qu\u00e9bec<\/span>\r\n                            <\/div>\r\n        <\/div>\r\n            <div class=\"membre-equipage\">\r\n                            <img decoding=\"async\" src=\"https:\/\/www.coupe-femina.com\/wp-content\/uploads\/2025\/11\/stefanie-rinfret.jpeg\" alt=\"\"\/>\r\n                        <div>\r\n                                    <h3>\r\n                        <a class=\"notranslate\" href=\"https:\/\/www.coupe-femina.com\/en\/participant\/stefanie-rinfret\/\">\r\n                            St\u00e9fanie Rinfret                        <\/a>\r\n                    <\/h3>\r\n                                    <p class=\"notranslate\">C'est \u00e0 partir de quelques exp\u00e9rience de voile enfant que l'int\u00e9r\u00eat pour la voile de St\u00e9fanie est n\u00e9. Elle s'\u00e9tait alors promis d'y revenir, et a ainsi compl\u00e9t\u00e9 un brevet interm\u00e9diaire en 2021. Toujours \u00e0 la recherche d'occasions, elle a voyag\u00e9 en Europe en voilier, et s\u2019est initi\u00e9e aux courses plus r\u00e9cemment, red\u00e9couvrant avec passion l\u2019adr\u00e9naline du travail en \u00e9quipe.  Amoureuse de la nature, de l\u2019eau et du sport, elle aime relever des d\u00e9fis\u2026 mais surtout l'esprit d'\u00e9quipe. Lorsqu'elle a \u00e9t\u00e9 invit\u00e9e \u00e0 participer \u00e0 la Coupe Femina, ce fut un grand oui, sans h\u00e9siter !<\/p>\r\n                                    <span>\r\n                        1re participation                    <\/span>\r\n                                    <span class=\"notranslate\">Qu\u00e9bec<\/span>\r\n                            <\/div>\r\n        <\/div>\r\n            <div class=\"membre-equipage\">\r\n                            <img decoding=\"async\" src=\"https:\/\/www.coupe-femina.com\/wp-content\/uploads\/2026\/04\/img-8391-scaled.jpeg\" alt=\"\"\/>\r\n                        <div>\r\n                                    <h3>\r\n                        <a class=\"notranslate\" href=\"https:\/\/www.coupe-femina.com\/en\/participant\/yves-goulet-2\/\">\r\n                            Yves Goulet                        <\/a>\r\n                    <\/h3>\r\n                                    <span class=\"instructeur\">Instructeur(rice)<\/span>\r\n                                    <p class=\"notranslate\">Yves Goulet est co-propri\u00e9taire d\u2019un voilier depuis 2005. Il a navigu\u00e9 et particip\u00e9 \u00e0 diverses aventures et r\u00e9gates au Lac-Des-Deux-Montagnes, dans les Cara\u00efbes et sur le fleuve Saint-Laurent.<br \/>\r\n<br \/>\r\nLe port d\u2019attache de son voilier est la marina du Port de Qu\u00e9bec depuis 2022. Yves participe aux r\u00e9gates du CRYQ depuis 2019.<\/p>\r\n                                    <span>\r\n                        3e participation                    <\/span>\r\n                                    <span class=\"notranslate\">Qu\u00e9bec<\/span>\r\n                            <\/div>\r\n        <\/div>\r\n    <\/div><\/div><\/div>\n\t\t\t\t\t\t<\/div>\n\t\t\t\t\t<\/div>\n\t\t\t\t<\/div>\n\t\t\t\t<\/div>\n\t\t\t\t<div data-elementor-type=\"loop-item\" data-elementor-id=\"1363\" class=\"elementor elementor-1363 e-loop-item e-loop-item-3255 post-3255 equipage type-equipage status-publish hentry\" data-elementor-post-type=\"elementor_library\" data-custom-edit-handle=\"1\">\n\t\t\t<div class=\"elementor-element elementor-element-0960fd3 e-flex e-con-boxed e-con e-parent\" data-id=\"0960fd3\" data-element_type=\"container\" data-e-type=\"container\">\n\t\t\t\t\t<div class=\"e-con-inner\">\n\t\t\t\t<div class=\"elementor-element elementor-element-5ade0f9 elementor-widget elementor-widget-shortcode\" data-id=\"5ade0f9\" data-element_type=\"widget\" data-e-type=\"widget\" data-widget_type=\"shortcode.default\">\n\t\t\t\t\t\t\t<div class=\"elementor-shortcode\"><div class='boucle-equipage' data-voilier='2153' data-evenement='1501' data-categorie='36' data-edition='44'>                <div class='voilier' style='--bg-img:url(\"https:\/\/www.coupe-femina.com\/wp-content\/uploads\/2026\/04\/IMG_8225.jpeg\")'>\r\n                    <h2>\r\n                        <a class=\"notranslate\" href=\"https:\/\/www.coupe-femina.com\/en\/voilier\/shatzli-ii\/\">\r\n                            Schatzli II                        <\/a>\r\n                    <\/h2>\r\n\r\n                                            <h3>\r\n                            <a class=\"notranslate\" href=\"https:\/\/www.coupe-femina.com\/en\/evenement\/coupe-femina-2026\/\">\r\n                                Coupe Femina 2026                            <\/a>\r\n                        <\/h3>\r\n                                    <\/div>\r\n                            <div class=\"details-equipage\">\r\n                    <span>\r\n                        <strong>Position :<\/strong>\r\n                        -<\/span>\r\n                    <span>\r\n                        <strong>Temps :<\/strong>\r\n                        <span class=\"notranslate\">-<\/span>\r\n                    <\/span>\r\n                    <a href=\"https:\/\/www.coupe-femina.com\/en\/equipage\/shatzli-ii-coupe-femina-2026\/\">Voir plus de d\u00e9tails<\/a>\r\n                <\/div>\r\n                <div class='membres-equipage'>        <div class=\"membre-equipage\">\r\n                            <img decoding=\"async\" src=\"https:\/\/www.coupe-femina.com\/wp-content\/uploads\/2026\/01\/screenshot-20260111-115328-photos1-scaled.jpg\" alt=\"\"\/>\r\n                        <div>\r\n                                    <h3>\r\n                        <a class=\"notranslate\" href=\"https:\/\/www.coupe-femina.com\/en\/participant\/dominique-mageau\/\">\r\n                            Dominique Mageau                        <\/a>\r\n                    <\/h3>\r\n                                    <span class=\"capitaine\">Skipper<\/span>\r\n                                    <p class=\"notranslate\">44 ans, passionn\u00e9e de d\u00e9fis : Triathlons, deux Compostelle, Camp de base de l\u2019Everest, Troph\u00e9e Roses des Sables...<br \/>\r\nN\u00e9e au bord du lac Saint-Fran\u00e7ois \u00e0 Valleyfield, elle grandit sur l\u2019eau : d\u00e9riveurs (Mistral, Laser, Hobie Mirage), camps de voile (Voile Blanche I \u00e0 Bronze), semaine en Martinique (Beneteau 47), puis plusieurs voiliers \u2014 du Tanzer 16 au Bayfield 34 (12 sorties par an) \u2014 et catamaran Myst\u00e8re XL. \u00c9quipi\u00e8re d\u00e9vou\u00e9e qui aime toujours apprendre et gagner de l'exp\u00e9rience. <br \/>\r\nDirectrice de bord depuis 2005, elle veille \u00e0 la coh\u00e9sion, \u00e0 la s\u00e9curit\u00e9 et \u00e0 la gestion des priorit\u00e9s avec ses \u00e9quipages. <br \/>\r\nMan\u0153uvres, spi, empannage, rappel, lecture du vent : la voile est une passion.<br \/>\r\nFilm pr\u00e9f\u00e9r\u00e9 de toute la vie: Wind (1992)\u2026les vrais savent\u2026<br \/>\r\n<br \/>\r\n(avec Genevi\u00e8ve Mageau)<\/p>\r\n                                    <span>\r\n                        1re participation                    <\/span>\r\n                                    <span class=\"notranslate\">Valleyfield<\/span>\r\n                            <\/div>\r\n        <\/div>\r\n            <div class=\"membre-equipage\">\r\n                            <img decoding=\"async\" src=\"https:\/\/www.coupe-femina.com\/wp-content\/uploads\/2026\/01\/photo-gm.jpg\" alt=\"\"\/>\r\n                        <div>\r\n                                    <h3>\r\n                        <a class=\"notranslate\" href=\"https:\/\/www.coupe-femina.com\/en\/participant\/genevieve-mageau\/\">\r\n                            Genevi\u00e8ve Mageau                        <\/a>\r\n                    <\/h3>\r\n                                    <p class=\"notranslate\">Genevi\u00e8ve, 46 ans, est passionn\u00e9e de navigation depuis l\u2019enfance. Elle a acquis une solide exp\u00e9rience en voile comme \u00e9quipi\u00e8re et skipper, ainsi qu\u2019en recherche et sauvetage \u00e0 la Garde c\u00f4ti\u00e8re canadienne.<br \/>\r\n<br \/>\r\nSon parcours s\u2019est poursuivi en aviation comme pilote, puis inspectrice en aviation civile \u00e0 Transports Canada.<br \/>\r\n<br \/>\r\nAnim\u00e9e par l\u2019aventure, le travail d\u2019\u00e9quipe et la s\u00e9curit\u00e9, elle souhaite aujourd\u2019hui renouer avec la voile et continuer \u00e0 progresser au sein d\u2019un \u00e9quipage.<br \/>\r\n<br \/>\r\n(avec Dominique Mageau)<\/p>\r\n                                    <span>\r\n                        1re participation                    <\/span>\r\n                                    <span class=\"notranslate\">St-Bruno-de-Montarville<\/span>\r\n                            <\/div>\r\n        <\/div>\r\n            <div class=\"membre-equipage\">\r\n                            <img decoding=\"async\" src=\"https:\/\/www.coupe-femina.com\/wp-content\/uploads\/2026\/02\/b32824e3-2c57-49f7-99b8-823d734c0b96.jpg\" alt=\"\"\/>\r\n                        <div>\r\n                                    <h3>\r\n                        <a class=\"notranslate\" href=\"https:\/\/www.coupe-femina.com\/en\/participant\/francoise-perreault\/\">\r\n                            Fran\u00e7oise Perreault                        <\/a>\r\n                    <\/h3>\r\n                                    <p class=\"notranslate\">Fran\u00e7oise est originaire de Carleton-sur-Mer. Bien qu'elle ait grandi en bord de mer, c'est seulement adulte qu'elle a l'occasion d'\u00eatre initi\u00e9e \u00e0 la voile par l'interm\u00e9diaire d'amis. Elle a \u00e9t\u00e9 \u00e9quipi\u00e8re, lors de r\u00e9gates amicales dans la baie des Chaleurs. Depuis l'an pass\u00e9, elle fait partie d'un club quillard f\u00e9minin avec \u00c9covoile Baie-des-Chaleurs. Cette exp\u00e9rience lui a donn\u00e9 la motivation de suivre le cours de voile \u00e9l\u00e9mentaire pour d\u00e9velopper son autonomie et sa confiance. Depuis, elle est \u00e0 la recherche d'exp\u00e9riences de navigation!<\/p>\r\n                                    <span>\r\n                        1re participation                    <\/span>\r\n                                    <span class=\"notranslate\">Maria<\/span>\r\n                            <\/div>\r\n        <\/div>\r\n            <div class=\"membre-equipage\">\r\n                            <img decoding=\"async\" src=\"https:\/\/www.coupe-femina.com\/wp-content\/uploads\/2026\/02\/luna-brooks-coupe-femina.png\" alt=\"\"\/>\r\n                        <div>\r\n                                    <h3>\r\n                        <a class=\"notranslate\" href=\"https:\/\/www.coupe-femina.com\/en\/participant\/luna-brooks\/\">\r\n                            Luna Brooks                        <\/a>\r\n                    <\/h3>\r\n                                    <p class=\"notranslate\">Attir\u00e9e par la mer depuis l\u2019enfance, Luna est inspir\u00e9e par con voisin qui construit un voilier en bois! Elle commence \u00e0 pratiquer la voile plus r\u00e9cemment et compl\u00e8te son CANSail 1 en 2024 avec Les Ch\u00e8vres de Montagne. Elle obtient son brevet de croisi\u00e8re \u00e9l\u00e9mentaire (chef de bord) en 2025 et participe, un mois plus tard, \u00e0 sa premi\u00e8re Coupe Femina \u00e0 titre de foredeck (meilleure position!). Curieuse et enthousiaste, elle poursuit son apprentissage et revient \u00e0 la Coupe Femina, heureuse de partager cette aventure sur l\u2019eau avec d\u2019autres femmes passionn\u00e9es de voile.<\/p>\r\n                                    <span>\r\n                        2e participation                    <\/span>\r\n                                    <span class=\"notranslate\">Beloeil<\/span>\r\n                            <\/div>\r\n        <\/div>\r\n            <div class=\"membre-equipage\">\r\n                            <img decoding=\"async\" src=\"https:\/\/www.coupe-femina.com\/wp-content\/uploads\/2026\/03\/1000031171-e1773086549645.png\" alt=\"\"\/>\r\n                        <div>\r\n                                    <h3>\r\n                        <a class=\"notranslate\" href=\"https:\/\/www.coupe-femina.com\/en\/participant\/leila-khalilov-2\/\">\r\n                            Leila Khalilov                        <\/a>\r\n                    <\/h3>\r\n                                    <p class=\"notranslate\">Ayant eu la piq\u00fbre pour la voile, elle compl\u00e8te son brevet \u00e9l\u00e9mentaire \u00e0 Valleyfield (C&amp;C29), puis un brevet Inshore Skipper (ISSA) en Gr\u00e8ce \u00e0 l\u2019\u00e9t\u00e9 2024 (Harmony 47). En mai 2025, elle navigue sur la c\u00f4te Amalfitaine (Oceanis 45) et participe \u00e0 la coupe F\u00e9mina en juillet 2025 au Bord de BlueJacket qui remportera la 2\u00e8me place.<br \/>\r\nAmoureuse du plein air et des moments partag\u00e9s, elle est \u00e9merveill\u00e9e chaque fois que les voiles se hissent et que le moteur se tait.<\/p>\r\n                                    <span>\r\n                        2e participation                    <\/span>\r\n                                    <span class=\"notranslate\">Longueuil<\/span>\r\n                            <\/div>\r\n        <\/div>\r\n            <div class=\"membre-equipage\">\r\n                            <img decoding=\"async\" src=\"https:\/\/www.coupe-femina.com\/wp-content\/uploads\/2026\/03\/huot-annie-claude-scaled.jpeg\" alt=\"\"\/>\r\n                        <div>\r\n                                    <h3>\r\n                        <a class=\"notranslate\" href=\"https:\/\/www.coupe-femina.com\/en\/participant\/annie-claude-huot\/\">\r\n                            Annie-Claude Huot                        <\/a>\r\n                    <\/h3>\r\n                                    <p class=\"notranslate\">Annie-Claude a \u00e9t\u00e9 initi\u00e9e \u00e0 la voile en catamaran sur le Grand Lac St Francois d\u00e8s ses 2 ans. Un peu plus tard, elle s'est initi\u00e9e \u00e0 la r\u00e9gate en optimist sur ce m\u00eame lac et a particip\u00e9 aux Jeux du Qu\u00e9bec \u00e0 Gatineau en 2010 en d\u00e9riveur. Depuis 2023, elle navigue sur diff\u00e9rents plans d'eau en quillard : Grand Lac St-Francois, Lac Memphr\u00e9magog, Lac M\u00e9gantic, Fleuve St Laurent, Mer Adriatique, Antilles. Elle d\u00e9tient le brevet de Chef de bord interm\u00e9diaire et de navigation c\u00f4ti\u00e8re \u00e9l\u00e9mentaire. Passionn\u00e9e de voile depuis toujours, c'est avec f\u00e9brilit\u00e9 qu'elle participera pour la premi\u00e8re fois \u00e0 la Coupe F\u00e9mina.<\/p>\r\n                                    <span>\r\n                        1re participation                    <\/span>\r\n                                    <span class=\"notranslate\">Qu\u00e9bec<\/span>\r\n                            <\/div>\r\n        <\/div>\r\n            <div class=\"membre-equipage\">\r\n                            <img decoding=\"async\" src=\"https:\/\/www.coupe-femina.com\/wp-content\/uploads\/2026\/04\/img-8391-scaled.jpeg\" alt=\"\"\/>\r\n                        <div>\r\n                                    <h3>\r\n                        <a class=\"notranslate\" href=\"https:\/\/www.coupe-femina.com\/en\/participant\/yves-goulet-2\/\">\r\n                            Yves Goulet                        <\/a>\r\n                    <\/h3>\r\n                                    <span class=\"homme\">Skipper accompagnateur<\/span>\r\n                                    <p class=\"notranslate\">Yves Goulet est co-propri\u00e9taire d\u2019un voilier depuis 2005. Il a navigu\u00e9 et particip\u00e9 \u00e0 diverses aventures et r\u00e9gates au Lac-Des-Deux-Montagnes, dans les Cara\u00efbes et sur le fleuve Saint-Laurent.<br \/>\r\n<br \/>\r\nLe port d\u2019attache de son voilier est la marina du Port de Qu\u00e9bec depuis 2022. Yves participe aux r\u00e9gates du CRYQ depuis 2019.<\/p>\r\n                                    <span>\r\n                        3e participation                    <\/span>\r\n                                    <span class=\"notranslate\">Qu\u00e9bec<\/span>\r\n                            <\/div>\r\n        <\/div>\r\n    <\/div><\/div><\/div>\n\t\t\t\t\t\t<\/div>\n\t\t\t\t\t<\/div>\n\t\t\t\t<\/div>\n\t\t\t\t<\/div>\n\t\t\t\t<div data-elementor-type=\"loop-item\" data-elementor-id=\"1363\" class=\"elementor elementor-1363 e-loop-item e-loop-item-2193 post-2193 equipage type-equipage status-publish hentry\" data-elementor-post-type=\"elementor_library\" data-custom-edit-handle=\"1\">\n\t\t\t<div class=\"elementor-element elementor-element-0960fd3 e-flex e-con-boxed e-con e-parent\" data-id=\"0960fd3\" data-element_type=\"container\" data-e-type=\"container\">\n\t\t\t\t\t<div class=\"e-con-inner\">\n\t\t\t\t<div class=\"elementor-element elementor-element-5ade0f9 elementor-widget elementor-widget-shortcode\" data-id=\"5ade0f9\" data-element_type=\"widget\" data-e-type=\"widget\" data-widget_type=\"shortcode.default\">\n\t\t\t\t\t\t\t<div class=\"elementor-shortcode\"><div class='boucle-equipage' data-voilier='2192' data-evenement='1308' data-categorie='36' data-edition='39'>                <div class='voilier' style='--bg-img:url(\"https:\/\/www.coupe-femina.com\/en\/wp-content\/uploads\/2025\/10\/coupe-femina-2023-posterimage.png\")'>\r\n                    <h2>\r\n                        <a class=\"notranslate\" href=\"https:\/\/www.coupe-femina.com\/en\/voilier\/spirou-i\/\">\r\n                            Spirou I                        <\/a>\r\n                    <\/h2>\r\n\r\n                                            <h3>\r\n                            <a class=\"notranslate\" href=\"https:\/\/www.coupe-femina.com\/en\/evenement\/classe-evolution-2025\/\">\r\n                                Classe \u00c9volution 2025                            <\/a>\r\n                        <\/h3>\r\n                                    <\/div>\r\n                            <div class=\"details-equipage\">\r\n                    <span>\r\n                        <strong>Position :<\/strong>\r\n                        -<\/span>\r\n                    <span>\r\n                        <strong>Temps :<\/strong>\r\n                        <span class=\"notranslate\">-<\/span>\r\n                    <\/span>\r\n                    <a href=\"https:\/\/www.coupe-femina.com\/en\/equipage\/spirou-i-coupe-femina-2025\/\">Voir plus de d\u00e9tails<\/a>\r\n                <\/div>\r\n                <div class='membres-equipage'>        <div class=\"membre-equipage\">\r\n                            <img decoding=\"async\" src=\"https:\/\/www.coupe-femina.com\/wp-content\/uploads\/2026\/02\/457375306-26519866574294439-7616997711247459077-n.jpg\" alt=\"\"\/>\r\n                        <div>\r\n                                    <h3>\r\n                        <a class=\"notranslate\" href=\"https:\/\/www.coupe-femina.com\/en\/participant\/helene-rouleau-2\/\">\r\n                            H\u00e9l\u00e8ne Rouleau                        <\/a>\r\n                    <\/h3>\r\n                                    <span class=\"capitaine\">Skipper<\/span>\r\n                                    <p class=\"notranslate\">H\u00e9l\u00e8ne a \u00e9t\u00e9 co-propri\u00e9taire d'un voilier pendant 12 ans (sur le lac Memphr\u00e9magog et le fleuve Saint-Laurent) et a navigu\u00e9 \u00e0 diverses reprises dans les Antilles et les \u00celes de Vancouver. Apr\u00e8s un arr\u00eat de 15 ans, elle s\u2019est retrouv\u00e9e sur le fleuve \u00e0 l'\u00e9t\u00e9 2021 et la passion est revenue! Elle a suivi ses cours de chef de bord, VHF et navigation c\u00f4ti\u00e8re en 2022-2023 et est propri\u00e9taire solo d'un CS 27 sur le Lac Memphr\u00e9magog depuis 2023. Un p\u00e9riple magnifique l'a amen\u00e9e \u00e0 naviguer comme \u00e9quipi\u00e8re du Fjord du Saguenay jusqu'aux \u00celes Mingan en ao\u00fbt 2024. H\u00e9l\u00e8ne a particip\u00e9 \u00e0 la Coupe F\u00e9mina en 2024 (\u00e9quipi\u00e8re) et en 2025 (skipper). Elle fait partie cette ann\u00e9e de l\u2019\u00e9quipage du Leeway 1.<\/p>\r\n                                    <span>\r\n                        2e participation                    <\/span>\r\n                                    <span class=\"notranslate\">Lac Brome<\/span>\r\n                            <\/div>\r\n        <\/div>\r\n            <div class=\"membre-equipage\">\r\n                            <img decoding=\"async\" src=\"https:\/\/www.coupe-femina.com\/wp-content\/uploads\/2025\/11\/melanie-dionne.jpg\" alt=\"\"\/>\r\n                        <div>\r\n                                    <h3>\r\n                        <a class=\"notranslate\" href=\"https:\/\/www.coupe-femina.com\/en\/participant\/melanie-dionne\/\">\r\n                            M\u00e9lanie Dionne                        <\/a>\r\n                    <\/h3>\r\n                                    <p class=\"notranslate\">M\u00e9lanie adore \u00eatre sur l\u2019eau, que ce soit comme guide de canot, comme scientifique sur un navire ou comme \u00e9quipi\u00e8re sur un voilier. Elle d\u00e9tient les brevets d\u2019\u00e9quipier \u00e9l\u00e9mentaire et de navigation c\u00f4ti\u00e8re de Voile Canada. Elle navigue avec le voilier familial sur le fleuve Saint-Laurent depuis 4 ans et a fait des navigations \u00e0 l\u2019\u00e9tranger, notamment au Panama, au Costa Rica, et \u00e0 Antigua\/Barbuda. M\u00e9lanie adore l\u2019aventure, les projets en nature et les voyages, encore plus lorsqu\u2019ils sont partag\u00e9s avec d\u2019autres passionn\u00e9es comme les participantes de la Coupe Femina !<\/p>\r\n                                    <span>\r\n                        1re participation                    <\/span>\r\n                                    <span class=\"notranslate\">Qu\u00e9bec<\/span>\r\n                            <\/div>\r\n        <\/div>\r\n            <div class=\"membre-equipage\">\r\n                            <img decoding=\"async\" src=\"https:\/\/www.coupe-femina.com\/wp-content\/uploads\/2025\/11\/josee-leduc.jpeg\" alt=\"\"\/>\r\n                        <div>\r\n                                    <h3>\r\n                        <a class=\"notranslate\" href=\"https:\/\/www.coupe-femina.com\/en\/participant\/josee-leduc\/\">\r\n                            Jos\u00e9e Leduc                        <\/a>\r\n                    <\/h3>\r\n                                    <p class=\"notranslate\">Jos\u00e9e d\u00e9tient un brevet de voile croisi\u00e8re interm\u00e9diaire, ainsi que son brevet de navigation c\u00f4ti\u00e8re. Elle a commenc\u00e9 \u00e0 faire de la voile sur le lac Ontario, \u00e0 Toronto, passant beaucoup de temps sur des Shark 24. Au cours des douze derni\u00e8res ann\u00e9es, elle a navigu\u00e9 sur son voilier, un CS 33. De plus, elle y a habit\u00e9 les deux derniers \u00e9t\u00e9s. Elle a particip\u00e9 \u00e0 la Coupe Femina avec son voilier en 2022, en route vers Halifax. Elle a d\u00e9cid\u00e9 de le mettre \u00e0 vendre, ce qui lui ouvrira de nouveaux horizons. Jos\u00e9e est toujours \u00e0 la recherche de nouvelles exp\u00e9riences de voile. D\u2019ailleurs, elle a pass\u00e9 deux semaines sur un voilier en Tha\u00eflande en 2024 avec un \u00e9quipage enti\u00e8rement f\u00e9minin.<\/p>\r\n                                    <span>\r\n                        2e participation                    <\/span>\r\n                                    <span class=\"notranslate\">Saint-Sauveur<\/span>\r\n                            <\/div>\r\n        <\/div>\r\n            <div class=\"membre-equipage\">\r\n                            <img decoding=\"async\" src=\"https:\/\/www.coupe-femina.com\/wp-content\/uploads\/2025\/11\/helene-arsenault.jpg\" alt=\"\"\/>\r\n                        <div>\r\n                                    <h3>\r\n                        <a class=\"notranslate\" href=\"https:\/\/www.coupe-femina.com\/en\/participant\/helene-arsenault\/\">\r\n                            H\u00e9l\u00e8ne Arsenault                        <\/a>\r\n                    <\/h3>\r\n                                    <p class=\"notranslate\">H\u00e9l\u00e8ne a fait ses apprentissages au Vieux-Port Yachting. Son plus long s\u00e9jour en mer \u00e9tait en 2023 sur son premier voilier, de Saint-Jean de Terre-Neuve \u00e0 Sept-\u00celes. Ce sera sa deuxi\u00e8me participation \u00e0 la coupe Femina comme \u00e9quipi\u00e8re<\/p>\r\n                                    <span>\r\n                        1re participation                    <\/span>\r\n                                    <span class=\"notranslate\">Sainte-P\u00e9tronille<\/span>\r\n                            <\/div>\r\n        <\/div>\r\n            <div class=\"membre-equipage\">\r\n                        <div>\r\n                                    <h3>\r\n                        <a class=\"notranslate\" href=\"https:\/\/www.coupe-femina.com\/en\/participant\/eric-martin\/\">\r\n                            \u00c9ric Martin                        <\/a>\r\n                    <\/h3>\r\n                                    <span class=\"instructeur\">Instructeur(rice)<\/span>\r\n                                    <span>\r\n                        3e participation                    <\/span>\r\n                                    <span class=\"notranslate\">Qu\u00e9bec<\/span>\r\n                            <\/div>\r\n        <\/div>\r\n    <\/div><\/div><\/div>\n\t\t\t\t\t\t<\/div>\n\t\t\t\t\t<\/div>\n\t\t\t\t<\/div>\n\t\t\t\t<\/div>\n\t\t\t\t<div data-elementor-type=\"loop-item\" data-elementor-id=\"1363\" class=\"elementor elementor-1363 e-loop-item e-loop-item-2140 post-2140 equipage type-equipage status-publish hentry\" data-elementor-post-type=\"elementor_library\" data-custom-edit-handle=\"1\">\n\t\t\t<div class=\"elementor-element elementor-element-0960fd3 e-flex e-con-boxed e-con e-parent\" data-id=\"0960fd3\" data-element_type=\"container\" data-e-type=\"container\">\n\t\t\t\t\t<div class=\"e-con-inner\">\n\t\t\t\t<div class=\"elementor-element elementor-element-5ade0f9 elementor-widget elementor-widget-shortcode\" data-id=\"5ade0f9\" data-element_type=\"widget\" data-e-type=\"widget\" data-widget_type=\"shortcode.default\">\n\t\t\t\t\t\t\t<div class=\"elementor-shortcode\"><div class='boucle-equipage' data-voilier='2139' data-evenement='1307' data-categorie='34' data-edition='39'>                <div class='voilier' style='--bg-img:url(\"https:\/\/www.coupe-femina.com\/wp-content\/uploads\/2026\/02\/22a1530f-e28b-49f0-abf1-e41f0e31064f.jpeg\")'>\r\n                    <h2>\r\n                        <a class=\"notranslate\" href=\"https:\/\/www.coupe-femina.com\/en\/voilier\/stella-maris\/\">\r\n                            Stella Maris                        <\/a>\r\n                    <\/h2>\r\n\r\n                                            <h3>\r\n                            <a class=\"notranslate\" href=\"https:\/\/www.coupe-femina.com\/en\/evenement\/femina-challenge-2025\/\">\r\n                                Femina Challenge 2025                            <\/a>\r\n                        <\/h3>\r\n                                    <\/div>\r\n                            <div class=\"details-equipage\">\r\n                    <span>\r\n                        <strong>Position :<\/strong>\r\n                        -<\/span>\r\n                    <span>\r\n                        <strong>Temps :<\/strong>\r\n                        <span class=\"notranslate\">-<\/span>\r\n                    <\/span>\r\n                    <a href=\"https:\/\/www.coupe-femina.com\/en\/equipage\/stella-maris-femina-challenge-2025\/\">Voir plus de d\u00e9tails<\/a>\r\n                <\/div>\r\n                <div class='membres-equipage'>        <div class=\"membre-equipage\">\r\n                            <img decoding=\"async\" src=\"https:\/\/www.coupe-femina.com\/wp-content\/uploads\/2025\/11\/jennie-boutin.jpg\" alt=\"\"\/>\r\n                        <div>\r\n                                    <h3>\r\n                        <a class=\"notranslate\" href=\"https:\/\/www.coupe-femina.com\/en\/participant\/jennie-boutin\/\">\r\n                            Jennie Boutin                        <\/a>\r\n                    <\/h3>\r\n                                    <span class=\"capitaine\">Skipper<\/span>\r\n                                    <p class=\"notranslate\">Jennie a \u00e9t\u00e9 propri\u00e9taire de Cap O R\u00eaves (Kelt 7.6) pendant trois ans, avec lequel elle a particip\u00e9 \u00e0 son premier Femina Challenge, suivi du Rallye-Croisi\u00e8re 2023. Pour sa deuxi\u00e8me participation, elle a pris la mer \u00e0 bord de son nouveau voilier, Stella Maris (Tanzer 31). D\u00e9j\u00e0 d\u00e9tentrice de son brevet de cheffe de bord \u00e9l\u00e9mentaire, elle continue de se former : Navigation c\u00f4ti\u00e8re, Entretien des moteurs diesel, Manoeuvres \u00e0 quai, S\u00e9curit\u00e9 en mer, M\u00e9t\u00e9o marine sur le St-Laurent, Urgences m\u00e9dicales \u00e0 bord, R\u00e9glages des spinnakers, R\u00e8gles de courses et tactiques, etc. En aout 2026, elle sera sur la ligne de d\u00e9part de la St-Laurent 400, 400 MN de r\u00e9gates de Tadoussac \u00e0 Havre-Aubert aux iles de la Madeleine.<\/p>\r\n                                    <span>\r\n                        3e participation                    <\/span>\r\n                                    <span class=\"notranslate\">Qu\u00e9bec<\/span>\r\n                            <\/div>\r\n        <\/div>\r\n            <div class=\"membre-equipage\">\r\n                            <img decoding=\"async\" src=\"https:\/\/www.coupe-femina.com\/wp-content\/uploads\/2025\/11\/alex-gelinas.jpg\" alt=\"\"\/>\r\n                        <div>\r\n                                    <h3>\r\n                        <a class=\"notranslate\" href=\"https:\/\/www.coupe-femina.com\/en\/participant\/alex-gelinas\/\">\r\n                            Alex G\u00e9linas                        <\/a>\r\n                    <\/h3>\r\n                                    <p class=\"notranslate\">Alex est co-propri\u00e9taire d'un voilier avec son conjoint. L'an dernier elle a particip\u00e9 \u00e0 Coupe Femina pour la premi\u00e8re fois avec son voilier et un \u00e9quipage enti\u00e8rement f\u00e9minin !  Elle r\u00e9cidive cette ann\u00e9e \u00e0 titre d'\u00e9quipi\u00e8re dans la classe Femina Challenge<\/p>\r\n                                    <span>\r\n                        1re participation                    <\/span>\r\n                                    <span class=\"notranslate\">L\u00e9vis<\/span>\r\n                            <\/div>\r\n        <\/div>\r\n            <div class=\"membre-equipage\">\r\n                            <img decoding=\"async\" src=\"https:\/\/www.coupe-femina.com\/wp-content\/uploads\/2025\/11\/marie-josee-michaud.jpeg\" alt=\"\"\/>\r\n                        <div>\r\n                                    <h3>\r\n                        <a class=\"notranslate\" href=\"https:\/\/www.coupe-femina.com\/en\/participant\/marie-josee-michaud\/\">\r\n                            Marie-Jos\u00e9e Michaud                        <\/a>\r\n                    <\/h3>\r\n                                    <p class=\"notranslate\">Ce sera la 3e participation de Marie-Jos\u00e9e \u00e0 la Coupe Femina, la 2e \u00e0 la course de nuit. Vingt ans apr\u00e8s l'obtention de son brevet chef de bord de voile \u00e9l\u00e9mentaire, Marie-Jos\u00e9e a renou\u00e9 avec cette passion en 2020. Son conjoint et elle ont acquis un Tanzer 26 et naviguent ensemble sur le Lac des Deux Montagnes chaque \u00e9t\u00e9. La Coupe Femina est pour elle une occasion en or de naviguer sur le fleuve. C'est donc avec beaucoup d'enthousiasme et d'excitation qu'elle reviendra faire cette course en 2026!<\/p>\r\n                                    <span>\r\n                        3e participation                    <\/span>\r\n                                    <span class=\"notranslate\">Saint-Basile-Le-Grand<\/span>\r\n                            <\/div>\r\n        <\/div>\r\n            <div class=\"membre-equipage\">\r\n                            <img decoding=\"async\" src=\"https:\/\/www.coupe-femina.com\/wp-content\/uploads\/2025\/11\/maela-le-menec.jpeg\" alt=\"\"\/>\r\n                        <div>\r\n                                    <h3>\r\n                        <a class=\"notranslate\" href=\"https:\/\/www.coupe-femina.com\/en\/participant\/maela-le-menec\/\">\r\n                            Ma\u00ebla Le M\u00e9nec                        <\/a>\r\n                    <\/h3>\r\n                                    <p class=\"notranslate\">Voileuse sur des d\u00e9riveurs depuis ces 10 ans puis monitrice de voile l\u00e9g\u00e8re, Ma\u00ebla est amoureuse de la mer !<br \/>\r\n<br \/>\r\nElle a pu d\u00e9couvrir la navigation sur habitable au Qu\u00e9bec avec les r\u00e9gates du mercredi de la Marina de Rimouski !<\/p>\r\n                                    <span>\r\n                        2e participation                    <\/span>\r\n                                    <span class=\"notranslate\">Rimouski<\/span>\r\n                            <\/div>\r\n        <\/div>\r\n            <div class=\"membre-equipage\">\r\n                            <img decoding=\"async\" src=\"https:\/\/www.coupe-femina.com\/wp-content\/uploads\/2025\/11\/lucile-paschal.jpg\" alt=\"\"\/>\r\n                        <div>\r\n                                    <h3>\r\n                        <a class=\"notranslate\" href=\"https:\/\/www.coupe-femina.com\/en\/participant\/lucile-paschal\/\">\r\n                            Lucile Paschal                        <\/a>\r\n                    <\/h3>\r\n                                    <p class=\"notranslate\">\u00c9tudiante en politique environnementale, Lucile est passionn\u00e9e de nature, de sports d\u2019ext\u00e9rieur\u2026 et surtout de voile! Curieuse et avide d\u2019apprendre, elle d\u00e9couvre la voile en 2022 en rejoignant l\u2019\u00e9quipage de l\u2019association Vents Diff\u00e9rents au Challenge Spi Dauphine, aux c\u00f4t\u00e9s de Sol\u00e8ne Roland (FEMINA Ocean Challenge). Enthousiasm\u00e9e, elle cr\u00e9e ensuite une petite association pour faire d\u00e9couvrir la voile aux \u00e9tudiants de son universit\u00e9.<\/p>\r\n                                    <span>\r\n                        1re participation                    <\/span>\r\n                                    <span class=\"notranslate\">Vancouver<\/span>\r\n                            <\/div>\r\n        <\/div>\r\n    <\/div><\/div><\/div>\n\t\t\t\t\t\t<\/div>\n\t\t\t\t\t<\/div>\n\t\t\t\t<\/div>\n\t\t\t\t<\/div>\n\t\t\t\t<div data-elementor-type=\"loop-item\" data-elementor-id=\"1363\" class=\"elementor elementor-1363 e-loop-item e-loop-item-2920 post-2920 equipage type-equipage status-publish hentry\" data-elementor-post-type=\"elementor_library\" data-custom-edit-handle=\"1\">\n\t\t\t<div class=\"elementor-element elementor-element-0960fd3 e-flex e-con-boxed e-con e-parent\" data-id=\"0960fd3\" data-element_type=\"container\" data-e-type=\"container\">\n\t\t\t\t\t<div class=\"e-con-inner\">\n\t\t\t\t<div class=\"elementor-element elementor-element-5ade0f9 elementor-widget elementor-widget-shortcode\" data-id=\"5ade0f9\" data-element_type=\"widget\" data-e-type=\"widget\" data-widget_type=\"shortcode.default\">\n\t\t\t\t\t\t\t<div class=\"elementor-shortcode\"><div class='boucle-equipage' data-voilier='2139' data-evenement='1503' data-categorie='34' data-edition='44'>                <div class='voilier' style='--bg-img:url(\"https:\/\/www.coupe-femina.com\/wp-content\/uploads\/2026\/02\/22a1530f-e28b-49f0-abf1-e41f0e31064f.jpeg\")'>\r\n                    <h2>\r\n                        <a class=\"notranslate\" href=\"https:\/\/www.coupe-femina.com\/en\/voilier\/stella-maris\/\">\r\n                            Stella Maris                        <\/a>\r\n                    <\/h2>\r\n\r\n                                            <h3>\r\n                            <a class=\"notranslate\" href=\"https:\/\/www.coupe-femina.com\/en\/evenement\/femina-challenge-2026\/\">\r\n                                Femina Challenge 2026                            <\/a>\r\n                        <\/h3>\r\n                                    <\/div>\r\n                            <div class=\"details-equipage\">\r\n                    <span>\r\n                        <strong>Position :<\/strong>\r\n                        -<\/span>\r\n                    <span>\r\n                        <strong>Temps :<\/strong>\r\n                        <span class=\"notranslate\">-<\/span>\r\n                    <\/span>\r\n                    <a href=\"https:\/\/www.coupe-femina.com\/en\/equipage\/stella-maris-femina-challenge-2026\/\">Voir plus de d\u00e9tails<\/a>\r\n                <\/div>\r\n                <div class='membres-equipage'>        <div class=\"membre-equipage\">\r\n                            <img decoding=\"async\" src=\"https:\/\/www.coupe-femina.com\/wp-content\/uploads\/2025\/11\/jennie-boutin.jpg\" alt=\"\"\/>\r\n                        <div>\r\n                                    <h3>\r\n                        <a class=\"notranslate\" href=\"https:\/\/www.coupe-femina.com\/en\/participant\/jennie-boutin\/\">\r\n                            Jennie Boutin                        <\/a>\r\n                    <\/h3>\r\n                                    <span class=\"capitaine\">Skipper<\/span>\r\n                                    <p class=\"notranslate\">Jennie a \u00e9t\u00e9 propri\u00e9taire de Cap O R\u00eaves (Kelt 7.6) pendant trois ans, avec lequel elle a particip\u00e9 \u00e0 son premier Femina Challenge, suivi du Rallye-Croisi\u00e8re 2023. Pour sa deuxi\u00e8me participation, elle a pris la mer \u00e0 bord de son nouveau voilier, Stella Maris (Tanzer 31). D\u00e9j\u00e0 d\u00e9tentrice de son brevet de cheffe de bord \u00e9l\u00e9mentaire, elle continue de se former : Navigation c\u00f4ti\u00e8re, Entretien des moteurs diesel, Manoeuvres \u00e0 quai, S\u00e9curit\u00e9 en mer, M\u00e9t\u00e9o marine sur le St-Laurent, Urgences m\u00e9dicales \u00e0 bord, R\u00e9glages des spinnakers, R\u00e8gles de courses et tactiques, etc. En aout 2026, elle sera sur la ligne de d\u00e9part de la St-Laurent 400, 400 MN de r\u00e9gates de Tadoussac \u00e0 Havre-Aubert aux iles de la Madeleine.<\/p>\r\n                                    <span>\r\n                        3e participation                    <\/span>\r\n                                    <span class=\"notranslate\">Qu\u00e9bec<\/span>\r\n                            <\/div>\r\n        <\/div>\r\n            <div class=\"membre-equipage\">\r\n                            <img decoding=\"async\" src=\"https:\/\/www.coupe-femina.com\/wp-content\/uploads\/2026\/01\/2r61873-scaled.jpeg\" alt=\"\"\/>\r\n                        <div>\r\n                                    <h3>\r\n                        <a class=\"notranslate\" href=\"https:\/\/www.coupe-femina.com\/en\/participant\/sabrina-dussault\/\">\r\n                            Sabrina Dussault                        <\/a>\r\n                    <\/h3>\r\n                                    <p class=\"notranslate\">Ayant commenc\u00e9 la voile \u00e0 l\u2019\u00e9t\u00e9 2024, Sabrina encha\u00eene depuis les cours th\u00e9oriques et pratiques de man\u0153uvres. Elle a compl\u00e9t\u00e9 le stage chef de bord \u00e9l\u00e9mentaire et vise maintenant le niveau interm\u00e9diaire. Sabrina est une \u00e9quipi\u00e8re toujours enthousiaste \u00e0 se perfectionner et d\u00e9termin\u00e9e \u00e0 d\u00e9passer ses limites dans la voile. Gr\u00e2ce \u00e0 la voile, on est en contact direct avec la nature, et les \u00e9l\u00e9ments tout en la respectant, mettant notre physique, notre mental et nos connaissances techniques \u00e0 l\u2019\u00e9preuve. Sur un voilier, elle se sent libre\u2026 fille de vent!<br \/>\r\nLa coupe femina est plus qu\u2019une course, c\u2019est une aventure sportive et surtout humaine! elle permet des rencontres surprenantes, enrichissantes et de cr\u00e9er un esprit d\u2019\u00e9quipe autour d\u2019une passion commune.<br \/>\r\nCette ann\u00e9e, Sabrina souhaite relever un plus gros d\u00e9fi, et de faire le Femina Challenge!<\/p>\r\n                                    <span>\r\n                        2e participation                    <\/span>\r\n                                    <span class=\"notranslate\">Qu\u00e9bec<\/span>\r\n                            <\/div>\r\n        <\/div>\r\n            <div class=\"membre-equipage\">\r\n                            <img decoding=\"async\" src=\"https:\/\/www.coupe-femina.com\/wp-content\/uploads\/2025\/11\/carole-anne-lessard-beaulieu.jpg\" alt=\"\"\/>\r\n                        <div>\r\n                                    <h3>\r\n                        <a class=\"notranslate\" href=\"https:\/\/www.coupe-femina.com\/en\/participant\/carole-anne-lessard-beaulieu\/\">\r\n                            Carole-Anne Lessard-Beaulieu                        <\/a>\r\n                    <\/h3>\r\n                                    <p class=\"notranslate\">Carole-Anne a commenc\u00e9 la voile en 2022 et rapidement elle a \u00e9t\u00e9 conquise par ce loisir!  Elle d\u00e9tient son brevet \u00e9l\u00e9mentaire Chef de bord et fait autant de voile qu\u2019elle le peut avec Formation Nautique Qu\u00e9bec, en location avec sa famille ou en voyageant!  Ce sera sa quatri\u00e8me participation \u00e0 la Coupe Femina et la seconde au Femina Challenge !<\/p>\r\n                                    <span>\r\n                        4e participation                    <\/span>\r\n                                    <span class=\"notranslate\">L\u00e9vis<\/span>\r\n                            <\/div>\r\n        <\/div>\r\n            <div class=\"membre-equipage\">\r\n                            <img decoding=\"async\" src=\"https:\/\/www.coupe-femina.com\/wp-content\/uploads\/2026\/02\/jeanmireille.jpeg\" alt=\"\"\/>\r\n                        <div>\r\n                                    <h3>\r\n                        <a class=\"notranslate\" href=\"https:\/\/www.coupe-femina.com\/en\/participant\/mireille-jean\/\">\r\n                            Mireille Jean                        <\/a>\r\n                    <\/h3>\r\n                                    <p class=\"notranslate\">Ayant \u00e9t\u00e9 initi\u00e9e \u00e0 la voile par ses parents, Mireille a acquis son premier voilier en solo il y a trois ans. Depuis ce temps, sa passion est nourrie par de nouvelles rencontres et de nouvelles exp\u00e9riences sur l'eau. Naviguant principalement sur le Lac-St-jean, elle sait que derri\u00e8re sa nature idyllique, bleue et calme, le lac peut rapidement se transformer en guerrier presqu'indomptable.  Elle a quelques courses \u00e0 son actif. Enseignante de formation, son r\u00eave est de gravir les \u00e9chelons nautiques afin de transmettre sa passion un jour! Justine, son instructrice, lui a parl\u00e9 de la coupe F\u00e9mina et elle se lance donc pour une premi\u00e8re exp\u00e9rience!<\/p>\r\n                                    <span>\r\n                        1re participation                    <\/span>\r\n                                    <span class=\"notranslate\">Qu\u00e9bec City<\/span>\r\n                            <\/div>\r\n        <\/div>\r\n            <div class=\"membre-equipage\">\r\n                            <img decoding=\"async\" src=\"https:\/\/www.coupe-femina.com\/wp-content\/uploads\/2026\/02\/img-2693-scaled.jpeg\" alt=\"\"\/>\r\n                        <div>\r\n                                    <h3>\r\n                        <a class=\"notranslate\" href=\"https:\/\/www.coupe-femina.com\/en\/participant\/alex-gelinas-2\/\">\r\n                            Alex G\u00e9linas                        <\/a>\r\n                    <\/h3>\r\n                                    <p class=\"notranslate\">Habitu\u00e9e du fleuve, Alex navigue r\u00e9guli\u00e8rement avec ses jeunes enfants, profitant simplement du plaisir d\u2019\u00eatre sur l\u2019eau en famille. Elle a d\u00e9couvert la Coupe F\u00e9mina il y a trois ans, une exp\u00e9rience qui l\u2019a inspir\u00e9e \u00e0 se lancer dans l\u2019aventure et \u00e0 d\u00e9buter le F\u00e9mina Challenge.<\/p>\r\n                                    <span>\r\n                        3e participation                    <\/span>\r\n                                    <span class=\"notranslate\">Levis<\/span>\r\n                            <\/div>\r\n        <\/div>\r\n            <div class=\"membre-equipage\">\r\n                            <img decoding=\"async\" src=\"https:\/\/www.coupe-femina.com\/wp-content\/uploads\/2025\/11\/marie-josee-michaud.jpeg\" alt=\"\"\/>\r\n                        <div>\r\n                                    <h3>\r\n                        <a class=\"notranslate\" href=\"https:\/\/www.coupe-femina.com\/en\/participant\/marie-josee-michaud\/\">\r\n                            Marie-Jos\u00e9e Michaud                        <\/a>\r\n                    <\/h3>\r\n                                    <p class=\"notranslate\">Ce sera la 3e participation de Marie-Jos\u00e9e \u00e0 la Coupe Femina, la 2e \u00e0 la course de nuit. Vingt ans apr\u00e8s l'obtention de son brevet chef de bord de voile \u00e9l\u00e9mentaire, Marie-Jos\u00e9e a renou\u00e9 avec cette passion en 2020. Son conjoint et elle ont acquis un Tanzer 26 et naviguent ensemble sur le Lac des Deux Montagnes chaque \u00e9t\u00e9. La Coupe Femina est pour elle une occasion en or de naviguer sur le fleuve. C'est donc avec beaucoup d'enthousiasme et d'excitation qu'elle reviendra faire cette course en 2026!<\/p>\r\n                                    <span>\r\n                        3e participation                    <\/span>\r\n                                    <span class=\"notranslate\">Saint-Basile-Le-Grand<\/span>\r\n                            <\/div>\r\n        <\/div>\r\n    <\/div><\/div><\/div>\n\t\t\t\t\t\t<\/div>\n\t\t\t\t\t<\/div>\n\t\t\t\t<\/div>\n\t\t\t\t<\/div>\n\t\t\t\t<div data-elementor-type=\"loop-item\" data-elementor-id=\"1363\" class=\"elementor elementor-1363 e-loop-item e-loop-item-2168 post-2168 equipage type-equipage status-publish hentry\" data-elementor-post-type=\"elementor_library\" data-custom-edit-handle=\"1\">\n\t\t\t<div class=\"elementor-element elementor-element-0960fd3 e-flex e-con-boxed e-con e-parent\" data-id=\"0960fd3\" data-element_type=\"container\" data-e-type=\"container\">\n\t\t\t\t\t<div class=\"e-con-inner\">\n\t\t\t\t<div class=\"elementor-element elementor-element-5ade0f9 elementor-widget elementor-widget-shortcode\" data-id=\"5ade0f9\" data-element_type=\"widget\" data-e-type=\"widget\" data-widget_type=\"shortcode.default\">\n\t\t\t\t\t\t\t<div class=\"elementor-shortcode\"><div class='boucle-equipage' data-voilier='2166' data-evenement='1307' data-categorie='34' data-edition='39'>                <div class='voilier' style='--bg-img:url(\"https:\/\/www.coupe-femina.com\/en\/wp-content\/uploads\/2025\/10\/coupe-femina-2023-posterimage.png\")'>\r\n                    <h2>\r\n                        <a class=\"notranslate\" href=\"https:\/\/www.coupe-femina.com\/en\/voilier\/vent-douest\/\">\r\n                            Vent d&rsquo;Ouest                        <\/a>\r\n                    <\/h2>\r\n\r\n                                            <h3>\r\n                            <a class=\"notranslate\" href=\"https:\/\/www.coupe-femina.com\/en\/evenement\/femina-challenge-2025\/\">\r\n                                Femina Challenge 2025                            <\/a>\r\n                        <\/h3>\r\n                                    <\/div>\r\n                            <div class=\"details-equipage\">\r\n                    <span>\r\n                        <strong>Position :<\/strong>\r\n                        -<\/span>\r\n                    <span>\r\n                        <strong>Temps :<\/strong>\r\n                        <span class=\"notranslate\">-<\/span>\r\n                    <\/span>\r\n                    <a href=\"https:\/\/www.coupe-femina.com\/en\/equipage\/vent-douest-femina-challenge-2025\/\">Voir plus de d\u00e9tails<\/a>\r\n                <\/div>\r\n                <div class='membres-equipage'>        <div class=\"membre-equipage\">\r\n                            <img decoding=\"async\" src=\"https:\/\/www.coupe-femina.com\/wp-content\/uploads\/2025\/11\/julie-morier.jpg\" alt=\"\"\/>\r\n                        <div>\r\n                                    <h3>\r\n                        <a class=\"notranslate\" href=\"https:\/\/www.coupe-femina.com\/en\/participant\/julie-morier\/\">\r\n                            Julie Morier                        <\/a>\r\n                    <\/h3>\r\n                                    <span class=\"capitaine\">Skipper<\/span>\r\n                                    <p class=\"notranslate\">Apr\u00e8s beaucoup trop d'ann\u00e9es \u00e0 repousser le projet, Julie a choisi de d\u00e9buter la voile en 2018 avec son brevet \u00e9l\u00e9mentaire.<br \/>\r\n<br \/>\r\nPar la suite, le fleuve Saint-Laurent et la c\u00f4te Est am\u00e9ricaine sont devenus de beaux terrains de jeu. Elle partage sa passion pour la voile aussi souvent que possible!<\/p>\r\n                                    <span>\r\n                        2e participation                    <\/span>\r\n                                    <span class=\"notranslate\">Saint-Hyacinthe<\/span>\r\n                            <\/div>\r\n        <\/div>\r\n            <div class=\"membre-equipage\">\r\n                            <img decoding=\"async\" src=\"https:\/\/www.coupe-femina.com\/wp-content\/uploads\/2025\/11\/melissa-delaney.jpg\" alt=\"\"\/>\r\n                        <div>\r\n                                    <h3>\r\n                        <a class=\"notranslate\" href=\"https:\/\/www.coupe-femina.com\/en\/participant\/melissa-delaney\/\">\r\n                            M\u00e9lissa Delaney                        <\/a>\r\n                    <\/h3>\r\n                                    <p class=\"notranslate\">Int\u00e9ress\u00e9e \u00e0 la voile depuis son jeune \u00e2ge, elle se d\u00e9cide en pleine pand\u00e9mie de suivre ses cours de cheffe de bord. Elle acquiert ensuite son premier bateau qu\u2019elle partage avec un groupe d\u2019amis passionn\u00e9s. Devenue maman solo en 2022, elle introduit maintenant sa petite fille \u00e0 la voile. Les navigations se sont adoucies mais le plaisir n\u2019a fait qu\u2019augmenter!<\/p>\r\n                                    <span>\r\n                        1re participation                    <\/span>\r\n                                    <span class=\"notranslate\">Montr\u00e9al<\/span>\r\n                            <\/div>\r\n        <\/div>\r\n            <div class=\"membre-equipage\">\r\n                            <img decoding=\"async\" src=\"https:\/\/www.coupe-femina.com\/wp-content\/uploads\/2025\/11\/catherine-gagnon.jpeg\" alt=\"\"\/>\r\n                        <div>\r\n                                    <h3>\r\n                        <a class=\"notranslate\" href=\"https:\/\/www.coupe-femina.com\/en\/participant\/catherine-gagnon\/\">\r\n                            Catherine Gagnon                        <\/a>\r\n                    <\/h3>\r\n                                    <p class=\"notranslate\">Catherine est dans le monde de la voile depuis son enfance!  Elle a particip\u00e9 \u00e0 un voyage familial pendant 2 ans dans l'Am\u00e9rique centrale \u00e0 l'\u00e2ge de 10 ans. Elle a eu un voilier 3 ans au Lac-Saint-Jean et elle a particip\u00e9 \u00e0 plusieurs courses. Elle a d\u00e9couvert qu'elle adore l'\u00e9nergie des \u00e9v\u00e8nements et des challenges. <br \/>\r\n<br \/>\r\nEn 2023 et 2024  elle a particip\u00e9  en tant que skipper du voilier \"Vent d'Ouest\". Elle est de retour encore cette ann\u00e9e pour revivre une belle exp\u00e9rience.<\/p>\r\n                                    <span>\r\n                        1re participation                    <\/span>\r\n                                    <span class=\"notranslate\">Shipshaw<\/span>\r\n                            <\/div>\r\n        <\/div>\r\n            <div class=\"membre-equipage\">\r\n                            <img decoding=\"async\" src=\"https:\/\/www.coupe-femina.com\/wp-content\/uploads\/2025\/11\/genevieve-desrochers.jpg\" alt=\"\"\/>\r\n                        <div>\r\n                                    <h3>\r\n                        <a class=\"notranslate\" href=\"https:\/\/www.coupe-femina.com\/en\/participant\/genevieve-desrochers\/\">\r\n                            Genevi\u00e8ve Desrochers                        <\/a>\r\n                    <\/h3>\r\n                                    <p class=\"notranslate\">Genevi\u00e8ve a v\u00e9cu ses premi\u00e8res exp\u00e9riences sur le voilier de son p\u00e8re \u00e0 l\u2019adolescence. Elle a retrouv\u00e9 le plaisir et la passion de la voile en 2018 lors d\u2019un weekend sur le lac Champlain avec des amis. En 2019, elle a eu l\u2019opportunit\u00e9 de faire un voyage de voile entre Toulon et la Corse et de faire la travers\u00e9e de la M\u00e9diterran\u00e9e. En 2020, elle a obtenu son brevet-chef de bord. Elle a pris de l\u2019exp\u00e9rience sur le fleuve St-Laurent et depuis 2022, elle navigue chez l\u2019Agence de voile Ohana.<\/p>\r\n                                    <span>\r\n                        2e participation                    <\/span>\r\n                                    <span class=\"notranslate\">Saint-Hyacinthe<\/span>\r\n                            <\/div>\r\n        <\/div>\r\n            <div class=\"membre-equipage\">\r\n                            <img decoding=\"async\" src=\"https:\/\/www.coupe-femina.com\/wp-content\/uploads\/2025\/11\/joelle-thiffault.jpg\" alt=\"\"\/>\r\n                        <div>\r\n                                    <h3>\r\n                        <a class=\"notranslate\" href=\"https:\/\/www.coupe-femina.com\/en\/participant\/joelle-thiffault\/\">\r\n                            Jo\u00eblle Thiffault                        <\/a>\r\n                    <\/h3>\r\n                                    <p class=\"notranslate\">Jo\u00eblle a grandi au Chantier Maritime de St-Vallier, berc\u00e9e par la passion de son p\u00e8re pour la voile. Elle ach\u00e8te son premier voilier il y a 10 ans et forge son exp\u00e9rience sur le lac Champlain. D\u00e8s sa 2e ann\u00e9e, elle met le cap sur Long Island pour apprendre mar\u00e9es et courants. Plus r\u00e9cemment, elle revient d\u2019un voyage de 10 mois jusqu\u2019aux Bahamas, o\u00f9 elle a brillamment alli\u00e9 passion et aventure \u2014 malgr\u00e9 une anecdote d\u2019h\u00e9lice perdue en mer ! Longtemps sollicit\u00e9e pour la Coupe, elle disait toujours non\u2026 jusqu\u2019\u00e0 ce que l\u2019\u00e9quipage de Vent d\u2019Ouest gagne son c\u0153ur. Exp\u00e9riment\u00e9e et calme, elle sera un pr\u00e9cieux atout.<\/p>\r\n                                    <span>\r\n                        1re participation                    <\/span>\r\n                                    <span class=\"notranslate\">Monts Valin<\/span>\r\n                            <\/div>\r\n        <\/div>\r\n    <\/div><\/div><\/div>\n\t\t\t\t\t\t<\/div>\n\t\t\t\t\t<\/div>\n\t\t\t\t<\/div>\n\t\t\t\t<\/div>\n\t\t\t\t<div data-elementor-type=\"loop-item\" data-elementor-id=\"1363\" class=\"elementor elementor-1363 e-loop-item e-loop-item-2265 post-2265 equipage type-equipage status-publish hentry\" data-elementor-post-type=\"elementor_library\" data-custom-edit-handle=\"1\">\n\t\t\t<div class=\"elementor-element elementor-element-0960fd3 e-flex e-con-boxed e-con e-parent\" data-id=\"0960fd3\" data-element_type=\"container\" data-e-type=\"container\">\n\t\t\t\t\t<div class=\"e-con-inner\">\n\t\t\t\t<div class=\"elementor-element elementor-element-5ade0f9 elementor-widget elementor-widget-shortcode\" data-id=\"5ade0f9\" data-element_type=\"widget\" data-e-type=\"widget\" data-widget_type=\"shortcode.default\">\n\t\t\t\t\t\t\t<div class=\"elementor-shortcode\"><div class='boucle-equipage' data-voilier='2264' data-evenement='1308' data-categorie='36' data-edition='39'>                <div class='voilier' style='--bg-img:url(\"https:\/\/www.coupe-femina.com\/en\/wp-content\/uploads\/2025\/10\/coupe-femina-2023-posterimage.png\")'>\r\n                    <h2>\r\n                        <a class=\"notranslate\" href=\"https:\/\/www.coupe-femina.com\/en\/voilier\/vidocq\/\">\r\n                            Vidocq                        <\/a>\r\n                    <\/h2>\r\n\r\n                                            <h3>\r\n                            <a class=\"notranslate\" href=\"https:\/\/www.coupe-femina.com\/en\/evenement\/classe-evolution-2025\/\">\r\n                                Classe \u00c9volution 2025                            <\/a>\r\n                        <\/h3>\r\n                                    <\/div>\r\n                            <div class=\"details-equipage\">\r\n                    <span>\r\n                        <strong>Position :<\/strong>\r\n                        -<\/span>\r\n                    <span>\r\n                        <strong>Temps :<\/strong>\r\n                        <span class=\"notranslate\">-<\/span>\r\n                    <\/span>\r\n                    <a href=\"https:\/\/www.coupe-femina.com\/en\/equipage\/vidocq-classe-evolution-2025\/\">Voir plus de d\u00e9tails<\/a>\r\n                <\/div>\r\n                <div class='membres-equipage'>        <div class=\"membre-equipage\">\r\n                            <img decoding=\"async\" src=\"https:\/\/www.coupe-femina.com\/wp-content\/uploads\/2025\/11\/nathalie-methot.jpg\" alt=\"\"\/>\r\n                        <div>\r\n                                    <h3>\r\n                        <a class=\"notranslate\" href=\"https:\/\/www.coupe-femina.com\/en\/participant\/nathalie-methot-2\/\">\r\n                            Nathalie M\u00e9thot (skipper)                        <\/a>\r\n                    <\/h3>\r\n                                    <span class=\"capitaine\">Skipper<\/span>\r\n                                    <p class=\"notranslate\">Nathalie est compl\u00e8tement tomb\u00e9e sous les charmes de la course \u00e0 voile il y a une douzaine d'ann\u00e9e. Depuis, elle est membre du club BYC \u00e0 Ottawa et participe r\u00e9guli\u00e8rement aux courses amicales sur la rivi\u00e8re Outaouais. Elle d\u00e9tient un brevet de voile interm\u00e9diaire et veut continuer son \u00e9ducation technique.<\/p>\r\n                                    <span>\r\n                        2e participation                    <\/span>\r\n                                    <span class=\"notranslate\">Ottawa<\/span>\r\n                            <\/div>\r\n        <\/div>\r\n            <div class=\"membre-equipage\">\r\n                            <img decoding=\"async\" src=\"https:\/\/www.coupe-femina.com\/wp-content\/uploads\/2025\/11\/gwenaelle-guillet.jpg\" alt=\"\"\/>\r\n                        <div>\r\n                                    <h3>\r\n                        <a class=\"notranslate\" href=\"https:\/\/www.coupe-femina.com\/en\/participant\/gwenaelle-guillet\/\">\r\n                            Gwena\u00eblle Guillet                        <\/a>\r\n                    <\/h3>\r\n                                    <p class=\"notranslate\">Gwena\u00eblle, passionn\u00e9e de voile et toujours avide d\u2019apprendre, a obtenu son brevet \u00e9l\u00e9mentaire sur un Catalina 30, avant de passer un \u00e9t\u00e9 comme \u00e9quipi\u00e8re sur plusieurs voiliers de 30 pieds. Elle a ensuite navigu\u00e9 d\u2019\u00eele en \u00eele \u00e0 Saint-Martin, o\u00f9 elle a obtenu son brevet interm\u00e9diaire. Un \u00e9pisode marquant dans le fjord du Saguenay, entre panne s\u00e8che et calme plat, l\u2019a men\u00e9e \u00e0 appeler la Garde c\u00f4ti\u00e8re \u2014 une exp\u00e9rience qui a renforc\u00e9 sa d\u00e9termination \u00e0 tout ma\u00eetriser en mer. Inspir\u00e9e par l\u2019entraide entre marins, elle souhaite \u00e0 son tour encourager les femmes \u00e0 prendre la barre. La Coupe Femina est pour elle une belle occasion de naviguer entre femmes, d\u2019apprendre et d\u2019inspirer.<\/p>\r\n                                    <span>\r\n                        1re participation                    <\/span>\r\n                                    <span class=\"notranslate\">Gatineau<\/span>\r\n                            <\/div>\r\n        <\/div>\r\n            <div class=\"membre-equipage\">\r\n                            <img decoding=\"async\" src=\"https:\/\/www.coupe-femina.com\/wp-content\/uploads\/2025\/11\/helene-moise.jpg\" alt=\"\"\/>\r\n                        <div>\r\n                                    <h3>\r\n                        <a class=\"notranslate\" href=\"https:\/\/www.coupe-femina.com\/en\/participant\/helene-moise\/\">\r\n                            H\u00e9l\u00e8ne Moise                        <\/a>\r\n                    <\/h3>\r\n                                    <p class=\"notranslate\">H\u00e9l\u00e8ne va au gr\u00e9 du vent depuis toujours, mais c'est tout r\u00e9cemment qu'elle a eu la piq\u00fbre pour la voile! Elle a achet\u00e9 un voilier, compl\u00e9t\u00e9 son brevet \u00e9l\u00e9mentaire et depuis elle ne r\u00eave que de vivre sur l'eau!<br \/>\r\n<br \/>\r\nProfessionnelle de l'\u00e9ducation, amatrice de yoga et maman d'un futur capitaine, elle saura coop\u00e9rer avec l'\u00e9quipe pour arriver \u00e0 bon port!<\/p>\r\n                                    <span>\r\n                        1re participation                    <\/span>\r\n                                    <span class=\"notranslate\">Saint-Lambert<\/span>\r\n                            <\/div>\r\n        <\/div>\r\n            <div class=\"membre-equipage\">\r\n                            <img decoding=\"async\" src=\"https:\/\/www.coupe-femina.com\/wp-content\/uploads\/2025\/11\/annik-caron.jpg\" alt=\"\"\/>\r\n                        <div>\r\n                                    <h3>\r\n                        <a class=\"notranslate\" href=\"https:\/\/www.coupe-femina.com\/en\/participant\/annik-caron\/\">\r\n                            Annik Caron                        <\/a>\r\n                    <\/h3>\r\n                                    <p class=\"notranslate\">Annik d\u00e9couvre la voile en 2019 lors d\u2019une travers\u00e9e Qu\u00e9bec\u2013\u00celes de la Madeleine avec Patrick, navigateur solitaire. Ensemble, ils poursuivent l\u2019aventure : Boston, New York, Bahamas, \u00celes Turquoises, Halifax. En 2020, ils acqui\u00e8rent Az\u00e9lia, un C&amp;C 41, et explorent le lac Ontario et le fleuve. \u00c0 l\u2019\u00e9t\u00e9 2024, Annik r\u00e9alise une travers\u00e9e de six semaines de Gatineau \u00e0 la C\u00f4te-Nord. Passionn\u00e9e, elle pr\u00e9pare maintenant une transatlantique pour 2027.<\/p>\r\n                                    <span>\r\n                        1re participation                    <\/span>\r\n                                    <span class=\"notranslate\">Gatineau<\/span>\r\n                            <\/div>\r\n        <\/div>\r\n            <div class=\"membre-equipage\">\r\n                            <img decoding=\"async\" src=\"https:\/\/www.coupe-femina.com\/wp-content\/uploads\/2025\/11\/melissa-loiseau.jpg\" alt=\"\"\/>\r\n                        <div>\r\n                                    <h3>\r\n                        <a class=\"notranslate\" href=\"https:\/\/www.coupe-femina.com\/en\/participant\/melissa-loiseau\/\">\r\n                            M\u00e9lissa Loiseau                        <\/a>\r\n                    <\/h3>\r\n                                    <p class=\"notranslate\">Biologiste passionn\u00e9e par la mer, M\u00e9lissa \u00e0 navigu\u00e9 principalement sur le Fleuve Saint-Laurent \u00e0 bord de diff\u00e9rents voiliers entre 2017 et 2020. En 2017, elle a particip\u00e9 \u00e0 une travers\u00e9e de l'Atlantique Nord \u00e0 bord d'Avontuur, un voilier servant \u00e0 transporter de la marchandise, en tant que membre d'\u00e9quipage. Apr\u00e8s une petite pause forc\u00e9e de navigation, c'est avec beaucoup d'enthousiasme qu'elle reprend la voile avec une premi\u00e8re participation \u00e0 la Coupe Femina.<\/p>\r\n                                    <span>\r\n                        1re participation                    <\/span>\r\n                                    <span class=\"notranslate\">Granby<\/span>\r\n                            <\/div>\r\n        <\/div>\r\n            <div class=\"membre-equipage\">\r\n                            <img decoding=\"async\" src=\"https:\/\/www.coupe-femina.com\/wp-content\/uploads\/2025\/11\/stephane-fortier.jpg\" alt=\"\"\/>\r\n                        <div>\r\n                                    <h3>\r\n                        <a class=\"notranslate\" href=\"https:\/\/www.coupe-femina.com\/en\/participant\/stephane-fortier\/\">\r\n                            St\u00e9phane Fortier                        <\/a>\r\n                    <\/h3>\r\n                                    <span class=\"instructeur\">Instructeur(rice)<\/span>\r\n                                    <p class=\"notranslate\">St\u00e9phane est instructeur Voile Canada chez Formation Nautique Qu\u00e9bec.<\/p>\r\n                                    <span>\r\n                        1re participation                    <\/span>\r\n                                    <span class=\"notranslate\">Qu\u00e9bec<\/span>\r\n                            <\/div>\r\n        <\/div>\r\n    <\/div><\/div><\/div>\n\t\t\t\t\t\t<\/div>\n\t\t\t\t\t<\/div>\n\t\t\t\t<\/div>\n\t\t\t\t<\/div>\n\t\t\t\t<div data-elementor-type=\"loop-item\" data-elementor-id=\"1363\" class=\"elementor elementor-1363 e-loop-item e-loop-item-2925 post-2925 equipage type-equipage status-publish hentry\" data-elementor-post-type=\"elementor_library\" data-custom-edit-handle=\"1\">\n\t\t\t<div class=\"elementor-element elementor-element-0960fd3 e-flex e-con-boxed e-con e-parent\" data-id=\"0960fd3\" data-element_type=\"container\" data-e-type=\"container\">\n\t\t\t\t\t<div class=\"e-con-inner\">\n\t\t\t\t<div class=\"elementor-element elementor-element-5ade0f9 elementor-widget elementor-widget-shortcode\" data-id=\"5ade0f9\" data-element_type=\"widget\" data-e-type=\"widget\" data-widget_type=\"shortcode.default\">\n\t\t\t\t\t\t\t<div class=\"elementor-shortcode\"><div class='boucle-equipage' data-voilier='2924' data-evenement='1501' data-categorie='32' data-edition='44'>                <div class='voilier' style='--bg-img:url(\"https:\/\/www.coupe-femina.com\/en\/wp-content\/uploads\/2025\/10\/coupe-femina-2023-posterimage.png\")'>\r\n                    <h2>\r\n                        <a class=\"notranslate\" href=\"https:\/\/www.coupe-femina.com\/en\/voilier\/voilier-fnq-femina-jeunesse\/\">\r\n                            Voilier FNQ- Femina Jeunesse                        <\/a>\r\n                    <\/h2>\r\n\r\n                                            <h3>\r\n                            <a class=\"notranslate\" href=\"https:\/\/www.coupe-femina.com\/en\/evenement\/coupe-femina-2026\/\">\r\n                                Coupe Femina 2026                            <\/a>\r\n                        <\/h3>\r\n                                    <\/div>\r\n                            <div class=\"details-equipage\">\r\n                    <span>\r\n                        <strong>Position :<\/strong>\r\n                        -<\/span>\r\n                    <span>\r\n                        <strong>Temps :<\/strong>\r\n                        <span class=\"notranslate\">-<\/span>\r\n                    <\/span>\r\n                    <a href=\"https:\/\/www.coupe-femina.com\/en\/equipage\/voilier-fnq-femina-jeunesse-coupe-femina-2026\/\">Voir plus de d\u00e9tails<\/a>\r\n                <\/div>\r\n                <div class='membres-equipage'>        <div class=\"membre-equipage\">\r\n                            <img decoding=\"async\" src=\"https:\/\/www.coupe-femina.com\/wp-content\/uploads\/2026\/01\/img-0442.jpeg\" alt=\"\"\/>\r\n                        <div>\r\n                                    <h3>\r\n                        <a class=\"notranslate\" href=\"https:\/\/www.coupe-femina.com\/en\/participant\/nathaly-chabot\/\">\r\n                            Nathaly Chabot                        <\/a>\r\n                    <\/h3>\r\n                                    <span class=\"capitaine\">Skipper<\/span>\r\n                                    <p class=\"notranslate\">Nathaly a d\u00e9but\u00e9 la voile \u00e0 l\u2019\u00e9t\u00e9 2019 et, depuis, elle encha\u00eene les formations pratiques et th\u00e9oriques. <br \/>\r\n<br \/>\r\nInstructrice IYT chez Formation Nautique Qu\u00e9bec depuis l\u2019\u00e9t\u00e9 2024, elle est nouvellement retrait\u00e9e et pr\u00e9voit passer encore de nombreuses heures sur l\u2019eau cet \u00e9t\u00e9.<br \/>\r\n<br \/>\r\nElle en sera \u00e0 sa sixi\u00e8me participation en 2026. <br \/>\r\n<br \/>\r\nChaque ann\u00e9e apporte son lot de nouveaux d\u00e9fis, et 2026 ne fera pas exception avec une implication  aupr\u00e8s des jeunes du programme Femina Jeunesse.<\/p>\r\n                                    <span>\r\n                        6e participation                    <\/span>\r\n                                    <span class=\"notranslate\">L\u00e9vis<\/span>\r\n                            <\/div>\r\n        <\/div>\r\n    <\/div><\/div><\/div>\n\t\t\t\t\t\t<\/div>\n\t\t\t\t\t<\/div>\n\t\t\t\t<\/div>\n\t\t\t\t<\/div>\n\t\t\t\t<div data-elementor-type=\"loop-item\" data-elementor-id=\"1363\" class=\"elementor elementor-1363 e-loop-item e-loop-item-2996 post-2996 equipage type-equipage status-publish hentry\" data-elementor-post-type=\"elementor_library\" data-custom-edit-handle=\"1\">\n\t\t\t<div class=\"elementor-element elementor-element-0960fd3 e-flex e-con-boxed e-con e-parent\" data-id=\"0960fd3\" data-element_type=\"container\" data-e-type=\"container\">\n\t\t\t\t\t<div class=\"e-con-inner\">\n\t\t\t\t<div class=\"elementor-element elementor-element-5ade0f9 elementor-widget elementor-widget-shortcode\" data-id=\"5ade0f9\" data-element_type=\"widget\" data-e-type=\"widget\" data-widget_type=\"shortcode.default\">\n\t\t\t\t\t\t\t<div class=\"elementor-shortcode\"><div class='boucle-equipage' data-voilier='2995' data-evenement='1501' data-categorie='32' data-edition='44'>                <div class='voilier' style='--bg-img:url(\"https:\/\/www.coupe-femina.com\/wp-content\/uploads\/2026\/02\/IMG_0297.jpeg\")'>\r\n                    <h2>\r\n                        <a class=\"notranslate\" href=\"https:\/\/www.coupe-femina.com\/en\/voilier\/voltaire\/\">\r\n                            Voltaire                        <\/a>\r\n                    <\/h2>\r\n\r\n                                            <h3>\r\n                            <a class=\"notranslate\" href=\"https:\/\/www.coupe-femina.com\/en\/evenement\/coupe-femina-2026\/\">\r\n                                Coupe Femina 2026                            <\/a>\r\n                        <\/h3>\r\n                                    <\/div>\r\n                            <div class=\"details-equipage\">\r\n                    <span>\r\n                        <strong>Position :<\/strong>\r\n                        -<\/span>\r\n                    <span>\r\n                        <strong>Temps :<\/strong>\r\n                        <span class=\"notranslate\">-<\/span>\r\n                    <\/span>\r\n                    <a href=\"https:\/\/www.coupe-femina.com\/en\/equipage\/voltaire-coupe-femina-2026\/\">Voir plus de d\u00e9tails<\/a>\r\n                <\/div>\r\n                <div class='membres-equipage'>        <div class=\"membre-equipage\">\r\n                            <img decoding=\"async\" src=\"https:\/\/www.coupe-femina.com\/wp-content\/uploads\/2025\/11\/veronique-maurice-e1772481381352.jpeg\" alt=\"\"\/>\r\n                        <div>\r\n                                    <h3>\r\n                        <a class=\"notranslate\" href=\"https:\/\/www.coupe-femina.com\/en\/participant\/veronique-maurice-2\/\">\r\n                            V\u00e9ronique Maurice                        <\/a>\r\n                    <\/h3>\r\n                                    <span class=\"capitaine\">Skipper<\/span>\r\n                                    <p class=\"notranslate\">V\u00e9ronique a fait l'acquisition de son premier bateau en octobre 2022, un Jeanneau Arcadia de 30 pieds. Depuis, elle fait des sorties r\u00e9guli\u00e8res avec son conjoint.  Elle a particip\u00e9 \u00e0 sa premi\u00e8re Coupe Femina en 2023, a fait celle de 2025 et poursuivra le d\u00e9fi en 2026.<\/p>\r\n                                    <span>\r\n                        3e participation                    <\/span>\r\n                                    <span class=\"notranslate\">Qu\u00e9bec<\/span>\r\n                            <\/div>\r\n        <\/div>\r\n            <div class=\"membre-equipage\">\r\n                            <img decoding=\"async\" src=\"https:\/\/www.coupe-femina.com\/wp-content\/uploads\/2026\/03\/IMG_8501.jpeg\" alt=\"\"\/>\r\n                        <div>\r\n                                    <h3>\r\n                        <a class=\"notranslate\" href=\"https:\/\/www.coupe-femina.com\/en\/participant\/marie-claire-lemay-2\/\">\r\n                            Marie-Claire Lemay                        <\/a>\r\n                    <\/h3>\r\n                                    <p class=\"notranslate\">Marie d\u00e9couvre la voile lors d'un initiation \u00e0 la croisi\u00e8re en 2019.  Elle a la piq\u00fbre et depuis elle enchaine les formations.  Elle est propri\u00e9taire de son voilier depuis 2021.  C'est sa 3\u00e8me participation \u00e0 la Coupe F\u00e9mina !<\/p>\r\n                                    <span>\r\n                        3e participation                    <\/span>\r\n                                    <span class=\"notranslate\">Qu\u00e9bec<\/span>\r\n                            <\/div>\r\n        <\/div>\r\n            <div class=\"membre-equipage\">\r\n                            <img decoding=\"async\" src=\"https:\/\/www.coupe-femina.com\/wp-content\/uploads\/2025\/11\/edith-bordeleau.jpg\" alt=\"\"\/>\r\n                        <div>\r\n                                    <h3>\r\n                        <a class=\"notranslate\" href=\"https:\/\/www.coupe-femina.com\/en\/participant\/edith-bordeleau-2\/\">\r\n                            Edith Bordeleau                        <\/a>\r\n                    <\/h3>\r\n                                    <p class=\"notranslate\">Tourbillon ou tornade, Edith est toujours en action, elle explore, d\u00e9couvre et s\u2019int\u00e9resse \u00e0 plein de choses. Elle g\u00e8re une carri\u00e8re m\u00e9dicale prenante et est la seule capitaine pour 3 matelots maintenant assez grands pour naviguer seuls. Elle a donc d\u00e9cid\u00e9 de se mettre \u00e0 la voile, ENFIN!  Le vent dans les cheveux, l'euphorie de l'action et du d\u00e9fi, le d\u00e9passement, tout l'interpellait vers l'eau! M\u00eame son nom de famille!<\/p>\r\n                                    <span>\r\n                        2e participation                    <\/span>\r\n                                    <span class=\"notranslate\">Saint-Augustin<\/span>\r\n                            <\/div>\r\n        <\/div>\r\n            <div class=\"membre-equipage\">\r\n                            <img decoding=\"async\" src=\"https:\/\/www.coupe-femina.com\/wp-content\/uploads\/2025\/11\/caroline-ouellet.jpg\" alt=\"\"\/>\r\n                        <div>\r\n                                    <h3>\r\n                        <a class=\"notranslate\" href=\"https:\/\/www.coupe-femina.com\/en\/participant\/caroline-ouellet\/\">\r\n                            Caroline Ouellet                        <\/a>\r\n                    <\/h3>\r\n                                    <p class=\"notranslate\">Berc\u00e9e par la houle du voilier de son p\u00e8re sur le lac Saint-Jean en bas \u00e2ge, elle renoue avec la fr\u00e9n\u00e9sie grisante de la voile.<\/p>\r\n                                    <span>\r\n                        2e participation                    <\/span>\r\n                                    <span class=\"notranslate\">Blainville<\/span>\r\n                            <\/div>\r\n        <\/div>\r\n    <\/div><\/div><\/div>\n\t\t\t\t\t\t<\/div>\n\t\t\t\t\t<\/div>\n\t\t\t\t<\/div>\n\t\t\t\t<\/div>\n\t\t\t\t<div data-elementor-type=\"loop-item\" data-elementor-id=\"1363\" class=\"elementor elementor-1363 e-loop-item e-loop-item-2131 post-2131 equipage type-equipage status-publish hentry\" data-elementor-post-type=\"elementor_library\" data-custom-edit-handle=\"1\">\n\t\t\t<div class=\"elementor-element elementor-element-0960fd3 e-flex e-con-boxed e-con e-parent\" data-id=\"0960fd3\" data-element_type=\"container\" data-e-type=\"container\">\n\t\t\t\t\t<div class=\"e-con-inner\">\n\t\t\t\t<div class=\"elementor-element elementor-element-5ade0f9 elementor-widget elementor-widget-shortcode\" data-id=\"5ade0f9\" data-element_type=\"widget\" data-e-type=\"widget\" data-widget_type=\"shortcode.default\">\n\t\t\t\t\t\t\t<div class=\"elementor-shortcode\"><div class='boucle-equipage' data-voilier='2130' data-evenement='1307' data-categorie='34' data-edition='39'>                <div class='voilier' style='--bg-img:url(\"https:\/\/www.coupe-femina.com\/en\/wp-content\/uploads\/2025\/10\/coupe-femina-2023-posterimage.png\")'>\r\n                    <h2>\r\n                        <a class=\"notranslate\" href=\"https:\/\/www.coupe-femina.com\/en\/voilier\/vortex-i\/\">\r\n                            Vortex I                        <\/a>\r\n                    <\/h2>\r\n\r\n                                            <h3>\r\n                            <a class=\"notranslate\" href=\"https:\/\/www.coupe-femina.com\/en\/evenement\/femina-challenge-2025\/\">\r\n                                Femina Challenge 2025                            <\/a>\r\n                        <\/h3>\r\n                                    <\/div>\r\n                            <div class=\"details-equipage\">\r\n                    <span>\r\n                        <strong>Position :<\/strong>\r\n                        -<\/span>\r\n                    <span>\r\n                        <strong>Temps :<\/strong>\r\n                        <span class=\"notranslate\">-<\/span>\r\n                    <\/span>\r\n                    <a href=\"https:\/\/www.coupe-femina.com\/en\/equipage\/vortex-i-femina-challenge-2025\/\">Voir plus de d\u00e9tails<\/a>\r\n                <\/div>\r\n                <div class='membres-equipage'>        <div class=\"membre-equipage\">\r\n                            <img decoding=\"async\" src=\"https:\/\/www.coupe-femina.com\/wp-content\/uploads\/2026\/02\/coupe-femina-2026-1.jpg\" alt=\"\"\/>\r\n                        <div>\r\n                                    <h3>\r\n                        <a class=\"notranslate\" href=\"https:\/\/www.coupe-femina.com\/en\/participant\/mireille-bilodeau-2\/\">\r\n                            Mireille Bilodeau                        <\/a>\r\n                    <\/h3>\r\n                                    <span class=\"capitaine\">Skipper<\/span>\r\n                                    <p class=\"notranslate\">R\u00e9gati\u00e8re anim\u00e9e par un d\u00e9sir de partager sa passion, Mireille cumule ses milles nautiques surtout en contexte de r\u00e9gates, en plus d'\u00eatre impliqu\u00e9e comme pr\u00e9sidente au Championnat r\u00e9gional de yachting de Qu\u00e9bec. Le plaisir doit \u00eatre au rendez-vous dans chacune de ses navigations et c'est avec l'envi de d\u00e9fendre le titre de son \u00e9quipage de 2025 qu'elle sera sur la ligne de d\u00e9part.<\/p>\r\n                                    <span>\r\n                        6e participation                    <\/span>\r\n                                    <span class=\"notranslate\">Sherbrooke<\/span>\r\n                            <\/div>\r\n        <\/div>\r\n            <div class=\"membre-equipage\">\r\n                            <img decoding=\"async\" src=\"https:\/\/www.coupe-femina.com\/wp-content\/uploads\/2026\/04\/kathleen.png\" alt=\"\"\/>\r\n                        <div>\r\n                                    <h3>\r\n                        <a class=\"notranslate\" href=\"https:\/\/www.coupe-femina.com\/en\/participant\/kathleen-ratel-2\/\">\r\n                            Kathleen Ratel                        <\/a>\r\n                    <\/h3>\r\n                                    <p class=\"notranslate\">Kathleen a fait ses premi\u00e8res armes \u00e0 Magog il y a dix ans pour ensuite mettre \u00e0 l'\u00e9preuve ses connaissances sur la rivi\u00e8re des Outaouais au Centre de voile Bor\u00e9alis, o\u00f9 elle est devenue skipper en 2025. Elle participe r\u00e9guli\u00e8rement aux r\u00e9gates \u00e0 la marina d'Aylmer l'\u00e9t\u00e9 et \u00e0 certaines r\u00e9gates du CRYQ \u00e0 Qu\u00e9bec. Il s'agit de sa 4e participation \u00e0 la Coupe Femina o\u00f9 elle bataillera avec l'\u00e9quipage de Vortex 1 pour d\u00e9fendre leur titre.<\/p>\r\n                                    <span>\r\n                        2e participation                    <\/span>\r\n                                    <span class=\"notranslate\">Gatineau<\/span>\r\n                            <\/div>\r\n        <\/div>\r\n            <div class=\"membre-equipage\">\r\n                            <img decoding=\"async\" src=\"https:\/\/www.coupe-femina.com\/wp-content\/uploads\/2025\/11\/anne-christine-bonfils.jpg\" alt=\"\"\/>\r\n                        <div>\r\n                                    <h3>\r\n                        <a class=\"notranslate\" href=\"https:\/\/www.coupe-femina.com\/en\/participant\/anne-christine-bonfils-2\/\">\r\n                            Anne-Christine Bonfils                        <\/a>\r\n                    <\/h3>\r\n                                    <p class=\"notranslate\">Anne-Christine navigue sur le lac Desch\u00eanes et la rivi\u00e8re des Outaouais avec le Centre Borealis depuis cinq ans et participe r\u00e9guli\u00e8rement aux r\u00e9gates amicales. Elle d\u00e9tient les brevets interm\u00e9diaires de croisi\u00e8re et de navigation de Voile Canada, et le certificat Bareboat Skipper d'International Yacht Training. Elle a fait de magnifiques voyages de voile sur le fleuve Saint-Laurent, \u00e0 la Baie Georgienne, dans les Mille-\u00celes, en Guadeloupe, en Croatie, en Sardaigne et en Corse. Elle souhaite revivre la superbe exp\u00e9rience du Femina Challenge 2025 sur Vortex I et elle est bien motiv\u00e9e \u00e0 d\u00e9fendre le titre en excellente compagnie. Vive la voile au f\u00e9minin !<\/p>\r\n                                    <span>\r\n                        3e participation                    <\/span>\r\n                                    <span class=\"notranslate\">Gatineau<\/span>\r\n                            <\/div>\r\n        <\/div>\r\n            <div class=\"membre-equipage\">\r\n                            <img decoding=\"async\" src=\"https:\/\/www.coupe-femina.com\/wp-content\/uploads\/2025\/11\/celine-allaire.jpg\" alt=\"\"\/>\r\n                        <div>\r\n                                    <h3>\r\n                        <a class=\"notranslate\" href=\"https:\/\/www.coupe-femina.com\/en\/participant\/celine-allaire\/\">\r\n                            C\u00e9line Allaire                        <\/a>\r\n                    <\/h3>\r\n                                    <p class=\"notranslate\">C\u00e9line a \u00e9t\u00e9 skipper en 2016, 2017, 2019 et 2024 \u00e0 la Coupe Femina. Elle a fait monter sur le podium chacune de ses \u00e9quipes. En 2012, elle a relev\u00e9 le d\u00e9fi de passer le Cap Horn \u00e0 la voile. En 2019, elle a skipp\u00e9 un Hans 38 et a fait monter son \u00e9quipe sur le podium \u00e0 la Round Tortola Race (BVI). Elle a maintenant plus de 17 ans d'exp\u00e9rience en course. En 2024, elle a skipp\u00e9 et gagn\u00e9 la premi\u00e8re place \u00e0 la Femina Challenge et fut r\u00e9cipiendaire du Troph\u00e9e Transat Qu\u00e9bec-St-Malo.<\/p>\r\n                                    <span>\r\n                        6e participation                    <\/span>\r\n                                    <span class=\"notranslate\">Montr\u00e9al<\/span>\r\n                            <\/div>\r\n        <\/div>\r\n            <div class=\"membre-equipage\">\r\n                            <img decoding=\"async\" src=\"https:\/\/www.coupe-femina.com\/wp-content\/uploads\/2025\/11\/caroline-turcotte.jpg\" alt=\"\"\/>\r\n                        <div>\r\n                                    <h3>\r\n                        <a class=\"notranslate\" href=\"https:\/\/www.coupe-femina.com\/en\/participant\/caroline-turcotte\/\">\r\n                            Caroline Turcotte                        <\/a>\r\n                    <\/h3>\r\n                                    <p class=\"notranslate\">Passionn\u00e9e de voile et toujours pr\u00eate \u00e0 relever de nouveaux d\u00e9fis, Caroline carbure \u00e0 l\u2019adr\u00e9naline des comp\u00e9titions et \u00e0 la puissance du travail d\u2019\u00e9quipe. Sur l\u2019eau comme dans la vie, elle donne tout ce qu'elle a , avec d\u00e9termination, pers\u00e9v\u00e9rance\u2026 et un brin de folie!<\/p>\r\n                                    <span>\r\n                        3e participation                    <\/span>\r\n                                    <span class=\"notranslate\">L\u00e9vis<\/span>\r\n                            <\/div>\r\n        <\/div>\r\n            <div class=\"membre-equipage\">\r\n                            <img decoding=\"async\" src=\"https:\/\/www.coupe-femina.com\/wp-content\/uploads\/2025\/11\/emilie-vendette.jpeg\" alt=\"\"\/>\r\n                        <div>\r\n                                    <h3>\r\n                        <a class=\"notranslate\" href=\"https:\/\/www.coupe-femina.com\/en\/participant\/emilie-vendette\/\">\r\n                            \u00c9milie Vendette                        <\/a>\r\n                    <\/h3>\r\n                                    <p class=\"notranslate\">Emilie adore faire des escapades \u00e0 la voile sur son petit voilier de 23 pieds et souhaite acqu\u00e9rir davantage d\u2019exp\u00e9rience en tant que skipper.<\/p>\r\n                                    <span>\r\n                        2e participation                    <\/span>\r\n                                    <span class=\"notranslate\">Montr\u00e9al<\/span>\r\n                            <\/div>\r\n        <\/div>\r\n            <div class=\"membre-equipage\">\r\n                            <img decoding=\"async\" src=\"https:\/\/www.coupe-femina.com\/wp-content\/uploads\/2026\/01\/jacynthe-savard.jpg\" alt=\"\"\/>\r\n                        <div>\r\n                                    <h3>\r\n                        <a class=\"notranslate\" href=\"https:\/\/www.coupe-femina.com\/en\/participant\/jacynthe-savard\/\">\r\n                            Jacynthe Savard                        <\/a>\r\n                    <\/h3>\r\n                                    <p class=\"notranslate\">Pour Jacinthe, 2025 f\u00fbt une premi\u00e8re exp\u00e9rience de comp\u00e9tition \u00e0 voile ! Elle est copropri\u00e9taire d\u2019un Beneteau 33 depuis 2022. Elle a obtenu son brevet d\u2019\u00e9quipi\u00e8re \u00e9l\u00e9mentaire et celui de chef de bord \u00e9l\u00e9mentaire. \u00c0 titre, d\u2019\u00e9quipi\u00e8re elle a navigu\u00e9 dans la Baie-des-chaleurs, le Fjord-du -Saguenay, les Bahamas et la Guadeloupe. <br \/>\r\nElle pourra d\u00e9sormais acqu\u00e9rir plus d\u2019exp\u00e9riences \u00e0 voile sur le fleuve car suite \u00e0 son r\u00e9cent d\u00e9m\u00e9nagement dans la r\u00e9gion de Qu\u00e9bec, elle s\u2019est rapproch\u00e9e de son port d\u2019attache. <br \/>\r\nQuand, l\u2019opportunit\u00e9 voire le privil\u00e8ge s\u2019est pr\u00e9sent\u00e9 de se joindre \u00e0 l\u2019equipe de Vortex 1 l'\u00e9t\u00e9 dernier, elle ne pouvait refuser de vivre cette exp\u00e9rience au f\u00e9minin ! En 2026, elle pr\u00e9voit participer \u00e0 la Coupe Femina avec sa fille et ses belles-filles sur leur voilier ! Un autre d\u00e9fi \u00e0 relever !<br \/><\/p>\r\n                                    <span>\r\n                        1re participation                    <\/span>\r\n                            <\/div>\r\n        <\/div>\r\n    <\/div><\/div><\/div>\n\t\t\t\t\t\t<\/div>\n\t\t\t\t\t<\/div>\n\t\t\t\t<\/div>\n\t\t\t\t<\/div>\n\t\t\t\t<div data-elementor-type=\"loop-item\" data-elementor-id=\"1363\" class=\"elementor elementor-1363 e-loop-item e-loop-item-3053 post-3053 equipage type-equipage status-publish hentry\" data-elementor-post-type=\"elementor_library\" data-custom-edit-handle=\"1\">\n\t\t\t<div class=\"elementor-element elementor-element-0960fd3 e-flex e-con-boxed e-con e-parent\" data-id=\"0960fd3\" data-element_type=\"container\" data-e-type=\"container\">\n\t\t\t\t\t<div class=\"e-con-inner\">\n\t\t\t\t<div class=\"elementor-element elementor-element-5ade0f9 elementor-widget elementor-widget-shortcode\" data-id=\"5ade0f9\" data-element_type=\"widget\" data-e-type=\"widget\" data-widget_type=\"shortcode.default\">\n\t\t\t\t\t\t\t<div class=\"elementor-shortcode\"><div class='boucle-equipage' data-voilier='2130' data-evenement='1503' data-categorie='34' data-edition='44'>                <div class='voilier' style='--bg-img:url(\"https:\/\/www.coupe-femina.com\/en\/wp-content\/uploads\/2025\/10\/coupe-femina-2023-posterimage.png\")'>\r\n                    <h2>\r\n                        <a class=\"notranslate\" href=\"https:\/\/www.coupe-femina.com\/en\/voilier\/vortex-i\/\">\r\n                            Vortex I                        <\/a>\r\n                    <\/h2>\r\n\r\n                                            <h3>\r\n                            <a class=\"notranslate\" href=\"https:\/\/www.coupe-femina.com\/en\/evenement\/femina-challenge-2026\/\">\r\n                                Femina Challenge 2026                            <\/a>\r\n                        <\/h3>\r\n                                    <\/div>\r\n                            <div class=\"details-equipage\">\r\n                    <span>\r\n                        <strong>Position :<\/strong>\r\n                        -<\/span>\r\n                    <span>\r\n                        <strong>Temps :<\/strong>\r\n                        <span class=\"notranslate\">-<\/span>\r\n                    <\/span>\r\n                    <a href=\"https:\/\/www.coupe-femina.com\/en\/equipage\/vortex-i-femina-challenge-2026\/\">Voir plus de d\u00e9tails<\/a>\r\n                <\/div>\r\n                <div class='membres-equipage'>        <div class=\"membre-equipage\">\r\n                            <img decoding=\"async\" src=\"https:\/\/www.coupe-femina.com\/wp-content\/uploads\/2026\/02\/coupe-femina-2026-1.jpg\" alt=\"\"\/>\r\n                        <div>\r\n                                    <h3>\r\n                        <a class=\"notranslate\" href=\"https:\/\/www.coupe-femina.com\/en\/participant\/mireille-bilodeau-2\/\">\r\n                            Mireille Bilodeau                        <\/a>\r\n                    <\/h3>\r\n                                    <span class=\"capitaine\">Skipper<\/span>\r\n                                    <p class=\"notranslate\">R\u00e9gati\u00e8re anim\u00e9e par un d\u00e9sir de partager sa passion, Mireille cumule ses milles nautiques surtout en contexte de r\u00e9gates, en plus d'\u00eatre impliqu\u00e9e comme pr\u00e9sidente au Championnat r\u00e9gional de yachting de Qu\u00e9bec. Le plaisir doit \u00eatre au rendez-vous dans chacune de ses navigations et c'est avec l'envi de d\u00e9fendre le titre de son \u00e9quipage de 2025 qu'elle sera sur la ligne de d\u00e9part.<\/p>\r\n                                    <span>\r\n                        6e participation                    <\/span>\r\n                                    <span class=\"notranslate\">Sherbrooke<\/span>\r\n                            <\/div>\r\n        <\/div>\r\n            <div class=\"membre-equipage\">\r\n                            <img decoding=\"async\" src=\"https:\/\/www.coupe-femina.com\/wp-content\/uploads\/2025\/11\/anne-christine-bonfils.jpg\" alt=\"\"\/>\r\n                        <div>\r\n                                    <h3>\r\n                        <a class=\"notranslate\" href=\"https:\/\/www.coupe-femina.com\/en\/participant\/anne-christine-bonfils-2\/\">\r\n                            Anne-Christine Bonfils                        <\/a>\r\n                    <\/h3>\r\n                                    <p class=\"notranslate\">Anne-Christine navigue sur le lac Desch\u00eanes et la rivi\u00e8re des Outaouais avec le Centre Borealis depuis cinq ans et participe r\u00e9guli\u00e8rement aux r\u00e9gates amicales. Elle d\u00e9tient les brevets interm\u00e9diaires de croisi\u00e8re et de navigation de Voile Canada, et le certificat Bareboat Skipper d'International Yacht Training. Elle a fait de magnifiques voyages de voile sur le fleuve Saint-Laurent, \u00e0 la Baie Georgienne, dans les Mille-\u00celes, en Guadeloupe, en Croatie, en Sardaigne et en Corse. Elle souhaite revivre la superbe exp\u00e9rience du Femina Challenge 2025 sur Vortex I et elle est bien motiv\u00e9e \u00e0 d\u00e9fendre le titre en excellente compagnie. Vive la voile au f\u00e9minin !<\/p>\r\n                                    <span>\r\n                        3e participation                    <\/span>\r\n                                    <span class=\"notranslate\">Gatineau<\/span>\r\n                            <\/div>\r\n        <\/div>\r\n            <div class=\"membre-equipage\">\r\n                            <img decoding=\"async\" src=\"https:\/\/www.coupe-femina.com\/wp-content\/uploads\/2026\/04\/kathleen.png\" alt=\"\"\/>\r\n                        <div>\r\n                                    <h3>\r\n                        <a class=\"notranslate\" href=\"https:\/\/www.coupe-femina.com\/en\/participant\/kathleen-ratel-2\/\">\r\n                            Kathleen Ratel                        <\/a>\r\n                    <\/h3>\r\n                                    <p class=\"notranslate\">Kathleen a fait ses premi\u00e8res armes \u00e0 Magog il y a dix ans pour ensuite mettre \u00e0 l'\u00e9preuve ses connaissances sur la rivi\u00e8re des Outaouais au Centre de voile Bor\u00e9alis, o\u00f9 elle est devenue skipper en 2025. Elle participe r\u00e9guli\u00e8rement aux r\u00e9gates \u00e0 la marina d'Aylmer l'\u00e9t\u00e9 et \u00e0 certaines r\u00e9gates du CRYQ \u00e0 Qu\u00e9bec. Il s'agit de sa 4e participation \u00e0 la Coupe Femina o\u00f9 elle bataillera avec l'\u00e9quipage de Vortex 1 pour d\u00e9fendre leur titre.<\/p>\r\n                                    <span>\r\n                        2e participation                    <\/span>\r\n                                    <span class=\"notranslate\">Gatineau<\/span>\r\n                            <\/div>\r\n        <\/div>\r\n            <div class=\"membre-equipage\">\r\n                            <img decoding=\"async\" src=\"https:\/\/www.coupe-femina.com\/wp-content\/uploads\/2026\/04\/20250420-061852-scaled-e1775781981891.jpg\" alt=\"\"\/>\r\n                        <div>\r\n                                    <h3>\r\n                        <a class=\"notranslate\" href=\"https:\/\/www.coupe-femina.com\/en\/participant\/catherine-lopez-2\/\">\r\n                            Catherine Lopez                        <\/a>\r\n                    <\/h3>\r\n                                    <p class=\"notranslate\">Catherine navigue depuis 2006. Autant de la plaisance que des r\u00e9gates (entre autres Coupe Femina en 2018, 2019, 2022, 2023, 2024 et 2025). Elle fait des charters dans les Cara\u00efbes ainsi que des convoyages en mer (Atlantique et Pacifique). Elle adore \u00eatre \u00e9quipi\u00e8re et elle est tr\u00e8s comp\u00e9titive.<\/p>\r\n                                    <span>\r\n                        7e participation                    <\/span>\r\n                                    <span class=\"notranslate\">Deux-Montagnes<\/span>\r\n                            <\/div>\r\n        <\/div>\r\n    <\/div><\/div><\/div>\n\t\t\t\t\t\t<\/div>\n\t\t\t\t\t<\/div>\n\t\t\t\t<\/div>\n\t\t\t\t<\/div>\n\t\t\t\t<\/div>\n\t\t\n\t\t\t\t\t\t<\/div>\n\t\t\t\t<\/div>\n\t\t\t\t<div class=\"elementor-element elementor-element-4299f9d elementor-widget elementor-widget-shortcode\" data-id=\"4299f9d\" data-element_type=\"widget\" data-e-type=\"widget\" data-widget_type=\"shortcode.default\">\n\t\t\t\t\t\t\t<div class=\"elementor-shortcode\"><div id='sans-equipage'><div class='e-loop-item'><div class='boucle-equipage' data-voilier='' data-evenement='1501' data-categorie='32' data-edition='44'>                    <div class='voilier' style='--bg-img:url(\"https:\/\/www.coupe-femina.com\/en\/wp-content\/uploads\/2025\/10\/coupe-femina-2023-posterimage.png\")'>\r\n                        <h2>\r\n                            <a href=\"javascript:void(0)\">\r\n                                Sans \u00e9quipage                            <\/a>\r\n                        <\/h2>\r\n\r\n                                                    <h3>\r\n                                <a class=\"notranslate\" href=\"https:\/\/www.coupe-femina.com\/en\/evenement\/coupe-femina-2026\/\">\r\n                                    Coupe Femina 2026                                <\/a>\r\n                            <\/h3>\r\n                                            <\/div>\r\n                    <div class='membres-equipage'>        <div class=\"membre-equipage\">\r\n                            <img decoding=\"async\" src=\"https:\/\/www.coupe-femina.com\/wp-content\/uploads\/2026\/04\/coupe-femina-2025.jpg\" alt=\"\"\/>\r\n                        <div>\r\n                                    <h3>\r\n                        <a class=\"notranslate\" href=\"https:\/\/www.coupe-femina.com\/en\/participant\/chantale-roy-2\/\">\r\n                            Chantale Roy                        <\/a>\r\n                    <\/h3>\r\n                                    <p class=\"notranslate\">Pour cette 5\u1d49 \u00e9dition de participation, je ressens encore la m\u00eame joie qu\u2019\u00e0 ma toute premi\u00e8re participation. Les journ\u00e9es pass\u00e9es sur l\u2019eau sont toujours magnifiques, et la compagnie des \u00e9quipi\u00e8res rend l\u2019exp\u00e9rience encore plus pr\u00e9cieuse. C\u2019est un rendez-vous que j\u2019attends avec bonheur.<\/p>\r\n                                    <span>\r\n                        1re participation                    <\/span>\r\n                                    <span class=\"notranslate\">L\u00e9vis<\/span>\r\n                            <\/div>\r\n        <\/div>\r\n            <div class=\"membre-equipage\">\r\n                            <img decoding=\"async\" src=\"https:\/\/www.coupe-femina.com\/wp-content\/uploads\/2026\/01\/messenger-creation-c9bda726-dc61-400d-ae85-23fe5d053468.jpeg\" alt=\"\"\/>\r\n                        <div>\r\n                                    <h3>\r\n                        <a class=\"notranslate\" href=\"https:\/\/www.coupe-femina.com\/en\/participant\/betty-bellony\/\">\r\n                            Betty Bellony                        <\/a>\r\n                    <\/h3>\r\n                                    <p class=\"notranslate\">Cela fait 1 an d\u00e9j\u00e0 qu'elle est \u00e9tablie \u00e0 L\u00e9vis.  Pendant une marche au bord du fleuve, elle est tomb\u00e9e sur son 1er coup de c\u0153ur \"Formation Nautique de Qu\u00e9bec\" une \u00e9cole de voile \u00e0 L\u00e9vis.<br \/>\r\n<br \/>\r\nElle est rest\u00e9e accroch\u00e9e!  Aujourd'hui, elle a h\u00e2te de retourner sur l'eau avec des instructeurs et membres d'\u00e9quipage g\u00e9niaux! Apr\u00e8s avoir \u00e9t\u00e9 b\u00e9n\u00e9vole \u00e0 la coupe Femina 2024, elle s'est inscrite au cours \u00e9l\u00e9mentaire et a particip\u00e9 \u00e0 la flottille de Formation Nautique Qu\u00e9bec \u00e0 la fin de la saison 2024.<\/p>\r\n                                    <span>\r\n                        2e participation                    <\/span>\r\n                                    <span class=\"notranslate\">L\u00e9vis<\/span>\r\n                            <\/div>\r\n        <\/div>\r\n            <div class=\"membre-equipage\">\r\n                            <img decoding=\"async\" src=\"https:\/\/www.coupe-femina.com\/wp-content\/uploads\/2026\/02\/chantal-nadeau.jpg\" alt=\"\"\/>\r\n                        <div>\r\n                                    <h3>\r\n                        <a class=\"notranslate\" href=\"https:\/\/www.coupe-femina.com\/en\/participant\/chantal-nadeau\/\">\r\n                            Chantal Nadeau                        <\/a>\r\n                    <\/h3>\r\n                                    <p class=\"notranslate\">Elle pratique la voile en famille depuis plus de 30 ans. Son p\u00e8re a poss\u00e9d\u00e9 plusieurs voiliers, avec lesquels ils ont navigu\u00e9 notamment sur le Bas-du-Fleuve, aux Mille-\u00celes, ainsi que sur les lacs Ontario et Champlain. Elle a \u00e9galement particip\u00e9 \u00e0 plusieurs r\u00e9gates familiales, dont la course Triangle de Cap-\u00e0-l\u2019Aigle.<br \/>\r\n<br \/>\r\nElle conna\u00eet bien l\u2019environnement d\u2019un voilier et ma\u00eetrise les man\u0153uvres de base (virement de bord, empannage, ajustement des voiles, d\u00e9parts et arriv\u00e9es \u00e0 quai). Habitu\u00e9e \u00e0 naviguer sur un voilier de 40 pieds, elle serait ouverte \u00e0 faire quelques sorties de mise \u00e0 niveau, notamment pour rafra\u00eechir certains n\u0153uds et parfaire son exp\u00e9rience au spi.<br \/>\r\n<br \/>\r\nMaman de jeunes enfants, elle ne poss\u00e8de pas de bateau actuellement, mais souhaite demeurer active dans le milieu de la voile. Participer \u00e0 cet \u00e9v\u00e9nement repr\u00e9senterait pour elle une belle occasion de renouer avec ce sport et de d\u00e9velopper son r\u00e9seau nautique.<\/p>\r\n                                    <span>\r\n                        1re participation                    <\/span>\r\n                                    <span class=\"notranslate\">Quebec<\/span>\r\n                            <\/div>\r\n        <\/div>\r\n            <div class=\"membre-equipage\">\r\n                            <img decoding=\"async\" src=\"https:\/\/www.coupe-femina.com\/wp-content\/uploads\/2026\/01\/moi.jpg\" alt=\"\"\/>\r\n                        <div>\r\n                                    <h3>\r\n                        <a class=\"notranslate\" href=\"https:\/\/www.coupe-femina.com\/en\/participant\/melissa-presse\/\">\r\n                            M\u00e9lissa Press\u00e9                        <\/a>\r\n                    <\/h3>\r\n                                    <p class=\"notranslate\">D\u00e9butante en voile, elle a d\u00e9couvert son envie d\u2019\u00eatre sur l\u2019eau lors de son premier cours de voile en 2023. Elle ne poss\u00e8de pas encore de bateau, mais elle est premi\u00e8re sur la liste d\u2019attente pour obtenir une place \u00e0 la marina de La Baie et pr\u00e9voit d\u2019acqu\u00e9rir un bateau dans les prochains mois avec son conjoint.<\/p>\r\n                                    <span>\r\n                        1re participation                    <\/span>\r\n                                    <span class=\"notranslate\">Laterri\u00e8re<\/span>\r\n                            <\/div>\r\n        <\/div>\r\n            <div class=\"membre-equipage\">\r\n                            <img decoding=\"async\" src=\"https:\/\/www.coupe-femina.com\/wp-content\/uploads\/2026\/02\/4H8A0936.jpeg\" alt=\"\"\/>\r\n                        <div>\r\n                                    <h3>\r\n                        <a class=\"notranslate\" href=\"https:\/\/www.coupe-femina.com\/en\/participant\/laurence-houde\/\">\r\n                            Laurence Houde                        <\/a>\r\n                    <\/h3>\r\n                                    <p class=\"notranslate\">Laurence, 23 ans, souhaite participer \u00e0 la Coupe F\u00e9mina cette ann\u00e9e. Bien qu\u2019elle ait encore peu d\u2019exp\u00e9rience en r\u00e9gate, elle est tr\u00e8s motiv\u00e9e, apprend rapidement et travaille efficacement en \u00e9quipe, m\u00eame sous pression.<br \/>\r\n<br \/>\r\nTitulaire du brevet d\u2019\u00e9quipi\u00e8re \u00e9l\u00e9mentaire obtenu en septembre dernier avec Formation Nautique Qu\u00e9bec, elle a d\u00e9j\u00e0 des sorties pr\u00e9vues d\u00e8s mai 2026 pour poursuivre son perfectionnement. Elle pratique la voile d\u00e9riveur depuis l\u2019\u00e2ge de 7 ans au Yacht Club de Qu\u00e9bec, o\u00f9 elle a obtenu son VoileCAN 4 ainsi que ses formations de coach. Elle pr\u00e9voit \u00e9galement suivre un cours de navigation c\u00f4ti\u00e8re afin d\u2019approfondir ses connaissances.<br \/>\r\n<br \/>\r\nElle voit la Coupe F\u00e9mina comme une excellente occasion de se d\u00e9passer, d\u2019apprendre aupr\u00e8s d\u2019autres navigatrices passionn\u00e9es et de contribuer positivement \u00e0 l\u2019\u00e9quipe.<\/p>\r\n                                    <span>\r\n                        1re participation                    <\/span>\r\n                                    <span class=\"notranslate\">Ville de Qu\u00e9bec<\/span>\r\n                            <\/div>\r\n        <\/div>\r\n            <div class=\"membre-equipage\">\r\n                            <img decoding=\"async\" src=\"https:\/\/www.coupe-femina.com\/wp-content\/uploads\/2026\/02\/Moi.jpeg\" alt=\"\"\/>\r\n                        <div>\r\n                                    <h3>\r\n                        <a class=\"notranslate\" href=\"https:\/\/www.coupe-femina.com\/en\/participant\/virginie-malot\/\">\r\n                            Virginie Malot                        <\/a>\r\n                    <\/h3>\r\n                                    <p class=\"notranslate\">Titulaire d\u2019un brevet d\u2019\u00e9quipi\u00e8re et comptant une cinquantaine d\u2019heures de navigation, Virginie a 38 ans et s\u2019entra\u00eene plusieurs fois par semaine, maintenant une excellente condition physique.<br \/>\r\n<br \/>\r\nSans exp\u00e9rience en course pour le moment, elle est attir\u00e9e par la vitesse, la performance et les d\u00e9fis, avec l\u2019envie de mettre ses comp\u00e9tences \u00e0 l\u2019\u00e9preuve.<br \/>\r\n<br \/>\r\nMotiv\u00e9e et engag\u00e9e, elle souhaite int\u00e9grer un \u00e9quipage.<\/p>\r\n                                    <span>\r\n                        1re participation                    <\/span>\r\n                                    <span class=\"notranslate\">Qu\u00e9bec<\/span>\r\n                            <\/div>\r\n        <\/div>\r\n            <div class=\"membre-equipage\">\r\n                            <img decoding=\"async\" src=\"https:\/\/www.coupe-femina.com\/wp-content\/uploads\/2026\/01\/christine-joanis-scaled.jpeg\" alt=\"\"\/>\r\n                        <div>\r\n                                    <h3>\r\n                        <a class=\"notranslate\" href=\"https:\/\/www.coupe-femina.com\/en\/participant\/christine-joanis\/\">\r\n                            Christine Joanis                        <\/a>\r\n                    <\/h3>\r\n                                    <p class=\"notranslate\">Navigatrice de niveau interm\u00e9diaire (certifications bareboat et Voile Canada) depuis 4 ans, Christine a navigu\u00e9 \u00e0 plusieurs reprises sur le fleuve, dont trois stages (Blanchons, Mercator, Formation Nautique Qu\u00e9bec).<br \/>\r\n<br \/>\r\nElle passe \u00e9galement beaucoup de temps sur l\u2019eau en d\u00e9riveur ou en catamaran sur le lac du Petit Magog<\/p>\r\n                                    <span>\r\n                        1re participation                    <\/span>\r\n                                    <span class=\"notranslate\">Sherbrooke<\/span>\r\n                            <\/div>\r\n        <\/div>\r\n            <div class=\"membre-equipage\">\r\n                            <img decoding=\"async\" src=\"https:\/\/www.coupe-femina.com\/wp-content\/uploads\/2025\/10\/josee-emond.jpg\" alt=\"\"\/>\r\n                        <div>\r\n                                    <h3>\r\n                        <a class=\"notranslate\" href=\"https:\/\/www.coupe-femina.com\/en\/participant\/josee-emond-2\/\">\r\n                            Jos\u00e9e \u00c9mond                        <\/a>\r\n                    <\/h3>\r\n                                    <p class=\"notranslate\">Jos\u00e9e en est \u00e0 sa quatri\u00e8me participation \u00e0 la coupe Femina. Elle a navigu\u00e9 sur des quillards (Shark, Tanzer, Catalina) depuis 2005 sur la rivi\u00e8re des Outaouais. Elle a particip\u00e9 \u00e0 plusieurs r\u00e9gates sur l'Outaouais et elle poss\u00e8de le brevet de voile \u00e9l\u00e9mentaire. Elle naviguera avec Formation nautique Qu\u00e9bec au cours de la saison de voile 2026 en plus de participer \u00e0 la coupe Femina.<\/p>\r\n                                    <span>\r\n                        4e participation                    <\/span>\r\n                                    <span class=\"notranslate\">Saint-Pascal<\/span>\r\n                            <\/div>\r\n        <\/div>\r\n            <div class=\"membre-equipage\">\r\n                            <img decoding=\"async\" src=\"https:\/\/www.coupe-femina.com\/wp-content\/uploads\/2026\/01\/IMG_7292.png\" alt=\"\"\/>\r\n                        <div>\r\n                                    <h3>\r\n                        <a class=\"notranslate\" href=\"https:\/\/www.coupe-femina.com\/en\/participant\/martine-lizotte\/\">\r\n                            Martine Lizotte (skipper)                        <\/a>\r\n                    <\/h3>\r\n                                    <p class=\"notranslate\">Elle a grandi sur l'eau, au rythme des weekends pass\u00e9s sur le voilier familial au Lac Champlain. Passionn\u00e9e de voile depuis l'enfance, elle a navigu\u00e9 en Optimiste, pratiqu\u00e9 la planche \u00e0 voile, poss\u00e9d\u00e9 un Shark pendant 2 ans et elle pratique maintenant le kitesurf.<br \/>\r\nLa vie l'a \u00e9loign\u00e9e de la voile plusieurs ann\u00e9es, mais depuis quatre ans, elle est skipper aux commandes de son Hunter 340 au Lac Champlain, qu'elle navigue souvent en solo. <br \/>\r\nDu c\u00f4t\u00e9 de la comp\u00e9tition, elle a particip\u00e9 \u00e0 quelques courses dans sa jeunesse, ainsi qu'\u00e0 une course de nuit l'\u00e9t\u00e9 dernier \u2014 une exp\u00e9rience qui lui a donn\u00e9 envie d'aller plus loin. Elle aimerait s'impliquer davantage dans les r\u00e9gates, d'abord en tant que membre d'\u00e9quipage avec d'autres capitaines, puis pourquoi pas un jour \u00e0 bord de son propre voilier?!?<br \/>\r\nSur le plan des qualifications, elle d\u00e9tient son brevet de Chef de bord, a suivi un cours de m\u00e9canique diesel, et a compl\u00e9t\u00e9 cet hiver sa formation en m\u00e9t\u00e9orologie (examen \u00e0 venir).<br \/><\/p>\r\n                                    <span>\r\n                        1re participation                    <\/span>\r\n                                    <span class=\"notranslate\">Boucherville<\/span>\r\n                            <\/div>\r\n        <\/div>\r\n            <div class=\"membre-equipage\">\r\n                            <img decoding=\"async\" src=\"https:\/\/www.coupe-femina.com\/wp-content\/uploads\/2026\/02\/img-0846png-scaled.jpg\" alt=\"\"\/>\r\n                        <div>\r\n                                    <h3>\r\n                        <a class=\"notranslate\" href=\"https:\/\/www.coupe-femina.com\/en\/participant\/marie-brossier\/\">\r\n                            Marie Brossier                        <\/a>\r\n                    <\/h3>\r\n                                    <p class=\"notranslate\">Marie commence le catamaran il y a 10 ans mais le voilier il y a trois ans, elle s'initie et progresse!<\/p>\r\n                                    <span>\r\n                        1re participation                    <\/span>\r\n                                    <span class=\"notranslate\">Qu\u00e9bec<\/span>\r\n                            <\/div>\r\n        <\/div>\r\n            <div class=\"membre-equipage\">\r\n                            <img decoding=\"async\" src=\"https:\/\/www.coupe-femina.com\/wp-content\/uploads\/2026\/02\/img-6492-scaled.jpeg\" alt=\"\"\/>\r\n                        <div>\r\n                                    <h3>\r\n                        <a class=\"notranslate\" href=\"https:\/\/www.coupe-femina.com\/en\/participant\/cynthia-campagnoli\/\">\r\n                            Cynthia Campagnoli                        <\/a>\r\n                    <\/h3>\r\n                                    <p class=\"notranslate\">Passionn\u00e9e par la voile depuis l\u2019enfance, Cynthia a grandi avec le vent comme fil conducteur. Navigatrice plaisanci\u00e8re pendant plusieurs ann\u00e9es, elle a surtout cultiv\u00e9 une relation intime avec la mer, guid\u00e9e par le plaisir, l\u2019apprentissage et le d\u00e9passement de soi plut\u00f4t que par la comp\u00e9tition.\r\n\r\nElle a particip\u00e9 au convoyage d\u2019un Bali 43 pieds de Key West \u00e0 Newport, une travers\u00e9e marquante qui a confirm\u00e9 son amour du large et de la navigation. Elle a \u00e9galement compl\u00e9t\u00e9 son brevet de croisi\u00e8re \u00e9l\u00e9mentaire en Guadeloupe et en Martinique, consolidant ses comp\u00e9tences techniques et son autonomie en mer.\r\n\r\nLa Coupe Femina repr\u00e9sente pour elle un nouveau chapitre : transformer une passion profonde en d\u00e9fi sportif, repousser ses limites et vivre l\u2019intensit\u00e9 de la r\u00e9gate en \u00e9quipage f\u00e9minin.<\/p>\r\n                                    <span>\r\n                        1re participation                    <\/span>\r\n                                    <span class=\"notranslate\">Laval<\/span>\r\n                            <\/div>\r\n        <\/div>\r\n            <div class=\"membre-equipage\">\r\n                            <img decoding=\"async\" src=\"https:\/\/www.coupe-femina.com\/wp-content\/uploads\/2026\/02\/paquet-nadeaufrance.jpg\" alt=\"\"\/>\r\n                        <div>\r\n                                    <h3>\r\n                        <a class=\"notranslate\" href=\"https:\/\/www.coupe-femina.com\/en\/participant\/france-paquet-nadeau\/\">\r\n                            France Paquet-Nadeau                        <\/a>\r\n                    <\/h3>\r\n                                    <p class=\"notranslate\">France a d\u00e9couvert la voile lors d'un voyage en Gr\u00e8ce en 2023. Elle a depuis entrepris de faire sa formation officielle, en obtenant son brevet \u00e9l\u00e9mentaire \u00e0 l'\u00e9t\u00e9 2025, et en planifiant de continuer son parcours. Ce sera sa premi\u00e8re participation \u00e0 la Coupe F\u00e9mina.<\/p>\r\n                                    <span>\r\n                        1re participation                    <\/span>\r\n                                    <span class=\"notranslate\">Montr\u00e9al<\/span>\r\n                            <\/div>\r\n        <\/div>\r\n            <div class=\"membre-equipage\">\r\n                            <img decoding=\"async\" src=\"https:\/\/www.coupe-femina.com\/wp-content\/uploads\/2026\/02\/anne-dube.jpg\" alt=\"\"\/>\r\n                        <div>\r\n                                    <h3>\r\n                        <a class=\"notranslate\" href=\"https:\/\/www.coupe-femina.com\/en\/participant\/anne-dube\/\">\r\n                            Anne Dub\u00e9                        <\/a>\r\n                    <\/h3>\r\n                                    <p class=\"notranslate\">Depuis qu'elle est petite, Anne a pass\u00e9 de nombreuses heures \u00e0 dormir sur le fleuve en voilier avec sa famille. Toutes les fins de semaine et les vacances d'\u00e9t\u00e9 \u00e0 se promener entre Rivi\u00e8re-du-Loup, Tadoussac, Cap \u00e0 l'Aigle ... Apr\u00e8s une pause de plusieurs ann\u00e9es, c'est son conjoint qui l'a convaincu de renouer avec la voile mais cette fois-ci, en participant aux man\u0153uvres. Elle a pass\u00e9 son brevet \u00e9l\u00e9mentaire l'\u00e9t\u00e9 dernier et terminera son cours de radio maritime avant le d\u00e9but de la prochaine saison.  Malgr\u00e9 une exp\u00e9rience de course inexistante, elle aime apprendre et vivre de nouvelles exp\u00e9riences. La coupe F\u00e9mina la fera assur\u00e9ment sortir de sa zone de confort. Toujours positive et de bonne humeur, elle a bien h\u00e2te de relever ce d\u00e9fi avec des femmes inspirantes.<\/p>\r\n                                    <span>\r\n                        1re participation                    <\/span>\r\n                                    <span class=\"notranslate\">Ste-Marie<\/span>\r\n                            <\/div>\r\n        <\/div>\r\n            <div class=\"membre-equipage\">\r\n                            <img decoding=\"async\" src=\"https:\/\/www.coupe-femina.com\/wp-content\/uploads\/2025\/11\/marie-france-beaumont.jpg\" alt=\"\"\/>\r\n                        <div>\r\n                                    <h3>\r\n                        <a class=\"notranslate\" href=\"https:\/\/www.coupe-femina.com\/en\/participant\/marie-france-beaumont-2\/\">\r\n                            Marie-France Beaumont                        <\/a>\r\n                    <\/h3>\r\n                                    <p class=\"notranslate\">Marie-France est une passionn\u00e9e de l\u2019eau depuis sa jeunesse. Faire de la planche \u00e0 voile \u00e9tait l\u2019un de ses sports favoris. Aujourd\u2019hui, c\u2019est sur un voilier qu\u2019elle retrouve cette sensation de z\u00e9nitude. Elle a son brevet de chef de bord \u00e9l\u00e9mentaire et vise maintenant l\u2019interm\u00e9diaire. Elle adore les courses \u00e0 voile et saisit chaque occasion de naviguer avec enthousiasme.<\/p>\r\n                                    <span>\r\n                        1re participation                    <\/span>\r\n                                    <span class=\"notranslate\">St Jean de Matha<\/span>\r\n                            <\/div>\r\n        <\/div>\r\n            <div class=\"membre-equipage\">\r\n                            <img decoding=\"async\" src=\"https:\/\/www.coupe-femina.com\/wp-content\/uploads\/2026\/02\/vigneault-alexandrine-scaled.jpg\" alt=\"\"\/>\r\n                        <div>\r\n                                    <h3>\r\n                        <a class=\"notranslate\" href=\"https:\/\/www.coupe-femina.com\/en\/participant\/alexandrine-vigneault\/\">\r\n                            Alexandrine Vigneault                        <\/a>\r\n                    <\/h3>\r\n                                    <p class=\"notranslate\">Navigatrice depuis 3 ans, a obtenu le titre d\u2019\u00e9quipi\u00e8re comp\u00e9tente apr\u00e8s une premiere exp\u00e9rience en Guadeloupe. A repris la pratique l\u2019\u00e9t\u00e9 dernier pour obtenir le titre de cheffe de bord  avec voile capitaine jack. A appris pour la coupe femina lors de l\u2019exposition bateaux au palais des congr\u00e8s et imm\u00e9diatement su vouloir relever ce d\u00e9fi!  Anim\u00e9e par l\u2019esprit d\u2019\u00e9quipe, se surpasser, s\u2019entraider et le plaisir de naviguer \u26f5\ufe0f<\/p>\r\n                                    <span>\r\n                        1re participation                    <\/span>\r\n                                    <span class=\"notranslate\">Montreal<\/span>\r\n                            <\/div>\r\n        <\/div>\r\n            <div class=\"membre-equipage\">\r\n                            <img decoding=\"async\" src=\"https:\/\/www.coupe-femina.com\/wp-content\/uploads\/2026\/02\/img-1259-scaled.jpeg\" alt=\"\"\/>\r\n                        <div>\r\n                                    <h3>\r\n                        <a class=\"notranslate\" href=\"https:\/\/www.coupe-femina.com\/en\/participant\/cynthia-labrie\/\">\r\n                            Cynthia Labrie                        <\/a>\r\n                    <\/h3>\r\n                                    <p class=\"notranslate\">Passionn\u00e9e de voile depuis 1 an et enthousiaste de faire partie de cette belle aventure.<\/p>\r\n                                    <span>\r\n                        1re participation                    <\/span>\r\n                                    <span class=\"notranslate\">Sainte-Brigitte-de-Laval<\/span>\r\n                            <\/div>\r\n        <\/div>\r\n            <div class=\"membre-equipage\">\r\n                            <img decoding=\"async\" src=\"https:\/\/www.coupe-femina.com\/wp-content\/uploads\/2026\/02\/screenshot-20260221-154302.png\" alt=\"\"\/>\r\n                        <div>\r\n                                    <h3>\r\n                        <a class=\"notranslate\" href=\"https:\/\/www.coupe-femina.com\/en\/participant\/fanny-bernard\/\">\r\n                            Fanny Bernard                        <\/a>\r\n                    <\/h3>\r\n                                    <p class=\"notranslate\">Fanny a 53 ans et vit dans la Baie des Chaleurs, en Gasp\u00e9sie. Elle a toujours aim\u00e9 l'eau. Son exp\u00e9rience de voile \u00e0 surtout \u00e9t\u00e9 \u00e0 titre d'invit\u00e9e... Cependant l'an pass\u00e9, elle a d\u00e9couvert la voile au f\u00e9minin et le feeling de faire partie d'un \u00e9quipage. Ce f\u00fbt un vrai coup de c\u0153ur pour elle, de d\u00e9velopper son autonomie, sa confiance et surtout le plaisir de naviguer entre femmes de tout acabit !<\/p>\r\n                                    <span>\r\n                        1re participation                    <\/span>\r\n                                    <span class=\"notranslate\">Maria<\/span>\r\n                            <\/div>\r\n        <\/div>\r\n            <div class=\"membre-equipage\">\r\n                            <img decoding=\"async\" src=\"https:\/\/www.coupe-femina.com\/wp-content\/uploads\/2026\/02\/08e2e58c-6d1e-44a4-92b9-115ee36bbe1d.jpeg\" alt=\"\"\/>\r\n                        <div>\r\n                                    <h3>\r\n                        <a class=\"notranslate\" href=\"https:\/\/www.coupe-femina.com\/en\/participant\/apolline-senechal\/\">\r\n                            Apolline Senechal                        <\/a>\r\n                    <\/h3>\r\n                                    <p class=\"notranslate\">Passionn\u00e9e de voile et des sensations sur l\u2019eau, Apolline a suivi plusieurs stages \u00e0 l\u2019\u00e9cole de voile des Gl\u00e9nans en France, d\u2019abord en voile l\u00e9g\u00e8re puis plus r\u00e9cemment sur voiliers habitables, incluant la vie \u00e0 bord.<br \/>\r\n<br \/>\r\nAnim\u00e9e par un fort esprit d\u2019\u00e9quipe et d\u2019engagement, elle n\u2019a pas encore navigu\u00e9 au Qu\u00e9bec, mais souhaite vivement s\u2019impliquer dans le milieu de la voile de sa r\u00e9gion d\u2019adoption.<\/p>\r\n                                    <span>\r\n                        1re participation                    <\/span>\r\n                                    <span class=\"notranslate\">Montreal<\/span>\r\n                            <\/div>\r\n        <\/div>\r\n            <div class=\"membre-equipage\">\r\n                            <img decoding=\"async\" src=\"https:\/\/www.coupe-femina.com\/wp-content\/uploads\/2026\/02\/noir-et-blanc-coupe-img-3997.jpeg\" alt=\"\"\/>\r\n                        <div>\r\n                                    <h3>\r\n                        <a class=\"notranslate\" href=\"https:\/\/www.coupe-femina.com\/en\/participant\/maev-roxanne-rondeau\/\">\r\n                            Ma\u00e9v Roxanne Rondeau                        <\/a>\r\n                    <\/h3>\r\n                                    <p class=\"notranslate\">Amoureuse de l'eau et de ses merveilles, Ma\u00e9v Roxanne Rondeau cherche toujours l'occasion d'\u00eatre pr\u00e8s, sur ou dans l'eau. Ma\u00e9v comme nom d'artiste alliant la danse, l'Aquamouvance et la natation, elle cherche la fluidit\u00e9 dans toutes choses, telle une sir\u00e8ne surfant sur les vagues ! Ayant pris des ateliers et des occasions de voile par-ci, par-l\u00e0 au fil des ann\u00e9es sans jamais y plonger compl\u00e8tement, ce n'est que l'automne pass\u00e9 qu'elle a d\u00e9cid\u00e9 d'y plonger en prenant son brevet \u00e9l\u00e9mentaire de voile \u00e0 Gasp\u00e9. Une porte qui s'ouvre pour aller enfin vers de plus grandes aventures \u00e0-travers les eaux de la plan\u00e8te!<\/p>\r\n                                    <span>\r\n                        1re participation                    <\/span>\r\n                                    <span class=\"notranslate\">Sainte-Anne-des-Monts<\/span>\r\n                            <\/div>\r\n        <\/div>\r\n            <div class=\"membre-equipage\">\r\n                            <img decoding=\"async\" src=\"https:\/\/www.coupe-femina.com\/wp-content\/uploads\/2026\/02\/187236905-10225410887802007-671430888610737762-n.jpg\" alt=\"\"\/>\r\n                        <div>\r\n                                    <h3>\r\n                        <a class=\"notranslate\" href=\"https:\/\/www.coupe-femina.com\/en\/participant\/lise-tabit\/\">\r\n                            Lise Tabit                        <\/a>\r\n                    <\/h3>\r\n                                    <p class=\"notranslate\">C\u2019est sur les eaux bretonnes que je me suis form\u00e9e \u00e0 la voile, petite et adolescente. La Coupe Femina est une super occasion de gagner en confiance et d\u2019apprendre \u00e0 g\u00e9rer un voilier, quel que soit mon r\u00f4le. Naviguer pour la premi\u00e8re fois sur le Saint-Laurent, que je d\u00e9couvre depuis deux ans, m\u2019enthousiasme particuli\u00e8rement, et partager ce challenge avec d\u2019autres femmes me donne encore plus envie de me d\u00e9passer !<\/p>\r\n                                    <span>\r\n                        1re participation                    <\/span>\r\n                                    <span class=\"notranslate\">Montr\u00e9al<\/span>\r\n                            <\/div>\r\n        <\/div>\r\n            <div class=\"membre-equipage\">\r\n                            <img decoding=\"async\" src=\"https:\/\/www.coupe-femina.com\/wp-content\/uploads\/2026\/02\/img-7804.jpeg\" alt=\"\"\/>\r\n                        <div>\r\n                                    <h3>\r\n                        <a class=\"notranslate\" href=\"https:\/\/www.coupe-femina.com\/en\/participant\/marie-josee-pelletier\/\">\r\n                            Marie-Jos\u00e9e Pelletier                        <\/a>\r\n                    <\/h3>\r\n                                    <p class=\"notranslate\">Passionn\u00e9e de plein air et d\u2019aventure, elle allie exigence professionnelle et esprit sportif. M\u00e9decin cardiologue, elle \u00e9volue dans un environnement o\u00f9 rigueur, sang-froid et d\u00e9cision sont essentiels \u2014 des qualit\u00e9s qu\u2019elle met aussi au service de sa passion pour la voile.<br \/>\r\nTitulaire de brevets \u00e9l\u00e9mentaires, elle pratique le catamaran avec go\u00fbt pour la vitesse et la pr\u00e9cision, d\u00e9veloppant coordination et r\u00e9activit\u00e9. Randonn\u00e9e, ski et course compl\u00e8tent son engagement sportif et renforcent sa r\u00e9silience. Habitu\u00e9e \u00e0 g\u00e9rer le stress et form\u00e9e aux premiers soins, elle contribue aussi \u00e0 la s\u00e9curit\u00e9 de l\u2019\u00e9quipage.<br \/>\r\nParticiper \u00e0 une comp\u00e9tition f\u00e9minine de voile est pour elle un d\u00e9fi porteur de sens, qu\u2019elle souhaite relever avec d\u00e9termination, esprit d\u2019\u00e9quipe et passion de la mer.<br \/>\r\n<br \/>\r\n(avec Marie-Kristelle Ross)<br \/><\/p>\r\n                                    <span>\r\n                        1re participation                    <\/span>\r\n                                    <span class=\"notranslate\">Quebec<\/span>\r\n                            <\/div>\r\n        <\/div>\r\n            <div class=\"membre-equipage\">\r\n                            <img decoding=\"async\" src=\"https:\/\/www.coupe-femina.com\/wp-content\/uploads\/2026\/02\/pascalerobillard.jpg\" alt=\"\"\/>\r\n                        <div>\r\n                                    <h3>\r\n                        <a class=\"notranslate\" href=\"https:\/\/www.coupe-femina.com\/en\/participant\/pascale-robillard\/\">\r\n                            Pascale Robillard                        <\/a>\r\n                    <\/h3>\r\n                                    <p class=\"notranslate\">Professionnelle en marketing et communication et passionn\u00e9e de photographie, Pascale pratique la voile sur le lac Champlain depuis 3 ans de fa\u00e7on assidue.<\/p>\r\n                                    <span>\r\n                        1re participation                    <\/span>\r\n                                    <span class=\"notranslate\">Sutton<\/span>\r\n                            <\/div>\r\n        <\/div>\r\n            <div class=\"membre-equipage\">\r\n                            <img decoding=\"async\" src=\"https:\/\/www.coupe-femina.com\/wp-content\/uploads\/2026\/02\/img-9836-scaled.jpeg\" alt=\"\"\/>\r\n                        <div>\r\n                                    <h3>\r\n                        <a class=\"notranslate\" href=\"https:\/\/www.coupe-femina.com\/en\/participant\/catherine-chamberland\/\">\r\n                            Catherine Chamberland                        <\/a>\r\n                    <\/h3>\r\n                                    <p class=\"notranslate\">Depuis 2023, Catherine s\u2019est lanc\u00e9e dans l\u2019univers de la voile, une passion qu\u2019elle apprend \u00e0 apprivoiser un peu plus chaque fois qu\u2019elle met les pieds sur un voilier. Elle a navigu\u00e9 sur diff\u00e9rents plans d\u2019eau du Qu\u00e9bec, notamment avec Voile Communautaire \u00e0 l\u2019\u00e9t\u00e9 2025. La Coupe F\u00e9mina est pour elle une occasion de rencontrer des femmes inspirantes et de vivre une exp\u00e9rience transformatrice!<\/p>\r\n                                    <span>\r\n                        1re participation                    <\/span>\r\n                                    <span class=\"notranslate\">Saint-Hyacinthe<\/span>\r\n                            <\/div>\r\n        <\/div>\r\n            <div class=\"membre-equipage\">\r\n                            <img decoding=\"async\" src=\"https:\/\/www.coupe-femina.com\/wp-content\/uploads\/2026\/02\/596d3843-4706-4b7a-bbf7-2d31116e8deb-1-105-c.jpeg\" alt=\"\"\/>\r\n                        <div>\r\n                                    <h3>\r\n                        <a class=\"notranslate\" href=\"https:\/\/www.coupe-femina.com\/en\/participant\/marie-kristelle-ross\/\">\r\n                            Marie-Kristelle Ross                        <\/a>\r\n                    <\/h3>\r\n                                    <p class=\"notranslate\">Originaire de la C\u00f4te-Nord, elle a grandi entour\u00e9e de nature et de grands espaces. Le plein air a toujours fait partie de son quotidien, que ce soit sur le bord de l\u2019eau, en for\u00eat ou dans des environnements parfois tr\u00e8s exigeants de la haute montagne. Ces exp\u00e9riences lui ont donn\u00e9 une bonne capacit\u00e9 d\u2019adaptation et un r\u00e9el confort \u00e0 \u00e9voluer dehors, peu importe les conditions.<br \/>\r\n<br \/>\r\nElle travaille aujourd\u2019hui dans le domaine de la sant\u00e9, o\u00f9 la collaboration et l\u2019\u00e9coute occupent une place centrale. Habitu\u00e9e au travail d\u2019\u00e9quipe, elle appr\u00e9cie les contextes o\u00f9 chacun met ses forces au service d\u2019un objectif commun.<br \/>\r\n<br \/>\r\nEncore relativement nouvelle en voile, elle aborde cet \u00e9v\u00e9nement avec curiosit\u00e9 et enthousiasme. Motiv\u00e9e \u00e0 apprendre et \u00e0 contribuer du mieux qu\u2019elle peut, elle voit cette r\u00e9gate comme une belle occasion de sortir de sa zone de confort, de partager un d\u00e9fi stimulant et de vivre une exp\u00e9rience enrichissante entre femmes.<br \/>\r\n<br \/>\r\n(avec Marie-Jos\u00e9e Pelletier)<\/p>\r\n                                    <span>\r\n                        1re participation                    <\/span>\r\n                                    <span class=\"notranslate\">L\u00e9vis<\/span>\r\n                            <\/div>\r\n        <\/div>\r\n            <div class=\"membre-equipage\">\r\n                            <img decoding=\"async\" src=\"https:\/\/www.coupe-femina.com\/wp-content\/uploads\/2026\/02\/img-0425.jpg\" alt=\"\"\/>\r\n                        <div>\r\n                                    <h3>\r\n                        <a class=\"notranslate\" href=\"https:\/\/www.coupe-femina.com\/en\/participant\/melina-robitaille\/\">\r\n                            M\u00e9lina Robitaille                        <\/a>\r\n                    <\/h3>\r\n                                    <p class=\"notranslate\">M\u00e9lina Robitaille est une aventuri\u00e8re dans l\u2019\u00e2me et une nomade digitale passionn\u00e9e par le monde et les sports extr\u00eames. Certifi\u00e9e du brevet d\u2019\u00e9quipi\u00e8re croisi\u00e8re \u00e9l\u00e9mentaire par Voile Canada, elle ne manque jamais une occasion de hisser les voiles et d\u2019explorer l\u2019horizon.<\/p>\r\n                                    <span>\r\n                        1re participation                    <\/span>\r\n                                    <span class=\"notranslate\">Qu\u00e9bec<\/span>\r\n                            <\/div>\r\n        <\/div>\r\n            <div class=\"membre-equipage\">\r\n                            <img decoding=\"async\" src=\"https:\/\/www.coupe-femina.com\/wp-content\/uploads\/2026\/03\/img-7061-scaled.jpg\" alt=\"\"\/>\r\n                        <div>\r\n                                    <h3>\r\n                        <a class=\"notranslate\" href=\"https:\/\/www.coupe-femina.com\/en\/participant\/emilie-desgagnes\/\">\r\n                            Emilie Desgagn\u00e9s                        <\/a>\r\n                    <\/h3>\r\n                                    <p class=\"notranslate\">Emilie d\u00e9couvre la voile d\u00e8s l\u2019enfance \u00e0 bord du voilier familial. Au fil des \u00e9t\u00e9s pass\u00e9s \u00e0 naviguer sur le fleuve Saint-Laurent, elle d\u00e9veloppe des bases en man\u0153uvres ainsi qu\u2019un profond respect pour ce plan d\u2019eau exigeant.\r\n\r\nApr\u00e8s plusieurs ann\u00e9es consacr\u00e9es \u00e0 ses engagements loin du bateau familial, elle choisit, \u00e0 l\u2019\u00e9t\u00e9 2025, de renouer activement avec la navigation en compl\u00e9tant une formation menant au brevet de cheffe de bord \u00e9l\u00e9mentaire. Cette d\u00e9marche marque un retour affirm\u00e9 vers un milieu qui l\u2019anime depuis toujours.\r\n\r\nSouhaitant s\u2019investir davantage dans le milieu nautique et motiv\u00e9e par les valeurs de collaboration, de rigueur et de d\u00e9passement de soi propres au r\u00e9gates, Emilie participera pour la premi\u00e8re fois \u00e0 la Coupe Femina.<\/p>\r\n                                    <span>\r\n                        1re participation                    <\/span>\r\n                                    <span class=\"notranslate\">Qu\u00e9bec<\/span>\r\n                            <\/div>\r\n        <\/div>\r\n            <div class=\"membre-equipage\">\r\n                            <img decoding=\"async\" src=\"https:\/\/www.coupe-femina.com\/wp-content\/uploads\/2026\/03\/femina-photofnault-e1773086445567.jpeg\" alt=\"\"\/>\r\n                        <div>\r\n                                    <h3>\r\n                        <a class=\"notranslate\" href=\"https:\/\/www.coupe-femina.com\/en\/participant\/france-nault\/\">\r\n                            France Nault                        <\/a>\r\n                    <\/h3>\r\n                                    <p class=\"notranslate\">Passionn\u00e9e d\u2019activit\u00e9s nautiques depuis l\u2019enfance ayant pass\u00e9 ses \u00e9t\u00e9s au bord d\u2019un lac en Estrie \u00e0 faire de la planche \u00e0 voile, du d\u00e9riveur, du ski nautique et du voilier en tant que skipper amateur. Elle a particip\u00e9 au convoyage d\u2019un voilier ketch d\u2019acier de 80' des \u00celes Turques-et-Ca\u00efques \u00e0 Halifax, Nouvelle-\u00c9cosse. Cette exp\u00e9rience lui a donn\u00e9 encore plus l\u2019envie de naviguer mais il lui faudrait des formations reconnues. Depuis elle a obtenu son brevet de navigation c\u00f4ti\u00e8re \u00e9l\u00e9mentaire et son brevet de croisi\u00e8re \u00e9l\u00e9mentaire et projette de poursuivre sa formation et d\u2019acqu\u00e9rir plus d\u2019exp\u00e9rience. <br \/>\r\n<br \/>\r\n(avec Catherine Brin)<\/p>\r\n                                    <span>\r\n                        1re participation                    <\/span>\r\n                                    <span class=\"notranslate\">Montr\u00e9al<\/span>\r\n                            <\/div>\r\n        <\/div>\r\n            <div class=\"membre-equipage\">\r\n                            <img decoding=\"async\" src=\"https:\/\/www.coupe-femina.com\/wp-content\/uploads\/2026\/03\/35c52201-a39b-4d2f-9e08-c50d8c1f95ef.jpg\" alt=\"\"\/>\r\n                        <div>\r\n                                    <h3>\r\n                        <a class=\"notranslate\" href=\"https:\/\/www.coupe-femina.com\/en\/participant\/catherine-brin\/\">\r\n                            Catherine Brin                        <\/a>\r\n                    <\/h3>\r\n                                    <p class=\"notranslate\">Catherine aime quand la pratique d\u00e9coule d'un apprentissage th\u00e9orique int\u00e9gr\u00e9. Nageuse depuis tr\u00e8s jeune, les plans d'eau ont toujours \u00e9t\u00e9 une source de d\u00e9fis, passions et libert\u00e9. Seulement depuis 2023 que les formations de navigation se succ\u00e8dent afin de rendre un autre r\u00eave possible!<br \/>\r\n<br \/>\r\n(avec France Nault)<\/p>\r\n                                    <span>\r\n                        1re participation                    <\/span>\r\n                                    <span class=\"notranslate\">Montr\u00e9al<\/span>\r\n                            <\/div>\r\n        <\/div>\r\n            <div class=\"membre-equipage\">\r\n                            <img decoding=\"async\" src=\"https:\/\/www.coupe-femina.com\/wp-content\/uploads\/2026\/03\/img-1322-scaled.jpeg\" alt=\"\"\/>\r\n                        <div>\r\n                                    <h3>\r\n                        <a class=\"notranslate\" href=\"https:\/\/www.coupe-femina.com\/en\/participant\/sylvie-belanger\/\">\r\n                            Sylvie B\u00e9langer                        <\/a>\r\n                    <\/h3>\r\n                                    <p class=\"notranslate\">Membre du Club de voile Borealis \u00e0 Gatineau secteur Aylmer depuis 2012 comme \u00e9quipi\u00e8re. Brevet \u00e9l\u00e9mentaire en 2022. Je ne suis pas famili\u00e8re avec les mar\u00e9es et le spi.<\/p>\r\n                                    <span>\r\n                        1re participation                    <\/span>\r\n                                    <span class=\"notranslate\">Gatineau<\/span>\r\n                            <\/div>\r\n        <\/div>\r\n            <div class=\"membre-equipage\">\r\n                            <img decoding=\"async\" src=\"https:\/\/www.coupe-femina.com\/wp-content\/uploads\/2026\/03\/img-6901-scaled.jpeg\" alt=\"\"\/>\r\n                        <div>\r\n                                    <h3>\r\n                        <a class=\"notranslate\" href=\"https:\/\/www.coupe-femina.com\/en\/participant\/aude-caille\/\">\r\n                            Aude Caille                        <\/a>\r\n                    <\/h3>\r\n                                    <p class=\"notranslate\">\u00c0 la recherche d\u2019une \u00e9quipi\u00e8re dynamique et passionn\u00e9e pour la Coupe ?<br \/>\r\nPassionn\u00e9e de voile depuis l\u2019enfance, elle a navigu\u00e9 sur divers bateaux (optimiste, d\u00e9riveur, catamaran, voilier habitable). Elle barre et r\u00e9gate en catamaran au Club de voile Sansoucy sur le lac des Deux-Montagnes, en solo ou en \u00e9quipe.<br \/>\r\nDepuis 2021, elle a repris la voile croisi\u00e8re et multiplie les sorties. En 2025, elle d\u00e9couvre la Coupe gr\u00e2ce \u00e0 une amie, une opportunit\u00e9 qu\u2019elle souhaite saisir.<br \/>\r\nActuellement en fin de formation en voile croisi\u00e8re, elle est tr\u00e8s motiv\u00e9e \u00e0 relever de nouveaux d\u00e9fis en course et recherche un \u00e9quipage ambitieux pour partager cette aventure.<br \/>\r\nDisponible et tr\u00e8s int\u00e9ress\u00e9e pour \u00e9changer et pr\u00e9parer la course.<br \/><\/p>\r\n                                    <span>\r\n                        1re participation                    <\/span>\r\n                                    <span class=\"notranslate\">Lorraine<\/span>\r\n                            <\/div>\r\n        <\/div>\r\n            <div class=\"membre-equipage\">\r\n                            <img decoding=\"async\" src=\"https:\/\/www.coupe-femina.com\/wp-content\/uploads\/2026\/03\/img-9199-scaled.jpg\" alt=\"\"\/>\r\n                        <div>\r\n                                    <h3>\r\n                        <a class=\"notranslate\" href=\"https:\/\/www.coupe-femina.com\/en\/participant\/helene-gingras-2\/\">\r\n                            H\u00e9l\u00e8ne Gingras                        <\/a>\r\n                    <\/h3>\r\n                                    <p class=\"notranslate\">H\u00e9l\u00e8ne a d\u00e9couvert la voil\u00e9 l\u2019ann\u00e9e derni\u00e8re pour profiter du merveilleux Fleuve St-Laurent. Elle s\u2019est rapidement passionn\u00e9e pour cette discipline. Elle trouve une libert\u00e9 incroyable chaque fois qu\u2019elle hisse les voiles et sent le vent la porter. Naviguer lui permet de se recentrer, loin du tumulte du quotidien. Sur l\u2019eau elle se sent pleinement vivante, en harmonie avec les \u00e9l\u00e9ments. Elle aime partager cette passion avec d\u2019autres navigateurs et profiter des conseils des plus exp\u00e9riment\u00e9s pour progresser.<\/p>\r\n                                    <span>\r\n                        1re participation                    <\/span>\r\n                                    <span class=\"notranslate\">Qu\u00e9bec<\/span>\r\n                            <\/div>\r\n        <\/div>\r\n            <div class=\"membre-equipage\">\r\n                            <img decoding=\"async\" src=\"https:\/\/www.coupe-femina.com\/wp-content\/uploads\/2026\/03\/clemence-profil-de-sol-scaled.jpg\" alt=\"\"\/>\r\n                        <div>\r\n                                    <h3>\r\n                        <a class=\"notranslate\" href=\"https:\/\/www.coupe-femina.com\/en\/participant\/clemence-fortier\/\">\r\n                            Cl\u00e9mence Fortier                        <\/a>\r\n                    <\/h3>\r\n                                    <p class=\"notranslate\">Cl\u00e9mence a eu la piq\u00fbre et appris les bases de la voile lors d'un \u00e9change \u00e9tudiant d'un an en Australie en 2014. Suite \u00e0 son retour au Qu\u00e9bec, r\u00e9sidente de l'Estrie, il n'est pas possible pour elle de pratiquer couramment ce sport. Depuis, quelques s\u00e9jours sur l'eau notamment aux \u00eeles Mingan avec \u00c9comaris en 2020 et dans les BVI en 2018. De plus, conjointe d'un marin de l'\u00eele Maurice, elle y pratique le petit d\u00e9riveur et s\u00e9jours occasionnels en catamaran lors des vacances familiales. Elle sera une super assistante et connais les bases, mais n'a suivi aucun cours. Elle est r\u00e9sidente de Neuville depuis 2025 et compte bien faire plus de sorties! Autrement, adepte de plein air (ski, velo, randonn\u00e9e), m\u00e8re de 2 jeunes enfants, agronome, actuellement en retour aux \u00e9tudes avec une maitrise recherche \u00e0 l'Universit\u00e9 Laval.<\/p>\r\n                                    <span>\r\n                        1re participation                    <\/span>\r\n                                    <span class=\"notranslate\">Neuville<\/span>\r\n                            <\/div>\r\n        <\/div>\r\n            <div class=\"membre-equipage\">\r\n                            <img decoding=\"async\" src=\"https:\/\/www.coupe-femina.com\/wp-content\/uploads\/2026\/03\/caro-voile.jpg\" alt=\"\"\/>\r\n                        <div>\r\n                                    <h3>\r\n                        <a class=\"notranslate\" href=\"https:\/\/www.coupe-femina.com\/en\/participant\/caroline-pierre\/\">\r\n                            caroline pierre                        <\/a>\r\n                    <\/h3>\r\n                                    <p class=\"notranslate\">\u00c0 47 ans, Caroline est une athl\u00e8te engag\u00e9e qui combine esprit d\u2019\u00e9quipe, rigueur et plaisir de la performance. Elle est reconnue pour son attitude positive, son respect des autres membres d\u2019\u00e9quipage et sa capacit\u00e9 \u00e0 cr\u00e9er une belle dynamique \u00e0 bord.\r\n\r\nElle poss\u00e8de plusieurs ann\u00e9es d\u2019exp\u00e9rience en comp\u00e9tition en kayak de mer (downwind surfski), en outrigger (OC6) et en SUP. Elle d\u00e9tient aussi des brevets de navigation \u00e9l\u00e9mentaire et interm\u00e9diaire, de croisi\u00e8re \u00e9l\u00e9mentaire et interm\u00e9diaire, ainsi qu\u2019une certification VHF.\r\n\r\nPhysioth\u00e9rapeute \u00e0 l\u2019urgence, elle est habitu\u00e9e \u00e0 performer sous pression et \u00e0 travailler efficacement en \u00e9quipe.\r\n\r\nElle souhaite avant tout vivre une exp\u00e9rience de voile enrichissante et stimulante, tout en apportant une contribution positive et comp\u00e9titive \u00e0 l\u2019\u00e9quipage.<\/p>\r\n                                    <span>\r\n                        1re participation                    <\/span>\r\n                                    <span class=\"notranslate\">Saint-Basile-Le-Grand<\/span>\r\n                            <\/div>\r\n        <\/div>\r\n            <div class=\"membre-equipage\">\r\n                            <img decoding=\"async\" src=\"https:\/\/www.coupe-femina.com\/wp-content\/uploads\/2026\/03\/valerie-lavoie-scaled.jpg\" alt=\"\"\/>\r\n                        <div>\r\n                                    <h3>\r\n                        <a class=\"notranslate\" href=\"https:\/\/www.coupe-femina.com\/en\/participant\/valerie-lavoie\/\">\r\n                            Val\u00e9rie Lavoie (skipper)                        <\/a>\r\n                    <\/h3>\r\n                                    <p class=\"notranslate\">Val\u00e9rie est capitaine de son voilier depuis le printemps 2025 et elle navigue le plus souvent possible sur le Saint-Laurent avec sa famille, notamment ses deux moussaillons pr\u00e9f\u00e9r\u00e9s, ses deux enfants.Sur l'eau, elle est dans un univers parall\u00e8le, o\u00f9 tout est plus beau, plus doux, plus ensoleill\u00e9.<\/p>\r\n                                    <span>\r\n                        1re participation                    <\/span>\r\n                                    <span class=\"notranslate\">Qu\u00e9bec<\/span>\r\n                            <\/div>\r\n        <\/div>\r\n            <div class=\"membre-equipage\">\r\n                            <img decoding=\"async\" src=\"https:\/\/www.coupe-femina.com\/wp-content\/uploads\/2026\/03\/arianedrapeau-scaled.jpg\" alt=\"\"\/>\r\n                        <div>\r\n                                    <h3>\r\n                        <a class=\"notranslate\" href=\"https:\/\/www.coupe-femina.com\/en\/participant\/ariane-drapeau\/\">\r\n                            Ariane Drapeau                        <\/a>\r\n                    <\/h3>\r\n                                    <p class=\"notranslate\">Ariane pratique la voile depuis l'enfance, d'abord sur un petit Laser, elle est maintenant co-capitaine d'un Tanzer 26 au lac Memphr\u00e9magog. Titulaire d'un brevet de voile croisi\u00e8re \u00e9l\u00e9mentaire cheffe de bord, elle a suivi des cours de navigation croisi\u00e8re avec les Gl\u00e9nans dans les Cara\u00efbes et au Qu\u00e9bec avec l'\u00e9cole Damacha. Elle s'appr\u00eate \u00e0 vivre sa premi\u00e8re Coupe F\u00e9mina, tr\u00e8s enthousiaste de partager cette exp\u00e9rience avec les autres participantes !<\/p>\r\n                                    <span>\r\n                        1re participation                    <\/span>\r\n                                    <span class=\"notranslate\">Montr\u00e9al<\/span>\r\n                            <\/div>\r\n        <\/div>\r\n            <div class=\"membre-equipage\">\r\n                            <img decoding=\"async\" src=\"https:\/\/www.coupe-femina.com\/wp-content\/uploads\/2026\/03\/screenshot-20260223-164324-gallery.jpg\" alt=\"\"\/>\r\n                        <div>\r\n                                    <h3>\r\n                        <a class=\"notranslate\" href=\"https:\/\/www.coupe-femina.com\/en\/participant\/jessica-poirier\/\">\r\n                            Jessica Poirier                        <\/a>\r\n                    <\/h3>\r\n                                    <p class=\"notranslate\">Jessica est passionn\u00e9e par le plein air et l'aventure depuis toute petite. Cette derni\u00e8re a toujours ressenti l'envie d'embarquer sur un voilier, jusqu'au moment o\u00f9 elle en a eu la chance et la passion de la voile l'a piqu\u00e9. Depuis deux ans, elle ne laisse passer aucune occasion de naviguer et s'amuser au gr\u00e9 du vent!<\/p>\r\n                                    <span>\r\n                        1re participation                    <\/span>\r\n                                    <span class=\"notranslate\">L\u00e9vis<\/span>\r\n                            <\/div>\r\n        <\/div>\r\n            <div class=\"membre-equipage\">\r\n                            <img decoding=\"async\" src=\"https:\/\/www.coupe-femina.com\/wp-content\/uploads\/2025\/11\/nathalie-methot.jpg\" alt=\"\"\/>\r\n                        <div>\r\n                                    <h3>\r\n                        <a class=\"notranslate\" href=\"https:\/\/www.coupe-femina.com\/en\/participant\/nathalie-methot-2\/\">\r\n                            Nathalie M\u00e9thot (skipper)                        <\/a>\r\n                    <\/h3>\r\n                                    <p class=\"notranslate\">Nathalie est compl\u00e8tement tomb\u00e9e sous les charmes de la course \u00e0 voile il y a une douzaine d'ann\u00e9e. Depuis, elle est membre du club BYC \u00e0 Ottawa et participe r\u00e9guli\u00e8rement aux courses amicales sur la rivi\u00e8re Outaouais. Elle d\u00e9tient un brevet de voile interm\u00e9diaire et veut continuer son \u00e9ducation technique.<\/p>\r\n                                    <span>\r\n                        2e participation                    <\/span>\r\n                                    <span class=\"notranslate\">Ottawa<\/span>\r\n                            <\/div>\r\n        <\/div>\r\n            <div class=\"membre-equipage\">\r\n                            <img decoding=\"async\" src=\"https:\/\/www.coupe-femina.com\/wp-content\/uploads\/2026\/03\/361339468-810490484077256-7904018500392255019-n.jpg\" alt=\"\"\/>\r\n                        <div>\r\n                                    <h3>\r\n                        <a class=\"notranslate\" href=\"https:\/\/www.coupe-femina.com\/en\/participant\/carmen-nappert\/\">\r\n                            Carmen Nappert                        <\/a>\r\n                    <\/h3>\r\n                                    <p class=\"notranslate\">Sur l'eau depuis 2015.  Formation \u00e9quipi\u00e8re en 2023.   \r\n\r\n4  navigations sur les eaux turquoises.  En 2025,  36 jours de voile.\r\n\r\nJe souhaite me joindre a une \u00e9quipe dynamique comme \u00e9quipi\u00e8re.  Etre dans le plaisir!<\/p>\r\n                                    <span>\r\n                        1re participation                    <\/span>\r\n                                    <span class=\"notranslate\">St-Lambert de Lauzon<\/span>\r\n                            <\/div>\r\n        <\/div>\r\n            <div class=\"membre-equipage\">\r\n                            <img decoding=\"async\" src=\"https:\/\/www.coupe-femina.com\/wp-content\/uploads\/2026\/03\/inbound5534353337401805379.jpg\" alt=\"\"\/>\r\n                        <div>\r\n                                    <h3>\r\n                        <a class=\"notranslate\" href=\"https:\/\/www.coupe-femina.com\/en\/participant\/stephanie-labbe-giguere\/\">\r\n                            St\u00e9phanie Labb\u00e9-Gigu\u00e8re                        <\/a>\r\n                    <\/h3>\r\n                                    <p class=\"notranslate\">Biologiste sp\u00e9cialis\u00e9e en oc\u00e9anographie<\/p>\r\n                                    <span>\r\n                        1re participation                    <\/span>\r\n                                    <span class=\"notranslate\">Qu\u00e9bec<\/span>\r\n                            <\/div>\r\n        <\/div>\r\n            <div class=\"membre-equipage\">\r\n                            <img decoding=\"async\" src=\"https:\/\/www.coupe-femina.com\/wp-content\/uploads\/2026\/03\/photo-regate-course-femina.jpg\" alt=\"\"\/>\r\n                        <div>\r\n                                    <h3>\r\n                        <a class=\"notranslate\" href=\"https:\/\/www.coupe-femina.com\/en\/participant\/benedicte-lucazeau\/\">\r\n                            B\u00e9n\u00e9dicte Lucazeau                        <\/a>\r\n                    <\/h3>\r\n                                    <p class=\"notranslate\">B\u00e9n\u00e9dicte a commenc\u00e9 \u00e0 naviguer d\u00e8s son enfance en Bretagne, en Optimist, Laser et autres d\u00e9riveurs, ainsi qu\u2019en planche \u00e0 voile. Passionn\u00e9e par la mer, elle a obtenu son monitorat en voile l\u00e9g\u00e8re ainsi qu\u2019un permis moteur c\u00f4tier. Fr\u00e9quentant le milieu de la voile, elle a eu de nombreuses opportunit\u00e9s de naviguer comme \u00e9quipi\u00e8re sur diff\u00e9rents monocoques dans le golfe du Morbihan et autour de ses \u00eeles. Plus tard, B\u00e9n\u00e9dicte a fait l\u2019acquisition d\u2019un half-tonner, ce qui lui a donn\u00e9 go\u00fbt \u00e0 la r\u00e9gate. Elle a notamment embarqu\u00e9 comme \u00e9quipi\u00e8re lors de la c\u00e9l\u00e8bre r\u00e9gate Spi Ouest-France, \u00e0 La Trinit\u00e9-sur-Mer, en Bretagne, o\u00f9 elle a pu suivre les entra\u00eenements et participer \u00e0 la course. Son r\u00eave du large l\u2019a ensuite amen\u00e9e \u00e0 embarquer sur un catamaran dans l\u2019espoir de traverser l\u2019Atlantique, en partant de la Corse en M\u00e9diterran\u00e9e. L\u2019aventure s\u2019est arr\u00eat\u00e9e aux \u00eeles Canaries, laissant le souvenir marquant du passage du d\u00e9troit.<\/p>\r\n                                    <span>\r\n                        1re participation                    <\/span>\r\n                                    <span class=\"notranslate\">L\u00c9VIS<\/span>\r\n                            <\/div>\r\n        <\/div>\r\n            <div class=\"membre-equipage\">\r\n                            <img decoding=\"async\" src=\"https:\/\/www.coupe-femina.com\/wp-content\/uploads\/2026\/03\/fastete.jpg\" alt=\"\"\/>\r\n                        <div>\r\n                                    <h3>\r\n                        <a class=\"notranslate\" href=\"https:\/\/www.coupe-femina.com\/en\/participant\/francisca-astete\/\">\r\n                            Francisca Astete                        <\/a>\r\n                    <\/h3>\r\n                                    <p class=\"notranslate\">Passionn\u00e9e par la nature et curieuse de d\u00e9couvrir l\u2019univers de la voile, je navigue en famille depuis 2022. Cette ann\u00e9e, je participe \u00e0 ma toute premi\u00e8re Coupe Femina. Novice mais tr\u00e8s motiv\u00e9e, j\u2019ai h\u00e2te de m\u2019initier aux man\u0153uvres, de soutenir mes co\u00e9quipi\u00e8res et de relever ce d\u00e9fi sportif dans une ambiance d\u2019entraide et de d\u00e9passement de soi.  Mon objectif : apprendre, sourire et franchir la ligne d\u2019arriv\u00e9e.<\/p>\r\n                                    <span>\r\n                        1re participation                    <\/span>\r\n                                    <span class=\"notranslate\">Laval<\/span>\r\n                            <\/div>\r\n        <\/div>\r\n            <div class=\"membre-equipage\">\r\n                            <img decoding=\"async\" src=\"https:\/\/www.coupe-femina.com\/wp-content\/uploads\/2026\/03\/coupe-f-2026.jpg\" alt=\"\"\/>\r\n                        <div>\r\n                                    <h3>\r\n                        <a class=\"notranslate\" href=\"https:\/\/www.coupe-femina.com\/en\/participant\/helen-loughrey\/\">\r\n                            Helen Loughrey                        <\/a>\r\n                    <\/h3>\r\n                                    <p class=\"notranslate\">Helen prend plaisir \u00e0 r\u00e9gater en J30 \u00e0 Montr\u00e9al, une activit\u00e9 qu'elle pratique depuis 3 ans. Anim\u00e9e d'une nouvelle \u00e9nergie pour la voile depuis son apprentissage dans sa jeunesse en Irlande, elle se pr\u00e9pare maintenant \u00e0 l'obtention du brevet de navigation c\u00f4ti\u00e8re 1. Ce sera sa deuxi\u00e8me participation \u00e0 la Coupe Femina.<\/p>\r\n                                    <span>\r\n                        2e participation                    <\/span>\r\n                                    <span class=\"notranslate\">Montreal<\/span>\r\n                            <\/div>\r\n        <\/div>\r\n            <div class=\"membre-equipage\">\r\n                            <img decoding=\"async\" src=\"https:\/\/www.coupe-femina.com\/wp-content\/uploads\/2026\/03\/vaillancourt-melissa.jpg\" alt=\"\"\/>\r\n                        <div>\r\n                                    <h3>\r\n                        <a class=\"notranslate\" href=\"https:\/\/www.coupe-femina.com\/en\/participant\/melissa-vaillancourt\/\">\r\n                            Melissa Vaillancourt                        <\/a>\r\n                    <\/h3>\r\n                                    <p class=\"notranslate\">Apr\u00e8s avoir forg\u00e9 mes r\u00e9flexes de navigatrice en d\u00e9riveur l\u00e9ger double durant ma jeunesse, j'ai continu\u00e9 \u00e0 explorer le fleuve et ses courants en kayak de mer. Aujourd'hui, je combine ma base technique et mes connaissances en matelotage, m\u00e9t\u00e9o et mar\u00e9es pour relever le d\u00e9fi de ma premi\u00e8re Coupe Femina. Adepte d'aventure, j'ai h\u00e2te de joindre cet \u00e9quipage de femmes passionn\u00e9es et de mettre mon esprit sportif \u00e0 profit sur l'eau.<\/p>\r\n                                    <span>\r\n                        1re participation                    <\/span>\r\n                                    <span class=\"notranslate\">Levis<\/span>\r\n                            <\/div>\r\n        <\/div>\r\n            <div class=\"membre-equipage\">\r\n                            <img decoding=\"async\" src=\"https:\/\/www.coupe-femina.com\/wp-content\/uploads\/2026\/04\/leduccatherine.jpg\" alt=\"\"\/>\r\n                        <div>\r\n                                    <h3>\r\n                        <a class=\"notranslate\" href=\"https:\/\/www.coupe-femina.com\/en\/participant\/catherine-leduc\/\">\r\n                            Catherine Leduc                        <\/a>\r\n                    <\/h3>\r\n                                    <p class=\"notranslate\">Catherine a d\u00e9couvert la voile sur un Laser sur la rivi\u00e8re des Outaouais \u00e9tant jeune. Elle compl\u00e8te son brevet de voile \u00e9l\u00e9mentaire en naviguant sur le Fjord du Saguenay. En 2009, elle a navigu\u00e9 en Asie pendant 1 an \u00e0 bord d'un Tahiti Ketch sans moteur. R\u00e9cemment, lors d'un s\u00e9jour en Martinique, elle refait de la voile et renoue avec sa passion ! Bien qu'elle n'aie jamais fait de r\u00e9gates, elle souhaite relever le d\u00e9fi et participer \u00e0 cet \u00e9v\u00e9nement qui la fait vibrer mais surtout de le partager avec des femmes inspirantes !<\/p>\r\n                                    <span>\r\n                        1re participation                    <\/span>\r\n                                    <span class=\"notranslate\">Saint-Sauveur<\/span>\r\n                            <\/div>\r\n        <\/div>\r\n            <div class=\"membre-equipage\">\r\n                            <img decoding=\"async\" src=\"https:\/\/www.coupe-femina.com\/wp-content\/uploads\/2026\/04\/a16b816d70101cb195529c05eb10597e2-scaled.jpeg\" alt=\"\"\/>\r\n                        <div>\r\n                                    <h3>\r\n                        <a class=\"notranslate\" href=\"https:\/\/www.coupe-femina.com\/en\/participant\/veronique-chabot-allard\/\">\r\n                            V\u00e9ronique Chabot Allard                        <\/a>\r\n                    <\/h3>\r\n                                    <p class=\"notranslate\">V\u00e9ronique commence son parcours dans le monde la voile. Elle a fait son cours \u00e9l\u00e9mentaire \u00e0 l\u2019\u00e9t\u00e9 2025 dans le Fjord. Elle est d\u00e9termin\u00e9e \u00e0 en faire pour le reste de ses jours, un petit peu plus \u00e0 chaque ann\u00e9e!<br \/>\r\n<br \/>\r\n(avec Marianne Taillefer)<\/p>\r\n                                    <span>\r\n                        1re participation                    <\/span>\r\n                                    <span class=\"notranslate\">Qu\u00e9bec<\/span>\r\n                            <\/div>\r\n        <\/div>\r\n            <div class=\"membre-equipage\">\r\n                            <img decoding=\"async\" src=\"https:\/\/www.coupe-femina.com\/wp-content\/uploads\/2026\/04\/img-2952-scaled.jpeg\" alt=\"\"\/>\r\n                        <div>\r\n                                    <h3>\r\n                        <a class=\"notranslate\" href=\"https:\/\/www.coupe-femina.com\/en\/participant\/josiane-gagnon\/\">\r\n                            Josiane Gagnon                        <\/a>\r\n                    <\/h3>\r\n                                    <p class=\"notranslate\">Initier \u00e0 14 ans par un ami, j\u2019ai fait partie de l\u2019\u00e9quipe Nautique au Centre de Vill\u00e9giature Jouvence du 1992-2000. De 2011 \u00e0 2014,  navigation sur le Fjord du Saguenay, suite \u00e0 l\u2019acquisition du Jamich C&amp;C 29, en co-propri\u00e9t\u00e9 avec Voile Mercator. Je poss\u00e8de ma carte de conducteur d\u2019embarcation de plaisance, certification restreint d\u2019op\u00e9rateur (maritime), cours de croisi\u00e8re \u00e9l\u00e9mentaire et Interm\u00e9diaire. J\u2019ai navigu\u00e9 sur le fleuve entre Rimouski, Saint-Anne des Monts, Saint-Pancrace et Tadoussac. L\u2019an dernier, j\u2019ai r\u00e9alis\u00e9, avec mon fr\u00e8re, le tour de l\u2019Ile d\u2019Orl\u00e9an. Bref, au cours des derniers ann\u00e9es, j\u2019ai eu l\u2019opportunit\u00e9 naviguer diff\u00e9rentes embarcations \u00e0 voile et de vivre trois r\u00e9gates amicales de fin de saison \u00e0 L\u2019Anse Saint-Jean et \u00e0 Tadoussac. Je me sens enthousiaste \u00e0 relever les d\u00e9fis de la coupe f\u00e9minisa 2026.<\/p>\r\n                                    <span>\r\n                        1re participation                    <\/span>\r\n                                    <span class=\"notranslate\">L\u2019Anse Saint Jean<\/span>\r\n                            <\/div>\r\n        <\/div>\r\n            <div class=\"membre-equipage\">\r\n                            <img decoding=\"async\" src=\"https:\/\/www.coupe-femina.com\/wp-content\/uploads\/2026\/04\/c3e5a0ea5439e7b3ddcfdf9186968a5c-scaled.jpeg\" alt=\"\"\/>\r\n                        <div>\r\n                                    <h3>\r\n                        <a class=\"notranslate\" href=\"https:\/\/www.coupe-femina.com\/en\/participant\/marianne-taillefer\/\">\r\n                            Marianne Taillefer                        <\/a>\r\n                    <\/h3>\r\n                                    <p class=\"notranslate\">Marianne est nouvelle dans l\u2019univers de la voile. Elle a compl\u00e9t\u00e9 son cours de voile \u00e9l\u00e9mentaire \u00e0 la fin de l\u2019\u00e9t\u00e9 2025 et d\u00e9sire se d\u00e9velopper comme navigatrice! Elle adore le sentiment de libert\u00e9 \u00e0 bord d\u2019un voilier et oeuvrer en \u00e9quipe.<br \/>\r\n<br \/>\r\n(avec V\u00e9ronique Chabot Allard)<\/p>\r\n                                    <span>\r\n                        1re participation                    <\/span>\r\n                                    <span class=\"notranslate\">Chicoutimi<\/span>\r\n                            <\/div>\r\n        <\/div>\r\n            <div class=\"membre-equipage\">\r\n                            <img decoding=\"async\" src=\"https:\/\/www.coupe-femina.com\/wp-content\/uploads\/2026\/04\/img-0084.jpeg\" alt=\"\"\/>\r\n                        <div>\r\n                                    <h3>\r\n                        <a class=\"notranslate\" href=\"https:\/\/www.coupe-femina.com\/en\/participant\/helena-smolla\/\">\r\n                            H\u00e9l\u00e8na Smolla                        <\/a>\r\n                    <\/h3>\r\n                                    <p class=\"notranslate\">H\u00e9l\u00e8na a effectu\u00e9 deux grandes travers\u00e9es sur le golfe du Saint-Laurent, de Gasp\u00e9 \u00e0 l\u2019\u00eele d\u2019Anticosti, puis d\u2019Anticosti \u00e0 Havre-Saint-Pierre.<br \/>\r\n<br \/>\r\nCe grand voyage, v\u00e9cu comme passag\u00e8re, lui a donn\u00e9 l\u2019occasion de participer \u00e0 plusieurs man\u0153uvres, ce qui lui a transmis la piq\u00fbre de la voile !<br \/>\r\n<br \/>\r\nElle a ensuite suivi un cours de voile comme \u00e9quipi\u00e8re avec l\u2019\u00e9cole Gilles T\u00e9treault, au lac des Deux-Montagnes, \u00e0 Oka.<br \/>\r\n<br \/>\r\nElle continue de se pratiquer sur Laser et catamaran au lac des Sables, \u00e0 Sainte-Agathe-des-Monts, o\u00f9 elle demeure<br \/>\r\n<br \/>\r\n(avec Genevi\u00e8ve Turbide)<\/p>\r\n                                    <span>\r\n                        1re participation                    <\/span>\r\n                                    <span class=\"notranslate\">Sainte Agathe des Monts<\/span>\r\n                            <\/div>\r\n        <\/div>\r\n            <div class=\"membre-equipage\">\r\n                            <img decoding=\"async\" src=\"https:\/\/www.coupe-femina.com\/wp-content\/uploads\/2026\/04\/photo-gt.jpg\" alt=\"\"\/>\r\n                        <div>\r\n                                    <h3>\r\n                        <a class=\"notranslate\" href=\"https:\/\/www.coupe-femina.com\/en\/participant\/genevieve-turbide\/\">\r\n                            Genevi\u00e8ve Turbide                        <\/a>\r\n                    <\/h3>\r\n                                    <p class=\"notranslate\">Ses aventures sur l'eau ont commenc\u00e9 sur des embarcations \u00e0 pagaie et \u00e0 moteur. Elle a explor\u00e9 le kayak en eau vive, la planche \u00e0 pagaie. Elle a conduit un ponton et fait un peu de canot. Mais, il manquait quelque chose : le vent !<br \/>\r\nSuivant alors son instinct, elle a d\u00e9but\u00e9 par des cours de voile d\u00e9riveur (Topaz et Laser) pour finalement aboutir sur un catamaran Hobie Cat 16 qu\u2019elle ch\u00e9rit avec son conjoint depuis plusieurs \u00e9t\u00e9s, \u00e0 l\u2019\u00c9cole de voile Ste-Agathe-des-Monts. <br \/>\r\nLe summum, son s\u00e9jour sur un voilier Hunter 34 qui l\u2019a accompagn\u00e9 pour obtenir son brevet de croisi\u00e8re \u00e9l\u00e9mentaire en 2022 avec Voile Mercator. D\u00e9couvrir les secrets de la navigation sur le Fjord du Saguenay et sur le fleuve St-Laurent a \u00e9t\u00e9 une belle introduction au monde de la voile. D\u2019autres voiliers l\u2019ont fait danser sur l\u2019eau comme l\u2019ArcticStern\u2026<br \/>\r\nChaque \u00e9t\u00e9, elle s\u2019amuse en Wingsurf et apprend \u00e0 \u00ab voler \u00bb sur l\u2019eau aux \u00celes-de-la-Madeleine.<br \/>\r\nElle est maintenant pr\u00eate \u00e0 vivre l\u2019exp\u00e9rience de la Coupe Femina en tant qu\u2019\u00e9quipi\u00e8re et sait que les apprentissages en contexte de course feront grandir sa passion pour la voile jusqu\u2019\u00e0 son prochain stage de formation\u2026<br \/>\r\n<br \/>\r\n(avec H\u00e9l\u00e8na Smolla)<\/p>\r\n                                    <span>\r\n                        1re participation                    <\/span>\r\n                                    <span class=\"notranslate\">Val-David<\/span>\r\n                            <\/div>\r\n        <\/div>\r\n            <div class=\"membre-equipage\">\r\n                            <img decoding=\"async\" src=\"https:\/\/www.coupe-femina.com\/wp-content\/uploads\/2026\/04\/beaumier-elizabeth-scaled.jpg\" alt=\"\"\/>\r\n                        <div>\r\n                                    <h3>\r\n                        <a class=\"notranslate\" href=\"https:\/\/www.coupe-femina.com\/en\/participant\/elizabeth-elizabeth-beaumier\/\">\r\n                            Elizabeth Beaumier                        <\/a>\r\n                    <\/h3>\r\n                                    <p class=\"notranslate\">L'initiation marine d'Elizabeth s'est fait en Floride sur un Islander 1967 de 37 pieds alors qu'elle avait 23 ans. Elle y a pass\u00e9 5 mois \u00e0 faire des travaux sur le voilier et \u00e0 naviguer, de Tamba bay \u00e0 Key West, en passant par Dry Tortugas et de multiples aventures. Puis, apr\u00e8s une longue pause, elle a voulu se remettre \u00e0 la voile alors qu'elle habitait sur l'\u00eele de Vancouver en Colombie-Britannique. C'est donc dans Desolation Sound avec l'\u00e9cole Calma Sailing qu'elle a pass\u00e9 son brevet \u00e9l\u00e9mentaire de chef de bord. De retour au Qu\u00e9bec, elle demeure tout pr\u00e8s du fleuve et d\u00e9sire ardemment naviguer au quotidien et ainsi acqu\u00e9rir des milles nautiques et toute l'exp\u00e9rience qui s'y rattache. Pour ce faire, elle souhaite \u00eatre \u00e9quipi\u00e8re et apprendre \u00e0 naviguer ce beau fleuve et tous ses secrets.<\/p>\r\n                                    <span>\r\n                        1re participation                    <\/span>\r\n                                    <span class=\"notranslate\">Lotbini\u00e8re<\/span>\r\n                            <\/div>\r\n        <\/div>\r\n            <div class=\"membre-equipage\">\r\n                            <img decoding=\"async\" src=\"https:\/\/www.coupe-femina.com\/wp-content\/uploads\/2026\/04\/fortier-marilou-scaled.jpg\" alt=\"\"\/>\r\n                        <div>\r\n                                    <h3>\r\n                        <a class=\"notranslate\" href=\"https:\/\/www.coupe-femina.com\/en\/participant\/marilou-fortier\/\">\r\n                            Marilou Fortier                        <\/a>\r\n                    <\/h3>\r\n                                    <p class=\"notranslate\">Marilou a d\u00e9couvert la voile gr\u00e2ce au Cadet de la Marine royale canadienne, il y a 5 ans. Elle a fait 3 ans de C420 et elle est rendue \u00e0 sa 2i\u00e8me ann\u00e9e et demie de Ilca 6. Marilou est instructrice de voile d\u00e9riveur, et elle a commenc\u00e9e la voile croisi\u00e8re gr\u00e2ce \u00e0 sa meilleure amie qui a particip\u00e9 au Femina Jeunesse l'an pass\u00e9. Gr\u00e2ce \u00e0 ce merveilleux sport, Marilou a forg\u00e9 sa pers\u00e9v\u00e9rance, sa r\u00e9silience, le d\u00e9passement de soi, et surtout, la gestion du stress.<\/p>\r\n                                    <span>\r\n                        1re participation                    <\/span>\r\n                                    <span class=\"notranslate\">Sainte-Claire<\/span>\r\n                            <\/div>\r\n        <\/div>\r\n            <div class=\"membre-equipage\">\r\n                            <img decoding=\"async\" src=\"https:\/\/www.coupe-femina.com\/wp-content\/uploads\/2026\/04\/img-59891.png\" alt=\"\"\/>\r\n                        <div>\r\n                                    <h3>\r\n                        <a class=\"notranslate\" href=\"https:\/\/www.coupe-femina.com\/en\/participant\/nathalie-cliche\/\">\r\n                            Nathalie Cliche                        <\/a>\r\n                    <\/h3>\r\n                                    <p class=\"notranslate\">Nathalie a fait le cours initiation \u00e0 la croisi\u00e8re en 2022 chez Formation Nautique Qu\u00e9bec. Elle d\u00e9tient son brevet d\u2019\u00e9quipi\u00e8re IYT. C\u2019est sa deuxi\u00e8me participation \u00e0 la Coupe Femina. La premi\u00e8re \u00e9tant en 2023. \r\n\r\n2i\u00e8me participation \r\nQu\u00e9bec<\/p>\r\n                                    <span>\r\n                        1re participation                    <\/span>\r\n                                    <span class=\"notranslate\">Qu\u00e9bec<\/span>\r\n                            <\/div>\r\n        <\/div>\r\n            <div class=\"membre-equipage\">\r\n                            <img decoding=\"async\" src=\"https:\/\/www.coupe-femina.com\/wp-content\/uploads\/2026\/04\/1.jpg\" alt=\"\"\/>\r\n                        <div>\r\n                                    <h3>\r\n                        <a class=\"notranslate\" href=\"https:\/\/www.coupe-femina.com\/en\/participant\/mireille-bouffard\/\">\r\n                            Mireille Bouffard                        <\/a>\r\n                    <\/h3>\r\n                                    <p class=\"notranslate\">Mireille est une passionn\u00e9e de voile. Elle s'est initi\u00e9e sur un d\u00e9riveur et a \u00e9volu\u00e9 depuis sur des catamarans et des quillards. Cet \u00e9t\u00e9, suite \u00e0 un chantier naval d'envergure avec des amis, elle mettra \u00e0 l'eau son voilier J24 afin de mettre du piquant \u00e0 sa pratique de r\u00e9gates qu'elle a initi\u00e9e avec des amis en cr\u00e9ant le Club de voile Les Voileux du Sud, Grand lac St-Fran\u00e7ois. Elle pratique ce sport depuis plus de 30 ans, essentiellement sur le Grand Lac St-Fran\u00e7ois.<\/p>\r\n                                    <span>\r\n                        1re participation                    <\/span>\r\n                                    <span class=\"notranslate\">Lambton<\/span>\r\n                            <\/div>\r\n        <\/div>\r\n            <div class=\"membre-equipage\">\r\n                            <img decoding=\"async\" src=\"https:\/\/www.coupe-femina.com\/wp-content\/uploads\/2026\/02\/img-8704.jpeg\" alt=\"\"\/>\r\n                        <div>\r\n                                    <h3>\r\n                        <a class=\"notranslate\" href=\"https:\/\/www.coupe-femina.com\/en\/participant\/genevieve-campillo\/\">\r\n                            Genevi\u00e8ve Campillo                        <\/a>\r\n                    <\/h3>\r\n                                    <p class=\"notranslate\">Genevi\u00e8ve Campillo -\r\nToujours pr\u00eate \u00e0 prendre le large\r\nUn sourire, un peu de vent et hop ! Genevi\u00e8ve transforme chaque sortie en voile en petit moment de libert\u00e9 et de bonheur partag\u00e9.<\/p>\r\n                                    <span>\r\n                        1re participation                    <\/span>\r\n                                    <span class=\"notranslate\">Brossard<\/span>\r\n                            <\/div>\r\n        <\/div>\r\n    <\/div><\/div><\/div><div class='e-loop-item'><div class='boucle-equipage' data-voilier='' data-evenement='1503' data-categorie='34' data-edition='44'><\/div><\/div><div class='e-loop-item'><div class='boucle-equipage' data-voilier='' data-evenement='1502' data-categorie='33' data-edition='44'><\/div><\/div><\/div><\/div>\n\t\t\t\t\t\t<\/div>\n\t\t\t\t\t<\/div>\n\t\t\t\t<\/div>\n\t\t\t\t<\/div>\n\t\t","protected":false},"excerpt":{"rendered":"<p>Les \u00e9quipa&shy;ges<\/p>\n","protected":false},"author":1,"featured_media":0,"parent":0,"menu_order":0,"comment_status":"closed","ping_status":"closed","template":"","meta":{"_acf_changed":false,"_seopress_robots_primary_cat":"","_seopress_titles_title":"","_seopress_titles_desc":"","_seopress_robots_index":"","inline_featured_image":false,"footnotes":""},"class_list":["post-1352","page","type-page","status-publish","hentry"],"acf":[],"_links":{"self":[{"href":"https:\/\/www.coupe-femina.com\/en\/wp-json\/wp\/v2\/pages\/1352","targetHints":{"allow":["GET"]}}],"collection":[{"href":"https:\/\/www.coupe-femina.com\/en\/wp-json\/wp\/v2\/pages"}],"about":[{"href":"https:\/\/www.coupe-femina.com\/en\/wp-json\/wp\/v2\/types\/page"}],"author":[{"embeddable":true,"href":"https:\/\/www.coupe-femina.com\/en\/wp-json\/wp\/v2\/users\/1"}],"replies":[{"embeddable":true,"href":"https:\/\/www.coupe-femina.com\/en\/wp-json\/wp\/v2\/comments?post=1352"}],"version-history":[{"count":31,"href":"https:\/\/www.coupe-femina.com\/en\/wp-json\/wp\/v2\/pages\/1352\/revisions"}],"predecessor-version":[{"id":2963,"href":"https:\/\/www.coupe-femina.com\/en\/wp-json\/wp\/v2\/pages\/1352\/revisions\/2963"}],"wp:attachment":[{"href":"https:\/\/www.coupe-femina.com\/en\/wp-json\/wp\/v2\/media?parent=1352"}],"curies":[{"name":"wp","href":"https:\/\/api.w.org\/{rel}","templated":true}]}}